{"version":"1.0","provider_name":"K\u00e4sipallon miesten Aktialiiga","provider_url":"https:\/\/aktialiiga.fi\/miehet","author_name":"tbrmedia","author_url":"#","title":"Varsinais-Suomen derby kauden avauksena | K\u00e4sipallon miesten Aktialiiga","type":"rich","width":600,"height":338,"html":"<blockquote class=\"wp-embedded-content\" data-secret=\"i6HTB6lckW\"><a href=\"https:\/\/aktialiiga.fi\/miehet\/2018-2019\/ennakot-2018-2019\/varsinais-suomen-derby-kauden-avauksena\/\">Varsinais-Suomen derby kauden avauksena<\/a><\/blockquote><iframe sandbox=\"allow-scripts\" security=\"restricted\" src=\"https:\/\/aktialiiga.fi\/miehet\/2018-2019\/ennakot-2018-2019\/varsinais-suomen-derby-kauden-avauksena\/embed\/#?secret=i6HTB6lckW\" width=\"600\" height=\"338\" title=\"&#8221;Varsinais-Suomen derby kauden avauksena&#8221; &#8212; K\u00e4sipallon miesten Aktialiiga\" data-secret=\"i6HTB6lckW\" frameborder=\"0\" marginwidth=\"0\" marginheight=\"0\" scrolling=\"no\" class=\"wp-embedded-content\"><\/iframe><script type=\"text\/javascript\">\n\/* <![CDATA[ *\/\n\/*! This file is auto-generated *\/\n!function(d,l){\"use strict\";l.querySelector&&d.addEventListener&&\"undefined\"!=typeof URL&&(d.wp=d.wp||{},d.wp.receiveEmbedMessage||(d.wp.receiveEmbedMessage=function(e){var t=e.data;if((t||t.secret||t.message||t.value)&&!\/[^a-zA-Z0-9]\/.test(t.secret)){for(var s,r,n,a=l.querySelectorAll('iframe[data-secret=\"'+t.secret+'\"]'),o=l.querySelectorAll('blockquote[data-secret=\"'+t.secret+'\"]'),c=new RegExp(\"^https?:$\",\"i\"),i=0;i<o.length;i++)o[i].style.display=\"none\";for(i=0;i<a.length;i++)s=a[i],e.source===s.contentWindow&&(s.removeAttribute(\"style\"),\"height\"===t.message?(1e3<(r=parseInt(t.value,10))?r=1e3:~~r<200&&(r=200),s.height=r):\"link\"===t.message&&(r=new URL(s.getAttribute(\"src\")),n=new URL(t.value),c.test(n.protocol))&&n.host===r.host&&l.activeElement===s&&(d.top.location.href=t.value))}},d.addEventListener(\"message\",d.wp.receiveEmbedMessage,!1),l.addEventListener(\"DOMContentLoaded\",function(){for(var e,t,s=l.querySelectorAll(\"iframe.wp-embedded-content\"),r=0;r<s.length;r++)(t=(e=s[r]).getAttribute(\"data-secret\"))||(t=Math.random().toString(36).substring(2,12),e.src+=\"#?secret=\"+t,e.setAttribute(\"data-secret\",t)),e.contentWindow.postMessage({message:\"ready\",secret:t},\"*\")},!1)))}(window,document);\n\/\/# sourceURL=https:\/\/aktialiiga.fi\/miehet\/wp-includes\/js\/wp-embed.min.js\n\/* ]]> *\/\n<\/script>\n","thumbnail_url":"https:\/\/i0.wp.com\/aktialiiga.fi\/miehet\/wp-content\/uploads\/sites\/5\/2018\/09\/Pallomaalissa_e.jpg?fit=711%2C328&ssl=1","thumbnail_width":711,"thumbnail_height":328,"description":"SM-liigakausi 2018-19 py\u00f6r\u00e4ht\u00e4\u00e4 k\u00e4yntiin perjantaina 7.9., kun \u00c5IFK saa vieraakseen paikallisvastustaja PIF:n. J\u00e4nnitteit\u00e4 kaksikon v\u00e4lilt\u00e4 ei puutu ja naapuruussuhteenkaan my\u00f6t\u00e4. Lis\u00e4ksi joukkueet p\u00e4\u00e4tyiv\u00e4t viime kaudella runkosarjassa tasapisteisiin ja \u00c5IFK vei viimeisen jatkosarjapaikan niukasti paraislaisten nen\u00e4n edest\u00e4. Ennakkoarvioiden mukaan joukkueet taistelevat kesken\u00e4\u00e4n samoista sijoista my\u00f6s t\u00e4ll\u00e4 kaudella. Suora vertailu viime kauteen ei kuitenkaan v\u00e4ltt\u00e4m\u00e4tt\u00e4 kerro kovin [&hellip;]"}