{"version":"1.0","provider_name":"K\u00e4sipallon miesten Aktialiiga","provider_url":"https:\/\/aktialiiga.fi\/miehet","author_name":"tbrmedia","author_url":"#","title":"\u00c5IFK kauteen nuorella ja sitoutuneella joukkueella | K\u00e4sipallon miesten Aktialiiga","type":"rich","width":600,"height":338,"html":"<blockquote class=\"wp-embedded-content\" data-secret=\"g0xT6ckjVb\"><a href=\"https:\/\/aktialiiga.fi\/miehet\/ajankohtaista\/aifk-kauteen-nuorella-ja-sitoutuneella-joukkueella\/\">\u00c5IFK kauteen nuorella ja sitoutuneella joukkueella<\/a><\/blockquote><iframe sandbox=\"allow-scripts\" security=\"restricted\" src=\"https:\/\/aktialiiga.fi\/miehet\/ajankohtaista\/aifk-kauteen-nuorella-ja-sitoutuneella-joukkueella\/embed\/#?secret=g0xT6ckjVb\" width=\"600\" height=\"338\" title=\"&#8221;\u00c5IFK kauteen nuorella ja sitoutuneella joukkueella&#8221; &#8212; K\u00e4sipallon miesten Aktialiiga\" data-secret=\"g0xT6ckjVb\" frameborder=\"0\" marginwidth=\"0\" marginheight=\"0\" scrolling=\"no\" class=\"wp-embedded-content\"><\/iframe><script type=\"text\/javascript\">\n\/* <![CDATA[ *\/\n\/*! This file is auto-generated *\/\n!function(d,l){\"use strict\";l.querySelector&&d.addEventListener&&\"undefined\"!=typeof URL&&(d.wp=d.wp||{},d.wp.receiveEmbedMessage||(d.wp.receiveEmbedMessage=function(e){var t=e.data;if((t||t.secret||t.message||t.value)&&!\/[^a-zA-Z0-9]\/.test(t.secret)){for(var s,r,n,a=l.querySelectorAll('iframe[data-secret=\"'+t.secret+'\"]'),o=l.querySelectorAll('blockquote[data-secret=\"'+t.secret+'\"]'),c=new RegExp(\"^https?:$\",\"i\"),i=0;i<o.length;i++)o[i].style.display=\"none\";for(i=0;i<a.length;i++)s=a[i],e.source===s.contentWindow&&(s.removeAttribute(\"style\"),\"height\"===t.message?(1e3<(r=parseInt(t.value,10))?r=1e3:~~r<200&&(r=200),s.height=r):\"link\"===t.message&&(r=new URL(s.getAttribute(\"src\")),n=new URL(t.value),c.test(n.protocol))&&n.host===r.host&&l.activeElement===s&&(d.top.location.href=t.value))}},d.addEventListener(\"message\",d.wp.receiveEmbedMessage,!1),l.addEventListener(\"DOMContentLoaded\",function(){for(var e,t,s=l.querySelectorAll(\"iframe.wp-embedded-content\"),r=0;r<s.length;r++)(t=(e=s[r]).getAttribute(\"data-secret\"))||(t=Math.random().toString(36).substring(2,12),e.src+=\"#?secret=\"+t,e.setAttribute(\"data-secret\",t)),e.contentWindow.postMessage({message:\"ready\",secret:t},\"*\")},!1)))}(window,document);\n\/\/# sourceURL=https:\/\/aktialiiga.fi\/miehet\/wp-includes\/js\/wp-embed.min.js\n\/* ]]> *\/\n<\/script>\n","thumbnail_url":"https:\/\/i0.wp.com\/aktialiiga.fi\/miehet\/wp-content\/uploads\/sites\/5\/2023\/11\/AIFK_Kuusisto_Aku_2324_Robert_Lemberg-scaled.jpg?fit=2560%2C1134&ssl=1","thumbnail_width":2560,"thumbnail_height":1134,"description":"\u00c5IFK:n miesten Aktialiigajoukkue l\u00e4htee kauteen joukkueella, jonka rakennus on oman pitk\u00e4j\u00e4nteisen juniorty\u00f6n tulosta. P\u00e4\u00e4valmentaja Aku Kuusiston luotsaamassa kokoonpanossa on 19 pelaaja, joiden kanssa on solmittu sopimus kuluvasta kaudesta ja n\u00e4iden joukossa on viisi naapuriseura Pargas IF:n yhteisty\u00f6pelaajaa, joille \u00c5IFK tarjoaa ponnahduslaudan liigapeleihin. Lis\u00e4ksi ringiss\u00e4 on mukana viisi A-juniori ik\u00e4ist\u00e4, jotka kamppailevat paikasta liigajoukkueeseen. Yli puolet [&hellip;]"}