{"version":"1.0","provider_name":"K\u00e4sipallon miesten Aktialiiga","provider_url":"https:\/\/aktialiiga.fi\/miehet","author_name":"taneli","author_url":"#","title":"\u00c5IFK:lle sakkoa valmentajan kommentista | K\u00e4sipallon miesten Aktialiiga","type":"rich","width":600,"height":338,"html":"<blockquote class=\"wp-embedded-content\" data-secret=\"zuwDDYcejy\"><a href=\"https:\/\/aktialiiga.fi\/miehet\/ajankohtaista\/aifklle-sakkoa-valmentajan-kommentista\/\">\u00c5IFK:lle sakkoa valmentajan kommentista<\/a><\/blockquote><iframe sandbox=\"allow-scripts\" security=\"restricted\" src=\"https:\/\/aktialiiga.fi\/miehet\/ajankohtaista\/aifklle-sakkoa-valmentajan-kommentista\/embed\/#?secret=zuwDDYcejy\" width=\"600\" height=\"338\" title=\"&#8221;\u00c5IFK:lle sakkoa valmentajan kommentista&#8221; &#8212; K\u00e4sipallon miesten Aktialiiga\" data-secret=\"zuwDDYcejy\" frameborder=\"0\" marginwidth=\"0\" marginheight=\"0\" scrolling=\"no\" class=\"wp-embedded-content\"><\/iframe><script type=\"text\/javascript\">\n\/* <![CDATA[ *\/\n\/*! This file is auto-generated *\/\n!function(d,l){\"use strict\";l.querySelector&&d.addEventListener&&\"undefined\"!=typeof URL&&(d.wp=d.wp||{},d.wp.receiveEmbedMessage||(d.wp.receiveEmbedMessage=function(e){var t=e.data;if((t||t.secret||t.message||t.value)&&!\/[^a-zA-Z0-9]\/.test(t.secret)){for(var s,r,n,a=l.querySelectorAll('iframe[data-secret=\"'+t.secret+'\"]'),o=l.querySelectorAll('blockquote[data-secret=\"'+t.secret+'\"]'),c=new RegExp(\"^https?:$\",\"i\"),i=0;i<o.length;i++)o[i].style.display=\"none\";for(i=0;i<a.length;i++)s=a[i],e.source===s.contentWindow&&(s.removeAttribute(\"style\"),\"height\"===t.message?(1e3<(r=parseInt(t.value,10))?r=1e3:~~r<200&&(r=200),s.height=r):\"link\"===t.message&&(r=new URL(s.getAttribute(\"src\")),n=new URL(t.value),c.test(n.protocol))&&n.host===r.host&&l.activeElement===s&&(d.top.location.href=t.value))}},d.addEventListener(\"message\",d.wp.receiveEmbedMessage,!1),l.addEventListener(\"DOMContentLoaded\",function(){for(var e,t,s=l.querySelectorAll(\"iframe.wp-embedded-content\"),r=0;r<s.length;r++)(t=(e=s[r]).getAttribute(\"data-secret\"))||(t=Math.random().toString(36).substring(2,12),e.src+=\"#?secret=\"+t,e.setAttribute(\"data-secret\",t)),e.contentWindow.postMessage({message:\"ready\",secret:t},\"*\")},!1)))}(window,document);\n\/\/# sourceURL=https:\/\/aktialiiga.fi\/miehet\/wp-includes\/js\/wp-embed.min.js\n\/* ]]> *\/\n<\/script>\n","thumbnail_url":"https:\/\/i0.wp.com\/aktialiiga.fi\/miehet\/wp-content\/uploads\/sites\/5\/2023\/09\/klipilogo-square.png?fit=802%2C802&ssl=1","thumbnail_width":802,"thumbnail_height":802,"description":"\u00c5IFK:lle on m\u00e4\u00e4r\u00e4tty 100 euron sakko valmentaja Aku Kuusiston kommentista mediatiedotteessa 16.12. k\u00e4ydyn \u00c5IFK-GrIFK SM-liigaottelun j\u00e4lkeen. Kuusisto kommentoi tiedotteessa h\u00e4vityn pelin j\u00e4lkeen \u201d\u2026Grani karkaa kyll\u00e4 ansaittuun voittoon. Emme silti olleet t\u00e4n\u00e4\u00e4nk\u00e4\u00e4n kent\u00e4n huonoin joukkue\u201d. T\u00e4ll\u00e4 kommentilla katsotaan viitattaneen ottelun erotuomaritoimintaan. Liitto on juuri marraskuussa ohjeistanut seuroja j\u00e4tt\u00e4m\u00e4\u00e4n tuomareita koskevat kommentit tiedotteista pois."}