{"version":"1.0","provider_name":"K\u00e4sipallon miesten Aktialiiga","provider_url":"https:\/\/aktialiiga.fi\/miehet","author_name":"tbrmedia","author_url":"#","title":"Aku Kuusisto ei jatka \u00c5IFK:ssa kuluvan kauden j\u00e4lkeen | K\u00e4sipallon miesten Aktialiiga","type":"rich","width":600,"height":338,"html":"<blockquote class=\"wp-embedded-content\" data-secret=\"rpwPSSYKzh\"><a href=\"https:\/\/aktialiiga.fi\/miehet\/ajankohtaista\/aku-kuusisto-ei-jatka-aifkssa-kuluvan-kauden-jalkeen\/\">Aku Kuusisto ei jatka \u00c5IFK:ssa kuluvan kauden j\u00e4lkeen<\/a><\/blockquote><iframe sandbox=\"allow-scripts\" security=\"restricted\" src=\"https:\/\/aktialiiga.fi\/miehet\/ajankohtaista\/aku-kuusisto-ei-jatka-aifkssa-kuluvan-kauden-jalkeen\/embed\/#?secret=rpwPSSYKzh\" width=\"600\" height=\"338\" title=\"&#8221;Aku Kuusisto ei jatka \u00c5IFK:ssa kuluvan kauden j\u00e4lkeen&#8221; &#8212; K\u00e4sipallon miesten Aktialiiga\" data-secret=\"rpwPSSYKzh\" frameborder=\"0\" marginwidth=\"0\" marginheight=\"0\" scrolling=\"no\" class=\"wp-embedded-content\"><\/iframe><script type=\"text\/javascript\">\n\/* <![CDATA[ *\/\n\/*! This file is auto-generated *\/\n!function(d,l){\"use strict\";l.querySelector&&d.addEventListener&&\"undefined\"!=typeof URL&&(d.wp=d.wp||{},d.wp.receiveEmbedMessage||(d.wp.receiveEmbedMessage=function(e){var t=e.data;if((t||t.secret||t.message||t.value)&&!\/[^a-zA-Z0-9]\/.test(t.secret)){for(var s,r,n,a=l.querySelectorAll('iframe[data-secret=\"'+t.secret+'\"]'),o=l.querySelectorAll('blockquote[data-secret=\"'+t.secret+'\"]'),c=new RegExp(\"^https?:$\",\"i\"),i=0;i<o.length;i++)o[i].style.display=\"none\";for(i=0;i<a.length;i++)s=a[i],e.source===s.contentWindow&&(s.removeAttribute(\"style\"),\"height\"===t.message?(1e3<(r=parseInt(t.value,10))?r=1e3:~~r<200&&(r=200),s.height=r):\"link\"===t.message&&(r=new URL(s.getAttribute(\"src\")),n=new URL(t.value),c.test(n.protocol))&&n.host===r.host&&l.activeElement===s&&(d.top.location.href=t.value))}},d.addEventListener(\"message\",d.wp.receiveEmbedMessage,!1),l.addEventListener(\"DOMContentLoaded\",function(){for(var e,t,s=l.querySelectorAll(\"iframe.wp-embedded-content\"),r=0;r<s.length;r++)(t=(e=s[r]).getAttribute(\"data-secret\"))||(t=Math.random().toString(36).substring(2,12),e.src+=\"#?secret=\"+t,e.setAttribute(\"data-secret\",t)),e.contentWindow.postMessage({message:\"ready\",secret:t},\"*\")},!1)))}(window,document);\n\/\/# sourceURL=https:\/\/aktialiiga.fi\/miehet\/wp-includes\/js\/wp-embed.min.js\n\/* ]]> *\/\n<\/script>\n","thumbnail_url":"https:\/\/aktialiiga.fi\/miehet\/wp-content\/uploads\/sites\/5\/2025\/12\/Kuusisto_Aku_AIFK.jpg","thumbnail_width":1365,"thumbnail_height":975,"description":"\u00c5IFK ja miesten edustusjoukkueen p\u00e4\u00e4valmentaja Aku Kuusisto ovat yhdess\u00e4 sopineet ty\u00f6suhteen p\u00e4\u00e4ttymisest\u00e4 kuluvan kauden j\u00e4lkeen hein\u00e4kuun 2026 lopulla. Liigajoukkueetta viidett\u00e4 kokonaista kautta valmentava Kuusisto siirtyy toisen seuran palvelukseen. Ty\u00f6suhteen p\u00e4\u00e4ttyminen ei vaikuta kauden kulkuun, vaan seura ja Kuusisto rakentavat siirtym\u00e4aikana jatkoa entist\u00e4 tiiviimmin yhdess\u00e4. \u2013 Akun panos edustusjoukkueelle ja nuorten pelaajiemme kehitykselle on ollut valtava. [&hellip;]"}