{"version":"1.0","provider_name":"K\u00e4sipallon miesten Aktialiiga","provider_url":"https:\/\/aktialiiga.fi\/miehet","author_name":"tbrmedia","author_url":"#","title":"Anthony Hellakoski jatkaa GrIFK:n p\u00e4\u00e4valmentajana | K\u00e4sipallon miesten Aktialiiga","type":"rich","width":600,"height":338,"html":"<blockquote class=\"wp-embedded-content\" data-secret=\"PZlROQaSif\"><a href=\"https:\/\/aktialiiga.fi\/miehet\/ajankohtaista\/anthony-hellakoski-jatkaa-grifkn-paavalmentajana\/\">Anthony Hellakoski jatkaa GrIFK:n p\u00e4\u00e4valmentajana<\/a><\/blockquote><iframe sandbox=\"allow-scripts\" security=\"restricted\" src=\"https:\/\/aktialiiga.fi\/miehet\/ajankohtaista\/anthony-hellakoski-jatkaa-grifkn-paavalmentajana\/embed\/#?secret=PZlROQaSif\" width=\"600\" height=\"338\" title=\"&#8221;Anthony Hellakoski jatkaa GrIFK:n p\u00e4\u00e4valmentajana&#8221; &#8212; K\u00e4sipallon miesten Aktialiiga\" data-secret=\"PZlROQaSif\" frameborder=\"0\" marginwidth=\"0\" marginheight=\"0\" scrolling=\"no\" class=\"wp-embedded-content\"><\/iframe><script type=\"text\/javascript\">\n\/* <![CDATA[ *\/\n\/*! This file is auto-generated *\/\n!function(d,l){\"use strict\";l.querySelector&&d.addEventListener&&\"undefined\"!=typeof URL&&(d.wp=d.wp||{},d.wp.receiveEmbedMessage||(d.wp.receiveEmbedMessage=function(e){var t=e.data;if((t||t.secret||t.message||t.value)&&!\/[^a-zA-Z0-9]\/.test(t.secret)){for(var s,r,n,a=l.querySelectorAll('iframe[data-secret=\"'+t.secret+'\"]'),o=l.querySelectorAll('blockquote[data-secret=\"'+t.secret+'\"]'),c=new RegExp(\"^https?:$\",\"i\"),i=0;i<o.length;i++)o[i].style.display=\"none\";for(i=0;i<a.length;i++)s=a[i],e.source===s.contentWindow&&(s.removeAttribute(\"style\"),\"height\"===t.message?(1e3<(r=parseInt(t.value,10))?r=1e3:~~r<200&&(r=200),s.height=r):\"link\"===t.message&&(r=new URL(s.getAttribute(\"src\")),n=new URL(t.value),c.test(n.protocol))&&n.host===r.host&&l.activeElement===s&&(d.top.location.href=t.value))}},d.addEventListener(\"message\",d.wp.receiveEmbedMessage,!1),l.addEventListener(\"DOMContentLoaded\",function(){for(var e,t,s=l.querySelectorAll(\"iframe.wp-embedded-content\"),r=0;r<s.length;r++)(t=(e=s[r]).getAttribute(\"data-secret\"))||(t=Math.random().toString(36).substring(2,12),e.src+=\"#?secret=\"+t,e.setAttribute(\"data-secret\",t)),e.contentWindow.postMessage({message:\"ready\",secret:t},\"*\")},!1)))}(window,document);\n\/\/# sourceURL=https:\/\/aktialiiga.fi\/miehet\/wp-includes\/js\/wp-embed.min.js\n\/* ]]> *\/\n<\/script>\n","thumbnail_url":"https:\/\/aktialiiga.fi\/miehet\/wp-content\/uploads\/sites\/5\/2026\/03\/2I1A1152-e1772808253352.jpg","thumbnail_width":2320,"thumbnail_height":1628,"description":"GrIFK on solminut p\u00e4\u00e4valmentaja Anthony Hellakosken kanssa uuden 2+1\u2011vuotisen jatkosopimuksen, joka ulottuu parhaimmillaan vuoteen 2029 saakka. Sopimus vahvistaa seuran pitk\u00e4j\u00e4nteist\u00e4 linjaa ja antaa Hellakoskelle mahdollisuuden jatkaa joukkueen kehitt\u00e4mist\u00e4 selke\u00e4n yhteisen vision pohjalta. \u201dAna\u201d kertoo olevansa aidosti tyytyv\u00e4inen mahdollisuudesta jatkaa ty\u00f6t\u00e4\u00e4n Kauniaisissa. &#8211; Olen tietenkin iloinen siit\u00e4, ett\u00e4 seura haluaa jatkaa yhteisty\u00f6t\u00e4 kanssani. Meill\u00e4 on yhteinen [&hellip;]"}