{"version":"1.0","provider_name":"K\u00e4sipallon miesten Aktialiiga","provider_url":"https:\/\/aktialiiga.fi\/miehet","author_name":"tbrmedia","author_url":"#","title":"Dickenin miehist\u00f6 jatkaa samalla rungolla ensi kaudella | K\u00e4sipallon miesten Aktialiiga","type":"rich","width":600,"height":338,"html":"<blockquote class=\"wp-embedded-content\" data-secret=\"MR4I4zmv4k\"><a href=\"https:\/\/aktialiiga.fi\/miehet\/ajankohtaista\/dickenin-miehisto-jatkaa-samalla-rungolla-ensi-kaudella\/\">Dickenin miehist\u00f6 jatkaa samalla rungolla ensi kaudella<\/a><\/blockquote><iframe sandbox=\"allow-scripts\" security=\"restricted\" src=\"https:\/\/aktialiiga.fi\/miehet\/ajankohtaista\/dickenin-miehisto-jatkaa-samalla-rungolla-ensi-kaudella\/embed\/#?secret=MR4I4zmv4k\" width=\"600\" height=\"338\" title=\"&#8221;Dickenin miehist\u00f6 jatkaa samalla rungolla ensi kaudella&#8221; &#8212; K\u00e4sipallon miesten Aktialiiga\" data-secret=\"MR4I4zmv4k\" frameborder=\"0\" marginwidth=\"0\" marginheight=\"0\" scrolling=\"no\" class=\"wp-embedded-content\"><\/iframe><script type=\"text\/javascript\">\n\/* <![CDATA[ *\/\n\/*! This file is auto-generated *\/\n!function(d,l){\"use strict\";l.querySelector&&d.addEventListener&&\"undefined\"!=typeof URL&&(d.wp=d.wp||{},d.wp.receiveEmbedMessage||(d.wp.receiveEmbedMessage=function(e){var t=e.data;if((t||t.secret||t.message||t.value)&&!\/[^a-zA-Z0-9]\/.test(t.secret)){for(var s,r,n,a=l.querySelectorAll('iframe[data-secret=\"'+t.secret+'\"]'),o=l.querySelectorAll('blockquote[data-secret=\"'+t.secret+'\"]'),c=new RegExp(\"^https?:$\",\"i\"),i=0;i<o.length;i++)o[i].style.display=\"none\";for(i=0;i<a.length;i++)s=a[i],e.source===s.contentWindow&&(s.removeAttribute(\"style\"),\"height\"===t.message?(1e3<(r=parseInt(t.value,10))?r=1e3:~~r<200&&(r=200),s.height=r):\"link\"===t.message&&(r=new URL(s.getAttribute(\"src\")),n=new URL(t.value),c.test(n.protocol))&&n.host===r.host&&l.activeElement===s&&(d.top.location.href=t.value))}},d.addEventListener(\"message\",d.wp.receiveEmbedMessage,!1),l.addEventListener(\"DOMContentLoaded\",function(){for(var e,t,s=l.querySelectorAll(\"iframe.wp-embedded-content\"),r=0;r<s.length;r++)(t=(e=s[r]).getAttribute(\"data-secret\"))||(t=Math.random().toString(36).substring(2,12),e.src+=\"#?secret=\"+t,e.setAttribute(\"data-secret\",t)),e.contentWindow.postMessage({message:\"ready\",secret:t},\"*\")},!1)))}(window,document);\n\/\/# sourceURL=https:\/\/aktialiiga.fi\/miehet\/wp-includes\/js\/wp-embed.min.js\n\/* ]]> *\/\n<\/script>\n","thumbnail_url":"https:\/\/i0.wp.com\/aktialiiga.fi\/miehet\/wp-content\/uploads\/sites\/5\/2019\/05\/Dicken_Stankevicius_Granlun.gif?fit=711%2C330&ssl=1","thumbnail_width":711,"thumbnail_height":330,"description":"Parhaillaan SM-liigan finaaleihin Cocksia vastaan valmistautuva Dicken jatkaa kaudella 2019-20 hyvin pitk\u00e4lti samalla rungolla kuin t\u00e4ll\u00e4kin kaudella. Ian Martin on ainoa seuran ulkopuolelta tulevalle kaudelle hankittu vahvistus, Klaus Ahlgren sen sijaan nousee vasempaan laitaan Dickenin akatemiasta. Max Granlund opiskelee syyskauden Tukholmassa pakollisen vaihto-opiskelujakson takia, mutta pelaa kuitenkin valikoituja otteluita my\u00f6s syksyll\u00e4. Tadas Stankevicius solmi lauttasaarelaisten [&hellip;]"}