{"version":"1.0","provider_name":"K\u00e4sipallon miesten Aktialiiga","provider_url":"https:\/\/aktialiiga.fi\/miehet","author_name":"tbrmedia","author_url":"#","title":"GrIFK:n joukkueeseen muutoksia p\u00e4\u00e4valmentajaa my\u00f6ten | K\u00e4sipallon miesten Aktialiiga","type":"rich","width":600,"height":338,"html":"<blockquote class=\"wp-embedded-content\" data-secret=\"uSKFXVbHcL\"><a href=\"https:\/\/aktialiiga.fi\/miehet\/ajankohtaista\/grifkn-joukkueeseen-muutoksia-paavalmentajaa-myoten\/\">GrIFK:n joukkueeseen muutoksia p\u00e4\u00e4valmentajaa my\u00f6ten<\/a><\/blockquote><iframe sandbox=\"allow-scripts\" security=\"restricted\" src=\"https:\/\/aktialiiga.fi\/miehet\/ajankohtaista\/grifkn-joukkueeseen-muutoksia-paavalmentajaa-myoten\/embed\/#?secret=uSKFXVbHcL\" width=\"600\" height=\"338\" title=\"&#8221;GrIFK:n joukkueeseen muutoksia p\u00e4\u00e4valmentajaa my\u00f6ten&#8221; &#8212; K\u00e4sipallon miesten Aktialiiga\" data-secret=\"uSKFXVbHcL\" frameborder=\"0\" marginwidth=\"0\" marginheight=\"0\" scrolling=\"no\" class=\"wp-embedded-content\"><\/iframe><script type=\"text\/javascript\">\n\/* <![CDATA[ *\/\n\/*! This file is auto-generated *\/\n!function(d,l){\"use strict\";l.querySelector&&d.addEventListener&&\"undefined\"!=typeof URL&&(d.wp=d.wp||{},d.wp.receiveEmbedMessage||(d.wp.receiveEmbedMessage=function(e){var t=e.data;if((t||t.secret||t.message||t.value)&&!\/[^a-zA-Z0-9]\/.test(t.secret)){for(var s,r,n,a=l.querySelectorAll('iframe[data-secret=\"'+t.secret+'\"]'),o=l.querySelectorAll('blockquote[data-secret=\"'+t.secret+'\"]'),c=new RegExp(\"^https?:$\",\"i\"),i=0;i<o.length;i++)o[i].style.display=\"none\";for(i=0;i<a.length;i++)s=a[i],e.source===s.contentWindow&&(s.removeAttribute(\"style\"),\"height\"===t.message?(1e3<(r=parseInt(t.value,10))?r=1e3:~~r<200&&(r=200),s.height=r):\"link\"===t.message&&(r=new URL(s.getAttribute(\"src\")),n=new URL(t.value),c.test(n.protocol))&&n.host===r.host&&l.activeElement===s&&(d.top.location.href=t.value))}},d.addEventListener(\"message\",d.wp.receiveEmbedMessage,!1),l.addEventListener(\"DOMContentLoaded\",function(){for(var e,t,s=l.querySelectorAll(\"iframe.wp-embedded-content\"),r=0;r<s.length;r++)(t=(e=s[r]).getAttribute(\"data-secret\"))||(t=Math.random().toString(36).substring(2,12),e.src+=\"#?secret=\"+t,e.setAttribute(\"data-secret\",t)),e.contentWindow.postMessage({message:\"ready\",secret:t},\"*\")},!1)))}(window,document);\n\/\/# sourceURL=https:\/\/aktialiiga.fi\/miehet\/wp-includes\/js\/wp-embed.min.js\n\/* ]]> *\/\n<\/script>\n","thumbnail_url":"https:\/\/i0.wp.com\/aktialiiga.fi\/miehet\/wp-content\/uploads\/sites\/5\/2024\/10\/grifk_24-25b-scaled.jpg?fit=2560%2C1707&ssl=1","thumbnail_width":2560,"thumbnail_height":1707,"description":"GrIFK l\u00e4htee alkavaan Aktialiigan kauteen uudistuneella joukkueella ja uuden p\u00e4\u00e4valmentajan johdolla. Grania viime kaudella luotsannut H\u00e5kon Nerdrum j\u00e4tti teht\u00e4v\u00e4ns\u00e4 ja vastuuseen alkavalle kaudelle nousee Anthony Hellakoski, joka kuului valmennusryhm\u00e4\u00e4n jo menneell\u00e4 kaudella. Granin puheenjohtaja Kristoffer Aspelin avasi taustoja Yle Sportenille. &#8211; H\u00e4nen [Nerdrum] oli perhesyist\u00e4 pakko lopettaa viime kauden j\u00e4lkeen. Se oli p\u00e4\u00e4t\u00f6s, jonka teimme [&hellip;]"}