{"version":"1.0","provider_name":"K\u00e4sipallon miesten Aktialiiga","provider_url":"https:\/\/aktialiiga.fi\/miehet","author_name":"tbrmedia","author_url":"#","title":"Mikael M\u00e4kel\u00e4 palaa kotiin ja Dickeniin | K\u00e4sipallon miesten Aktialiiga","type":"rich","width":600,"height":338,"html":"<blockquote class=\"wp-embedded-content\" data-secret=\"psElB0hNUi\"><a href=\"https:\/\/aktialiiga.fi\/miehet\/ajankohtaista\/mikael-makela-palaa-kotiin-ja-dickeniin\/\">Mikael M\u00e4kel\u00e4 palaa kotiin ja Dickeniin<\/a><\/blockquote><iframe sandbox=\"allow-scripts\" security=\"restricted\" src=\"https:\/\/aktialiiga.fi\/miehet\/ajankohtaista\/mikael-makela-palaa-kotiin-ja-dickeniin\/embed\/#?secret=psElB0hNUi\" width=\"600\" height=\"338\" title=\"&#8221;Mikael M\u00e4kel\u00e4 palaa kotiin ja Dickeniin&#8221; &#8212; K\u00e4sipallon miesten Aktialiiga\" data-secret=\"psElB0hNUi\" frameborder=\"0\" marginwidth=\"0\" marginheight=\"0\" scrolling=\"no\" class=\"wp-embedded-content\"><\/iframe><script type=\"text\/javascript\">\n\/* <![CDATA[ *\/\n\/*! This file is auto-generated *\/\n!function(d,l){\"use strict\";l.querySelector&&d.addEventListener&&\"undefined\"!=typeof URL&&(d.wp=d.wp||{},d.wp.receiveEmbedMessage||(d.wp.receiveEmbedMessage=function(e){var t=e.data;if((t||t.secret||t.message||t.value)&&!\/[^a-zA-Z0-9]\/.test(t.secret)){for(var s,r,n,a=l.querySelectorAll('iframe[data-secret=\"'+t.secret+'\"]'),o=l.querySelectorAll('blockquote[data-secret=\"'+t.secret+'\"]'),c=new RegExp(\"^https?:$\",\"i\"),i=0;i<o.length;i++)o[i].style.display=\"none\";for(i=0;i<a.length;i++)s=a[i],e.source===s.contentWindow&&(s.removeAttribute(\"style\"),\"height\"===t.message?(1e3<(r=parseInt(t.value,10))?r=1e3:~~r<200&&(r=200),s.height=r):\"link\"===t.message&&(r=new URL(s.getAttribute(\"src\")),n=new URL(t.value),c.test(n.protocol))&&n.host===r.host&&l.activeElement===s&&(d.top.location.href=t.value))}},d.addEventListener(\"message\",d.wp.receiveEmbedMessage,!1),l.addEventListener(\"DOMContentLoaded\",function(){for(var e,t,s=l.querySelectorAll(\"iframe.wp-embedded-content\"),r=0;r<s.length;r++)(t=(e=s[r]).getAttribute(\"data-secret\"))||(t=Math.random().toString(36).substring(2,12),e.src+=\"#?secret=\"+t,e.setAttribute(\"data-secret\",t)),e.contentWindow.postMessage({message:\"ready\",secret:t},\"*\")},!1)))}(window,document);\n\/\/# sourceURL=https:\/\/aktialiiga.fi\/miehet\/wp-includes\/js\/wp-embed.min.js\n\/* ]]> *\/\n<\/script>\n","thumbnail_url":"https:\/\/aktialiiga.fi\/miehet\/wp-content\/uploads\/sites\/5\/2022\/05\/Makela_Mikael_2022_Dicken.jpg","thumbnail_width":2048,"thumbnail_height":1365,"description":"Dicken on solminut loppukauden kattavan sopimuksen maalivahti Mikael M\u00e4kel\u00e4n kanssa. Dickenin oman junioripolun kulkenut M\u00e4kel\u00e4 on edustanut joukkuetta yhteens\u00e4 12 kauden ajan vuosien 2010\u20132022 v\u00e4lill\u00e4. Edelliset kaudet M\u00e4kel\u00e4 on edustanut Ruotsin Liigassa pelaavia Redbergslids IK:ta, sek\u00e4 Hammarby IF:\u00e4\u00e4. Viimeisin kausi Ruotsissa p\u00e4\u00e4ttyi valitettavaan polvivammaan, josta 32-vuotias maajoukkuepelaaja on nyt kuntoutunut. Uransa aikana M\u00e4kel\u00e4 on pelannut [&hellip;]"}