{"id":69573,"date":"2026-03-14T12:16:21","date_gmt":"2026-03-14T10:16:21","guid":{"rendered":"https:\/\/aktialiiga.fi\/miehet\/?page_id=69573"},"modified":"2026-03-14T12:30:10","modified_gmt":"2026-03-14T10:30:10","slug":"aktialiiga-2025-26","status":"publish","type":"page","link":"https:\/\/aktialiiga.fi\/miehet\/aktialiiga-2025-26\/","title":{"rendered":"K\u00e4sipallon Aktialiiga 2025\/26"},"content":{"rendered":"\n<style type=\"text\/css\" data-created_by=\"avia_inline_auto\" id=\"style-css-av-mmq6oubw-63246120644d1e7db21859bb3fba0ce9\">\n.avia-section.av-mmq6oubw-63246120644d1e7db21859bb3fba0ce9{\nbackground-color:#c6e2ef;\nbackground-image:unset;\n}\n<\/style>\n<div id='av_section_1'  class='avia-section av-mmq6oubw-63246120644d1e7db21859bb3fba0ce9 main_color avia-section-default avia-no-border-styling  avia-builder-el-0  el_before_av_section  avia-builder-el-first  avia-bg-style-scroll container_wrap sidebar_right'  ><div class='container av-section-cont-open' ><main  role=\"main\" itemprop=\"mainContentOfPage\"  class='template-page content  av-content-small alpha units'><div class='post-entry post-entry-type-page post-entry-69573'><div class='entry-content-wrapper clearfix'>\n\n<style type=\"text\/css\" data-created_by=\"avia_inline_auto\" id=\"style-css-av-mmq6oecq-7ebc0cbe9ab7df6aa2f07b851cd096c7\">\n.avia-image-container.av-mmq6oecq-7ebc0cbe9ab7df6aa2f07b851cd096c7 img.avia_image{\nbox-shadow:none;\n}\n.avia-image-container.av-mmq6oecq-7ebc0cbe9ab7df6aa2f07b851cd096c7 .av-image-caption-overlay-center{\ncolor:#ffffff;\n}\n<\/style>\n<div  class='avia-image-container av-mmq6oecq-7ebc0cbe9ab7df6aa2f07b851cd096c7 av-styling- avia-align-center  avia-builder-el-1  avia-builder-el-no-sibling '   itemprop=\"image\" itemscope=\"itemscope\" itemtype=\"https:\/\/schema.org\/ImageObject\" ><div class=\"avia-image-container-inner\"><div class=\"avia-image-overlay-wrap\"><img decoding=\"async\" fetchpriority=\"high\" class='wp-image-65194 avia-img-lazy-loading-not-65194 avia_image ' src=\"https:\/\/i0.wp.com\/aktialiiga.fi\/miehet\/wp-content\/uploads\/sites\/5\/2025\/08\/Yoast-1200x675-Miesten-Aktialiiga-2025-26.jpg?fit=1030%2C579&ssl=1\" alt='' title='Miesten Aktialiiga 2025-26'  height=\"579\" width=\"1030\"  itemprop=\"thumbnailUrl\" srcset=\"https:\/\/i0.wp.com\/aktialiiga.fi\/miehet\/wp-content\/uploads\/sites\/5\/2025\/08\/Yoast-1200x675-Miesten-Aktialiiga-2025-26.jpg?w=1200&amp;ssl=1 1200w, https:\/\/i0.wp.com\/aktialiiga.fi\/miehet\/wp-content\/uploads\/sites\/5\/2025\/08\/Yoast-1200x675-Miesten-Aktialiiga-2025-26.jpg?resize=300%2C169&amp;ssl=1 300w, https:\/\/i0.wp.com\/aktialiiga.fi\/miehet\/wp-content\/uploads\/sites\/5\/2025\/08\/Yoast-1200x675-Miesten-Aktialiiga-2025-26.jpg?resize=1030%2C579&amp;ssl=1 1030w, https:\/\/i0.wp.com\/aktialiiga.fi\/miehet\/wp-content\/uploads\/sites\/5\/2025\/08\/Yoast-1200x675-Miesten-Aktialiiga-2025-26.jpg?resize=768%2C432&amp;ssl=1 768w, https:\/\/i0.wp.com\/aktialiiga.fi\/miehet\/wp-content\/uploads\/sites\/5\/2025\/08\/Yoast-1200x675-Miesten-Aktialiiga-2025-26.jpg?resize=705%2C397&amp;ssl=1 705w\" sizes=\"(max-width: 1030px) 100vw, 1030px\" \/><\/div><\/div><\/div>\n<\/div><\/div><\/main><!-- close content main element --><\/div><\/div>\n<style type=\"text\/css\" data-created_by=\"avia_inline_auto\" id=\"style-css-av-2nftuiik-679400fa6f2b503558e4e2a7ffa699c6\">\n.avia-section.av-2nftuiik-679400fa6f2b503558e4e2a7ffa699c6{\nbackground-color:#ffffff;\nbackground-image:unset;\n}\n.avia-section.av-2nftuiik-679400fa6f2b503558e4e2a7ffa699c6 .av-section-color-overlay{\nopacity:0.3;\nbackground-color:#000000;\n}\n<\/style>\n<div id='av_section_2'  class='avia-section av-2nftuiik-679400fa6f2b503558e4e2a7ffa699c6 main_color avia-section-large avia-no-shadow  avia-builder-el-2  el_after_av_section  el_before_av_section  av-desktop-hide av-medium-hide av-small-hide av-mini-hide avia-bg-style-scroll av-section-color-overlay-active av-minimum-height av-minimum-height-75 av-height-75  av-section-with-video-bg container_wrap sidebar_right'   data-av_minimum_height_pc='75' data-av_min_height_opt='75' data-section-video-ratio='16:9'><div  class='avia-slideshow av_slideshow_obj-1-69f0dfbaf0848 avia-slideshow-featured av_slideshow avia-slide-slider av-slideshow-ui av-control-default av-slideshow-manual av-loop-once av-loop-manual-endless av-default-height-applied  av-section-video-bg avia-slideshow-1' data-slideshow-options=\"{&quot;animation&quot;:&quot;slide&quot;,&quot;autoplay&quot;:false,&quot;loop_autoplay&quot;:&quot;once&quot;,&quot;interval&quot;:5,&quot;loop_manual&quot;:&quot;manual-endless&quot;,&quot;autoplay_stopper&quot;:false,&quot;noNavigation&quot;:false,&quot;bg_slider&quot;:false,&quot;keep_padding&quot;:false,&quot;hoverpause&quot;:false,&quot;show_slide_delay&quot;:0}\"  itemprop=\"image\" itemscope=\"itemscope\" itemtype=\"https:\/\/schema.org\/ImageObject\" ><ul class='avia-slideshow-inner ' style='padding-bottom: 28.666666666667%;'><li  data-controls='disabled' data-mute='aviaTBaviaTBvideo_mute' data-loop='1' data-disable-autoplay=''  data-video-ratio='1.7777777777778' class='avia-slideshow-slide av_slideshow_obj-1-69f0dfbaf0848__0  av-video-slide  av-video-service-html5  av-hide-video-controls av-mute-video av-loop-video  av-single-slide slide-1 slide-odd'><div data-rel='slideshow-1' class='avia-slide-wrap '    itemprop=\"video\" itemtype=\"https:\/\/schema.org\/VideoObject\" ><div class='av-click-overlay'><\/div><video class='avia_video'  autoplay playsinline loop preload=\"metadata\" muted  id='player_69573_2112184039_546303652'><source src=\"https:\/\/aktialiiga.fi\/miehet\/wp-content\/uploads\/sites\/5\/2025\/04\/Aktialiigan-mestarit-2025-480.mp4\" type=\"video\/mp4\" \/><\/video><div class=\"av-click-to-play-overlay\"><div class=\"avia_playpause_icon\"><\/div><\/div><\/div><\/li><\/ul><\/div><div class=\"av-section-color-overlay-wrap\"><div class=\"av-section-color-overlay\"><\/div><a href='#next-section' title='' class='scroll-down-link  avia-svg-icon avia-font-svg_entypo-fontello' data-av_svg_icon='down-open-mini' data-av_iconset='svg_entypo-fontello'><svg version=\"1.1\" xmlns=\"http:\/\/www.w3.org\/2000\/svg\" width=\"15\" height=\"32\" viewBox=\"0 0 15 32\" preserveAspectRatio=\"xMidYMid meet\" aria-labelledby='av-svg-title-1' aria-describedby='av-svg-desc-1' role=\"graphics-symbol\" aria-hidden=\"true\">\n<title id='av-svg-title-1'>Scroll to next section<\/title>\n<desc id='av-svg-desc-1'>Scroll to next section<\/desc>\n<path d=\"M12.96 12.16q0.704-0.832 1.536 0 0.832 0.704 0 1.536l-6.272 6.144q-0.704 0.704-1.536 0l-6.272-6.144q-0.832-0.832 0-1.536 0.768-0.768 1.6 0l5.44 4.992z\"><\/path>\n<\/svg><\/a><div class='container av-section-cont-open' ><div class='template-page content  av-content-small alpha units'><div class='post-entry post-entry-type-page post-entry-69573'><div class='entry-content-wrapper clearfix'>\n\n<style type=\"text\/css\" data-created_by=\"avia_inline_auto\" id=\"style-css-av-lwnpjzp7-f887f43cbb21ff2d7745fade6bc0c24a\">\n#top .av-special-heading.av-lwnpjzp7-f887f43cbb21ff2d7745fade6bc0c24a{\npadding-bottom:10px;\ncolor:#ffffff;\nfont-size:60px;\n}\nbody .av-special-heading.av-lwnpjzp7-f887f43cbb21ff2d7745fade6bc0c24a .av-special-heading-tag .heading-char{\nfont-size:25px;\n}\n#top #wrap_all .av-special-heading.av-lwnpjzp7-f887f43cbb21ff2d7745fade6bc0c24a .av-special-heading-tag{\nfont-size:60px;\n}\n.av-special-heading.av-lwnpjzp7-f887f43cbb21ff2d7745fade6bc0c24a .special-heading-inner-border{\nborder-color:#ffffff;\n}\n.av-special-heading.av-lwnpjzp7-f887f43cbb21ff2d7745fade6bc0c24a .av-subheading{\nfont-size:29px;\n}\n\n@media only screen and (max-width: 479px){ \n#top #wrap_all .av-special-heading.av-lwnpjzp7-f887f43cbb21ff2d7745fade6bc0c24a .av-special-heading-tag{\nfont-size:35px;\n}\n}\n\n@media only screen and (min-width: 480px) and (max-width: 767px){ \n#top #wrap_all .av-special-heading.av-lwnpjzp7-f887f43cbb21ff2d7745fade6bc0c24a .av-special-heading-tag{\nfont-size:0.8em;\n}\n}\n<\/style>\n<div  class='av-special-heading av-lwnpjzp7-f887f43cbb21ff2d7745fade6bc0c24a av-special-heading-h2 custom-color-heading blockquote modern-quote modern-centered  avia-builder-el-3  el_before_av_heading  avia-builder-el-first  av-inherit-size'><h2 class='av-special-heading-tag '  itemprop=\"headline\"  >Suomen mestarit 2025\/26<\/h2><div class=\"special-heading-border\"><div class=\"special-heading-inner-border\"><\/div><\/div><\/div>\n\n<style type=\"text\/css\" data-created_by=\"avia_inline_auto\" id=\"style-css-av-lwnpmzbj-6e130bc3262b8449c374beedccee17a4\">\n#top .av-special-heading.av-lwnpmzbj-6e130bc3262b8449c374beedccee17a4{\npadding-bottom:10px;\ncolor:#ffffff;\n}\nbody .av-special-heading.av-lwnpmzbj-6e130bc3262b8449c374beedccee17a4 .av-special-heading-tag .heading-char{\nfont-size:25px;\n}\n.av-special-heading.av-lwnpmzbj-6e130bc3262b8449c374beedccee17a4 .special-heading-inner-border{\nborder-color:#ffffff;\n}\n.av-special-heading.av-lwnpmzbj-6e130bc3262b8449c374beedccee17a4 .av-subheading{\nfont-size:29px;\n}\n\n@media only screen and (max-width: 479px){ \n#top #wrap_all .av-special-heading.av-lwnpmzbj-6e130bc3262b8449c374beedccee17a4 .av-special-heading-tag{\nfont-size:25px;\n}\n}\n<\/style>\n<div  class='av-special-heading av-lwnpmzbj-6e130bc3262b8449c374beedccee17a4 av-special-heading-h2 custom-color-heading blockquote modern-quote modern-centered  avia-builder-el-4  el_after_av_heading  avia-builder-el-last '><h2 class='av-special-heading-tag '  itemprop=\"headline\"  >Riihim\u00e4en Cocks<\/h2><div class=\"special-heading-border\"><div class=\"special-heading-inner-border\"><\/div><\/div><\/div>\n<\/p>\n<\/div><\/div><\/div><!-- close content main div --><\/div><\/div><\/div><div id='av_section_3'  class='avia-section av-lvk15d9s-9eb612f9272b04cfb00ac5888bd3e15f main_color avia-section-huge avia-no-border-styling  avia-builder-el-5  el_after_av_section  el_before_av_layout_row  av-desktop-hide av-medium-hide av-small-hide av-mini-hide avia-bg-style-scroll av-minimum-height av-minimum-height-50 av-height-50  av-section-with-video-bg container_wrap sidebar_right'   data-av_minimum_height_pc='50' data-av_min_height_opt='50' data-section-video-ratio='16:9'><div  class='avia-slideshow av_slideshow_obj-2-69f0dfbb5da20 avia-slideshow-featured av_slideshow avia-slide-slider av-slideshow-ui av-control-default av-slideshow-manual av-loop-once av-loop-manual-endless av-default-height-applied  av-section-video-bg avia-slideshow-2' data-slideshow-options=\"{&quot;animation&quot;:&quot;slide&quot;,&quot;autoplay&quot;:false,&quot;loop_autoplay&quot;:&quot;once&quot;,&quot;interval&quot;:5,&quot;loop_manual&quot;:&quot;manual-endless&quot;,&quot;autoplay_stopper&quot;:false,&quot;noNavigation&quot;:false,&quot;bg_slider&quot;:false,&quot;keep_padding&quot;:false,&quot;hoverpause&quot;:false,&quot;show_slide_delay&quot;:0}\"  itemprop=\"image\" itemscope=\"itemscope\" itemtype=\"https:\/\/schema.org\/ImageObject\" ><ul class='avia-slideshow-inner ' style='padding-bottom: 28.666666666667%;'><li  data-controls='disabled' data-mute='aviaTBaviaTBvideo_mute' data-loop='1' data-disable-autoplay=''  data-video-ratio='1.7777777777778' class='avia-slideshow-slide av_slideshow_obj-2-69f0dfbb5da20__0  av-video-slide  av-video-service-html5  av-hide-video-controls av-mute-video av-loop-video  av-single-slide slide-1 slide-odd'><div data-rel='slideshow-2' class='avia-slide-wrap '    itemprop=\"video\" itemtype=\"https:\/\/schema.org\/VideoObject\" ><div class='av-click-overlay'><\/div><video class='avia_video'  autoplay playsinline loop preload=\"metadata\" muted  id='player_69573_309507264_329800669'><source src=\"https:\/\/aktialiiga.fi\/miehet\/wp-content\/uploads\/sites\/5\/2025\/04\/Aktialiigan-mestarit-2025-480.mp4\" type=\"video\/mp4\" \/><\/video><div class=\"av-click-to-play-overlay\"><div class=\"avia_playpause_icon\"><\/div><\/div><\/div><\/li><\/ul><\/div><div class=\"av-section-color-overlay-wrap\"><a href='#next-section' title='' class='scroll-down-link  avia-svg-icon avia-font-svg_entypo-fontello' data-av_svg_icon='down-open-mini' data-av_iconset='svg_entypo-fontello'><svg version=\"1.1\" xmlns=\"http:\/\/www.w3.org\/2000\/svg\" width=\"15\" height=\"32\" viewBox=\"0 0 15 32\" preserveAspectRatio=\"xMidYMid meet\" aria-labelledby='av-svg-title-2' aria-describedby='av-svg-desc-2' role=\"graphics-symbol\" aria-hidden=\"true\">\n<title id='av-svg-title-2'>Scroll to next section<\/title>\n<desc id='av-svg-desc-2'>Scroll to next section<\/desc>\n<path d=\"M12.96 12.16q0.704-0.832 1.536 0 0.832 0.704 0 1.536l-6.272 6.144q-0.704 0.704-1.536 0l-6.272-6.144q-0.832-0.832 0-1.536 0.768-0.768 1.6 0l5.44 4.992z\"><\/path>\n<\/svg><\/a><div class='container av-section-cont-open' ><div class='template-page content  av-content-small alpha units'><div class='post-entry post-entry-type-page post-entry-69573'><div class='entry-content-wrapper clearfix'>\n\n<style type=\"text\/css\" data-created_by=\"avia_inline_auto\" id=\"style-css-av-5q5nxp8-9ab9e52243ec1e7d6ddd895f7812d273\">\n#top .av-special-heading.av-5q5nxp8-9ab9e52243ec1e7d6ddd895f7812d273{\npadding-bottom:10px;\ncolor:#ffffff;\nfont-size:60px;\n}\nbody .av-special-heading.av-5q5nxp8-9ab9e52243ec1e7d6ddd895f7812d273 .av-special-heading-tag .heading-char{\nfont-size:25px;\n}\n#top #wrap_all .av-special-heading.av-5q5nxp8-9ab9e52243ec1e7d6ddd895f7812d273 .av-special-heading-tag{\nfont-size:60px;\n}\n.av-special-heading.av-5q5nxp8-9ab9e52243ec1e7d6ddd895f7812d273 .special-heading-inner-border{\nborder-color:#ffffff;\n}\n.av-special-heading.av-5q5nxp8-9ab9e52243ec1e7d6ddd895f7812d273 .av-subheading{\nfont-size:29px;\n}\n\n@media only screen and (max-width: 479px){ \n#top #wrap_all .av-special-heading.av-5q5nxp8-9ab9e52243ec1e7d6ddd895f7812d273 .av-special-heading-tag{\nfont-size:35px;\n}\n}\n\n@media only screen and (min-width: 480px) and (max-width: 767px){ \n#top #wrap_all .av-special-heading.av-5q5nxp8-9ab9e52243ec1e7d6ddd895f7812d273 .av-special-heading-tag{\nfont-size:0.8em;\n}\n}\n<\/style>\n<div  class='av-special-heading av-5q5nxp8-9ab9e52243ec1e7d6ddd895f7812d273 av-special-heading-h2 custom-color-heading blockquote modern-quote modern-centered  avia-builder-el-6  el_before_av_heading  avia-builder-el-first  av-inherit-size'><h2 class='av-special-heading-tag '  itemprop=\"headline\"  >Suomen mestarit 2025\/26<\/h2><div class=\"special-heading-border\"><div class=\"special-heading-inner-border\"><\/div><\/div><\/div>\n\n<style type=\"text\/css\" data-created_by=\"avia_inline_auto\" id=\"style-css-av-lwnr548z-b1f153aa1868b420bc190947abda6c4d\">\n#top .av-special-heading.av-lwnr548z-b1f153aa1868b420bc190947abda6c4d{\npadding-bottom:10px;\ncolor:#ffffff;\n}\nbody .av-special-heading.av-lwnr548z-b1f153aa1868b420bc190947abda6c4d .av-special-heading-tag .heading-char{\nfont-size:25px;\n}\n.av-special-heading.av-lwnr548z-b1f153aa1868b420bc190947abda6c4d .special-heading-inner-border{\nborder-color:#ffffff;\n}\n.av-special-heading.av-lwnr548z-b1f153aa1868b420bc190947abda6c4d .av-subheading{\nfont-size:29px;\n}\n<\/style>\n<div  class='av-special-heading av-lwnr548z-b1f153aa1868b420bc190947abda6c4d av-special-heading-h4 custom-color-heading blockquote modern-quote modern-centered  avia-builder-el-7  el_after_av_heading  avia-builder-el-last '><h4 class='av-special-heading-tag '  itemprop=\"headline\"  >Riihim\u00e4en Cocks<\/h4><div class=\"special-heading-border\"><div class=\"special-heading-inner-border\"><\/div><\/div><\/div>\n\n<\/div><\/div><\/div><!-- close content main div --><\/div><\/div><\/div><div id='av-layout-grid-1'  class='av-layout-grid-container av-lz031vv9-19d33f1cb6037d8aecf1b7f629b0dbe2 entry-content-wrapper footer_color av-flex-cells  avia-builder-el-8  el_after_av_section  el_before_av_section  grid-row-not-first  container_wrap sidebar_right'  >\n\n<style type=\"text\/css\" data-created_by=\"avia_inline_auto\" id=\"style-css-av-lz032sg6-d99daeddaf61fba797395b57d5868ab8\">\n.flex_cell.av-lz032sg6-d99daeddaf61fba797395b57d5868ab8{\nvertical-align:top;\n}\n<\/style>\n<div class='flex_cell av-lz032sg6-d99daeddaf61fba797395b57d5868ab8 av-gridrow-cell av_three_fifth no_margin  avia-builder-el-9  el_before_av_cell_two_fifth  avia-builder-el-first  content-align-top'  ><div class='flex_cell_inner'><p>\n<style type=\"text\/css\" data-created_by=\"avia_inline_auto\" id=\"style-css-av-av_hr-8ba2aaad283711657809370165752dae\">\n#top .hr.hr-invisible.av-av_hr-8ba2aaad283711657809370165752dae{\nheight:20px;\n}\n<\/style>\n<div  class='hr av-av_hr-8ba2aaad283711657809370165752dae hr-invisible  avia-builder-el-10  el_before_av_one_full  avia-builder-el-first  av-small-hide av-mini-hide'><span class='hr-inner '><span class=\"hr-inner-style\"><\/span><\/span><\/div><br \/>\n<div  class='flex_column av-48vyye1-3ef6a045277b2ec5bbce28899bf19ff7 av_one_full  avia-builder-el-11  el_after_av_hr  avia-builder-el-last  first flex_column_div  '     ><p>\n<style type=\"text\/css\" data-created_by=\"avia_inline_auto\" id=\"style-css-av-3zopdeh-99bc202800c2f48d7e12ea8f0c22fd49\">\n#top .av-special-heading.av-3zopdeh-99bc202800c2f48d7e12ea8f0c22fd49{\npadding-bottom:10px;\nfont-size:36px;\n}\nbody .av-special-heading.av-3zopdeh-99bc202800c2f48d7e12ea8f0c22fd49 .av-special-heading-tag .heading-char{\nfont-size:25px;\n}\n#top #wrap_all .av-special-heading.av-3zopdeh-99bc202800c2f48d7e12ea8f0c22fd49 .av-special-heading-tag{\nfont-size:36px;\n}\n.av-special-heading.av-3zopdeh-99bc202800c2f48d7e12ea8f0c22fd49 .av-subheading{\nfont-size:29px;\n}\n\n@media only screen and (max-width: 479px){ \n#top #wrap_all .av-special-heading.av-3zopdeh-99bc202800c2f48d7e12ea8f0c22fd49 .av-special-heading-tag{\nfont-size:35px;\n}\n}\n\n@media only screen and (min-width: 480px) and (max-width: 767px){ \n#top #wrap_all .av-special-heading.av-3zopdeh-99bc202800c2f48d7e12ea8f0c22fd49 .av-special-heading-tag{\nfont-size:0.8em;\n}\n}\n<\/style>\n<div  class='av-special-heading av-3zopdeh-99bc202800c2f48d7e12ea8f0c22fd49 av-special-heading-h2 blockquote modern-quote modern-centered  avia-builder-el-12  el_before_av_buttonrow  avia-builder-el-first  av-inherit-size'><h2 class='av-special-heading-tag '  itemprop=\"headline\"  >Aktialiiga 2025\/26<\/h2><div class=\"special-heading-border\"><div class=\"special-heading-inner-border\"><\/div><\/div><\/div><br \/>\n<div  class='avia-buttonrow-wrap av-lyii6x9p-4653a1c3f50c9db8bd9c7d5abe91fddb avia-buttonrow-center  avia-builder-el-13  el_after_av_heading  avia-builder-el-last '>\n\n<style type=\"text\/css\" data-created_by=\"avia_inline_auto\" id=\"style-css-av-lyii5wpu-86ddf50f752231b062f9c666ca9f36a3\">\n#top #wrap_all .avia-button.av-lyii5wpu-86ddf50f752231b062f9c666ca9f36a3{\nmargin-bottom:5px;\nmargin-right:3px;\nmargin-left:3px;\n}\n<\/style>\n<a href='https:\/\/aktialiiga.fi\/miehet\/joukkueet-2025-26\/'  class='avia-button av-lyii5wpu-86ddf50f752231b062f9c666ca9f36a3 avia-icon_select-no avia-size-large avia-color-light'   aria-label=\"Joukkueet\"><span class='avia_iconbox_title' >Joukkueet<\/span><\/a>\n\n<style type=\"text\/css\" data-created_by=\"avia_inline_auto\" id=\"style-css-av-lyii5wpu-12-15b54a4843e137e3230d44b264fdb80b\">\n#top #wrap_all .avia-button.av-lyii5wpu-12-15b54a4843e137e3230d44b264fdb80b{\nmargin-bottom:5px;\nmargin-right:3px;\nmargin-left:3px;\n}\n<\/style>\n<a href='https:\/\/aktialiiga.fi\/miehet\/2025-2026\/aktialiigan-otteluohjelma-2025-2026\/'  class='avia-button av-lyii5wpu-12-15b54a4843e137e3230d44b264fdb80b avia-icon_select-no avia-size-large avia-color-light'   aria-label=\"Ottelutulokset\"><span class='avia_iconbox_title' >Ottelutulokset<\/span><\/a>\n\n<style type=\"text\/css\" data-created_by=\"avia_inline_auto\" id=\"style-css-av-lyii5wpu-11-cd86339d9078d2ec601004c5f7270a48\">\n#top #wrap_all .avia-button.av-lyii5wpu-11-cd86339d9078d2ec601004c5f7270a48{\nmargin-bottom:5px;\nmargin-right:3px;\nmargin-left:3px;\n}\n<\/style>\n<a href='https:\/\/aktialiiga.fi\/miehet\/2025-2026\/ottelut\/'  class='avia-button av-lyii5wpu-11-cd86339d9078d2ec601004c5f7270a48 avia-icon_select-no avia-size-large avia-color-light'   aria-label=\"Pelatut ottelut\"><span class='avia_iconbox_title' >Pelatut ottelut<\/span><\/a>\n\n<style type=\"text\/css\" data-created_by=\"avia_inline_auto\" id=\"style-css-av-lyii5wpu-10-4165521094f0851a99d1e5614dac2e86\">\n#top #wrap_all .avia-button.av-lyii5wpu-10-4165521094f0851a99d1e5614dac2e86{\nmargin-bottom:5px;\nmargin-right:3px;\nmargin-left:3px;\n}\n<\/style>\n<a href='https:\/\/aktialiiga.fi\/miehet\/2025-2026\/tilastot\/'  class='avia-button av-lyii5wpu-10-4165521094f0851a99d1e5614dac2e86 avia-icon_select-no avia-size-large avia-color-light'   aria-label=\"Tilastot\"><span class='avia_iconbox_title' >Tilastot<\/span><\/a>\n<\/div><\/p><\/div><\/p>\n<\/div><\/div><div class='flex_cell av-iwq4gp-64d94dd86416c7e4b8ba2e0da750841e av-gridrow-cell av_two_fifth no_margin  avia-builder-el-14  el_after_av_cell_three_fifth  avia-builder-el-last '  ><div class='flex_cell_inner'><p>\n<style type=\"text\/css\" data-created_by=\"avia_inline_auto\" id=\"style-css-av-2eee4ci-a1c87379d6227197773093e7f7deba7c\">\n#top .hr.hr-invisible.av-2eee4ci-a1c87379d6227197773093e7f7deba7c{\nheight:20px;\n}\n<\/style>\n<div  class='hr av-2eee4ci-a1c87379d6227197773093e7f7deba7c hr-invisible  avia-builder-el-15  el_before_av_one_full  avia-builder-el-first  av-small-hide av-mini-hide'><span class='hr-inner '><span class=\"hr-inner-style\"><\/span><\/span><\/div><br \/>\n<div  class='flex_column av-3mpr3nd-ae9e18bcc15da69b34bf0b1e8f65b489 av_one_full  avia-builder-el-16  el_after_av_hr  avia-builder-el-last  first flex_column_div  '     ><p>\n<style type=\"text\/css\" data-created_by=\"avia_inline_auto\" id=\"style-css-av-lyiimcc7-98fe3008424d62b5cb207b7dc495f4e1\">\n#top .av-special-heading.av-lyiimcc7-98fe3008424d62b5cb207b7dc495f4e1{\npadding-bottom:10px;\nfont-size:36px;\n}\nbody .av-special-heading.av-lyiimcc7-98fe3008424d62b5cb207b7dc495f4e1 .av-special-heading-tag .heading-char{\nfont-size:25px;\n}\n#top #wrap_all .av-special-heading.av-lyiimcc7-98fe3008424d62b5cb207b7dc495f4e1 .av-special-heading-tag{\nfont-size:36px;\n}\n.av-special-heading.av-lyiimcc7-98fe3008424d62b5cb207b7dc495f4e1 .av-subheading{\nfont-size:29px;\n}\n\n@media only screen and (max-width: 479px){ \n#top #wrap_all .av-special-heading.av-lyiimcc7-98fe3008424d62b5cb207b7dc495f4e1 .av-special-heading-tag{\nfont-size:35px;\n}\n}\n\n@media only screen and (min-width: 480px) and (max-width: 767px){ \n#top #wrap_all .av-special-heading.av-lyiimcc7-98fe3008424d62b5cb207b7dc495f4e1 .av-special-heading-tag{\nfont-size:0.8em;\n}\n}\n<\/style>\n<div  class='av-special-heading av-lyiimcc7-98fe3008424d62b5cb207b7dc495f4e1 av-special-heading-h2 blockquote modern-quote modern-centered  avia-builder-el-17  el_before_av_buttonrow  avia-builder-el-first  av-inherit-size'><h2 class='av-special-heading-tag '  itemprop=\"headline\"  >Muut kilpailut<\/h2><div class=\"special-heading-border\"><div class=\"special-heading-inner-border\"><\/div><\/div><\/div><br \/>\n<div  class='avia-buttonrow-wrap av-lyiii2rr-7572aea11e061dd45b7ed26c312367e0 avia-buttonrow-center  avia-builder-el-18  el_after_av_heading  avia-builder-el-last '>\n\n<style type=\"text\/css\" data-created_by=\"avia_inline_auto\" id=\"style-css-av-2w4e2wp-1fc35a24a1de3eb38623ada6bc491539\">\n#top #wrap_all .avia-button.av-2w4e2wp-1fc35a24a1de3eb38623ada6bc491539{\nmargin-bottom:5px;\nmargin-right:3px;\nmargin-left:3px;\n}\n<\/style>\n<a href='https:\/\/aktialiiga.fi\/miehet\/2025-2026\/suomen-cup-2025-2026\/'  class='avia-button av-2w4e2wp-1fc35a24a1de3eb38623ada6bc491539 avia-icon_select-no avia-size-large avia-color-light'   aria-label=\"Suomen Cup\"><span class='avia_iconbox_title' >Suomen Cup<\/span><\/a>\n\n<style type=\"text\/css\" data-created_by=\"avia_inline_auto\" id=\"style-css-av-2dwcjfd-57fc7c5d8ed48d7ec44e37f7b48bda13\">\n#top #wrap_all .avia-button.av-2dwcjfd-57fc7c5d8ed48d7ec44e37f7b48bda13{\nmargin-bottom:5px;\nmargin-right:3px;\nmargin-left:3px;\n}\n<\/style>\n<a href='https:\/\/aktialiiga.fi\/miehet\/2025-2026\/ehf-european-cup-2025-26\/'  class='avia-button av-2dwcjfd-57fc7c5d8ed48d7ec44e37f7b48bda13 avia-icon_select-no avia-size-large avia-color-light'   aria-label=\"EHF European Cup\"><span class='avia_iconbox_title' >EHF European Cup<\/span><\/a>\n\n<style type=\"text\/css\" data-created_by=\"avia_inline_auto\" id=\"style-css-av-2dwcjfd-1-1c2f754ad46d3e985be2a17616168d02\">\n#top #wrap_all .avia-button.av-2dwcjfd-1-1c2f754ad46d3e985be2a17616168d02{\nmargin-bottom:5px;\nmargin-right:3px;\nmargin-left:3px;\n}\n<\/style>\n<a href='https:\/\/aktialiiga.fi\/miehet\/2025-2026\/baltian-liiga\/'  class='avia-button av-2dwcjfd-1-1c2f754ad46d3e985be2a17616168d02 avia-icon_select-no avia-size-large avia-color-light'   aria-label=\"Baltian liiga\"><span class='avia_iconbox_title' >Baltian liiga<\/span><\/a>\n<\/div><\/p><\/div><\/p>\n<\/div><\/div><\/div>\n<style type=\"text\/css\" data-created_by=\"avia_inline_auto\" id=\"style-css-av-9pcq0jm-795b95478731dea368f306f6c473c865\">\n.avia-section.av-9pcq0jm-795b95478731dea368f306f6c473c865{\nbackground-color:#bddeff;\nbackground-image:url(https:\/\/i0.wp.com\/aktialiiga.fi\/miehet\/wp-content\/uploads\/sites\/5\/2024\/07\/V9-bgr-valkoinen.png?fit=1030%2C555&ssl=1);\nbackground-repeat:no-repeat;\nbackground-position:0% 0%;\nbackground-attachment:scroll;\n}\n<\/style>\n<div id='hero'  class='avia-section av-9pcq0jm-795b95478731dea368f306f6c473c865 main_color avia-section-default avia-no-border-styling  avia-builder-el-19  el_after_av_layout_row  el_before_av_section  av-desktop-hide av-medium-hide av-small-hide av-mini-hide avia-full-contain avia-bg-style-scroll container_wrap sidebar_right'  data-section-bg-repeat='contain'><div class='container av-section-cont-open' ><div class='template-page content  av-content-small alpha units'><div class='post-entry post-entry-type-page post-entry-69573'><div class='entry-content-wrapper clearfix'>\n<div class='flex_column_table av-map5wvg9-e2f7e0f66801141d4e3a152548934127 sc-av_one_third av-equal-height-column-flextable'>\n<style type=\"text\/css\" data-created_by=\"avia_inline_auto\" id=\"style-css-av-map5wvg9-e2f7e0f66801141d4e3a152548934127\">\n#top .flex_column_table.av-equal-height-column-flextable.av-map5wvg9-e2f7e0f66801141d4e3a152548934127{\nmargin-top:0px;\nmargin-bottom:10px;\n}\n.flex_column.av-map5wvg9-e2f7e0f66801141d4e3a152548934127{\npadding:0px 0px 0px 0px;\nbackground-color:#bddeff;\n}\n<\/style>\n<div  class='flex_column av-map5wvg9-e2f7e0f66801141d4e3a152548934127 av_one_third  avia-builder-el-20  el_before_av_one_third  avia-builder-el-first  first flex_column_table_cell av-equal-height-column av-align-middle av-zero-column-padding avia-full-stretch  '     ><style type=\"text\/css\" data-created_by=\"avia_inline_auto\" id=\"style-css-av-94h4egy-3f7c6fc823370d3cebf7310dde0f6cb2\">\n.avia-image-container.av-94h4egy-3f7c6fc823370d3cebf7310dde0f6cb2 img.avia_image{\nbox-shadow:none;\n}\n.avia-image-container.av-94h4egy-3f7c6fc823370d3cebf7310dde0f6cb2 .av-image-caption-overlay-center{\ncolor:#ffffff;\n}\n<\/style>\n<div  class='avia-image-container av-94h4egy-3f7c6fc823370d3cebf7310dde0f6cb2 av-styling- av-img-linked avia-align-center  avia-builder-el-21  avia-builder-el-no-sibling '   itemprop=\"image\" itemscope=\"itemscope\" itemtype=\"https:\/\/schema.org\/ImageObject\" ><div class=\"avia-image-container-inner\"><div class=\"avia-image-overlay-wrap\"><a href=\"https:\/\/i0.wp.com\/aktialiiga.fi\/miehet\/wp-content\/uploads\/sites\/5\/2025\/05\/KULTA-M.jpg?fit=579%2C1030&#038;ssl=1\" data-srcset=\"https:\/\/i0.wp.com\/aktialiiga.fi\/miehet\/wp-content\/uploads\/sites\/5\/2025\/05\/KULTA-M.jpg?w=1080&amp;ssl=1 1080w, https:\/\/i0.wp.com\/aktialiiga.fi\/miehet\/wp-content\/uploads\/sites\/5\/2025\/05\/KULTA-M.jpg?resize=169%2C300&amp;ssl=1 169w, https:\/\/i0.wp.com\/aktialiiga.fi\/miehet\/wp-content\/uploads\/sites\/5\/2025\/05\/KULTA-M.jpg?resize=579%2C1030&amp;ssl=1 579w, https:\/\/i0.wp.com\/aktialiiga.fi\/miehet\/wp-content\/uploads\/sites\/5\/2025\/05\/KULTA-M.jpg?resize=768%2C1365&amp;ssl=1 768w, https:\/\/i0.wp.com\/aktialiiga.fi\/miehet\/wp-content\/uploads\/sites\/5\/2025\/05\/KULTA-M.jpg?resize=864%2C1536&amp;ssl=1 864w, https:\/\/i0.wp.com\/aktialiiga.fi\/miehet\/wp-content\/uploads\/sites\/5\/2025\/05\/KULTA-M.jpg?resize=844%2C1500&amp;ssl=1 844w, https:\/\/i0.wp.com\/aktialiiga.fi\/miehet\/wp-content\/uploads\/sites\/5\/2025\/05\/KULTA-M.jpg?resize=397%2C705&amp;ssl=1 397w\" data-sizes=\"(max-width: 579px) 100vw, 579px\" class='avia_image '  aria-label='KULTA M'><img decoding=\"async\" fetchpriority=\"high\" class='wp-image-64626 avia-img-lazy-loading-not-64626 avia_image ' src=\"https:\/\/i0.wp.com\/aktialiiga.fi\/miehet\/wp-content\/uploads\/sites\/5\/2025\/05\/KULTA-M.jpg?fit=1080%2C1920&ssl=1\" alt='' title='KULTA M'  height=\"1920\" width=\"1080\"  itemprop=\"thumbnailUrl\" srcset=\"https:\/\/i0.wp.com\/aktialiiga.fi\/miehet\/wp-content\/uploads\/sites\/5\/2025\/05\/KULTA-M.jpg?w=1080&amp;ssl=1 1080w, https:\/\/i0.wp.com\/aktialiiga.fi\/miehet\/wp-content\/uploads\/sites\/5\/2025\/05\/KULTA-M.jpg?resize=169%2C300&amp;ssl=1 169w, https:\/\/i0.wp.com\/aktialiiga.fi\/miehet\/wp-content\/uploads\/sites\/5\/2025\/05\/KULTA-M.jpg?resize=579%2C1030&amp;ssl=1 579w, https:\/\/i0.wp.com\/aktialiiga.fi\/miehet\/wp-content\/uploads\/sites\/5\/2025\/05\/KULTA-M.jpg?resize=768%2C1365&amp;ssl=1 768w, https:\/\/i0.wp.com\/aktialiiga.fi\/miehet\/wp-content\/uploads\/sites\/5\/2025\/05\/KULTA-M.jpg?resize=864%2C1536&amp;ssl=1 864w, https:\/\/i0.wp.com\/aktialiiga.fi\/miehet\/wp-content\/uploads\/sites\/5\/2025\/05\/KULTA-M.jpg?resize=844%2C1500&amp;ssl=1 844w, https:\/\/i0.wp.com\/aktialiiga.fi\/miehet\/wp-content\/uploads\/sites\/5\/2025\/05\/KULTA-M.jpg?resize=397%2C705&amp;ssl=1 397w\" sizes=\"(max-width: 1080px) 100vw, 1080px\" \/><\/a><\/div><\/div><\/div><\/div><div class='av-flex-placeholder'><\/div>\n<style type=\"text\/css\" data-created_by=\"avia_inline_auto\" id=\"style-css-av-8dtwxr6-cc9fbcc5ba97a0b908b530a3bc77cb48\">\n#top .flex_column_table.av-equal-height-column-flextable.av-8dtwxr6-cc9fbcc5ba97a0b908b530a3bc77cb48{\nmargin-top:0px;\nmargin-bottom:10px;\n}\n.flex_column.av-8dtwxr6-cc9fbcc5ba97a0b908b530a3bc77cb48{\npadding:0px 0px 0px 0px;\nbackground-color:#bddeff;\n}\n<\/style>\n<div  class='flex_column av-8dtwxr6-cc9fbcc5ba97a0b908b530a3bc77cb48 av_one_third  avia-builder-el-22  el_after_av_one_third  el_before_av_one_third  flex_column_table_cell av-equal-height-column av-align-middle av-animated-generic pop-up av-zero-column-padding  '     ><style type=\"text\/css\" data-created_by=\"avia_inline_auto\" id=\"style-css-av-83pwihu-a944b85c38e187cb55291a8f38a0cf0e\">\n.avia-image-container.av-83pwihu-a944b85c38e187cb55291a8f38a0cf0e img.avia_image{\nbox-shadow:none;\n}\n.avia-image-container.av-83pwihu-a944b85c38e187cb55291a8f38a0cf0e .av-image-caption-overlay-center{\ncolor:#ffffff;\n}\n<\/style>\n<div  class='avia-image-container av-83pwihu-a944b85c38e187cb55291a8f38a0cf0e av-styling- av-img-linked avia-align-center  avia-builder-el-23  avia-builder-el-no-sibling '   itemprop=\"image\" itemscope=\"itemscope\" itemtype=\"https:\/\/schema.org\/ImageObject\" ><div class=\"avia-image-container-inner\"><div class=\"avia-image-overlay-wrap\"><a href=\"https:\/\/i0.wp.com\/aktialiiga.fi\/miehet\/wp-content\/uploads\/sites\/5\/2025\/05\/HOPEA-M.jpg?fit=579%2C1030&#038;ssl=1\" data-srcset=\"https:\/\/i0.wp.com\/aktialiiga.fi\/miehet\/wp-content\/uploads\/sites\/5\/2025\/05\/HOPEA-M.jpg?w=1080&amp;ssl=1 1080w, https:\/\/i0.wp.com\/aktialiiga.fi\/miehet\/wp-content\/uploads\/sites\/5\/2025\/05\/HOPEA-M.jpg?resize=169%2C300&amp;ssl=1 169w, https:\/\/i0.wp.com\/aktialiiga.fi\/miehet\/wp-content\/uploads\/sites\/5\/2025\/05\/HOPEA-M.jpg?resize=579%2C1030&amp;ssl=1 579w, https:\/\/i0.wp.com\/aktialiiga.fi\/miehet\/wp-content\/uploads\/sites\/5\/2025\/05\/HOPEA-M.jpg?resize=768%2C1365&amp;ssl=1 768w, https:\/\/i0.wp.com\/aktialiiga.fi\/miehet\/wp-content\/uploads\/sites\/5\/2025\/05\/HOPEA-M.jpg?resize=864%2C1536&amp;ssl=1 864w, https:\/\/i0.wp.com\/aktialiiga.fi\/miehet\/wp-content\/uploads\/sites\/5\/2025\/05\/HOPEA-M.jpg?resize=844%2C1500&amp;ssl=1 844w, https:\/\/i0.wp.com\/aktialiiga.fi\/miehet\/wp-content\/uploads\/sites\/5\/2025\/05\/HOPEA-M.jpg?resize=397%2C705&amp;ssl=1 397w\" data-sizes=\"(max-width: 579px) 100vw, 579px\" class='avia_image '  aria-label='HOPEA M'><img decoding=\"async\" fetchpriority=\"high\" class='wp-image-64625 avia-img-lazy-loading-not-64625 avia_image ' src=\"https:\/\/i0.wp.com\/aktialiiga.fi\/miehet\/wp-content\/uploads\/sites\/5\/2025\/05\/HOPEA-M.jpg?fit=1080%2C1920&ssl=1\" alt='' title='HOPEA M'  height=\"1920\" width=\"1080\"  itemprop=\"thumbnailUrl\" srcset=\"https:\/\/i0.wp.com\/aktialiiga.fi\/miehet\/wp-content\/uploads\/sites\/5\/2025\/05\/HOPEA-M.jpg?w=1080&amp;ssl=1 1080w, https:\/\/i0.wp.com\/aktialiiga.fi\/miehet\/wp-content\/uploads\/sites\/5\/2025\/05\/HOPEA-M.jpg?resize=169%2C300&amp;ssl=1 169w, https:\/\/i0.wp.com\/aktialiiga.fi\/miehet\/wp-content\/uploads\/sites\/5\/2025\/05\/HOPEA-M.jpg?resize=579%2C1030&amp;ssl=1 579w, https:\/\/i0.wp.com\/aktialiiga.fi\/miehet\/wp-content\/uploads\/sites\/5\/2025\/05\/HOPEA-M.jpg?resize=768%2C1365&amp;ssl=1 768w, https:\/\/i0.wp.com\/aktialiiga.fi\/miehet\/wp-content\/uploads\/sites\/5\/2025\/05\/HOPEA-M.jpg?resize=864%2C1536&amp;ssl=1 864w, https:\/\/i0.wp.com\/aktialiiga.fi\/miehet\/wp-content\/uploads\/sites\/5\/2025\/05\/HOPEA-M.jpg?resize=844%2C1500&amp;ssl=1 844w, https:\/\/i0.wp.com\/aktialiiga.fi\/miehet\/wp-content\/uploads\/sites\/5\/2025\/05\/HOPEA-M.jpg?resize=397%2C705&amp;ssl=1 397w\" sizes=\"(max-width: 1080px) 100vw, 1080px\" \/><\/a><\/div><\/div><\/div><\/div><div class='av-flex-placeholder'><\/div>\n<style type=\"text\/css\" data-created_by=\"avia_inline_auto\" id=\"style-css-av-7i83fk2-c779703c77aa552b302eb1bf430dd176\">\n#top .flex_column_table.av-equal-height-column-flextable.av-7i83fk2-c779703c77aa552b302eb1bf430dd176{\nmargin-top:0px;\nmargin-bottom:10px;\n}\n.flex_column.av-7i83fk2-c779703c77aa552b302eb1bf430dd176{\npadding:0px 0px 0px 0px;\nbackground-color:#bddeff;\n}\n<\/style>\n<div  class='flex_column av-7i83fk2-c779703c77aa552b302eb1bf430dd176 av_one_third  avia-builder-el-24  el_after_av_one_third  avia-builder-el-last  flex_column_table_cell av-equal-height-column av-align-middle av-zero-column-padding  '     ><style type=\"text\/css\" data-created_by=\"avia_inline_auto\" id=\"style-css-av-6xqud5u-dcf99de9224934f9135555bf7701465e\">\n.avia-image-container.av-6xqud5u-dcf99de9224934f9135555bf7701465e img.avia_image{\nbox-shadow:none;\n}\n.avia-image-container.av-6xqud5u-dcf99de9224934f9135555bf7701465e .av-image-caption-overlay-center{\ncolor:#ffffff;\n}\n<\/style>\n<div  class='avia-image-container av-6xqud5u-dcf99de9224934f9135555bf7701465e av-styling- av-img-linked avia-align-center  avia-builder-el-25  avia-builder-el-no-sibling '   itemprop=\"image\" itemscope=\"itemscope\" itemtype=\"https:\/\/schema.org\/ImageObject\" ><div class=\"avia-image-container-inner\"><div class=\"avia-image-overlay-wrap\"><a href=\"https:\/\/i0.wp.com\/aktialiiga.fi\/miehet\/wp-content\/uploads\/sites\/5\/2025\/05\/PRONSSI-M.jpg?fit=579%2C1030&#038;ssl=1\" data-srcset=\"https:\/\/i0.wp.com\/aktialiiga.fi\/miehet\/wp-content\/uploads\/sites\/5\/2025\/05\/PRONSSI-M.jpg?w=1080&amp;ssl=1 1080w, https:\/\/i0.wp.com\/aktialiiga.fi\/miehet\/wp-content\/uploads\/sites\/5\/2025\/05\/PRONSSI-M.jpg?resize=169%2C300&amp;ssl=1 169w, https:\/\/i0.wp.com\/aktialiiga.fi\/miehet\/wp-content\/uploads\/sites\/5\/2025\/05\/PRONSSI-M.jpg?resize=579%2C1030&amp;ssl=1 579w, https:\/\/i0.wp.com\/aktialiiga.fi\/miehet\/wp-content\/uploads\/sites\/5\/2025\/05\/PRONSSI-M.jpg?resize=768%2C1365&amp;ssl=1 768w, https:\/\/i0.wp.com\/aktialiiga.fi\/miehet\/wp-content\/uploads\/sites\/5\/2025\/05\/PRONSSI-M.jpg?resize=864%2C1536&amp;ssl=1 864w, https:\/\/i0.wp.com\/aktialiiga.fi\/miehet\/wp-content\/uploads\/sites\/5\/2025\/05\/PRONSSI-M.jpg?resize=844%2C1500&amp;ssl=1 844w, https:\/\/i0.wp.com\/aktialiiga.fi\/miehet\/wp-content\/uploads\/sites\/5\/2025\/05\/PRONSSI-M.jpg?resize=397%2C705&amp;ssl=1 397w\" data-sizes=\"(max-width: 579px) 100vw, 579px\" class='avia_image '  aria-label='PRONSSI M'><img decoding=\"async\" fetchpriority=\"high\" class='wp-image-64627 avia-img-lazy-loading-not-64627 avia_image ' src=\"https:\/\/i0.wp.com\/aktialiiga.fi\/miehet\/wp-content\/uploads\/sites\/5\/2025\/05\/PRONSSI-M.jpg?fit=1080%2C1920&ssl=1\" alt='' title='PRONSSI M'  height=\"1920\" width=\"1080\"  itemprop=\"thumbnailUrl\" srcset=\"https:\/\/i0.wp.com\/aktialiiga.fi\/miehet\/wp-content\/uploads\/sites\/5\/2025\/05\/PRONSSI-M.jpg?w=1080&amp;ssl=1 1080w, https:\/\/i0.wp.com\/aktialiiga.fi\/miehet\/wp-content\/uploads\/sites\/5\/2025\/05\/PRONSSI-M.jpg?resize=169%2C300&amp;ssl=1 169w, https:\/\/i0.wp.com\/aktialiiga.fi\/miehet\/wp-content\/uploads\/sites\/5\/2025\/05\/PRONSSI-M.jpg?resize=579%2C1030&amp;ssl=1 579w, https:\/\/i0.wp.com\/aktialiiga.fi\/miehet\/wp-content\/uploads\/sites\/5\/2025\/05\/PRONSSI-M.jpg?resize=768%2C1365&amp;ssl=1 768w, https:\/\/i0.wp.com\/aktialiiga.fi\/miehet\/wp-content\/uploads\/sites\/5\/2025\/05\/PRONSSI-M.jpg?resize=864%2C1536&amp;ssl=1 864w, https:\/\/i0.wp.com\/aktialiiga.fi\/miehet\/wp-content\/uploads\/sites\/5\/2025\/05\/PRONSSI-M.jpg?resize=844%2C1500&amp;ssl=1 844w, https:\/\/i0.wp.com\/aktialiiga.fi\/miehet\/wp-content\/uploads\/sites\/5\/2025\/05\/PRONSSI-M.jpg?resize=397%2C705&amp;ssl=1 397w\" sizes=\"(max-width: 1080px) 100vw, 1080px\" \/><\/a><\/div><\/div><\/div><\/div><\/div><!--close column table wrapper. Autoclose: 1 -->\n<\/p>\n<\/div><\/div><\/div><!-- close content main div --><\/div><\/div>\n<style type=\"text\/css\" data-created_by=\"avia_inline_auto\" id=\"style-css-av-5mh7d36-5e2e494727a97af364558062d43c16e3\">\n.avia-section.av-5mh7d36-5e2e494727a97af364558062d43c16e3{\nbackground-color:#ffffff;\nbackground:linear-gradient( to bottom, #ffffff, #e1e1e1 );\n}\n<\/style>\n<div id='av_section_5'  class='avia-section av-5mh7d36-5e2e494727a97af364558062d43c16e3 main_color avia-section-default avia-no-border-styling  avia-builder-el-26  el_after_av_section  el_before_av_section  av-desktop-hide av-medium-hide av-small-hide av-mini-hide avia-bg-style-scroll container_wrap sidebar_right'  ><div class='container av-section-cont-open' ><div class='template-page content  av-content-small alpha units'><div class='post-entry post-entry-type-page post-entry-69573'><div class='entry-content-wrapper clearfix'>\n<div class='flex_column_table av-5bw1nlu-a865abc4289e0b2e44efcffc88b43606 sc-av_one_half av-equal-height-column-flextable'><div  class='flex_column av-5bw1nlu-a865abc4289e0b2e44efcffc88b43606 av_one_half  avia-builder-el-27  el_before_av_one_half  avia-builder-el-first  first flex_column_table_cell av-equal-height-column av-align-top  '     ><p>\n<style type=\"text\/css\" data-created_by=\"avia_inline_auto\" id=\"style-css-av-4qqfyki-ecdca81062010ef2125f2f817316aa96\">\n#top .av-special-heading.av-4qqfyki-ecdca81062010ef2125f2f817316aa96{\npadding-bottom:10px;\nfont-size:36px;\n}\nbody .av-special-heading.av-4qqfyki-ecdca81062010ef2125f2f817316aa96 .av-special-heading-tag .heading-char{\nfont-size:25px;\n}\n#top #wrap_all .av-special-heading.av-4qqfyki-ecdca81062010ef2125f2f817316aa96 .av-special-heading-tag{\nfont-size:36px;\n}\n.av-special-heading.av-4qqfyki-ecdca81062010ef2125f2f817316aa96 .av-subheading{\nfont-size:29px;\n}\n\n@media only screen and (max-width: 479px){ \n#top #wrap_all .av-special-heading.av-4qqfyki-ecdca81062010ef2125f2f817316aa96 .av-special-heading-tag{\nfont-size:35px;\n}\n}\n\n@media only screen and (min-width: 480px) and (max-width: 767px){ \n#top #wrap_all .av-special-heading.av-4qqfyki-ecdca81062010ef2125f2f817316aa96 .av-special-heading-tag{\nfont-size:0.8em;\n}\n}\n<\/style>\n<div  class='av-special-heading av-4qqfyki-ecdca81062010ef2125f2f817316aa96 av-special-heading-h2 blockquote modern-quote modern-centered  avia-builder-el-28  el_before_av_gallery  avia-builder-el-first  av-inherit-size'><h2 class='av-special-heading-tag '  itemprop=\"headline\"  >Vuoden valinnat 2025\/26<\/h2><div class=\"special-heading-border\"><div class=\"special-heading-inner-border\"><\/div><\/div><\/div><br \/>\n\n<style type=\"text\/css\" data-created_by=\"avia_inline_auto\" id=\"style-css-av-4a4v6oy-1961762e68b5d5fe8cfbafb5972cc5c1\">\n#top .avia-gallery.av-4a4v6oy-1961762e68b5d5fe8cfbafb5972cc5c1 .avia-gallery-thumb a{\nwidth:25%;\n}\n<\/style>\n<div  class='avia-gallery av-4a4v6oy-1961762e68b5d5fe8cfbafb5972cc5c1 avia_animate_when_visible  avia-builder-el-29  el_after_av_heading  avia-builder-el-last  animations_off avia-gallery-1'  itemprop=\"image\" itemscope=\"itemscope\" itemtype=\"https:\/\/schema.org\/ImageObject\" ><meta itemprop=\"contentURL\" content=\"https:\/\/aktialiiga.fi\/miehet\/aktialiiga-2025-26\/\"><div class='avia-gallery-thumb'><a href=\"https:\/\/i0.wp.com\/aktialiiga.fi\/miehet\/wp-content\/uploads\/sites\/5\/2025\/05\/MSM-Vuoden-pelaaja.jpg?fit=1030%2C1030&amp;ssl=1\" data-srcset=\"https:\/\/i0.wp.com\/aktialiiga.fi\/miehet\/wp-content\/uploads\/sites\/5\/2025\/05\/MSM-Vuoden-pelaaja.jpg?w=1080&amp;ssl=1 1080w, https:\/\/i0.wp.com\/aktialiiga.fi\/miehet\/wp-content\/uploads\/sites\/5\/2025\/05\/MSM-Vuoden-pelaaja.jpg?resize=300%2C300&amp;ssl=1 300w, https:\/\/i0.wp.com\/aktialiiga.fi\/miehet\/wp-content\/uploads\/sites\/5\/2025\/05\/MSM-Vuoden-pelaaja.jpg?resize=1030%2C1030&amp;ssl=1 1030w, https:\/\/i0.wp.com\/aktialiiga.fi\/miehet\/wp-content\/uploads\/sites\/5\/2025\/05\/MSM-Vuoden-pelaaja.jpg?resize=80%2C80&amp;ssl=1 80w, https:\/\/i0.wp.com\/aktialiiga.fi\/miehet\/wp-content\/uploads\/sites\/5\/2025\/05\/MSM-Vuoden-pelaaja.jpg?resize=768%2C768&amp;ssl=1 768w, https:\/\/i0.wp.com\/aktialiiga.fi\/miehet\/wp-content\/uploads\/sites\/5\/2025\/05\/MSM-Vuoden-pelaaja.jpg?resize=36%2C36&amp;ssl=1 36w, https:\/\/i0.wp.com\/aktialiiga.fi\/miehet\/wp-content\/uploads\/sites\/5\/2025\/05\/MSM-Vuoden-pelaaja.jpg?resize=180%2C180&amp;ssl=1 180w, https:\/\/i0.wp.com\/aktialiiga.fi\/miehet\/wp-content\/uploads\/sites\/5\/2025\/05\/MSM-Vuoden-pelaaja.jpg?resize=705%2C705&amp;ssl=1 705w\" data-sizes=\"(max-width: 1030px) 100vw, 1030px\" data-rel='gallery-1' data-prev-img='https:\/\/i0.wp.com\/aktialiiga.fi\/miehet\/wp-content\/uploads\/sites\/5\/2025\/05\/MSM-Vuoden-pelaaja.jpg?resize=495%2C400&ssl=1' class='first_thumb lightbox ' data-onclick='1' title='Aktialiiga 2024\/25 - Vuoden pelaaja'  itemprop=\"thumbnailUrl\"  ><img decoding=\"async\" fetchpriority=\"high\" class=\"wp-image-64729 avia-img-lazy-loading-not-64729\"   src=\"https:\/\/i0.wp.com\/aktialiiga.fi\/miehet\/wp-content\/uploads\/sites\/5\/2025\/05\/MSM-Vuoden-pelaaja.jpg?fit=1030%2C1030&ssl=1\" width=\"1030\" height=\"1030\"  title='Aktialiiga 2024\/25 - Vuoden pelaaja' alt='' srcset=\"https:\/\/i0.wp.com\/aktialiiga.fi\/miehet\/wp-content\/uploads\/sites\/5\/2025\/05\/MSM-Vuoden-pelaaja.jpg?w=1080&amp;ssl=1 1080w, https:\/\/i0.wp.com\/aktialiiga.fi\/miehet\/wp-content\/uploads\/sites\/5\/2025\/05\/MSM-Vuoden-pelaaja.jpg?resize=300%2C300&amp;ssl=1 300w, https:\/\/i0.wp.com\/aktialiiga.fi\/miehet\/wp-content\/uploads\/sites\/5\/2025\/05\/MSM-Vuoden-pelaaja.jpg?resize=1030%2C1030&amp;ssl=1 1030w, https:\/\/i0.wp.com\/aktialiiga.fi\/miehet\/wp-content\/uploads\/sites\/5\/2025\/05\/MSM-Vuoden-pelaaja.jpg?resize=80%2C80&amp;ssl=1 80w, https:\/\/i0.wp.com\/aktialiiga.fi\/miehet\/wp-content\/uploads\/sites\/5\/2025\/05\/MSM-Vuoden-pelaaja.jpg?resize=768%2C768&amp;ssl=1 768w, https:\/\/i0.wp.com\/aktialiiga.fi\/miehet\/wp-content\/uploads\/sites\/5\/2025\/05\/MSM-Vuoden-pelaaja.jpg?resize=36%2C36&amp;ssl=1 36w, https:\/\/i0.wp.com\/aktialiiga.fi\/miehet\/wp-content\/uploads\/sites\/5\/2025\/05\/MSM-Vuoden-pelaaja.jpg?resize=180%2C180&amp;ssl=1 180w, https:\/\/i0.wp.com\/aktialiiga.fi\/miehet\/wp-content\/uploads\/sites\/5\/2025\/05\/MSM-Vuoden-pelaaja.jpg?resize=705%2C705&amp;ssl=1 705w\" sizes=\"(max-width: 1030px) 100vw, 1030px\" \/><div class='big-prev-fake'><img decoding=\"async\" fetchpriority=\"high\" class=\"wp-image-64729 avia-img-lazy-loading-not-64729\"  width=\"495\" height=\"400\" src=\"https:\/\/i0.wp.com\/aktialiiga.fi\/miehet\/wp-content\/uploads\/sites\/5\/2025\/05\/MSM-Vuoden-pelaaja.jpg?resize=495%2C400&ssl=1\" title='Aktialiiga 2024\/25 - Vuoden pelaaja' alt='' srcset=\"https:\/\/i0.wp.com\/aktialiiga.fi\/miehet\/wp-content\/uploads\/sites\/5\/2025\/05\/MSM-Vuoden-pelaaja.jpg?resize=495%2C400&amp;ssl=1 495w, https:\/\/i0.wp.com\/aktialiiga.fi\/miehet\/wp-content\/uploads\/sites\/5\/2025\/05\/MSM-Vuoden-pelaaja.jpg?resize=845%2C684&amp;ssl=1 845w, https:\/\/i0.wp.com\/aktialiiga.fi\/miehet\/wp-content\/uploads\/sites\/5\/2025\/05\/MSM-Vuoden-pelaaja.jpg?zoom=2&amp;resize=495%2C400&amp;ssl=1 990w\" sizes=\"(max-width: 495px) 100vw, 495px\" \/><\/div><\/a><a href=\"https:\/\/i0.wp.com\/aktialiiga.fi\/miehet\/wp-content\/uploads\/sites\/5\/2025\/05\/MSM-Vuoden-maalintekija.jpg?fit=1030%2C1030&amp;ssl=1\" data-srcset=\"https:\/\/i0.wp.com\/aktialiiga.fi\/miehet\/wp-content\/uploads\/sites\/5\/2025\/05\/MSM-Vuoden-maalintekija.jpg?w=1080&amp;ssl=1 1080w, https:\/\/i0.wp.com\/aktialiiga.fi\/miehet\/wp-content\/uploads\/sites\/5\/2025\/05\/MSM-Vuoden-maalintekija.jpg?resize=300%2C300&amp;ssl=1 300w, https:\/\/i0.wp.com\/aktialiiga.fi\/miehet\/wp-content\/uploads\/sites\/5\/2025\/05\/MSM-Vuoden-maalintekija.jpg?resize=1030%2C1030&amp;ssl=1 1030w, https:\/\/i0.wp.com\/aktialiiga.fi\/miehet\/wp-content\/uploads\/sites\/5\/2025\/05\/MSM-Vuoden-maalintekija.jpg?resize=80%2C80&amp;ssl=1 80w, https:\/\/i0.wp.com\/aktialiiga.fi\/miehet\/wp-content\/uploads\/sites\/5\/2025\/05\/MSM-Vuoden-maalintekija.jpg?resize=768%2C768&amp;ssl=1 768w, https:\/\/i0.wp.com\/aktialiiga.fi\/miehet\/wp-content\/uploads\/sites\/5\/2025\/05\/MSM-Vuoden-maalintekija.jpg?resize=36%2C36&amp;ssl=1 36w, https:\/\/i0.wp.com\/aktialiiga.fi\/miehet\/wp-content\/uploads\/sites\/5\/2025\/05\/MSM-Vuoden-maalintekija.jpg?resize=180%2C180&amp;ssl=1 180w, https:\/\/i0.wp.com\/aktialiiga.fi\/miehet\/wp-content\/uploads\/sites\/5\/2025\/05\/MSM-Vuoden-maalintekija.jpg?resize=705%2C705&amp;ssl=1 705w\" data-sizes=\"(max-width: 1030px) 100vw, 1030px\" data-rel='gallery-1' data-prev-img='https:\/\/i0.wp.com\/aktialiiga.fi\/miehet\/wp-content\/uploads\/sites\/5\/2025\/05\/MSM-Vuoden-maalintekija.jpg?resize=495%2C400&ssl=1' class='lightbox ' data-onclick='2' title='Aktialiiga 2024\/25 - Vuoden maalintekij\u00e4'  itemprop=\"thumbnailUrl\"  ><img decoding=\"async\" fetchpriority=\"high\" class=\"wp-image-64717 avia-img-lazy-loading-not-64717\"   src=\"https:\/\/i0.wp.com\/aktialiiga.fi\/miehet\/wp-content\/uploads\/sites\/5\/2025\/05\/MSM-Vuoden-maalintekija.jpg?fit=1030%2C1030&ssl=1\" width=\"1030\" height=\"1030\"  title='Aktialiiga 2024\/25 - Vuoden maalintekij\u00e4' alt='' srcset=\"https:\/\/i0.wp.com\/aktialiiga.fi\/miehet\/wp-content\/uploads\/sites\/5\/2025\/05\/MSM-Vuoden-maalintekija.jpg?w=1080&amp;ssl=1 1080w, https:\/\/i0.wp.com\/aktialiiga.fi\/miehet\/wp-content\/uploads\/sites\/5\/2025\/05\/MSM-Vuoden-maalintekija.jpg?resize=300%2C300&amp;ssl=1 300w, https:\/\/i0.wp.com\/aktialiiga.fi\/miehet\/wp-content\/uploads\/sites\/5\/2025\/05\/MSM-Vuoden-maalintekija.jpg?resize=1030%2C1030&amp;ssl=1 1030w, https:\/\/i0.wp.com\/aktialiiga.fi\/miehet\/wp-content\/uploads\/sites\/5\/2025\/05\/MSM-Vuoden-maalintekija.jpg?resize=80%2C80&amp;ssl=1 80w, https:\/\/i0.wp.com\/aktialiiga.fi\/miehet\/wp-content\/uploads\/sites\/5\/2025\/05\/MSM-Vuoden-maalintekija.jpg?resize=768%2C768&amp;ssl=1 768w, https:\/\/i0.wp.com\/aktialiiga.fi\/miehet\/wp-content\/uploads\/sites\/5\/2025\/05\/MSM-Vuoden-maalintekija.jpg?resize=36%2C36&amp;ssl=1 36w, https:\/\/i0.wp.com\/aktialiiga.fi\/miehet\/wp-content\/uploads\/sites\/5\/2025\/05\/MSM-Vuoden-maalintekija.jpg?resize=180%2C180&amp;ssl=1 180w, https:\/\/i0.wp.com\/aktialiiga.fi\/miehet\/wp-content\/uploads\/sites\/5\/2025\/05\/MSM-Vuoden-maalintekija.jpg?resize=705%2C705&amp;ssl=1 705w\" sizes=\"(max-width: 1030px) 100vw, 1030px\" \/><div class='big-prev-fake'><img decoding=\"async\" fetchpriority=\"high\" class=\"wp-image-64717 avia-img-lazy-loading-not-64717\"  width=\"495\" height=\"400\" src=\"https:\/\/i0.wp.com\/aktialiiga.fi\/miehet\/wp-content\/uploads\/sites\/5\/2025\/05\/MSM-Vuoden-maalintekija.jpg?resize=495%2C400&ssl=1\" title='Aktialiiga 2024\/25 - Vuoden maalintekij\u00e4' alt='' srcset=\"https:\/\/i0.wp.com\/aktialiiga.fi\/miehet\/wp-content\/uploads\/sites\/5\/2025\/05\/MSM-Vuoden-maalintekija.jpg?resize=495%2C400&amp;ssl=1 495w, https:\/\/i0.wp.com\/aktialiiga.fi\/miehet\/wp-content\/uploads\/sites\/5\/2025\/05\/MSM-Vuoden-maalintekija.jpg?resize=845%2C684&amp;ssl=1 845w, https:\/\/i0.wp.com\/aktialiiga.fi\/miehet\/wp-content\/uploads\/sites\/5\/2025\/05\/MSM-Vuoden-maalintekija.jpg?zoom=2&amp;resize=495%2C400&amp;ssl=1 990w\" sizes=\"(max-width: 495px) 100vw, 495px\" \/><\/div><\/a><a href=\"https:\/\/i0.wp.com\/aktialiiga.fi\/miehet\/wp-content\/uploads\/sites\/5\/2025\/05\/MSM-Vuoden-puolustaja.jpg?fit=1030%2C1030&amp;ssl=1\" data-srcset=\"https:\/\/i0.wp.com\/aktialiiga.fi\/miehet\/wp-content\/uploads\/sites\/5\/2025\/05\/MSM-Vuoden-puolustaja.jpg?w=1080&amp;ssl=1 1080w, https:\/\/i0.wp.com\/aktialiiga.fi\/miehet\/wp-content\/uploads\/sites\/5\/2025\/05\/MSM-Vuoden-puolustaja.jpg?resize=300%2C300&amp;ssl=1 300w, https:\/\/i0.wp.com\/aktialiiga.fi\/miehet\/wp-content\/uploads\/sites\/5\/2025\/05\/MSM-Vuoden-puolustaja.jpg?resize=1030%2C1030&amp;ssl=1 1030w, https:\/\/i0.wp.com\/aktialiiga.fi\/miehet\/wp-content\/uploads\/sites\/5\/2025\/05\/MSM-Vuoden-puolustaja.jpg?resize=80%2C80&amp;ssl=1 80w, https:\/\/i0.wp.com\/aktialiiga.fi\/miehet\/wp-content\/uploads\/sites\/5\/2025\/05\/MSM-Vuoden-puolustaja.jpg?resize=768%2C768&amp;ssl=1 768w, https:\/\/i0.wp.com\/aktialiiga.fi\/miehet\/wp-content\/uploads\/sites\/5\/2025\/05\/MSM-Vuoden-puolustaja.jpg?resize=36%2C36&amp;ssl=1 36w, https:\/\/i0.wp.com\/aktialiiga.fi\/miehet\/wp-content\/uploads\/sites\/5\/2025\/05\/MSM-Vuoden-puolustaja.jpg?resize=180%2C180&amp;ssl=1 180w, https:\/\/i0.wp.com\/aktialiiga.fi\/miehet\/wp-content\/uploads\/sites\/5\/2025\/05\/MSM-Vuoden-puolustaja.jpg?resize=705%2C705&amp;ssl=1 705w\" data-sizes=\"(max-width: 1030px) 100vw, 1030px\" data-rel='gallery-1' data-prev-img='https:\/\/i0.wp.com\/aktialiiga.fi\/miehet\/wp-content\/uploads\/sites\/5\/2025\/05\/MSM-Vuoden-puolustaja.jpg?resize=495%2C400&ssl=1' class='lightbox ' data-onclick='3' title='Aktialiiga 2024\/25 - Vuoden puolustaja'  itemprop=\"thumbnailUrl\"  ><img decoding=\"async\" fetchpriority=\"high\" class=\"wp-image-64718 avia-img-lazy-loading-not-64718\"   src=\"https:\/\/i0.wp.com\/aktialiiga.fi\/miehet\/wp-content\/uploads\/sites\/5\/2025\/05\/MSM-Vuoden-puolustaja.jpg?fit=1030%2C1030&ssl=1\" width=\"1030\" height=\"1030\"  title='Aktialiiga 2024\/25 - Vuoden puolustaja' alt='' srcset=\"https:\/\/i0.wp.com\/aktialiiga.fi\/miehet\/wp-content\/uploads\/sites\/5\/2025\/05\/MSM-Vuoden-puolustaja.jpg?w=1080&amp;ssl=1 1080w, https:\/\/i0.wp.com\/aktialiiga.fi\/miehet\/wp-content\/uploads\/sites\/5\/2025\/05\/MSM-Vuoden-puolustaja.jpg?resize=300%2C300&amp;ssl=1 300w, https:\/\/i0.wp.com\/aktialiiga.fi\/miehet\/wp-content\/uploads\/sites\/5\/2025\/05\/MSM-Vuoden-puolustaja.jpg?resize=1030%2C1030&amp;ssl=1 1030w, https:\/\/i0.wp.com\/aktialiiga.fi\/miehet\/wp-content\/uploads\/sites\/5\/2025\/05\/MSM-Vuoden-puolustaja.jpg?resize=80%2C80&amp;ssl=1 80w, https:\/\/i0.wp.com\/aktialiiga.fi\/miehet\/wp-content\/uploads\/sites\/5\/2025\/05\/MSM-Vuoden-puolustaja.jpg?resize=768%2C768&amp;ssl=1 768w, https:\/\/i0.wp.com\/aktialiiga.fi\/miehet\/wp-content\/uploads\/sites\/5\/2025\/05\/MSM-Vuoden-puolustaja.jpg?resize=36%2C36&amp;ssl=1 36w, https:\/\/i0.wp.com\/aktialiiga.fi\/miehet\/wp-content\/uploads\/sites\/5\/2025\/05\/MSM-Vuoden-puolustaja.jpg?resize=180%2C180&amp;ssl=1 180w, https:\/\/i0.wp.com\/aktialiiga.fi\/miehet\/wp-content\/uploads\/sites\/5\/2025\/05\/MSM-Vuoden-puolustaja.jpg?resize=705%2C705&amp;ssl=1 705w\" sizes=\"(max-width: 1030px) 100vw, 1030px\" \/><div class='big-prev-fake'><img decoding=\"async\" fetchpriority=\"high\" class=\"wp-image-64718 avia-img-lazy-loading-not-64718\"  width=\"495\" height=\"400\" src=\"https:\/\/i0.wp.com\/aktialiiga.fi\/miehet\/wp-content\/uploads\/sites\/5\/2025\/05\/MSM-Vuoden-puolustaja.jpg?resize=495%2C400&ssl=1\" title='Aktialiiga 2024\/25 - Vuoden puolustaja' alt='' srcset=\"https:\/\/i0.wp.com\/aktialiiga.fi\/miehet\/wp-content\/uploads\/sites\/5\/2025\/05\/MSM-Vuoden-puolustaja.jpg?resize=495%2C400&amp;ssl=1 495w, https:\/\/i0.wp.com\/aktialiiga.fi\/miehet\/wp-content\/uploads\/sites\/5\/2025\/05\/MSM-Vuoden-puolustaja.jpg?resize=845%2C684&amp;ssl=1 845w, https:\/\/i0.wp.com\/aktialiiga.fi\/miehet\/wp-content\/uploads\/sites\/5\/2025\/05\/MSM-Vuoden-puolustaja.jpg?zoom=2&amp;resize=495%2C400&amp;ssl=1 990w\" sizes=\"(max-width: 495px) 100vw, 495px\" \/><\/div><\/a><a href=\"https:\/\/i0.wp.com\/aktialiiga.fi\/miehet\/wp-content\/uploads\/sites\/5\/2025\/05\/MSM-Vuoden-lapimurto.jpg?fit=1030%2C1030&amp;ssl=1\" data-srcset=\"https:\/\/i0.wp.com\/aktialiiga.fi\/miehet\/wp-content\/uploads\/sites\/5\/2025\/05\/MSM-Vuoden-lapimurto.jpg?w=1080&amp;ssl=1 1080w, https:\/\/i0.wp.com\/aktialiiga.fi\/miehet\/wp-content\/uploads\/sites\/5\/2025\/05\/MSM-Vuoden-lapimurto.jpg?resize=300%2C300&amp;ssl=1 300w, https:\/\/i0.wp.com\/aktialiiga.fi\/miehet\/wp-content\/uploads\/sites\/5\/2025\/05\/MSM-Vuoden-lapimurto.jpg?resize=1030%2C1030&amp;ssl=1 1030w, https:\/\/i0.wp.com\/aktialiiga.fi\/miehet\/wp-content\/uploads\/sites\/5\/2025\/05\/MSM-Vuoden-lapimurto.jpg?resize=80%2C80&amp;ssl=1 80w, https:\/\/i0.wp.com\/aktialiiga.fi\/miehet\/wp-content\/uploads\/sites\/5\/2025\/05\/MSM-Vuoden-lapimurto.jpg?resize=768%2C768&amp;ssl=1 768w, https:\/\/i0.wp.com\/aktialiiga.fi\/miehet\/wp-content\/uploads\/sites\/5\/2025\/05\/MSM-Vuoden-lapimurto.jpg?resize=36%2C36&amp;ssl=1 36w, https:\/\/i0.wp.com\/aktialiiga.fi\/miehet\/wp-content\/uploads\/sites\/5\/2025\/05\/MSM-Vuoden-lapimurto.jpg?resize=180%2C180&amp;ssl=1 180w, https:\/\/i0.wp.com\/aktialiiga.fi\/miehet\/wp-content\/uploads\/sites\/5\/2025\/05\/MSM-Vuoden-lapimurto.jpg?resize=705%2C705&amp;ssl=1 705w\" data-sizes=\"(max-width: 1030px) 100vw, 1030px\" data-rel='gallery-1' data-prev-img='https:\/\/i0.wp.com\/aktialiiga.fi\/miehet\/wp-content\/uploads\/sites\/5\/2025\/05\/MSM-Vuoden-lapimurto.jpg?resize=495%2C400&ssl=1' class='lightbox ' data-onclick='4' title='Aktialiiga 2024\/25 - Vuoden l\u00e4pimurto'  itemprop=\"thumbnailUrl\"  ><img decoding=\"async\" fetchpriority=\"high\" class=\"wp-image-64716 avia-img-lazy-loading-not-64716\"   src=\"https:\/\/i0.wp.com\/aktialiiga.fi\/miehet\/wp-content\/uploads\/sites\/5\/2025\/05\/MSM-Vuoden-lapimurto.jpg?fit=1030%2C1030&ssl=1\" width=\"1030\" height=\"1030\"  title='Aktialiiga 2024\/25 - Vuoden l\u00e4pimurto' alt='' srcset=\"https:\/\/i0.wp.com\/aktialiiga.fi\/miehet\/wp-content\/uploads\/sites\/5\/2025\/05\/MSM-Vuoden-lapimurto.jpg?w=1080&amp;ssl=1 1080w, https:\/\/i0.wp.com\/aktialiiga.fi\/miehet\/wp-content\/uploads\/sites\/5\/2025\/05\/MSM-Vuoden-lapimurto.jpg?resize=300%2C300&amp;ssl=1 300w, https:\/\/i0.wp.com\/aktialiiga.fi\/miehet\/wp-content\/uploads\/sites\/5\/2025\/05\/MSM-Vuoden-lapimurto.jpg?resize=1030%2C1030&amp;ssl=1 1030w, https:\/\/i0.wp.com\/aktialiiga.fi\/miehet\/wp-content\/uploads\/sites\/5\/2025\/05\/MSM-Vuoden-lapimurto.jpg?resize=80%2C80&amp;ssl=1 80w, https:\/\/i0.wp.com\/aktialiiga.fi\/miehet\/wp-content\/uploads\/sites\/5\/2025\/05\/MSM-Vuoden-lapimurto.jpg?resize=768%2C768&amp;ssl=1 768w, https:\/\/i0.wp.com\/aktialiiga.fi\/miehet\/wp-content\/uploads\/sites\/5\/2025\/05\/MSM-Vuoden-lapimurto.jpg?resize=36%2C36&amp;ssl=1 36w, https:\/\/i0.wp.com\/aktialiiga.fi\/miehet\/wp-content\/uploads\/sites\/5\/2025\/05\/MSM-Vuoden-lapimurto.jpg?resize=180%2C180&amp;ssl=1 180w, https:\/\/i0.wp.com\/aktialiiga.fi\/miehet\/wp-content\/uploads\/sites\/5\/2025\/05\/MSM-Vuoden-lapimurto.jpg?resize=705%2C705&amp;ssl=1 705w\" sizes=\"(max-width: 1030px) 100vw, 1030px\" \/><div class='big-prev-fake'><img decoding=\"async\" fetchpriority=\"high\" class=\"wp-image-64716 avia-img-lazy-loading-not-64716\"  width=\"495\" height=\"400\" src=\"https:\/\/i0.wp.com\/aktialiiga.fi\/miehet\/wp-content\/uploads\/sites\/5\/2025\/05\/MSM-Vuoden-lapimurto.jpg?resize=495%2C400&ssl=1\" title='Aktialiiga 2024\/25 - Vuoden l\u00e4pimurto' alt='' srcset=\"https:\/\/i0.wp.com\/aktialiiga.fi\/miehet\/wp-content\/uploads\/sites\/5\/2025\/05\/MSM-Vuoden-lapimurto.jpg?resize=495%2C400&amp;ssl=1 495w, https:\/\/i0.wp.com\/aktialiiga.fi\/miehet\/wp-content\/uploads\/sites\/5\/2025\/05\/MSM-Vuoden-lapimurto.jpg?resize=845%2C684&amp;ssl=1 845w, https:\/\/i0.wp.com\/aktialiiga.fi\/miehet\/wp-content\/uploads\/sites\/5\/2025\/05\/MSM-Vuoden-lapimurto.jpg?zoom=2&amp;resize=495%2C400&amp;ssl=1 990w\" sizes=\"(max-width: 495px) 100vw, 495px\" \/><\/div><\/a><a href=\"https:\/\/i0.wp.com\/aktialiiga.fi\/miehet\/wp-content\/uploads\/sites\/5\/2025\/05\/MSM-Vuoden-tahtipelaaja.jpg?fit=1030%2C1030&amp;ssl=1\" data-srcset=\"https:\/\/i0.wp.com\/aktialiiga.fi\/miehet\/wp-content\/uploads\/sites\/5\/2025\/05\/MSM-Vuoden-tahtipelaaja.jpg?w=1080&amp;ssl=1 1080w, https:\/\/i0.wp.com\/aktialiiga.fi\/miehet\/wp-content\/uploads\/sites\/5\/2025\/05\/MSM-Vuoden-tahtipelaaja.jpg?resize=300%2C300&amp;ssl=1 300w, https:\/\/i0.wp.com\/aktialiiga.fi\/miehet\/wp-content\/uploads\/sites\/5\/2025\/05\/MSM-Vuoden-tahtipelaaja.jpg?resize=1030%2C1030&amp;ssl=1 1030w, https:\/\/i0.wp.com\/aktialiiga.fi\/miehet\/wp-content\/uploads\/sites\/5\/2025\/05\/MSM-Vuoden-tahtipelaaja.jpg?resize=80%2C80&amp;ssl=1 80w, https:\/\/i0.wp.com\/aktialiiga.fi\/miehet\/wp-content\/uploads\/sites\/5\/2025\/05\/MSM-Vuoden-tahtipelaaja.jpg?resize=768%2C768&amp;ssl=1 768w, https:\/\/i0.wp.com\/aktialiiga.fi\/miehet\/wp-content\/uploads\/sites\/5\/2025\/05\/MSM-Vuoden-tahtipelaaja.jpg?resize=36%2C36&amp;ssl=1 36w, https:\/\/i0.wp.com\/aktialiiga.fi\/miehet\/wp-content\/uploads\/sites\/5\/2025\/05\/MSM-Vuoden-tahtipelaaja.jpg?resize=180%2C180&amp;ssl=1 180w, https:\/\/i0.wp.com\/aktialiiga.fi\/miehet\/wp-content\/uploads\/sites\/5\/2025\/05\/MSM-Vuoden-tahtipelaaja.jpg?resize=705%2C705&amp;ssl=1 705w\" data-sizes=\"(max-width: 1030px) 100vw, 1030px\" data-rel='gallery-1' data-prev-img='https:\/\/i0.wp.com\/aktialiiga.fi\/miehet\/wp-content\/uploads\/sites\/5\/2025\/05\/MSM-Vuoden-tahtipelaaja.jpg?resize=495%2C400&ssl=1' class='first_thumb lightbox ' data-onclick='5' title='Aktialiiga 2024\/25 - Vuoden t\u00e4htipelaaja'  itemprop=\"thumbnailUrl\"  ><img decoding=\"async\" fetchpriority=\"high\" class=\"wp-image-64719 avia-img-lazy-loading-not-64719\"   src=\"https:\/\/i0.wp.com\/aktialiiga.fi\/miehet\/wp-content\/uploads\/sites\/5\/2025\/05\/MSM-Vuoden-tahtipelaaja.jpg?fit=1030%2C1030&ssl=1\" width=\"1030\" height=\"1030\"  title='Aktialiiga 2024\/25 - Vuoden t\u00e4htipelaaja' alt='' srcset=\"https:\/\/i0.wp.com\/aktialiiga.fi\/miehet\/wp-content\/uploads\/sites\/5\/2025\/05\/MSM-Vuoden-tahtipelaaja.jpg?w=1080&amp;ssl=1 1080w, https:\/\/i0.wp.com\/aktialiiga.fi\/miehet\/wp-content\/uploads\/sites\/5\/2025\/05\/MSM-Vuoden-tahtipelaaja.jpg?resize=300%2C300&amp;ssl=1 300w, https:\/\/i0.wp.com\/aktialiiga.fi\/miehet\/wp-content\/uploads\/sites\/5\/2025\/05\/MSM-Vuoden-tahtipelaaja.jpg?resize=1030%2C1030&amp;ssl=1 1030w, https:\/\/i0.wp.com\/aktialiiga.fi\/miehet\/wp-content\/uploads\/sites\/5\/2025\/05\/MSM-Vuoden-tahtipelaaja.jpg?resize=80%2C80&amp;ssl=1 80w, https:\/\/i0.wp.com\/aktialiiga.fi\/miehet\/wp-content\/uploads\/sites\/5\/2025\/05\/MSM-Vuoden-tahtipelaaja.jpg?resize=768%2C768&amp;ssl=1 768w, https:\/\/i0.wp.com\/aktialiiga.fi\/miehet\/wp-content\/uploads\/sites\/5\/2025\/05\/MSM-Vuoden-tahtipelaaja.jpg?resize=36%2C36&amp;ssl=1 36w, https:\/\/i0.wp.com\/aktialiiga.fi\/miehet\/wp-content\/uploads\/sites\/5\/2025\/05\/MSM-Vuoden-tahtipelaaja.jpg?resize=180%2C180&amp;ssl=1 180w, https:\/\/i0.wp.com\/aktialiiga.fi\/miehet\/wp-content\/uploads\/sites\/5\/2025\/05\/MSM-Vuoden-tahtipelaaja.jpg?resize=705%2C705&amp;ssl=1 705w\" sizes=\"(max-width: 1030px) 100vw, 1030px\" \/><div class='big-prev-fake'><img decoding=\"async\" fetchpriority=\"high\" class=\"wp-image-64719 avia-img-lazy-loading-not-64719\"  width=\"495\" height=\"400\" src=\"https:\/\/i0.wp.com\/aktialiiga.fi\/miehet\/wp-content\/uploads\/sites\/5\/2025\/05\/MSM-Vuoden-tahtipelaaja.jpg?resize=495%2C400&ssl=1\" title='Aktialiiga 2024\/25 - Vuoden t\u00e4htipelaaja' alt='' srcset=\"https:\/\/i0.wp.com\/aktialiiga.fi\/miehet\/wp-content\/uploads\/sites\/5\/2025\/05\/MSM-Vuoden-tahtipelaaja.jpg?resize=495%2C400&amp;ssl=1 495w, https:\/\/i0.wp.com\/aktialiiga.fi\/miehet\/wp-content\/uploads\/sites\/5\/2025\/05\/MSM-Vuoden-tahtipelaaja.jpg?resize=845%2C684&amp;ssl=1 845w, https:\/\/i0.wp.com\/aktialiiga.fi\/miehet\/wp-content\/uploads\/sites\/5\/2025\/05\/MSM-Vuoden-tahtipelaaja.jpg?zoom=2&amp;resize=495%2C400&amp;ssl=1 990w\" sizes=\"(max-width: 495px) 100vw, 495px\" \/><\/div><\/a><a href=\"https:\/\/i0.wp.com\/aktialiiga.fi\/miehet\/wp-content\/uploads\/sites\/5\/2025\/05\/MSM-Vuoden-valmentaja.jpg?fit=1030%2C1030&amp;ssl=1\" data-srcset=\"https:\/\/i0.wp.com\/aktialiiga.fi\/miehet\/wp-content\/uploads\/sites\/5\/2025\/05\/MSM-Vuoden-valmentaja.jpg?w=1080&amp;ssl=1 1080w, https:\/\/i0.wp.com\/aktialiiga.fi\/miehet\/wp-content\/uploads\/sites\/5\/2025\/05\/MSM-Vuoden-valmentaja.jpg?resize=300%2C300&amp;ssl=1 300w, https:\/\/i0.wp.com\/aktialiiga.fi\/miehet\/wp-content\/uploads\/sites\/5\/2025\/05\/MSM-Vuoden-valmentaja.jpg?resize=1030%2C1030&amp;ssl=1 1030w, https:\/\/i0.wp.com\/aktialiiga.fi\/miehet\/wp-content\/uploads\/sites\/5\/2025\/05\/MSM-Vuoden-valmentaja.jpg?resize=80%2C80&amp;ssl=1 80w, https:\/\/i0.wp.com\/aktialiiga.fi\/miehet\/wp-content\/uploads\/sites\/5\/2025\/05\/MSM-Vuoden-valmentaja.jpg?resize=768%2C768&amp;ssl=1 768w, https:\/\/i0.wp.com\/aktialiiga.fi\/miehet\/wp-content\/uploads\/sites\/5\/2025\/05\/MSM-Vuoden-valmentaja.jpg?resize=36%2C36&amp;ssl=1 36w, https:\/\/i0.wp.com\/aktialiiga.fi\/miehet\/wp-content\/uploads\/sites\/5\/2025\/05\/MSM-Vuoden-valmentaja.jpg?resize=180%2C180&amp;ssl=1 180w, https:\/\/i0.wp.com\/aktialiiga.fi\/miehet\/wp-content\/uploads\/sites\/5\/2025\/05\/MSM-Vuoden-valmentaja.jpg?resize=705%2C705&amp;ssl=1 705w\" data-sizes=\"(max-width: 1030px) 100vw, 1030px\" data-rel='gallery-1' data-prev-img='https:\/\/i0.wp.com\/aktialiiga.fi\/miehet\/wp-content\/uploads\/sites\/5\/2025\/05\/MSM-Vuoden-valmentaja.jpg?resize=495%2C400&ssl=1' class='lightbox ' data-onclick='6' title='Aktialiiga 2024\/25 - Vuoden valmentaja'  itemprop=\"thumbnailUrl\"  ><img decoding=\"async\" fetchpriority=\"high\" class=\"wp-image-64721 avia-img-lazy-loading-not-64721\"   src=\"https:\/\/i0.wp.com\/aktialiiga.fi\/miehet\/wp-content\/uploads\/sites\/5\/2025\/05\/MSM-Vuoden-valmentaja.jpg?fit=1030%2C1030&ssl=1\" width=\"1030\" height=\"1030\"  title='Aktialiiga 2024\/25 - Vuoden valmentaja' alt='' srcset=\"https:\/\/i0.wp.com\/aktialiiga.fi\/miehet\/wp-content\/uploads\/sites\/5\/2025\/05\/MSM-Vuoden-valmentaja.jpg?w=1080&amp;ssl=1 1080w, https:\/\/i0.wp.com\/aktialiiga.fi\/miehet\/wp-content\/uploads\/sites\/5\/2025\/05\/MSM-Vuoden-valmentaja.jpg?resize=300%2C300&amp;ssl=1 300w, https:\/\/i0.wp.com\/aktialiiga.fi\/miehet\/wp-content\/uploads\/sites\/5\/2025\/05\/MSM-Vuoden-valmentaja.jpg?resize=1030%2C1030&amp;ssl=1 1030w, https:\/\/i0.wp.com\/aktialiiga.fi\/miehet\/wp-content\/uploads\/sites\/5\/2025\/05\/MSM-Vuoden-valmentaja.jpg?resize=80%2C80&amp;ssl=1 80w, https:\/\/i0.wp.com\/aktialiiga.fi\/miehet\/wp-content\/uploads\/sites\/5\/2025\/05\/MSM-Vuoden-valmentaja.jpg?resize=768%2C768&amp;ssl=1 768w, https:\/\/i0.wp.com\/aktialiiga.fi\/miehet\/wp-content\/uploads\/sites\/5\/2025\/05\/MSM-Vuoden-valmentaja.jpg?resize=36%2C36&amp;ssl=1 36w, https:\/\/i0.wp.com\/aktialiiga.fi\/miehet\/wp-content\/uploads\/sites\/5\/2025\/05\/MSM-Vuoden-valmentaja.jpg?resize=180%2C180&amp;ssl=1 180w, https:\/\/i0.wp.com\/aktialiiga.fi\/miehet\/wp-content\/uploads\/sites\/5\/2025\/05\/MSM-Vuoden-valmentaja.jpg?resize=705%2C705&amp;ssl=1 705w\" sizes=\"(max-width: 1030px) 100vw, 1030px\" \/><div class='big-prev-fake'><img decoding=\"async\" fetchpriority=\"high\" class=\"wp-image-64721 avia-img-lazy-loading-not-64721\"  width=\"495\" height=\"400\" src=\"https:\/\/i0.wp.com\/aktialiiga.fi\/miehet\/wp-content\/uploads\/sites\/5\/2025\/05\/MSM-Vuoden-valmentaja.jpg?resize=495%2C400&ssl=1\" title='Aktialiiga 2024\/25 - Vuoden valmentaja' alt='' srcset=\"https:\/\/i0.wp.com\/aktialiiga.fi\/miehet\/wp-content\/uploads\/sites\/5\/2025\/05\/MSM-Vuoden-valmentaja.jpg?resize=495%2C400&amp;ssl=1 495w, https:\/\/i0.wp.com\/aktialiiga.fi\/miehet\/wp-content\/uploads\/sites\/5\/2025\/05\/MSM-Vuoden-valmentaja.jpg?resize=845%2C684&amp;ssl=1 845w, https:\/\/i0.wp.com\/aktialiiga.fi\/miehet\/wp-content\/uploads\/sites\/5\/2025\/05\/MSM-Vuoden-valmentaja.jpg?zoom=2&amp;resize=495%2C400&amp;ssl=1 990w\" sizes=\"(max-width: 495px) 100vw, 495px\" \/><\/div><\/a><a href=\"https:\/\/i0.wp.com\/aktialiiga.fi\/miehet\/wp-content\/uploads\/sites\/5\/2025\/05\/Pyyteettoman-tyon-palkinto.jpg?fit=1030%2C1030&amp;ssl=1\" data-srcset=\"https:\/\/i0.wp.com\/aktialiiga.fi\/miehet\/wp-content\/uploads\/sites\/5\/2025\/05\/Pyyteettoman-tyon-palkinto.jpg?w=1080&amp;ssl=1 1080w, https:\/\/i0.wp.com\/aktialiiga.fi\/miehet\/wp-content\/uploads\/sites\/5\/2025\/05\/Pyyteettoman-tyon-palkinto.jpg?resize=300%2C300&amp;ssl=1 300w, https:\/\/i0.wp.com\/aktialiiga.fi\/miehet\/wp-content\/uploads\/sites\/5\/2025\/05\/Pyyteettoman-tyon-palkinto.jpg?resize=1030%2C1030&amp;ssl=1 1030w, https:\/\/i0.wp.com\/aktialiiga.fi\/miehet\/wp-content\/uploads\/sites\/5\/2025\/05\/Pyyteettoman-tyon-palkinto.jpg?resize=80%2C80&amp;ssl=1 80w, https:\/\/i0.wp.com\/aktialiiga.fi\/miehet\/wp-content\/uploads\/sites\/5\/2025\/05\/Pyyteettoman-tyon-palkinto.jpg?resize=768%2C768&amp;ssl=1 768w, https:\/\/i0.wp.com\/aktialiiga.fi\/miehet\/wp-content\/uploads\/sites\/5\/2025\/05\/Pyyteettoman-tyon-palkinto.jpg?resize=36%2C36&amp;ssl=1 36w, https:\/\/i0.wp.com\/aktialiiga.fi\/miehet\/wp-content\/uploads\/sites\/5\/2025\/05\/Pyyteettoman-tyon-palkinto.jpg?resize=180%2C180&amp;ssl=1 180w, https:\/\/i0.wp.com\/aktialiiga.fi\/miehet\/wp-content\/uploads\/sites\/5\/2025\/05\/Pyyteettoman-tyon-palkinto.jpg?resize=705%2C705&amp;ssl=1 705w\" data-sizes=\"(max-width: 1030px) 100vw, 1030px\" data-rel='gallery-1' data-prev-img='https:\/\/i0.wp.com\/aktialiiga.fi\/miehet\/wp-content\/uploads\/sites\/5\/2025\/05\/Pyyteettoman-tyon-palkinto.jpg?resize=495%2C400&ssl=1' class='lightbox ' data-onclick='7' title='Pyyteett\u00f6m\u00e4n ty\u00f6n palkinto 2024\/25'  itemprop=\"thumbnailUrl\"  ><img decoding=\"async\" fetchpriority=\"high\" class=\"wp-image-64731 avia-img-lazy-loading-not-64731\"   src=\"https:\/\/i0.wp.com\/aktialiiga.fi\/miehet\/wp-content\/uploads\/sites\/5\/2025\/05\/Pyyteettoman-tyon-palkinto.jpg?fit=1030%2C1030&ssl=1\" width=\"1030\" height=\"1030\"  title='Pyyteett\u00f6m\u00e4n ty\u00f6n palkinto 2024\/25' alt='' srcset=\"https:\/\/i0.wp.com\/aktialiiga.fi\/miehet\/wp-content\/uploads\/sites\/5\/2025\/05\/Pyyteettoman-tyon-palkinto.jpg?w=1080&amp;ssl=1 1080w, https:\/\/i0.wp.com\/aktialiiga.fi\/miehet\/wp-content\/uploads\/sites\/5\/2025\/05\/Pyyteettoman-tyon-palkinto.jpg?resize=300%2C300&amp;ssl=1 300w, https:\/\/i0.wp.com\/aktialiiga.fi\/miehet\/wp-content\/uploads\/sites\/5\/2025\/05\/Pyyteettoman-tyon-palkinto.jpg?resize=1030%2C1030&amp;ssl=1 1030w, https:\/\/i0.wp.com\/aktialiiga.fi\/miehet\/wp-content\/uploads\/sites\/5\/2025\/05\/Pyyteettoman-tyon-palkinto.jpg?resize=80%2C80&amp;ssl=1 80w, https:\/\/i0.wp.com\/aktialiiga.fi\/miehet\/wp-content\/uploads\/sites\/5\/2025\/05\/Pyyteettoman-tyon-palkinto.jpg?resize=768%2C768&amp;ssl=1 768w, https:\/\/i0.wp.com\/aktialiiga.fi\/miehet\/wp-content\/uploads\/sites\/5\/2025\/05\/Pyyteettoman-tyon-palkinto.jpg?resize=36%2C36&amp;ssl=1 36w, https:\/\/i0.wp.com\/aktialiiga.fi\/miehet\/wp-content\/uploads\/sites\/5\/2025\/05\/Pyyteettoman-tyon-palkinto.jpg?resize=180%2C180&amp;ssl=1 180w, https:\/\/i0.wp.com\/aktialiiga.fi\/miehet\/wp-content\/uploads\/sites\/5\/2025\/05\/Pyyteettoman-tyon-palkinto.jpg?resize=705%2C705&amp;ssl=1 705w\" sizes=\"(max-width: 1030px) 100vw, 1030px\" \/><div class='big-prev-fake'><img decoding=\"async\" fetchpriority=\"high\" class=\"wp-image-64731 avia-img-lazy-loading-not-64731\"  width=\"495\" height=\"400\" src=\"https:\/\/i0.wp.com\/aktialiiga.fi\/miehet\/wp-content\/uploads\/sites\/5\/2025\/05\/Pyyteettoman-tyon-palkinto.jpg?resize=495%2C400&ssl=1\" title='Pyyteett\u00f6m\u00e4n ty\u00f6n palkinto 2024\/25' alt='' srcset=\"https:\/\/i0.wp.com\/aktialiiga.fi\/miehet\/wp-content\/uploads\/sites\/5\/2025\/05\/Pyyteettoman-tyon-palkinto.jpg?resize=495%2C400&amp;ssl=1 495w, https:\/\/i0.wp.com\/aktialiiga.fi\/miehet\/wp-content\/uploads\/sites\/5\/2025\/05\/Pyyteettoman-tyon-palkinto.jpg?resize=845%2C684&amp;ssl=1 845w, https:\/\/i0.wp.com\/aktialiiga.fi\/miehet\/wp-content\/uploads\/sites\/5\/2025\/05\/Pyyteettoman-tyon-palkinto.jpg?zoom=2&amp;resize=495%2C400&amp;ssl=1 990w\" sizes=\"(max-width: 495px) 100vw, 495px\" \/><\/div><\/a><a href=\"https:\/\/i0.wp.com\/aktialiiga.fi\/miehet\/wp-content\/uploads\/sites\/5\/2025\/05\/MSM-Vuoden-valinnat-Fair-Play.jpg?fit=1030%2C1030&amp;ssl=1\" data-srcset=\"https:\/\/i0.wp.com\/aktialiiga.fi\/miehet\/wp-content\/uploads\/sites\/5\/2025\/05\/MSM-Vuoden-valinnat-Fair-Play.jpg?w=1080&amp;ssl=1 1080w, https:\/\/i0.wp.com\/aktialiiga.fi\/miehet\/wp-content\/uploads\/sites\/5\/2025\/05\/MSM-Vuoden-valinnat-Fair-Play.jpg?resize=300%2C300&amp;ssl=1 300w, https:\/\/i0.wp.com\/aktialiiga.fi\/miehet\/wp-content\/uploads\/sites\/5\/2025\/05\/MSM-Vuoden-valinnat-Fair-Play.jpg?resize=1030%2C1030&amp;ssl=1 1030w, https:\/\/i0.wp.com\/aktialiiga.fi\/miehet\/wp-content\/uploads\/sites\/5\/2025\/05\/MSM-Vuoden-valinnat-Fair-Play.jpg?resize=80%2C80&amp;ssl=1 80w, https:\/\/i0.wp.com\/aktialiiga.fi\/miehet\/wp-content\/uploads\/sites\/5\/2025\/05\/MSM-Vuoden-valinnat-Fair-Play.jpg?resize=768%2C768&amp;ssl=1 768w, https:\/\/i0.wp.com\/aktialiiga.fi\/miehet\/wp-content\/uploads\/sites\/5\/2025\/05\/MSM-Vuoden-valinnat-Fair-Play.jpg?resize=36%2C36&amp;ssl=1 36w, https:\/\/i0.wp.com\/aktialiiga.fi\/miehet\/wp-content\/uploads\/sites\/5\/2025\/05\/MSM-Vuoden-valinnat-Fair-Play.jpg?resize=180%2C180&amp;ssl=1 180w, https:\/\/i0.wp.com\/aktialiiga.fi\/miehet\/wp-content\/uploads\/sites\/5\/2025\/05\/MSM-Vuoden-valinnat-Fair-Play.jpg?resize=705%2C705&amp;ssl=1 705w\" data-sizes=\"(max-width: 1030px) 100vw, 1030px\" data-rel='gallery-1' data-prev-img='https:\/\/i0.wp.com\/aktialiiga.fi\/miehet\/wp-content\/uploads\/sites\/5\/2025\/05\/MSM-Vuoden-valinnat-Fair-Play.jpg?resize=495%2C400&ssl=1' class='lightbox ' data-onclick='8' title='Aktialiiga 2024\/25 vuoden valinnat - Fair Play'  itemprop=\"thumbnailUrl\"  ><img decoding=\"async\" fetchpriority=\"high\" class=\"wp-image-64720 avia-img-lazy-loading-not-64720\"   src=\"https:\/\/i0.wp.com\/aktialiiga.fi\/miehet\/wp-content\/uploads\/sites\/5\/2025\/05\/MSM-Vuoden-valinnat-Fair-Play.jpg?fit=1030%2C1030&ssl=1\" width=\"1030\" height=\"1030\"  title='Aktialiiga 2024\/25 vuoden valinnat - Fair Play' alt='' srcset=\"https:\/\/i0.wp.com\/aktialiiga.fi\/miehet\/wp-content\/uploads\/sites\/5\/2025\/05\/MSM-Vuoden-valinnat-Fair-Play.jpg?w=1080&amp;ssl=1 1080w, https:\/\/i0.wp.com\/aktialiiga.fi\/miehet\/wp-content\/uploads\/sites\/5\/2025\/05\/MSM-Vuoden-valinnat-Fair-Play.jpg?resize=300%2C300&amp;ssl=1 300w, https:\/\/i0.wp.com\/aktialiiga.fi\/miehet\/wp-content\/uploads\/sites\/5\/2025\/05\/MSM-Vuoden-valinnat-Fair-Play.jpg?resize=1030%2C1030&amp;ssl=1 1030w, https:\/\/i0.wp.com\/aktialiiga.fi\/miehet\/wp-content\/uploads\/sites\/5\/2025\/05\/MSM-Vuoden-valinnat-Fair-Play.jpg?resize=80%2C80&amp;ssl=1 80w, https:\/\/i0.wp.com\/aktialiiga.fi\/miehet\/wp-content\/uploads\/sites\/5\/2025\/05\/MSM-Vuoden-valinnat-Fair-Play.jpg?resize=768%2C768&amp;ssl=1 768w, https:\/\/i0.wp.com\/aktialiiga.fi\/miehet\/wp-content\/uploads\/sites\/5\/2025\/05\/MSM-Vuoden-valinnat-Fair-Play.jpg?resize=36%2C36&amp;ssl=1 36w, https:\/\/i0.wp.com\/aktialiiga.fi\/miehet\/wp-content\/uploads\/sites\/5\/2025\/05\/MSM-Vuoden-valinnat-Fair-Play.jpg?resize=180%2C180&amp;ssl=1 180w, https:\/\/i0.wp.com\/aktialiiga.fi\/miehet\/wp-content\/uploads\/sites\/5\/2025\/05\/MSM-Vuoden-valinnat-Fair-Play.jpg?resize=705%2C705&amp;ssl=1 705w\" sizes=\"(max-width: 1030px) 100vw, 1030px\" \/><div class='big-prev-fake'><img decoding=\"async\" fetchpriority=\"high\" class=\"wp-image-64720 avia-img-lazy-loading-not-64720\"  width=\"495\" height=\"400\" src=\"https:\/\/i0.wp.com\/aktialiiga.fi\/miehet\/wp-content\/uploads\/sites\/5\/2025\/05\/MSM-Vuoden-valinnat-Fair-Play.jpg?resize=495%2C400&ssl=1\" title='Aktialiiga 2024\/25 vuoden valinnat - Fair Play' alt='' srcset=\"https:\/\/i0.wp.com\/aktialiiga.fi\/miehet\/wp-content\/uploads\/sites\/5\/2025\/05\/MSM-Vuoden-valinnat-Fair-Play.jpg?resize=495%2C400&amp;ssl=1 495w, https:\/\/i0.wp.com\/aktialiiga.fi\/miehet\/wp-content\/uploads\/sites\/5\/2025\/05\/MSM-Vuoden-valinnat-Fair-Play.jpg?resize=845%2C684&amp;ssl=1 845w, https:\/\/i0.wp.com\/aktialiiga.fi\/miehet\/wp-content\/uploads\/sites\/5\/2025\/05\/MSM-Vuoden-valinnat-Fair-Play.jpg?zoom=2&amp;resize=495%2C400&amp;ssl=1 990w\" sizes=\"(max-width: 495px) 100vw, 495px\" \/><\/div><\/a><\/div><\/div><\/p><\/div><div class='av-flex-placeholder'><\/div><div  class='flex_column av-3qrdvia-e405dea40736f61c3f8b5f84c2a6f338 av_one_half  avia-builder-el-30  el_after_av_one_half  el_before_av_hr  flex_column_table_cell av-equal-height-column av-align-top  '     ><p>\n<style type=\"text\/css\" data-created_by=\"avia_inline_auto\" id=\"style-css-av-3esxh4y-9d810ed029485d8f5874caab1edc0898\">\n#top .av-special-heading.av-3esxh4y-9d810ed029485d8f5874caab1edc0898{\npadding-bottom:10px;\nfont-size:36px;\n}\nbody .av-special-heading.av-3esxh4y-9d810ed029485d8f5874caab1edc0898 .av-special-heading-tag .heading-char{\nfont-size:25px;\n}\n#top #wrap_all .av-special-heading.av-3esxh4y-9d810ed029485d8f5874caab1edc0898 .av-special-heading-tag{\nfont-size:36px;\n}\n.av-special-heading.av-3esxh4y-9d810ed029485d8f5874caab1edc0898 .av-subheading{\nfont-size:29px;\n}\n\n@media only screen and (max-width: 479px){ \n#top #wrap_all .av-special-heading.av-3esxh4y-9d810ed029485d8f5874caab1edc0898 .av-special-heading-tag{\nfont-size:35px;\n}\n}\n\n@media only screen and (min-width: 480px) and (max-width: 767px){ \n#top #wrap_all .av-special-heading.av-3esxh4y-9d810ed029485d8f5874caab1edc0898 .av-special-heading-tag{\nfont-size:0.8em;\n}\n}\n<\/style>\n<div  class='av-special-heading av-3esxh4y-9d810ed029485d8f5874caab1edc0898 av-special-heading-h2 blockquote modern-quote modern-centered  avia-builder-el-31  el_before_av_gallery  avia-builder-el-first  av-inherit-size'><h2 class='av-special-heading-tag '  itemprop=\"headline\"  >All Stars joukkue 2025\/26<\/h2><div class=\"special-heading-border\"><div class=\"special-heading-inner-border\"><\/div><\/div><\/div><br \/>\n\n<style type=\"text\/css\" data-created_by=\"avia_inline_auto\" id=\"style-css-av-32gyjc2-9c0634961b3eb78951708e9018a0aaf8\">\n#top .avia-gallery.av-32gyjc2-9c0634961b3eb78951708e9018a0aaf8 .avia-gallery-thumb a{\nwidth:25%;\n}\n<\/style>\n<div  class='avia-gallery av-32gyjc2-9c0634961b3eb78951708e9018a0aaf8 avia_animate_when_visible  avia-builder-el-32  el_after_av_heading  avia-builder-el-last  animations_off avia-gallery-2'  itemprop=\"image\" itemscope=\"itemscope\" itemtype=\"https:\/\/schema.org\/ImageObject\" ><meta itemprop=\"contentURL\" content=\"https:\/\/aktialiiga.fi\/miehet\/aktialiiga-2025-26\/\"><div class='avia-gallery-thumb'><a href=\"https:\/\/i0.wp.com\/aktialiiga.fi\/miehet\/wp-content\/uploads\/sites\/5\/2025\/05\/MSM-All-Stars-kooste.jpg?fit=1030%2C1030&amp;ssl=1\" data-srcset=\"https:\/\/i0.wp.com\/aktialiiga.fi\/miehet\/wp-content\/uploads\/sites\/5\/2025\/05\/MSM-All-Stars-kooste.jpg?w=1080&amp;ssl=1 1080w, https:\/\/i0.wp.com\/aktialiiga.fi\/miehet\/wp-content\/uploads\/sites\/5\/2025\/05\/MSM-All-Stars-kooste.jpg?resize=300%2C300&amp;ssl=1 300w, https:\/\/i0.wp.com\/aktialiiga.fi\/miehet\/wp-content\/uploads\/sites\/5\/2025\/05\/MSM-All-Stars-kooste.jpg?resize=1030%2C1030&amp;ssl=1 1030w, https:\/\/i0.wp.com\/aktialiiga.fi\/miehet\/wp-content\/uploads\/sites\/5\/2025\/05\/MSM-All-Stars-kooste.jpg?resize=80%2C80&amp;ssl=1 80w, https:\/\/i0.wp.com\/aktialiiga.fi\/miehet\/wp-content\/uploads\/sites\/5\/2025\/05\/MSM-All-Stars-kooste.jpg?resize=768%2C768&amp;ssl=1 768w, https:\/\/i0.wp.com\/aktialiiga.fi\/miehet\/wp-content\/uploads\/sites\/5\/2025\/05\/MSM-All-Stars-kooste.jpg?resize=36%2C36&amp;ssl=1 36w, https:\/\/i0.wp.com\/aktialiiga.fi\/miehet\/wp-content\/uploads\/sites\/5\/2025\/05\/MSM-All-Stars-kooste.jpg?resize=180%2C180&amp;ssl=1 180w, https:\/\/i0.wp.com\/aktialiiga.fi\/miehet\/wp-content\/uploads\/sites\/5\/2025\/05\/MSM-All-Stars-kooste.jpg?resize=705%2C705&amp;ssl=1 705w\" data-sizes=\"(max-width: 1030px) 100vw, 1030px\" data-rel='gallery-2' data-prev-img='https:\/\/i0.wp.com\/aktialiiga.fi\/miehet\/wp-content\/uploads\/sites\/5\/2025\/05\/MSM-All-Stars-kooste.jpg?resize=495%2C400&ssl=1' class='first_thumb lightbox ' data-onclick='1' title='Aktialiiga 2024\/25 All Stars'  itemprop=\"thumbnailUrl\"  ><img decoding=\"async\" fetchpriority=\"high\" class=\"wp-image-64715 avia-img-lazy-loading-not-64715\"   src=\"https:\/\/i0.wp.com\/aktialiiga.fi\/miehet\/wp-content\/uploads\/sites\/5\/2025\/05\/MSM-All-Stars-kooste.jpg?fit=1030%2C1030&ssl=1\" width=\"1030\" height=\"1030\"  title='Aktialiiga 2024\/25 All Stars' alt='' srcset=\"https:\/\/i0.wp.com\/aktialiiga.fi\/miehet\/wp-content\/uploads\/sites\/5\/2025\/05\/MSM-All-Stars-kooste.jpg?w=1080&amp;ssl=1 1080w, https:\/\/i0.wp.com\/aktialiiga.fi\/miehet\/wp-content\/uploads\/sites\/5\/2025\/05\/MSM-All-Stars-kooste.jpg?resize=300%2C300&amp;ssl=1 300w, https:\/\/i0.wp.com\/aktialiiga.fi\/miehet\/wp-content\/uploads\/sites\/5\/2025\/05\/MSM-All-Stars-kooste.jpg?resize=1030%2C1030&amp;ssl=1 1030w, https:\/\/i0.wp.com\/aktialiiga.fi\/miehet\/wp-content\/uploads\/sites\/5\/2025\/05\/MSM-All-Stars-kooste.jpg?resize=80%2C80&amp;ssl=1 80w, https:\/\/i0.wp.com\/aktialiiga.fi\/miehet\/wp-content\/uploads\/sites\/5\/2025\/05\/MSM-All-Stars-kooste.jpg?resize=768%2C768&amp;ssl=1 768w, https:\/\/i0.wp.com\/aktialiiga.fi\/miehet\/wp-content\/uploads\/sites\/5\/2025\/05\/MSM-All-Stars-kooste.jpg?resize=36%2C36&amp;ssl=1 36w, https:\/\/i0.wp.com\/aktialiiga.fi\/miehet\/wp-content\/uploads\/sites\/5\/2025\/05\/MSM-All-Stars-kooste.jpg?resize=180%2C180&amp;ssl=1 180w, https:\/\/i0.wp.com\/aktialiiga.fi\/miehet\/wp-content\/uploads\/sites\/5\/2025\/05\/MSM-All-Stars-kooste.jpg?resize=705%2C705&amp;ssl=1 705w\" sizes=\"(max-width: 1030px) 100vw, 1030px\" \/><div class='big-prev-fake'><img decoding=\"async\" fetchpriority=\"high\" class=\"wp-image-64715 avia-img-lazy-loading-not-64715\"  width=\"495\" height=\"400\" src=\"https:\/\/i0.wp.com\/aktialiiga.fi\/miehet\/wp-content\/uploads\/sites\/5\/2025\/05\/MSM-All-Stars-kooste.jpg?resize=495%2C400&ssl=1\" title='Aktialiiga 2024\/25 All Stars' alt='' srcset=\"https:\/\/i0.wp.com\/aktialiiga.fi\/miehet\/wp-content\/uploads\/sites\/5\/2025\/05\/MSM-All-Stars-kooste.jpg?resize=495%2C400&amp;ssl=1 495w, https:\/\/i0.wp.com\/aktialiiga.fi\/miehet\/wp-content\/uploads\/sites\/5\/2025\/05\/MSM-All-Stars-kooste.jpg?resize=845%2C684&amp;ssl=1 845w, https:\/\/i0.wp.com\/aktialiiga.fi\/miehet\/wp-content\/uploads\/sites\/5\/2025\/05\/MSM-All-Stars-kooste.jpg?zoom=2&amp;resize=495%2C400&amp;ssl=1 990w\" sizes=\"(max-width: 495px) 100vw, 495px\" \/><\/div><\/a><a href=\"https:\/\/i0.wp.com\/aktialiiga.fi\/miehet\/wp-content\/uploads\/sites\/5\/2025\/05\/MSM-All-Stars-MV.jpg?fit=1030%2C1030&amp;ssl=1\" data-srcset=\"https:\/\/i0.wp.com\/aktialiiga.fi\/miehet\/wp-content\/uploads\/sites\/5\/2025\/05\/MSM-All-Stars-MV.jpg?w=1080&amp;ssl=1 1080w, https:\/\/i0.wp.com\/aktialiiga.fi\/miehet\/wp-content\/uploads\/sites\/5\/2025\/05\/MSM-All-Stars-MV.jpg?resize=300%2C300&amp;ssl=1 300w, https:\/\/i0.wp.com\/aktialiiga.fi\/miehet\/wp-content\/uploads\/sites\/5\/2025\/05\/MSM-All-Stars-MV.jpg?resize=1030%2C1030&amp;ssl=1 1030w, https:\/\/i0.wp.com\/aktialiiga.fi\/miehet\/wp-content\/uploads\/sites\/5\/2025\/05\/MSM-All-Stars-MV.jpg?resize=80%2C80&amp;ssl=1 80w, https:\/\/i0.wp.com\/aktialiiga.fi\/miehet\/wp-content\/uploads\/sites\/5\/2025\/05\/MSM-All-Stars-MV.jpg?resize=768%2C768&amp;ssl=1 768w, https:\/\/i0.wp.com\/aktialiiga.fi\/miehet\/wp-content\/uploads\/sites\/5\/2025\/05\/MSM-All-Stars-MV.jpg?resize=36%2C36&amp;ssl=1 36w, https:\/\/i0.wp.com\/aktialiiga.fi\/miehet\/wp-content\/uploads\/sites\/5\/2025\/05\/MSM-All-Stars-MV.jpg?resize=180%2C180&amp;ssl=1 180w, https:\/\/i0.wp.com\/aktialiiga.fi\/miehet\/wp-content\/uploads\/sites\/5\/2025\/05\/MSM-All-Stars-MV.jpg?resize=705%2C705&amp;ssl=1 705w\" data-sizes=\"(max-width: 1030px) 100vw, 1030px\" data-rel='gallery-2' data-prev-img='https:\/\/i0.wp.com\/aktialiiga.fi\/miehet\/wp-content\/uploads\/sites\/5\/2025\/05\/MSM-All-Stars-MV.jpg?resize=495%2C400&ssl=1' class='lightbox ' data-onclick='2' title='Aktialiiga 2024\/25 All Stars MV'  itemprop=\"thumbnailUrl\"  ><img decoding=\"async\" fetchpriority=\"high\" class=\"wp-image-64724 avia-img-lazy-loading-not-64724\"   src=\"https:\/\/i0.wp.com\/aktialiiga.fi\/miehet\/wp-content\/uploads\/sites\/5\/2025\/05\/MSM-All-Stars-MV.jpg?fit=1030%2C1030&ssl=1\" width=\"1030\" height=\"1030\"  title='Aktialiiga 2024\/25 All Stars MV' alt='' srcset=\"https:\/\/i0.wp.com\/aktialiiga.fi\/miehet\/wp-content\/uploads\/sites\/5\/2025\/05\/MSM-All-Stars-MV.jpg?w=1080&amp;ssl=1 1080w, https:\/\/i0.wp.com\/aktialiiga.fi\/miehet\/wp-content\/uploads\/sites\/5\/2025\/05\/MSM-All-Stars-MV.jpg?resize=300%2C300&amp;ssl=1 300w, https:\/\/i0.wp.com\/aktialiiga.fi\/miehet\/wp-content\/uploads\/sites\/5\/2025\/05\/MSM-All-Stars-MV.jpg?resize=1030%2C1030&amp;ssl=1 1030w, https:\/\/i0.wp.com\/aktialiiga.fi\/miehet\/wp-content\/uploads\/sites\/5\/2025\/05\/MSM-All-Stars-MV.jpg?resize=80%2C80&amp;ssl=1 80w, https:\/\/i0.wp.com\/aktialiiga.fi\/miehet\/wp-content\/uploads\/sites\/5\/2025\/05\/MSM-All-Stars-MV.jpg?resize=768%2C768&amp;ssl=1 768w, https:\/\/i0.wp.com\/aktialiiga.fi\/miehet\/wp-content\/uploads\/sites\/5\/2025\/05\/MSM-All-Stars-MV.jpg?resize=36%2C36&amp;ssl=1 36w, https:\/\/i0.wp.com\/aktialiiga.fi\/miehet\/wp-content\/uploads\/sites\/5\/2025\/05\/MSM-All-Stars-MV.jpg?resize=180%2C180&amp;ssl=1 180w, https:\/\/i0.wp.com\/aktialiiga.fi\/miehet\/wp-content\/uploads\/sites\/5\/2025\/05\/MSM-All-Stars-MV.jpg?resize=705%2C705&amp;ssl=1 705w\" sizes=\"(max-width: 1030px) 100vw, 1030px\" \/><div class='big-prev-fake'><img decoding=\"async\" fetchpriority=\"high\" class=\"wp-image-64724 avia-img-lazy-loading-not-64724\"  width=\"495\" height=\"400\" src=\"https:\/\/i0.wp.com\/aktialiiga.fi\/miehet\/wp-content\/uploads\/sites\/5\/2025\/05\/MSM-All-Stars-MV.jpg?resize=495%2C400&ssl=1\" title='Aktialiiga 2024\/25 All Stars MV' alt='' srcset=\"https:\/\/i0.wp.com\/aktialiiga.fi\/miehet\/wp-content\/uploads\/sites\/5\/2025\/05\/MSM-All-Stars-MV.jpg?resize=495%2C400&amp;ssl=1 495w, https:\/\/i0.wp.com\/aktialiiga.fi\/miehet\/wp-content\/uploads\/sites\/5\/2025\/05\/MSM-All-Stars-MV.jpg?resize=845%2C684&amp;ssl=1 845w, https:\/\/i0.wp.com\/aktialiiga.fi\/miehet\/wp-content\/uploads\/sites\/5\/2025\/05\/MSM-All-Stars-MV.jpg?zoom=2&amp;resize=495%2C400&amp;ssl=1 990w\" sizes=\"(max-width: 495px) 100vw, 495px\" \/><\/div><\/a><a href=\"https:\/\/i0.wp.com\/aktialiiga.fi\/miehet\/wp-content\/uploads\/sites\/5\/2025\/05\/MSM-All-Stars-V6.jpg?fit=1030%2C1030&amp;ssl=1\" data-srcset=\"https:\/\/i0.wp.com\/aktialiiga.fi\/miehet\/wp-content\/uploads\/sites\/5\/2025\/05\/MSM-All-Stars-V6.jpg?w=1080&amp;ssl=1 1080w, https:\/\/i0.wp.com\/aktialiiga.fi\/miehet\/wp-content\/uploads\/sites\/5\/2025\/05\/MSM-All-Stars-V6.jpg?resize=300%2C300&amp;ssl=1 300w, https:\/\/i0.wp.com\/aktialiiga.fi\/miehet\/wp-content\/uploads\/sites\/5\/2025\/05\/MSM-All-Stars-V6.jpg?resize=1030%2C1030&amp;ssl=1 1030w, https:\/\/i0.wp.com\/aktialiiga.fi\/miehet\/wp-content\/uploads\/sites\/5\/2025\/05\/MSM-All-Stars-V6.jpg?resize=80%2C80&amp;ssl=1 80w, https:\/\/i0.wp.com\/aktialiiga.fi\/miehet\/wp-content\/uploads\/sites\/5\/2025\/05\/MSM-All-Stars-V6.jpg?resize=768%2C768&amp;ssl=1 768w, https:\/\/i0.wp.com\/aktialiiga.fi\/miehet\/wp-content\/uploads\/sites\/5\/2025\/05\/MSM-All-Stars-V6.jpg?resize=36%2C36&amp;ssl=1 36w, https:\/\/i0.wp.com\/aktialiiga.fi\/miehet\/wp-content\/uploads\/sites\/5\/2025\/05\/MSM-All-Stars-V6.jpg?resize=180%2C180&amp;ssl=1 180w, https:\/\/i0.wp.com\/aktialiiga.fi\/miehet\/wp-content\/uploads\/sites\/5\/2025\/05\/MSM-All-Stars-V6.jpg?resize=705%2C705&amp;ssl=1 705w\" data-sizes=\"(max-width: 1030px) 100vw, 1030px\" data-rel='gallery-2' data-prev-img='https:\/\/i0.wp.com\/aktialiiga.fi\/miehet\/wp-content\/uploads\/sites\/5\/2025\/05\/MSM-All-Stars-V6.jpg?resize=495%2C400&ssl=1' class='lightbox ' data-onclick='3' title='Aktialiiga 2024\/25 All Stars V6'  itemprop=\"thumbnailUrl\"  ><img decoding=\"async\" fetchpriority=\"high\" class=\"wp-image-64727 avia-img-lazy-loading-not-64727\"   src=\"https:\/\/i0.wp.com\/aktialiiga.fi\/miehet\/wp-content\/uploads\/sites\/5\/2025\/05\/MSM-All-Stars-V6.jpg?fit=1030%2C1030&ssl=1\" width=\"1030\" height=\"1030\"  title='Aktialiiga 2024\/25 All Stars V6' alt='' srcset=\"https:\/\/i0.wp.com\/aktialiiga.fi\/miehet\/wp-content\/uploads\/sites\/5\/2025\/05\/MSM-All-Stars-V6.jpg?w=1080&amp;ssl=1 1080w, https:\/\/i0.wp.com\/aktialiiga.fi\/miehet\/wp-content\/uploads\/sites\/5\/2025\/05\/MSM-All-Stars-V6.jpg?resize=300%2C300&amp;ssl=1 300w, https:\/\/i0.wp.com\/aktialiiga.fi\/miehet\/wp-content\/uploads\/sites\/5\/2025\/05\/MSM-All-Stars-V6.jpg?resize=1030%2C1030&amp;ssl=1 1030w, https:\/\/i0.wp.com\/aktialiiga.fi\/miehet\/wp-content\/uploads\/sites\/5\/2025\/05\/MSM-All-Stars-V6.jpg?resize=80%2C80&amp;ssl=1 80w, https:\/\/i0.wp.com\/aktialiiga.fi\/miehet\/wp-content\/uploads\/sites\/5\/2025\/05\/MSM-All-Stars-V6.jpg?resize=768%2C768&amp;ssl=1 768w, https:\/\/i0.wp.com\/aktialiiga.fi\/miehet\/wp-content\/uploads\/sites\/5\/2025\/05\/MSM-All-Stars-V6.jpg?resize=36%2C36&amp;ssl=1 36w, https:\/\/i0.wp.com\/aktialiiga.fi\/miehet\/wp-content\/uploads\/sites\/5\/2025\/05\/MSM-All-Stars-V6.jpg?resize=180%2C180&amp;ssl=1 180w, https:\/\/i0.wp.com\/aktialiiga.fi\/miehet\/wp-content\/uploads\/sites\/5\/2025\/05\/MSM-All-Stars-V6.jpg?resize=705%2C705&amp;ssl=1 705w\" sizes=\"(max-width: 1030px) 100vw, 1030px\" \/><div class='big-prev-fake'><img decoding=\"async\" fetchpriority=\"high\" class=\"wp-image-64727 avia-img-lazy-loading-not-64727\"  width=\"495\" height=\"400\" src=\"https:\/\/i0.wp.com\/aktialiiga.fi\/miehet\/wp-content\/uploads\/sites\/5\/2025\/05\/MSM-All-Stars-V6.jpg?resize=495%2C400&ssl=1\" title='Aktialiiga 2024\/25 All Stars V6' alt='' srcset=\"https:\/\/i0.wp.com\/aktialiiga.fi\/miehet\/wp-content\/uploads\/sites\/5\/2025\/05\/MSM-All-Stars-V6.jpg?resize=495%2C400&amp;ssl=1 495w, https:\/\/i0.wp.com\/aktialiiga.fi\/miehet\/wp-content\/uploads\/sites\/5\/2025\/05\/MSM-All-Stars-V6.jpg?resize=845%2C684&amp;ssl=1 845w, https:\/\/i0.wp.com\/aktialiiga.fi\/miehet\/wp-content\/uploads\/sites\/5\/2025\/05\/MSM-All-Stars-V6.jpg?zoom=2&amp;resize=495%2C400&amp;ssl=1 990w\" sizes=\"(max-width: 495px) 100vw, 495px\" \/><\/div><\/a><a href=\"https:\/\/i0.wp.com\/aktialiiga.fi\/miehet\/wp-content\/uploads\/sites\/5\/2025\/05\/MSM-All-Stars-K6.jpg?fit=1030%2C1030&amp;ssl=1\" data-srcset=\"https:\/\/i0.wp.com\/aktialiiga.fi\/miehet\/wp-content\/uploads\/sites\/5\/2025\/05\/MSM-All-Stars-K6.jpg?w=1080&amp;ssl=1 1080w, https:\/\/i0.wp.com\/aktialiiga.fi\/miehet\/wp-content\/uploads\/sites\/5\/2025\/05\/MSM-All-Stars-K6.jpg?resize=300%2C300&amp;ssl=1 300w, https:\/\/i0.wp.com\/aktialiiga.fi\/miehet\/wp-content\/uploads\/sites\/5\/2025\/05\/MSM-All-Stars-K6.jpg?resize=1030%2C1030&amp;ssl=1 1030w, https:\/\/i0.wp.com\/aktialiiga.fi\/miehet\/wp-content\/uploads\/sites\/5\/2025\/05\/MSM-All-Stars-K6.jpg?resize=80%2C80&amp;ssl=1 80w, https:\/\/i0.wp.com\/aktialiiga.fi\/miehet\/wp-content\/uploads\/sites\/5\/2025\/05\/MSM-All-Stars-K6.jpg?resize=768%2C768&amp;ssl=1 768w, https:\/\/i0.wp.com\/aktialiiga.fi\/miehet\/wp-content\/uploads\/sites\/5\/2025\/05\/MSM-All-Stars-K6.jpg?resize=36%2C36&amp;ssl=1 36w, https:\/\/i0.wp.com\/aktialiiga.fi\/miehet\/wp-content\/uploads\/sites\/5\/2025\/05\/MSM-All-Stars-K6.jpg?resize=180%2C180&amp;ssl=1 180w, https:\/\/i0.wp.com\/aktialiiga.fi\/miehet\/wp-content\/uploads\/sites\/5\/2025\/05\/MSM-All-Stars-K6.jpg?resize=705%2C705&amp;ssl=1 705w\" data-sizes=\"(max-width: 1030px) 100vw, 1030px\" data-rel='gallery-2' data-prev-img='https:\/\/i0.wp.com\/aktialiiga.fi\/miehet\/wp-content\/uploads\/sites\/5\/2025\/05\/MSM-All-Stars-K6.jpg?resize=495%2C400&ssl=1' class='lightbox ' data-onclick='4' title='Aktialiiga 2024\/25 All Stars K6'  itemprop=\"thumbnailUrl\"  ><img decoding=\"async\" fetchpriority=\"high\" class=\"wp-image-64722 avia-img-lazy-loading-not-64722\"   src=\"https:\/\/i0.wp.com\/aktialiiga.fi\/miehet\/wp-content\/uploads\/sites\/5\/2025\/05\/MSM-All-Stars-K6.jpg?fit=1030%2C1030&ssl=1\" width=\"1030\" height=\"1030\"  title='Aktialiiga 2024\/25 All Stars K6' alt='' srcset=\"https:\/\/i0.wp.com\/aktialiiga.fi\/miehet\/wp-content\/uploads\/sites\/5\/2025\/05\/MSM-All-Stars-K6.jpg?w=1080&amp;ssl=1 1080w, https:\/\/i0.wp.com\/aktialiiga.fi\/miehet\/wp-content\/uploads\/sites\/5\/2025\/05\/MSM-All-Stars-K6.jpg?resize=300%2C300&amp;ssl=1 300w, https:\/\/i0.wp.com\/aktialiiga.fi\/miehet\/wp-content\/uploads\/sites\/5\/2025\/05\/MSM-All-Stars-K6.jpg?resize=1030%2C1030&amp;ssl=1 1030w, https:\/\/i0.wp.com\/aktialiiga.fi\/miehet\/wp-content\/uploads\/sites\/5\/2025\/05\/MSM-All-Stars-K6.jpg?resize=80%2C80&amp;ssl=1 80w, https:\/\/i0.wp.com\/aktialiiga.fi\/miehet\/wp-content\/uploads\/sites\/5\/2025\/05\/MSM-All-Stars-K6.jpg?resize=768%2C768&amp;ssl=1 768w, https:\/\/i0.wp.com\/aktialiiga.fi\/miehet\/wp-content\/uploads\/sites\/5\/2025\/05\/MSM-All-Stars-K6.jpg?resize=36%2C36&amp;ssl=1 36w, https:\/\/i0.wp.com\/aktialiiga.fi\/miehet\/wp-content\/uploads\/sites\/5\/2025\/05\/MSM-All-Stars-K6.jpg?resize=180%2C180&amp;ssl=1 180w, https:\/\/i0.wp.com\/aktialiiga.fi\/miehet\/wp-content\/uploads\/sites\/5\/2025\/05\/MSM-All-Stars-K6.jpg?resize=705%2C705&amp;ssl=1 705w\" sizes=\"(max-width: 1030px) 100vw, 1030px\" \/><div class='big-prev-fake'><img decoding=\"async\" fetchpriority=\"high\" class=\"wp-image-64722 avia-img-lazy-loading-not-64722\"  width=\"495\" height=\"400\" src=\"https:\/\/i0.wp.com\/aktialiiga.fi\/miehet\/wp-content\/uploads\/sites\/5\/2025\/05\/MSM-All-Stars-K6.jpg?resize=495%2C400&ssl=1\" title='Aktialiiga 2024\/25 All Stars K6' alt='' srcset=\"https:\/\/i0.wp.com\/aktialiiga.fi\/miehet\/wp-content\/uploads\/sites\/5\/2025\/05\/MSM-All-Stars-K6.jpg?resize=495%2C400&amp;ssl=1 495w, https:\/\/i0.wp.com\/aktialiiga.fi\/miehet\/wp-content\/uploads\/sites\/5\/2025\/05\/MSM-All-Stars-K6.jpg?resize=845%2C684&amp;ssl=1 845w, https:\/\/i0.wp.com\/aktialiiga.fi\/miehet\/wp-content\/uploads\/sites\/5\/2025\/05\/MSM-All-Stars-K6.jpg?zoom=2&amp;resize=495%2C400&amp;ssl=1 990w\" sizes=\"(max-width: 495px) 100vw, 495px\" \/><\/div><\/a><a href=\"https:\/\/i0.wp.com\/aktialiiga.fi\/miehet\/wp-content\/uploads\/sites\/5\/2025\/05\/MSM-All-Stars-O6.jpg?fit=1030%2C1030&amp;ssl=1\" data-srcset=\"https:\/\/i0.wp.com\/aktialiiga.fi\/miehet\/wp-content\/uploads\/sites\/5\/2025\/05\/MSM-All-Stars-O6.jpg?w=1080&amp;ssl=1 1080w, https:\/\/i0.wp.com\/aktialiiga.fi\/miehet\/wp-content\/uploads\/sites\/5\/2025\/05\/MSM-All-Stars-O6.jpg?resize=300%2C300&amp;ssl=1 300w, https:\/\/i0.wp.com\/aktialiiga.fi\/miehet\/wp-content\/uploads\/sites\/5\/2025\/05\/MSM-All-Stars-O6.jpg?resize=1030%2C1030&amp;ssl=1 1030w, https:\/\/i0.wp.com\/aktialiiga.fi\/miehet\/wp-content\/uploads\/sites\/5\/2025\/05\/MSM-All-Stars-O6.jpg?resize=80%2C80&amp;ssl=1 80w, https:\/\/i0.wp.com\/aktialiiga.fi\/miehet\/wp-content\/uploads\/sites\/5\/2025\/05\/MSM-All-Stars-O6.jpg?resize=768%2C768&amp;ssl=1 768w, https:\/\/i0.wp.com\/aktialiiga.fi\/miehet\/wp-content\/uploads\/sites\/5\/2025\/05\/MSM-All-Stars-O6.jpg?resize=36%2C36&amp;ssl=1 36w, https:\/\/i0.wp.com\/aktialiiga.fi\/miehet\/wp-content\/uploads\/sites\/5\/2025\/05\/MSM-All-Stars-O6.jpg?resize=180%2C180&amp;ssl=1 180w, https:\/\/i0.wp.com\/aktialiiga.fi\/miehet\/wp-content\/uploads\/sites\/5\/2025\/05\/MSM-All-Stars-O6.jpg?resize=705%2C705&amp;ssl=1 705w\" data-sizes=\"(max-width: 1030px) 100vw, 1030px\" data-rel='gallery-2' data-prev-img='https:\/\/i0.wp.com\/aktialiiga.fi\/miehet\/wp-content\/uploads\/sites\/5\/2025\/05\/MSM-All-Stars-O6.jpg?resize=495%2C400&ssl=1' class='first_thumb lightbox ' data-onclick='5' title='Aktialiiga 2024\/25 All Stars O6'  itemprop=\"thumbnailUrl\"  ><img decoding=\"async\" fetchpriority=\"high\" class=\"wp-image-64725 avia-img-lazy-loading-not-64725\"   src=\"https:\/\/i0.wp.com\/aktialiiga.fi\/miehet\/wp-content\/uploads\/sites\/5\/2025\/05\/MSM-All-Stars-O6.jpg?fit=1030%2C1030&ssl=1\" width=\"1030\" height=\"1030\"  title='Aktialiiga 2024\/25 All Stars O6' alt='' srcset=\"https:\/\/i0.wp.com\/aktialiiga.fi\/miehet\/wp-content\/uploads\/sites\/5\/2025\/05\/MSM-All-Stars-O6.jpg?w=1080&amp;ssl=1 1080w, https:\/\/i0.wp.com\/aktialiiga.fi\/miehet\/wp-content\/uploads\/sites\/5\/2025\/05\/MSM-All-Stars-O6.jpg?resize=300%2C300&amp;ssl=1 300w, https:\/\/i0.wp.com\/aktialiiga.fi\/miehet\/wp-content\/uploads\/sites\/5\/2025\/05\/MSM-All-Stars-O6.jpg?resize=1030%2C1030&amp;ssl=1 1030w, https:\/\/i0.wp.com\/aktialiiga.fi\/miehet\/wp-content\/uploads\/sites\/5\/2025\/05\/MSM-All-Stars-O6.jpg?resize=80%2C80&amp;ssl=1 80w, https:\/\/i0.wp.com\/aktialiiga.fi\/miehet\/wp-content\/uploads\/sites\/5\/2025\/05\/MSM-All-Stars-O6.jpg?resize=768%2C768&amp;ssl=1 768w, https:\/\/i0.wp.com\/aktialiiga.fi\/miehet\/wp-content\/uploads\/sites\/5\/2025\/05\/MSM-All-Stars-O6.jpg?resize=36%2C36&amp;ssl=1 36w, https:\/\/i0.wp.com\/aktialiiga.fi\/miehet\/wp-content\/uploads\/sites\/5\/2025\/05\/MSM-All-Stars-O6.jpg?resize=180%2C180&amp;ssl=1 180w, https:\/\/i0.wp.com\/aktialiiga.fi\/miehet\/wp-content\/uploads\/sites\/5\/2025\/05\/MSM-All-Stars-O6.jpg?resize=705%2C705&amp;ssl=1 705w\" sizes=\"(max-width: 1030px) 100vw, 1030px\" \/><div class='big-prev-fake'><img decoding=\"async\" fetchpriority=\"high\" class=\"wp-image-64725 avia-img-lazy-loading-not-64725\"  width=\"495\" height=\"400\" src=\"https:\/\/i0.wp.com\/aktialiiga.fi\/miehet\/wp-content\/uploads\/sites\/5\/2025\/05\/MSM-All-Stars-O6.jpg?resize=495%2C400&ssl=1\" title='Aktialiiga 2024\/25 All Stars O6' alt='' srcset=\"https:\/\/i0.wp.com\/aktialiiga.fi\/miehet\/wp-content\/uploads\/sites\/5\/2025\/05\/MSM-All-Stars-O6.jpg?resize=495%2C400&amp;ssl=1 495w, https:\/\/i0.wp.com\/aktialiiga.fi\/miehet\/wp-content\/uploads\/sites\/5\/2025\/05\/MSM-All-Stars-O6.jpg?resize=845%2C684&amp;ssl=1 845w, https:\/\/i0.wp.com\/aktialiiga.fi\/miehet\/wp-content\/uploads\/sites\/5\/2025\/05\/MSM-All-Stars-O6.jpg?zoom=2&amp;resize=495%2C400&amp;ssl=1 990w\" sizes=\"(max-width: 495px) 100vw, 495px\" \/><\/div><\/a><a href=\"https:\/\/i0.wp.com\/aktialiiga.fi\/miehet\/wp-content\/uploads\/sites\/5\/2025\/05\/MSM-All-Stars-V9.jpg?fit=1030%2C1030&amp;ssl=1\" data-srcset=\"https:\/\/i0.wp.com\/aktialiiga.fi\/miehet\/wp-content\/uploads\/sites\/5\/2025\/05\/MSM-All-Stars-V9.jpg?w=1080&amp;ssl=1 1080w, https:\/\/i0.wp.com\/aktialiiga.fi\/miehet\/wp-content\/uploads\/sites\/5\/2025\/05\/MSM-All-Stars-V9.jpg?resize=300%2C300&amp;ssl=1 300w, https:\/\/i0.wp.com\/aktialiiga.fi\/miehet\/wp-content\/uploads\/sites\/5\/2025\/05\/MSM-All-Stars-V9.jpg?resize=1030%2C1030&amp;ssl=1 1030w, https:\/\/i0.wp.com\/aktialiiga.fi\/miehet\/wp-content\/uploads\/sites\/5\/2025\/05\/MSM-All-Stars-V9.jpg?resize=80%2C80&amp;ssl=1 80w, https:\/\/i0.wp.com\/aktialiiga.fi\/miehet\/wp-content\/uploads\/sites\/5\/2025\/05\/MSM-All-Stars-V9.jpg?resize=768%2C768&amp;ssl=1 768w, https:\/\/i0.wp.com\/aktialiiga.fi\/miehet\/wp-content\/uploads\/sites\/5\/2025\/05\/MSM-All-Stars-V9.jpg?resize=36%2C36&amp;ssl=1 36w, https:\/\/i0.wp.com\/aktialiiga.fi\/miehet\/wp-content\/uploads\/sites\/5\/2025\/05\/MSM-All-Stars-V9.jpg?resize=180%2C180&amp;ssl=1 180w, https:\/\/i0.wp.com\/aktialiiga.fi\/miehet\/wp-content\/uploads\/sites\/5\/2025\/05\/MSM-All-Stars-V9.jpg?resize=705%2C705&amp;ssl=1 705w\" data-sizes=\"(max-width: 1030px) 100vw, 1030px\" data-rel='gallery-2' data-prev-img='https:\/\/i0.wp.com\/aktialiiga.fi\/miehet\/wp-content\/uploads\/sites\/5\/2025\/05\/MSM-All-Stars-V9.jpg?resize=495%2C400&ssl=1' class='lightbox ' data-onclick='6' title='Aktialiiga 2024\/25 All Stars V9'  itemprop=\"thumbnailUrl\"  ><img decoding=\"async\" fetchpriority=\"high\" class=\"wp-image-64728 avia-img-lazy-loading-not-64728\"   src=\"https:\/\/i0.wp.com\/aktialiiga.fi\/miehet\/wp-content\/uploads\/sites\/5\/2025\/05\/MSM-All-Stars-V9.jpg?fit=1030%2C1030&ssl=1\" width=\"1030\" height=\"1030\"  title='Aktialiiga 2024\/25 All Stars V9' alt='' srcset=\"https:\/\/i0.wp.com\/aktialiiga.fi\/miehet\/wp-content\/uploads\/sites\/5\/2025\/05\/MSM-All-Stars-V9.jpg?w=1080&amp;ssl=1 1080w, https:\/\/i0.wp.com\/aktialiiga.fi\/miehet\/wp-content\/uploads\/sites\/5\/2025\/05\/MSM-All-Stars-V9.jpg?resize=300%2C300&amp;ssl=1 300w, https:\/\/i0.wp.com\/aktialiiga.fi\/miehet\/wp-content\/uploads\/sites\/5\/2025\/05\/MSM-All-Stars-V9.jpg?resize=1030%2C1030&amp;ssl=1 1030w, https:\/\/i0.wp.com\/aktialiiga.fi\/miehet\/wp-content\/uploads\/sites\/5\/2025\/05\/MSM-All-Stars-V9.jpg?resize=80%2C80&amp;ssl=1 80w, https:\/\/i0.wp.com\/aktialiiga.fi\/miehet\/wp-content\/uploads\/sites\/5\/2025\/05\/MSM-All-Stars-V9.jpg?resize=768%2C768&amp;ssl=1 768w, https:\/\/i0.wp.com\/aktialiiga.fi\/miehet\/wp-content\/uploads\/sites\/5\/2025\/05\/MSM-All-Stars-V9.jpg?resize=36%2C36&amp;ssl=1 36w, https:\/\/i0.wp.com\/aktialiiga.fi\/miehet\/wp-content\/uploads\/sites\/5\/2025\/05\/MSM-All-Stars-V9.jpg?resize=180%2C180&amp;ssl=1 180w, https:\/\/i0.wp.com\/aktialiiga.fi\/miehet\/wp-content\/uploads\/sites\/5\/2025\/05\/MSM-All-Stars-V9.jpg?resize=705%2C705&amp;ssl=1 705w\" sizes=\"(max-width: 1030px) 100vw, 1030px\" \/><div class='big-prev-fake'><img decoding=\"async\" fetchpriority=\"high\" class=\"wp-image-64728 avia-img-lazy-loading-not-64728\"  width=\"495\" height=\"400\" src=\"https:\/\/i0.wp.com\/aktialiiga.fi\/miehet\/wp-content\/uploads\/sites\/5\/2025\/05\/MSM-All-Stars-V9.jpg?resize=495%2C400&ssl=1\" title='Aktialiiga 2024\/25 All Stars V9' alt='' srcset=\"https:\/\/i0.wp.com\/aktialiiga.fi\/miehet\/wp-content\/uploads\/sites\/5\/2025\/05\/MSM-All-Stars-V9.jpg?resize=495%2C400&amp;ssl=1 495w, https:\/\/i0.wp.com\/aktialiiga.fi\/miehet\/wp-content\/uploads\/sites\/5\/2025\/05\/MSM-All-Stars-V9.jpg?resize=845%2C684&amp;ssl=1 845w, https:\/\/i0.wp.com\/aktialiiga.fi\/miehet\/wp-content\/uploads\/sites\/5\/2025\/05\/MSM-All-Stars-V9.jpg?zoom=2&amp;resize=495%2C400&amp;ssl=1 990w\" sizes=\"(max-width: 495px) 100vw, 495px\" \/><\/div><\/a><a href=\"https:\/\/i0.wp.com\/aktialiiga.fi\/miehet\/wp-content\/uploads\/sites\/5\/2025\/05\/MSM-All-Stars-K9.jpg?fit=1030%2C1030&amp;ssl=1\" data-srcset=\"https:\/\/i0.wp.com\/aktialiiga.fi\/miehet\/wp-content\/uploads\/sites\/5\/2025\/05\/MSM-All-Stars-K9.jpg?w=1080&amp;ssl=1 1080w, https:\/\/i0.wp.com\/aktialiiga.fi\/miehet\/wp-content\/uploads\/sites\/5\/2025\/05\/MSM-All-Stars-K9.jpg?resize=300%2C300&amp;ssl=1 300w, https:\/\/i0.wp.com\/aktialiiga.fi\/miehet\/wp-content\/uploads\/sites\/5\/2025\/05\/MSM-All-Stars-K9.jpg?resize=1030%2C1030&amp;ssl=1 1030w, https:\/\/i0.wp.com\/aktialiiga.fi\/miehet\/wp-content\/uploads\/sites\/5\/2025\/05\/MSM-All-Stars-K9.jpg?resize=80%2C80&amp;ssl=1 80w, https:\/\/i0.wp.com\/aktialiiga.fi\/miehet\/wp-content\/uploads\/sites\/5\/2025\/05\/MSM-All-Stars-K9.jpg?resize=768%2C768&amp;ssl=1 768w, https:\/\/i0.wp.com\/aktialiiga.fi\/miehet\/wp-content\/uploads\/sites\/5\/2025\/05\/MSM-All-Stars-K9.jpg?resize=36%2C36&amp;ssl=1 36w, https:\/\/i0.wp.com\/aktialiiga.fi\/miehet\/wp-content\/uploads\/sites\/5\/2025\/05\/MSM-All-Stars-K9.jpg?resize=180%2C180&amp;ssl=1 180w, https:\/\/i0.wp.com\/aktialiiga.fi\/miehet\/wp-content\/uploads\/sites\/5\/2025\/05\/MSM-All-Stars-K9.jpg?resize=705%2C705&amp;ssl=1 705w\" data-sizes=\"(max-width: 1030px) 100vw, 1030px\" data-rel='gallery-2' data-prev-img='https:\/\/i0.wp.com\/aktialiiga.fi\/miehet\/wp-content\/uploads\/sites\/5\/2025\/05\/MSM-All-Stars-K9.jpg?resize=495%2C400&ssl=1' class='lightbox ' data-onclick='7' title='Aktialiiga 2024\/25 All Stars K9'  itemprop=\"thumbnailUrl\"  ><img decoding=\"async\" fetchpriority=\"high\" class=\"wp-image-64723 avia-img-lazy-loading-not-64723\"   src=\"https:\/\/i0.wp.com\/aktialiiga.fi\/miehet\/wp-content\/uploads\/sites\/5\/2025\/05\/MSM-All-Stars-K9.jpg?fit=1030%2C1030&ssl=1\" width=\"1030\" height=\"1030\"  title='Aktialiiga 2024\/25 All Stars K9' alt='' srcset=\"https:\/\/i0.wp.com\/aktialiiga.fi\/miehet\/wp-content\/uploads\/sites\/5\/2025\/05\/MSM-All-Stars-K9.jpg?w=1080&amp;ssl=1 1080w, https:\/\/i0.wp.com\/aktialiiga.fi\/miehet\/wp-content\/uploads\/sites\/5\/2025\/05\/MSM-All-Stars-K9.jpg?resize=300%2C300&amp;ssl=1 300w, https:\/\/i0.wp.com\/aktialiiga.fi\/miehet\/wp-content\/uploads\/sites\/5\/2025\/05\/MSM-All-Stars-K9.jpg?resize=1030%2C1030&amp;ssl=1 1030w, https:\/\/i0.wp.com\/aktialiiga.fi\/miehet\/wp-content\/uploads\/sites\/5\/2025\/05\/MSM-All-Stars-K9.jpg?resize=80%2C80&amp;ssl=1 80w, https:\/\/i0.wp.com\/aktialiiga.fi\/miehet\/wp-content\/uploads\/sites\/5\/2025\/05\/MSM-All-Stars-K9.jpg?resize=768%2C768&amp;ssl=1 768w, https:\/\/i0.wp.com\/aktialiiga.fi\/miehet\/wp-content\/uploads\/sites\/5\/2025\/05\/MSM-All-Stars-K9.jpg?resize=36%2C36&amp;ssl=1 36w, https:\/\/i0.wp.com\/aktialiiga.fi\/miehet\/wp-content\/uploads\/sites\/5\/2025\/05\/MSM-All-Stars-K9.jpg?resize=180%2C180&amp;ssl=1 180w, https:\/\/i0.wp.com\/aktialiiga.fi\/miehet\/wp-content\/uploads\/sites\/5\/2025\/05\/MSM-All-Stars-K9.jpg?resize=705%2C705&amp;ssl=1 705w\" sizes=\"(max-width: 1030px) 100vw, 1030px\" \/><div class='big-prev-fake'><img decoding=\"async\" fetchpriority=\"high\" class=\"wp-image-64723 avia-img-lazy-loading-not-64723\"  width=\"495\" height=\"400\" src=\"https:\/\/i0.wp.com\/aktialiiga.fi\/miehet\/wp-content\/uploads\/sites\/5\/2025\/05\/MSM-All-Stars-K9.jpg?resize=495%2C400&ssl=1\" title='Aktialiiga 2024\/25 All Stars K9' alt='' srcset=\"https:\/\/i0.wp.com\/aktialiiga.fi\/miehet\/wp-content\/uploads\/sites\/5\/2025\/05\/MSM-All-Stars-K9.jpg?resize=495%2C400&amp;ssl=1 495w, https:\/\/i0.wp.com\/aktialiiga.fi\/miehet\/wp-content\/uploads\/sites\/5\/2025\/05\/MSM-All-Stars-K9.jpg?resize=845%2C684&amp;ssl=1 845w, https:\/\/i0.wp.com\/aktialiiga.fi\/miehet\/wp-content\/uploads\/sites\/5\/2025\/05\/MSM-All-Stars-K9.jpg?zoom=2&amp;resize=495%2C400&amp;ssl=1 990w\" sizes=\"(max-width: 495px) 100vw, 495px\" \/><\/div><\/a><a href=\"https:\/\/i0.wp.com\/aktialiiga.fi\/miehet\/wp-content\/uploads\/sites\/5\/2025\/05\/MSM-All-Stars-O9.jpg?fit=1030%2C1030&amp;ssl=1\" data-srcset=\"https:\/\/i0.wp.com\/aktialiiga.fi\/miehet\/wp-content\/uploads\/sites\/5\/2025\/05\/MSM-All-Stars-O9.jpg?w=1080&amp;ssl=1 1080w, https:\/\/i0.wp.com\/aktialiiga.fi\/miehet\/wp-content\/uploads\/sites\/5\/2025\/05\/MSM-All-Stars-O9.jpg?resize=300%2C300&amp;ssl=1 300w, https:\/\/i0.wp.com\/aktialiiga.fi\/miehet\/wp-content\/uploads\/sites\/5\/2025\/05\/MSM-All-Stars-O9.jpg?resize=1030%2C1030&amp;ssl=1 1030w, https:\/\/i0.wp.com\/aktialiiga.fi\/miehet\/wp-content\/uploads\/sites\/5\/2025\/05\/MSM-All-Stars-O9.jpg?resize=80%2C80&amp;ssl=1 80w, https:\/\/i0.wp.com\/aktialiiga.fi\/miehet\/wp-content\/uploads\/sites\/5\/2025\/05\/MSM-All-Stars-O9.jpg?resize=768%2C768&amp;ssl=1 768w, https:\/\/i0.wp.com\/aktialiiga.fi\/miehet\/wp-content\/uploads\/sites\/5\/2025\/05\/MSM-All-Stars-O9.jpg?resize=36%2C36&amp;ssl=1 36w, https:\/\/i0.wp.com\/aktialiiga.fi\/miehet\/wp-content\/uploads\/sites\/5\/2025\/05\/MSM-All-Stars-O9.jpg?resize=180%2C180&amp;ssl=1 180w, https:\/\/i0.wp.com\/aktialiiga.fi\/miehet\/wp-content\/uploads\/sites\/5\/2025\/05\/MSM-All-Stars-O9.jpg?resize=705%2C705&amp;ssl=1 705w\" data-sizes=\"(max-width: 1030px) 100vw, 1030px\" data-rel='gallery-2' data-prev-img='https:\/\/i0.wp.com\/aktialiiga.fi\/miehet\/wp-content\/uploads\/sites\/5\/2025\/05\/MSM-All-Stars-O9.jpg?resize=495%2C400&ssl=1' class='lightbox ' data-onclick='8' title='Aktialiiga 2024\/25 All Stars O9'  itemprop=\"thumbnailUrl\"  ><img decoding=\"async\" fetchpriority=\"high\" class=\"wp-image-64726 avia-img-lazy-loading-not-64726\"   src=\"https:\/\/i0.wp.com\/aktialiiga.fi\/miehet\/wp-content\/uploads\/sites\/5\/2025\/05\/MSM-All-Stars-O9.jpg?fit=1030%2C1030&ssl=1\" width=\"1030\" height=\"1030\"  title='Aktialiiga 2024\/25 All Stars O9' alt='' srcset=\"https:\/\/i0.wp.com\/aktialiiga.fi\/miehet\/wp-content\/uploads\/sites\/5\/2025\/05\/MSM-All-Stars-O9.jpg?w=1080&amp;ssl=1 1080w, https:\/\/i0.wp.com\/aktialiiga.fi\/miehet\/wp-content\/uploads\/sites\/5\/2025\/05\/MSM-All-Stars-O9.jpg?resize=300%2C300&amp;ssl=1 300w, https:\/\/i0.wp.com\/aktialiiga.fi\/miehet\/wp-content\/uploads\/sites\/5\/2025\/05\/MSM-All-Stars-O9.jpg?resize=1030%2C1030&amp;ssl=1 1030w, https:\/\/i0.wp.com\/aktialiiga.fi\/miehet\/wp-content\/uploads\/sites\/5\/2025\/05\/MSM-All-Stars-O9.jpg?resize=80%2C80&amp;ssl=1 80w, https:\/\/i0.wp.com\/aktialiiga.fi\/miehet\/wp-content\/uploads\/sites\/5\/2025\/05\/MSM-All-Stars-O9.jpg?resize=768%2C768&amp;ssl=1 768w, https:\/\/i0.wp.com\/aktialiiga.fi\/miehet\/wp-content\/uploads\/sites\/5\/2025\/05\/MSM-All-Stars-O9.jpg?resize=36%2C36&amp;ssl=1 36w, https:\/\/i0.wp.com\/aktialiiga.fi\/miehet\/wp-content\/uploads\/sites\/5\/2025\/05\/MSM-All-Stars-O9.jpg?resize=180%2C180&amp;ssl=1 180w, https:\/\/i0.wp.com\/aktialiiga.fi\/miehet\/wp-content\/uploads\/sites\/5\/2025\/05\/MSM-All-Stars-O9.jpg?resize=705%2C705&amp;ssl=1 705w\" sizes=\"(max-width: 1030px) 100vw, 1030px\" \/><div class='big-prev-fake'><img decoding=\"async\" fetchpriority=\"high\" class=\"wp-image-64726 avia-img-lazy-loading-not-64726\"  width=\"495\" height=\"400\" src=\"https:\/\/i0.wp.com\/aktialiiga.fi\/miehet\/wp-content\/uploads\/sites\/5\/2025\/05\/MSM-All-Stars-O9.jpg?resize=495%2C400&ssl=1\" title='Aktialiiga 2024\/25 All Stars O9' alt='' srcset=\"https:\/\/i0.wp.com\/aktialiiga.fi\/miehet\/wp-content\/uploads\/sites\/5\/2025\/05\/MSM-All-Stars-O9.jpg?resize=495%2C400&amp;ssl=1 495w, https:\/\/i0.wp.com\/aktialiiga.fi\/miehet\/wp-content\/uploads\/sites\/5\/2025\/05\/MSM-All-Stars-O9.jpg?resize=845%2C684&amp;ssl=1 845w, https:\/\/i0.wp.com\/aktialiiga.fi\/miehet\/wp-content\/uploads\/sites\/5\/2025\/05\/MSM-All-Stars-O9.jpg?zoom=2&amp;resize=495%2C400&amp;ssl=1 990w\" sizes=\"(max-width: 495px) 100vw, 495px\" \/><\/div><\/a><\/div><\/div><\/p><\/div><\/div><!--close column table wrapper. Autoclose: 1 -->\n<style type=\"text\/css\" data-created_by=\"avia_inline_auto\" id=\"style-css-av-av_hr-8ba2aaad283711657809370165752dae\">\n#top .hr.hr-invisible.av-av_hr-8ba2aaad283711657809370165752dae{\nheight:20px;\n}\n<\/style>\n<div  class='hr av-av_hr-8ba2aaad283711657809370165752dae hr-invisible  avia-builder-el-33  el_after_av_one_half  el_before_av_one_full  av-small-hide av-mini-hide'><span class='hr-inner '><span class=\"hr-inner-style\"><\/span><\/span><\/div>\n<div class='flex_column_table av-20f4eoy-bca89aed60194b3b7ca3c505dbc59a6c sc-av_one_full av-equal-height-column-flextable'><div  class='flex_column av-20f4eoy-bca89aed60194b3b7ca3c505dbc59a6c av_one_full  avia-builder-el-34  el_after_av_hr  avia-builder-el-last  first flex_column_table_cell av-equal-height-column av-align-top  '     ><p>\n<style type=\"text\/css\" data-created_by=\"avia_inline_auto\" id=\"style-css-av-1oea9wi-cc47d8f42cccfd9538b7c58c2208dba3\">\n#top .av-special-heading.av-1oea9wi-cc47d8f42cccfd9538b7c58c2208dba3{\npadding-bottom:10px;\nfont-size:36px;\n}\nbody .av-special-heading.av-1oea9wi-cc47d8f42cccfd9538b7c58c2208dba3 .av-special-heading-tag .heading-char{\nfont-size:25px;\n}\n#top #wrap_all .av-special-heading.av-1oea9wi-cc47d8f42cccfd9538b7c58c2208dba3 .av-special-heading-tag{\nfont-size:36px;\n}\n.av-special-heading.av-1oea9wi-cc47d8f42cccfd9538b7c58c2208dba3 .av-subheading{\nfont-size:29px;\n}\n\n@media only screen and (max-width: 479px){ \n#top #wrap_all .av-special-heading.av-1oea9wi-cc47d8f42cccfd9538b7c58c2208dba3 .av-special-heading-tag{\nfont-size:35px;\n}\n}\n\n@media only screen and (min-width: 480px) and (max-width: 767px){ \n#top #wrap_all .av-special-heading.av-1oea9wi-cc47d8f42cccfd9538b7c58c2208dba3 .av-special-heading-tag{\nfont-size:0.8em;\n}\n}\n<\/style>\n<div  class='av-special-heading av-1oea9wi-cc47d8f42cccfd9538b7c58c2208dba3 av-special-heading-h2 blockquote modern-quote modern-centered  avia-builder-el-35  el_before_av_gallery  avia-builder-el-first  av-inherit-size av-linked-heading'><h2 class='av-special-heading-tag '  itemprop=\"headline\"  ><a class=\"av-heading-link\" href=\"https:\/\/aktialiiga.fi\/miehet\/historia\/kuukauden-tahtipelaajat-kautta-aikojen\/\" >Kuukauden t\u00e4htipelaajat 2025\/26<\/a><\/h2><div class=\"special-heading-border\"><div class=\"special-heading-inner-border\"><\/div><\/div><\/div><br \/>\n\n<style type=\"text\/css\" data-created_by=\"avia_inline_auto\" id=\"style-css-av-18fotz6-4e07eb850f761fb1cd95de2aa0de1c3d\">\n#top .avia-gallery.av-18fotz6-4e07eb850f761fb1cd95de2aa0de1c3d .avia-gallery-thumb a{\nwidth:20%;\n}\n<\/style>\n<div  class='avia-gallery av-18fotz6-4e07eb850f761fb1cd95de2aa0de1c3d avia_animate_when_visible  avia-builder-el-36  el_after_av_heading  el_before_av_gallery  av-desktop-hide av-medium-hide animations_off avia-gallery-3'  itemprop=\"image\" itemscope=\"itemscope\" itemtype=\"https:\/\/schema.org\/ImageObject\" ><meta itemprop=\"contentURL\" content=\"https:\/\/aktialiiga.fi\/miehet\/aktialiiga-2025-26\/\"><div class='avia-gallery-thumb'><a href=\"https:\/\/aktialiiga.fi\/miehet\/ajankohtaista\/christian-cosmo-helmikuun-tahtipelaaja\/\" data-srcset=\"https:\/\/i0.wp.com\/aktialiiga.fi\/miehet\/wp-content\/uploads\/sites\/5\/2026\/03\/Kuukauden-tahtipelaaja-2-2026-Christian-Cosmo.png?w=2160&amp;ssl=1 2160w, https:\/\/i0.wp.com\/aktialiiga.fi\/miehet\/wp-content\/uploads\/sites\/5\/2026\/03\/Kuukauden-tahtipelaaja-2-2026-Christian-Cosmo.png?resize=300%2C300&amp;ssl=1 300w, https:\/\/i0.wp.com\/aktialiiga.fi\/miehet\/wp-content\/uploads\/sites\/5\/2026\/03\/Kuukauden-tahtipelaaja-2-2026-Christian-Cosmo.png?resize=1030%2C1030&amp;ssl=1 1030w, https:\/\/i0.wp.com\/aktialiiga.fi\/miehet\/wp-content\/uploads\/sites\/5\/2026\/03\/Kuukauden-tahtipelaaja-2-2026-Christian-Cosmo.png?resize=80%2C80&amp;ssl=1 80w, https:\/\/i0.wp.com\/aktialiiga.fi\/miehet\/wp-content\/uploads\/sites\/5\/2026\/03\/Kuukauden-tahtipelaaja-2-2026-Christian-Cosmo.png?resize=768%2C768&amp;ssl=1 768w, https:\/\/i0.wp.com\/aktialiiga.fi\/miehet\/wp-content\/uploads\/sites\/5\/2026\/03\/Kuukauden-tahtipelaaja-2-2026-Christian-Cosmo.png?resize=1536%2C1536&amp;ssl=1 1536w, https:\/\/i0.wp.com\/aktialiiga.fi\/miehet\/wp-content\/uploads\/sites\/5\/2026\/03\/Kuukauden-tahtipelaaja-2-2026-Christian-Cosmo.png?resize=2048%2C2048&amp;ssl=1 2048w, https:\/\/i0.wp.com\/aktialiiga.fi\/miehet\/wp-content\/uploads\/sites\/5\/2026\/03\/Kuukauden-tahtipelaaja-2-2026-Christian-Cosmo.png?resize=36%2C36&amp;ssl=1 36w, https:\/\/i0.wp.com\/aktialiiga.fi\/miehet\/wp-content\/uploads\/sites\/5\/2026\/03\/Kuukauden-tahtipelaaja-2-2026-Christian-Cosmo.png?resize=180%2C180&amp;ssl=1 180w, https:\/\/i0.wp.com\/aktialiiga.fi\/miehet\/wp-content\/uploads\/sites\/5\/2026\/03\/Kuukauden-tahtipelaaja-2-2026-Christian-Cosmo.png?resize=1500%2C1500&amp;ssl=1 1500w, https:\/\/i0.wp.com\/aktialiiga.fi\/miehet\/wp-content\/uploads\/sites\/5\/2026\/03\/Kuukauden-tahtipelaaja-2-2026-Christian-Cosmo.png?resize=705%2C705&amp;ssl=1 705w\" data-sizes=\"(max-width: 1030px) 100vw, 1030px\" data-rel='gallery-3' data-prev-img='https:\/\/i0.wp.com\/aktialiiga.fi\/miehet\/wp-content\/uploads\/sites\/5\/2026\/03\/Kuukauden-tahtipelaaja-2-2026-Christian-Cosmo.png?resize=495%2C400&ssl=1' class='first_thumb custom_link ' data-onclick='1' title='Kuukauden t\u00e4htipelaaja 2\/2026 Christian Cosmo, HIFK'  itemprop=\"thumbnailUrl\"  ><img decoding=\"async\" fetchpriority=\"high\" class=\"wp-image-69427 avia-img-lazy-loading-not-69427\"   src=\"https:\/\/i0.wp.com\/aktialiiga.fi\/miehet\/wp-content\/uploads\/sites\/5\/2026\/03\/Kuukauden-tahtipelaaja-2-2026-Christian-Cosmo.png?fit=1030%2C1030&ssl=1\" width=\"1030\" height=\"1030\"  title='Kuukauden t\u00e4htipelaaja 2\/2026 Christian Cosmo, HIFK' alt='' srcset=\"https:\/\/i0.wp.com\/aktialiiga.fi\/miehet\/wp-content\/uploads\/sites\/5\/2026\/03\/Kuukauden-tahtipelaaja-2-2026-Christian-Cosmo.png?w=2160&amp;ssl=1 2160w, https:\/\/i0.wp.com\/aktialiiga.fi\/miehet\/wp-content\/uploads\/sites\/5\/2026\/03\/Kuukauden-tahtipelaaja-2-2026-Christian-Cosmo.png?resize=300%2C300&amp;ssl=1 300w, https:\/\/i0.wp.com\/aktialiiga.fi\/miehet\/wp-content\/uploads\/sites\/5\/2026\/03\/Kuukauden-tahtipelaaja-2-2026-Christian-Cosmo.png?resize=1030%2C1030&amp;ssl=1 1030w, https:\/\/i0.wp.com\/aktialiiga.fi\/miehet\/wp-content\/uploads\/sites\/5\/2026\/03\/Kuukauden-tahtipelaaja-2-2026-Christian-Cosmo.png?resize=80%2C80&amp;ssl=1 80w, https:\/\/i0.wp.com\/aktialiiga.fi\/miehet\/wp-content\/uploads\/sites\/5\/2026\/03\/Kuukauden-tahtipelaaja-2-2026-Christian-Cosmo.png?resize=768%2C768&amp;ssl=1 768w, https:\/\/i0.wp.com\/aktialiiga.fi\/miehet\/wp-content\/uploads\/sites\/5\/2026\/03\/Kuukauden-tahtipelaaja-2-2026-Christian-Cosmo.png?resize=1536%2C1536&amp;ssl=1 1536w, https:\/\/i0.wp.com\/aktialiiga.fi\/miehet\/wp-content\/uploads\/sites\/5\/2026\/03\/Kuukauden-tahtipelaaja-2-2026-Christian-Cosmo.png?resize=2048%2C2048&amp;ssl=1 2048w, https:\/\/i0.wp.com\/aktialiiga.fi\/miehet\/wp-content\/uploads\/sites\/5\/2026\/03\/Kuukauden-tahtipelaaja-2-2026-Christian-Cosmo.png?resize=36%2C36&amp;ssl=1 36w, https:\/\/i0.wp.com\/aktialiiga.fi\/miehet\/wp-content\/uploads\/sites\/5\/2026\/03\/Kuukauden-tahtipelaaja-2-2026-Christian-Cosmo.png?resize=180%2C180&amp;ssl=1 180w, https:\/\/i0.wp.com\/aktialiiga.fi\/miehet\/wp-content\/uploads\/sites\/5\/2026\/03\/Kuukauden-tahtipelaaja-2-2026-Christian-Cosmo.png?resize=1500%2C1500&amp;ssl=1 1500w, https:\/\/i0.wp.com\/aktialiiga.fi\/miehet\/wp-content\/uploads\/sites\/5\/2026\/03\/Kuukauden-tahtipelaaja-2-2026-Christian-Cosmo.png?resize=705%2C705&amp;ssl=1 705w\" sizes=\"(max-width: 1030px) 100vw, 1030px\" \/><div class='big-prev-fake'><img decoding=\"async\" fetchpriority=\"high\" class=\"wp-image-69427 avia-img-lazy-loading-not-69427\"  width=\"495\" height=\"400\" src=\"https:\/\/i0.wp.com\/aktialiiga.fi\/miehet\/wp-content\/uploads\/sites\/5\/2026\/03\/Kuukauden-tahtipelaaja-2-2026-Christian-Cosmo.png?resize=495%2C400&ssl=1\" title='Kuukauden t\u00e4htipelaaja 2\/2026 Christian Cosmo, HIFK' alt='' srcset=\"https:\/\/i0.wp.com\/aktialiiga.fi\/miehet\/wp-content\/uploads\/sites\/5\/2026\/03\/Kuukauden-tahtipelaaja-2-2026-Christian-Cosmo.png?resize=495%2C400&amp;ssl=1 495w, https:\/\/i0.wp.com\/aktialiiga.fi\/miehet\/wp-content\/uploads\/sites\/5\/2026\/03\/Kuukauden-tahtipelaaja-2-2026-Christian-Cosmo.png?resize=845%2C684&amp;ssl=1 845w, https:\/\/i0.wp.com\/aktialiiga.fi\/miehet\/wp-content\/uploads\/sites\/5\/2026\/03\/Kuukauden-tahtipelaaja-2-2026-Christian-Cosmo.png?zoom=2&amp;resize=495%2C400&amp;ssl=1 990w, https:\/\/i0.wp.com\/aktialiiga.fi\/miehet\/wp-content\/uploads\/sites\/5\/2026\/03\/Kuukauden-tahtipelaaja-2-2026-Christian-Cosmo.png?zoom=3&amp;resize=495%2C400&amp;ssl=1 1485w\" sizes=\"(max-width: 495px) 100vw, 495px\" \/><\/div><\/a><a href=\"https:\/\/i0.wp.com\/aktialiiga.fi\/miehet\/wp-content\/uploads\/sites\/5\/2026\/02\/Kuukauden-tahtipelaaja-12-2025-1-2026-Sebastian-Sakkinen.png?fit=1030%2C1030&amp;ssl=1\" data-srcset=\"https:\/\/i0.wp.com\/aktialiiga.fi\/miehet\/wp-content\/uploads\/sites\/5\/2026\/02\/Kuukauden-tahtipelaaja-12-2025-1-2026-Sebastian-Sakkinen.png?w=2160&amp;ssl=1 2160w, https:\/\/i0.wp.com\/aktialiiga.fi\/miehet\/wp-content\/uploads\/sites\/5\/2026\/02\/Kuukauden-tahtipelaaja-12-2025-1-2026-Sebastian-Sakkinen.png?resize=300%2C300&amp;ssl=1 300w, https:\/\/i0.wp.com\/aktialiiga.fi\/miehet\/wp-content\/uploads\/sites\/5\/2026\/02\/Kuukauden-tahtipelaaja-12-2025-1-2026-Sebastian-Sakkinen.png?resize=1030%2C1030&amp;ssl=1 1030w, https:\/\/i0.wp.com\/aktialiiga.fi\/miehet\/wp-content\/uploads\/sites\/5\/2026\/02\/Kuukauden-tahtipelaaja-12-2025-1-2026-Sebastian-Sakkinen.png?resize=80%2C80&amp;ssl=1 80w, https:\/\/i0.wp.com\/aktialiiga.fi\/miehet\/wp-content\/uploads\/sites\/5\/2026\/02\/Kuukauden-tahtipelaaja-12-2025-1-2026-Sebastian-Sakkinen.png?resize=768%2C768&amp;ssl=1 768w, https:\/\/i0.wp.com\/aktialiiga.fi\/miehet\/wp-content\/uploads\/sites\/5\/2026\/02\/Kuukauden-tahtipelaaja-12-2025-1-2026-Sebastian-Sakkinen.png?resize=1536%2C1536&amp;ssl=1 1536w, https:\/\/i0.wp.com\/aktialiiga.fi\/miehet\/wp-content\/uploads\/sites\/5\/2026\/02\/Kuukauden-tahtipelaaja-12-2025-1-2026-Sebastian-Sakkinen.png?resize=2048%2C2048&amp;ssl=1 2048w, https:\/\/i0.wp.com\/aktialiiga.fi\/miehet\/wp-content\/uploads\/sites\/5\/2026\/02\/Kuukauden-tahtipelaaja-12-2025-1-2026-Sebastian-Sakkinen.png?resize=36%2C36&amp;ssl=1 36w, https:\/\/i0.wp.com\/aktialiiga.fi\/miehet\/wp-content\/uploads\/sites\/5\/2026\/02\/Kuukauden-tahtipelaaja-12-2025-1-2026-Sebastian-Sakkinen.png?resize=180%2C180&amp;ssl=1 180w, https:\/\/i0.wp.com\/aktialiiga.fi\/miehet\/wp-content\/uploads\/sites\/5\/2026\/02\/Kuukauden-tahtipelaaja-12-2025-1-2026-Sebastian-Sakkinen.png?resize=1500%2C1500&amp;ssl=1 1500w, https:\/\/i0.wp.com\/aktialiiga.fi\/miehet\/wp-content\/uploads\/sites\/5\/2026\/02\/Kuukauden-tahtipelaaja-12-2025-1-2026-Sebastian-Sakkinen.png?resize=705%2C705&amp;ssl=1 705w\" data-sizes=\"(max-width: 1030px) 100vw, 1030px\" data-rel='gallery-3' data-prev-img='https:\/\/i0.wp.com\/aktialiiga.fi\/miehet\/wp-content\/uploads\/sites\/5\/2026\/02\/Kuukauden-tahtipelaaja-12-2025-1-2026-Sebastian-Sakkinen.png?resize=495%2C400&ssl=1' class='custom_link ' data-onclick='2' title='Kuukauden t\u00e4htipelaaja 12-2025 - 1-2026  Sebastian S\u00e4kkinen, BK-46'  itemprop=\"thumbnailUrl\"  ><img decoding=\"async\" fetchpriority=\"high\" class=\"wp-image-69010 avia-img-lazy-loading-not-69010\"   src=\"https:\/\/i0.wp.com\/aktialiiga.fi\/miehet\/wp-content\/uploads\/sites\/5\/2026\/02\/Kuukauden-tahtipelaaja-12-2025-1-2026-Sebastian-Sakkinen.png?fit=1030%2C1030&ssl=1\" width=\"1030\" height=\"1030\"  title='Kuukauden t\u00e4htipelaaja 12-2025 - 1-2026  Sebastian S\u00e4kkinen, BK-46' alt='' srcset=\"https:\/\/i0.wp.com\/aktialiiga.fi\/miehet\/wp-content\/uploads\/sites\/5\/2026\/02\/Kuukauden-tahtipelaaja-12-2025-1-2026-Sebastian-Sakkinen.png?w=2160&amp;ssl=1 2160w, https:\/\/i0.wp.com\/aktialiiga.fi\/miehet\/wp-content\/uploads\/sites\/5\/2026\/02\/Kuukauden-tahtipelaaja-12-2025-1-2026-Sebastian-Sakkinen.png?resize=300%2C300&amp;ssl=1 300w, https:\/\/i0.wp.com\/aktialiiga.fi\/miehet\/wp-content\/uploads\/sites\/5\/2026\/02\/Kuukauden-tahtipelaaja-12-2025-1-2026-Sebastian-Sakkinen.png?resize=1030%2C1030&amp;ssl=1 1030w, https:\/\/i0.wp.com\/aktialiiga.fi\/miehet\/wp-content\/uploads\/sites\/5\/2026\/02\/Kuukauden-tahtipelaaja-12-2025-1-2026-Sebastian-Sakkinen.png?resize=80%2C80&amp;ssl=1 80w, https:\/\/i0.wp.com\/aktialiiga.fi\/miehet\/wp-content\/uploads\/sites\/5\/2026\/02\/Kuukauden-tahtipelaaja-12-2025-1-2026-Sebastian-Sakkinen.png?resize=768%2C768&amp;ssl=1 768w, https:\/\/i0.wp.com\/aktialiiga.fi\/miehet\/wp-content\/uploads\/sites\/5\/2026\/02\/Kuukauden-tahtipelaaja-12-2025-1-2026-Sebastian-Sakkinen.png?resize=1536%2C1536&amp;ssl=1 1536w, https:\/\/i0.wp.com\/aktialiiga.fi\/miehet\/wp-content\/uploads\/sites\/5\/2026\/02\/Kuukauden-tahtipelaaja-12-2025-1-2026-Sebastian-Sakkinen.png?resize=2048%2C2048&amp;ssl=1 2048w, https:\/\/i0.wp.com\/aktialiiga.fi\/miehet\/wp-content\/uploads\/sites\/5\/2026\/02\/Kuukauden-tahtipelaaja-12-2025-1-2026-Sebastian-Sakkinen.png?resize=36%2C36&amp;ssl=1 36w, https:\/\/i0.wp.com\/aktialiiga.fi\/miehet\/wp-content\/uploads\/sites\/5\/2026\/02\/Kuukauden-tahtipelaaja-12-2025-1-2026-Sebastian-Sakkinen.png?resize=180%2C180&amp;ssl=1 180w, https:\/\/i0.wp.com\/aktialiiga.fi\/miehet\/wp-content\/uploads\/sites\/5\/2026\/02\/Kuukauden-tahtipelaaja-12-2025-1-2026-Sebastian-Sakkinen.png?resize=1500%2C1500&amp;ssl=1 1500w, https:\/\/i0.wp.com\/aktialiiga.fi\/miehet\/wp-content\/uploads\/sites\/5\/2026\/02\/Kuukauden-tahtipelaaja-12-2025-1-2026-Sebastian-Sakkinen.png?resize=705%2C705&amp;ssl=1 705w\" sizes=\"(max-width: 1030px) 100vw, 1030px\" \/><div class='big-prev-fake'><img decoding=\"async\" fetchpriority=\"high\" class=\"wp-image-69010 avia-img-lazy-loading-not-69010\"  width=\"495\" height=\"400\" src=\"https:\/\/i0.wp.com\/aktialiiga.fi\/miehet\/wp-content\/uploads\/sites\/5\/2026\/02\/Kuukauden-tahtipelaaja-12-2025-1-2026-Sebastian-Sakkinen.png?resize=495%2C400&ssl=1\" title='Kuukauden t\u00e4htipelaaja 12-2025 - 1-2026  Sebastian S\u00e4kkinen, BK-46' alt='' srcset=\"https:\/\/i0.wp.com\/aktialiiga.fi\/miehet\/wp-content\/uploads\/sites\/5\/2026\/02\/Kuukauden-tahtipelaaja-12-2025-1-2026-Sebastian-Sakkinen.png?resize=495%2C400&amp;ssl=1 495w, https:\/\/i0.wp.com\/aktialiiga.fi\/miehet\/wp-content\/uploads\/sites\/5\/2026\/02\/Kuukauden-tahtipelaaja-12-2025-1-2026-Sebastian-Sakkinen.png?resize=845%2C684&amp;ssl=1 845w, https:\/\/i0.wp.com\/aktialiiga.fi\/miehet\/wp-content\/uploads\/sites\/5\/2026\/02\/Kuukauden-tahtipelaaja-12-2025-1-2026-Sebastian-Sakkinen.png?zoom=2&amp;resize=495%2C400&amp;ssl=1 990w, https:\/\/i0.wp.com\/aktialiiga.fi\/miehet\/wp-content\/uploads\/sites\/5\/2026\/02\/Kuukauden-tahtipelaaja-12-2025-1-2026-Sebastian-Sakkinen.png?zoom=3&amp;resize=495%2C400&amp;ssl=1 1485w\" sizes=\"(max-width: 495px) 100vw, 495px\" \/><\/div><\/a><a href=\"https:\/\/aktialiiga.fi\/miehet\/ajankohtaista\/miska-henriksson-marraskuun-tahtipelaaja\/\" data-srcset=\"https:\/\/i0.wp.com\/aktialiiga.fi\/miehet\/wp-content\/uploads\/sites\/5\/2025\/12\/Kuukauden-tahtipelaaja-11-2025-Miska-Henriksson.png?w=2160&amp;ssl=1 2160w, https:\/\/i0.wp.com\/aktialiiga.fi\/miehet\/wp-content\/uploads\/sites\/5\/2025\/12\/Kuukauden-tahtipelaaja-11-2025-Miska-Henriksson.png?resize=300%2C300&amp;ssl=1 300w, https:\/\/i0.wp.com\/aktialiiga.fi\/miehet\/wp-content\/uploads\/sites\/5\/2025\/12\/Kuukauden-tahtipelaaja-11-2025-Miska-Henriksson.png?resize=1030%2C1030&amp;ssl=1 1030w, https:\/\/i0.wp.com\/aktialiiga.fi\/miehet\/wp-content\/uploads\/sites\/5\/2025\/12\/Kuukauden-tahtipelaaja-11-2025-Miska-Henriksson.png?resize=80%2C80&amp;ssl=1 80w, https:\/\/i0.wp.com\/aktialiiga.fi\/miehet\/wp-content\/uploads\/sites\/5\/2025\/12\/Kuukauden-tahtipelaaja-11-2025-Miska-Henriksson.png?resize=768%2C768&amp;ssl=1 768w, https:\/\/i0.wp.com\/aktialiiga.fi\/miehet\/wp-content\/uploads\/sites\/5\/2025\/12\/Kuukauden-tahtipelaaja-11-2025-Miska-Henriksson.png?resize=1536%2C1536&amp;ssl=1 1536w, https:\/\/i0.wp.com\/aktialiiga.fi\/miehet\/wp-content\/uploads\/sites\/5\/2025\/12\/Kuukauden-tahtipelaaja-11-2025-Miska-Henriksson.png?resize=2048%2C2048&amp;ssl=1 2048w, https:\/\/i0.wp.com\/aktialiiga.fi\/miehet\/wp-content\/uploads\/sites\/5\/2025\/12\/Kuukauden-tahtipelaaja-11-2025-Miska-Henriksson.png?resize=36%2C36&amp;ssl=1 36w, https:\/\/i0.wp.com\/aktialiiga.fi\/miehet\/wp-content\/uploads\/sites\/5\/2025\/12\/Kuukauden-tahtipelaaja-11-2025-Miska-Henriksson.png?resize=180%2C180&amp;ssl=1 180w, https:\/\/i0.wp.com\/aktialiiga.fi\/miehet\/wp-content\/uploads\/sites\/5\/2025\/12\/Kuukauden-tahtipelaaja-11-2025-Miska-Henriksson.png?resize=1500%2C1500&amp;ssl=1 1500w, https:\/\/i0.wp.com\/aktialiiga.fi\/miehet\/wp-content\/uploads\/sites\/5\/2025\/12\/Kuukauden-tahtipelaaja-11-2025-Miska-Henriksson.png?resize=705%2C705&amp;ssl=1 705w\" data-sizes=\"(max-width: 1030px) 100vw, 1030px\" data-rel='gallery-3' data-prev-img='https:\/\/i0.wp.com\/aktialiiga.fi\/miehet\/wp-content\/uploads\/sites\/5\/2025\/12\/Kuukauden-tahtipelaaja-11-2025-Miska-Henriksson.png?resize=495%2C400&ssl=1' class='custom_link ' data-onclick='3' title='Kuukauden t\u00e4htipelaaja 11-2025 Miska Henriksson, BK-46'  itemprop=\"thumbnailUrl\"  ><img decoding=\"async\" fetchpriority=\"high\" class=\"wp-image-68195 avia-img-lazy-loading-not-68195\"   src=\"https:\/\/i0.wp.com\/aktialiiga.fi\/miehet\/wp-content\/uploads\/sites\/5\/2025\/12\/Kuukauden-tahtipelaaja-11-2025-Miska-Henriksson.png?fit=1030%2C1030&ssl=1\" width=\"1030\" height=\"1030\"  title='Kuukauden t\u00e4htipelaaja 11-2025 Miska Henriksson, BK-46' alt='' srcset=\"https:\/\/i0.wp.com\/aktialiiga.fi\/miehet\/wp-content\/uploads\/sites\/5\/2025\/12\/Kuukauden-tahtipelaaja-11-2025-Miska-Henriksson.png?w=2160&amp;ssl=1 2160w, https:\/\/i0.wp.com\/aktialiiga.fi\/miehet\/wp-content\/uploads\/sites\/5\/2025\/12\/Kuukauden-tahtipelaaja-11-2025-Miska-Henriksson.png?resize=300%2C300&amp;ssl=1 300w, https:\/\/i0.wp.com\/aktialiiga.fi\/miehet\/wp-content\/uploads\/sites\/5\/2025\/12\/Kuukauden-tahtipelaaja-11-2025-Miska-Henriksson.png?resize=1030%2C1030&amp;ssl=1 1030w, https:\/\/i0.wp.com\/aktialiiga.fi\/miehet\/wp-content\/uploads\/sites\/5\/2025\/12\/Kuukauden-tahtipelaaja-11-2025-Miska-Henriksson.png?resize=80%2C80&amp;ssl=1 80w, https:\/\/i0.wp.com\/aktialiiga.fi\/miehet\/wp-content\/uploads\/sites\/5\/2025\/12\/Kuukauden-tahtipelaaja-11-2025-Miska-Henriksson.png?resize=768%2C768&amp;ssl=1 768w, https:\/\/i0.wp.com\/aktialiiga.fi\/miehet\/wp-content\/uploads\/sites\/5\/2025\/12\/Kuukauden-tahtipelaaja-11-2025-Miska-Henriksson.png?resize=1536%2C1536&amp;ssl=1 1536w, https:\/\/i0.wp.com\/aktialiiga.fi\/miehet\/wp-content\/uploads\/sites\/5\/2025\/12\/Kuukauden-tahtipelaaja-11-2025-Miska-Henriksson.png?resize=2048%2C2048&amp;ssl=1 2048w, https:\/\/i0.wp.com\/aktialiiga.fi\/miehet\/wp-content\/uploads\/sites\/5\/2025\/12\/Kuukauden-tahtipelaaja-11-2025-Miska-Henriksson.png?resize=36%2C36&amp;ssl=1 36w, https:\/\/i0.wp.com\/aktialiiga.fi\/miehet\/wp-content\/uploads\/sites\/5\/2025\/12\/Kuukauden-tahtipelaaja-11-2025-Miska-Henriksson.png?resize=180%2C180&amp;ssl=1 180w, https:\/\/i0.wp.com\/aktialiiga.fi\/miehet\/wp-content\/uploads\/sites\/5\/2025\/12\/Kuukauden-tahtipelaaja-11-2025-Miska-Henriksson.png?resize=1500%2C1500&amp;ssl=1 1500w, https:\/\/i0.wp.com\/aktialiiga.fi\/miehet\/wp-content\/uploads\/sites\/5\/2025\/12\/Kuukauden-tahtipelaaja-11-2025-Miska-Henriksson.png?resize=705%2C705&amp;ssl=1 705w\" sizes=\"(max-width: 1030px) 100vw, 1030px\" \/><div class='big-prev-fake'><img decoding=\"async\" fetchpriority=\"high\" class=\"wp-image-68195 avia-img-lazy-loading-not-68195\"  width=\"495\" height=\"400\" src=\"https:\/\/i0.wp.com\/aktialiiga.fi\/miehet\/wp-content\/uploads\/sites\/5\/2025\/12\/Kuukauden-tahtipelaaja-11-2025-Miska-Henriksson.png?resize=495%2C400&ssl=1\" title='Kuukauden t\u00e4htipelaaja 11-2025 Miska Henriksson, BK-46' alt='' srcset=\"https:\/\/i0.wp.com\/aktialiiga.fi\/miehet\/wp-content\/uploads\/sites\/5\/2025\/12\/Kuukauden-tahtipelaaja-11-2025-Miska-Henriksson.png?resize=495%2C400&amp;ssl=1 495w, https:\/\/i0.wp.com\/aktialiiga.fi\/miehet\/wp-content\/uploads\/sites\/5\/2025\/12\/Kuukauden-tahtipelaaja-11-2025-Miska-Henriksson.png?resize=845%2C684&amp;ssl=1 845w, https:\/\/i0.wp.com\/aktialiiga.fi\/miehet\/wp-content\/uploads\/sites\/5\/2025\/12\/Kuukauden-tahtipelaaja-11-2025-Miska-Henriksson.png?zoom=2&amp;resize=495%2C400&amp;ssl=1 990w, https:\/\/i0.wp.com\/aktialiiga.fi\/miehet\/wp-content\/uploads\/sites\/5\/2025\/12\/Kuukauden-tahtipelaaja-11-2025-Miska-Henriksson.png?zoom=3&amp;resize=495%2C400&amp;ssl=1 1485w\" sizes=\"(max-width: 495px) 100vw, 495px\" \/><\/div><\/a><a href=\"https:\/\/i0.wp.com\/aktialiiga.fi\/miehet\/wp-content\/uploads\/sites\/5\/2025\/10\/Kuukauden-tahtipelaaja-10-2025-Viktor-Gronmark.png?fit=1030%2C1030&amp;ssl=1\" data-srcset=\"https:\/\/i0.wp.com\/aktialiiga.fi\/miehet\/wp-content\/uploads\/sites\/5\/2025\/10\/Kuukauden-tahtipelaaja-10-2025-Viktor-Gronmark.png?w=2160&amp;ssl=1 2160w, https:\/\/i0.wp.com\/aktialiiga.fi\/miehet\/wp-content\/uploads\/sites\/5\/2025\/10\/Kuukauden-tahtipelaaja-10-2025-Viktor-Gronmark.png?resize=300%2C300&amp;ssl=1 300w, https:\/\/i0.wp.com\/aktialiiga.fi\/miehet\/wp-content\/uploads\/sites\/5\/2025\/10\/Kuukauden-tahtipelaaja-10-2025-Viktor-Gronmark.png?resize=1030%2C1030&amp;ssl=1 1030w, https:\/\/i0.wp.com\/aktialiiga.fi\/miehet\/wp-content\/uploads\/sites\/5\/2025\/10\/Kuukauden-tahtipelaaja-10-2025-Viktor-Gronmark.png?resize=80%2C80&amp;ssl=1 80w, https:\/\/i0.wp.com\/aktialiiga.fi\/miehet\/wp-content\/uploads\/sites\/5\/2025\/10\/Kuukauden-tahtipelaaja-10-2025-Viktor-Gronmark.png?resize=768%2C768&amp;ssl=1 768w, https:\/\/i0.wp.com\/aktialiiga.fi\/miehet\/wp-content\/uploads\/sites\/5\/2025\/10\/Kuukauden-tahtipelaaja-10-2025-Viktor-Gronmark.png?resize=1536%2C1536&amp;ssl=1 1536w, https:\/\/i0.wp.com\/aktialiiga.fi\/miehet\/wp-content\/uploads\/sites\/5\/2025\/10\/Kuukauden-tahtipelaaja-10-2025-Viktor-Gronmark.png?resize=2048%2C2048&amp;ssl=1 2048w, https:\/\/i0.wp.com\/aktialiiga.fi\/miehet\/wp-content\/uploads\/sites\/5\/2025\/10\/Kuukauden-tahtipelaaja-10-2025-Viktor-Gronmark.png?resize=36%2C36&amp;ssl=1 36w, https:\/\/i0.wp.com\/aktialiiga.fi\/miehet\/wp-content\/uploads\/sites\/5\/2025\/10\/Kuukauden-tahtipelaaja-10-2025-Viktor-Gronmark.png?resize=180%2C180&amp;ssl=1 180w, https:\/\/i0.wp.com\/aktialiiga.fi\/miehet\/wp-content\/uploads\/sites\/5\/2025\/10\/Kuukauden-tahtipelaaja-10-2025-Viktor-Gronmark.png?resize=1500%2C1500&amp;ssl=1 1500w, https:\/\/i0.wp.com\/aktialiiga.fi\/miehet\/wp-content\/uploads\/sites\/5\/2025\/10\/Kuukauden-tahtipelaaja-10-2025-Viktor-Gronmark.png?resize=705%2C705&amp;ssl=1 705w\" data-sizes=\"(max-width: 1030px) 100vw, 1030px\" data-rel='gallery-3' data-prev-img='https:\/\/i0.wp.com\/aktialiiga.fi\/miehet\/wp-content\/uploads\/sites\/5\/2025\/10\/Kuukauden-tahtipelaaja-10-2025-Viktor-Gronmark.png?resize=495%2C400&ssl=1' class='custom_link ' data-onclick='4' title='Kuukauden t\u00e4htipelaaja 10-2025 Viktor Gr\u00f6nmark. SIF'  itemprop=\"thumbnailUrl\"  ><img decoding=\"async\" fetchpriority=\"high\" class=\"wp-image-67596 avia-img-lazy-loading-not-67596\"   src=\"https:\/\/i0.wp.com\/aktialiiga.fi\/miehet\/wp-content\/uploads\/sites\/5\/2025\/10\/Kuukauden-tahtipelaaja-10-2025-Viktor-Gronmark.png?fit=1030%2C1030&ssl=1\" width=\"1030\" height=\"1030\"  title='Kuukauden t\u00e4htipelaaja 10-2025 Viktor Gr\u00f6nmark. SIF' alt='' srcset=\"https:\/\/i0.wp.com\/aktialiiga.fi\/miehet\/wp-content\/uploads\/sites\/5\/2025\/10\/Kuukauden-tahtipelaaja-10-2025-Viktor-Gronmark.png?w=2160&amp;ssl=1 2160w, https:\/\/i0.wp.com\/aktialiiga.fi\/miehet\/wp-content\/uploads\/sites\/5\/2025\/10\/Kuukauden-tahtipelaaja-10-2025-Viktor-Gronmark.png?resize=300%2C300&amp;ssl=1 300w, https:\/\/i0.wp.com\/aktialiiga.fi\/miehet\/wp-content\/uploads\/sites\/5\/2025\/10\/Kuukauden-tahtipelaaja-10-2025-Viktor-Gronmark.png?resize=1030%2C1030&amp;ssl=1 1030w, https:\/\/i0.wp.com\/aktialiiga.fi\/miehet\/wp-content\/uploads\/sites\/5\/2025\/10\/Kuukauden-tahtipelaaja-10-2025-Viktor-Gronmark.png?resize=80%2C80&amp;ssl=1 80w, https:\/\/i0.wp.com\/aktialiiga.fi\/miehet\/wp-content\/uploads\/sites\/5\/2025\/10\/Kuukauden-tahtipelaaja-10-2025-Viktor-Gronmark.png?resize=768%2C768&amp;ssl=1 768w, https:\/\/i0.wp.com\/aktialiiga.fi\/miehet\/wp-content\/uploads\/sites\/5\/2025\/10\/Kuukauden-tahtipelaaja-10-2025-Viktor-Gronmark.png?resize=1536%2C1536&amp;ssl=1 1536w, https:\/\/i0.wp.com\/aktialiiga.fi\/miehet\/wp-content\/uploads\/sites\/5\/2025\/10\/Kuukauden-tahtipelaaja-10-2025-Viktor-Gronmark.png?resize=2048%2C2048&amp;ssl=1 2048w, https:\/\/i0.wp.com\/aktialiiga.fi\/miehet\/wp-content\/uploads\/sites\/5\/2025\/10\/Kuukauden-tahtipelaaja-10-2025-Viktor-Gronmark.png?resize=36%2C36&amp;ssl=1 36w, https:\/\/i0.wp.com\/aktialiiga.fi\/miehet\/wp-content\/uploads\/sites\/5\/2025\/10\/Kuukauden-tahtipelaaja-10-2025-Viktor-Gronmark.png?resize=180%2C180&amp;ssl=1 180w, https:\/\/i0.wp.com\/aktialiiga.fi\/miehet\/wp-content\/uploads\/sites\/5\/2025\/10\/Kuukauden-tahtipelaaja-10-2025-Viktor-Gronmark.png?resize=1500%2C1500&amp;ssl=1 1500w, https:\/\/i0.wp.com\/aktialiiga.fi\/miehet\/wp-content\/uploads\/sites\/5\/2025\/10\/Kuukauden-tahtipelaaja-10-2025-Viktor-Gronmark.png?resize=705%2C705&amp;ssl=1 705w\" sizes=\"(max-width: 1030px) 100vw, 1030px\" \/><div class='big-prev-fake'><img decoding=\"async\" fetchpriority=\"high\" class=\"wp-image-67596 avia-img-lazy-loading-not-67596\"  width=\"495\" height=\"400\" src=\"https:\/\/i0.wp.com\/aktialiiga.fi\/miehet\/wp-content\/uploads\/sites\/5\/2025\/10\/Kuukauden-tahtipelaaja-10-2025-Viktor-Gronmark.png?resize=495%2C400&ssl=1\" title='Kuukauden t\u00e4htipelaaja 10-2025 Viktor Gr\u00f6nmark. SIF' alt='' srcset=\"https:\/\/i0.wp.com\/aktialiiga.fi\/miehet\/wp-content\/uploads\/sites\/5\/2025\/10\/Kuukauden-tahtipelaaja-10-2025-Viktor-Gronmark.png?resize=495%2C400&amp;ssl=1 495w, https:\/\/i0.wp.com\/aktialiiga.fi\/miehet\/wp-content\/uploads\/sites\/5\/2025\/10\/Kuukauden-tahtipelaaja-10-2025-Viktor-Gronmark.png?resize=845%2C684&amp;ssl=1 845w, https:\/\/i0.wp.com\/aktialiiga.fi\/miehet\/wp-content\/uploads\/sites\/5\/2025\/10\/Kuukauden-tahtipelaaja-10-2025-Viktor-Gronmark.png?zoom=2&amp;resize=495%2C400&amp;ssl=1 990w, https:\/\/i0.wp.com\/aktialiiga.fi\/miehet\/wp-content\/uploads\/sites\/5\/2025\/10\/Kuukauden-tahtipelaaja-10-2025-Viktor-Gronmark.png?zoom=3&amp;resize=495%2C400&amp;ssl=1 1485w\" sizes=\"(max-width: 495px) 100vw, 495px\" \/><\/div><\/a><a href=\"https:\/\/i0.wp.com\/aktialiiga.fi\/miehet\/wp-content\/uploads\/sites\/5\/2025\/10\/Kuukauden-tahtipelaaja-9-2025-Oliver-Nordlund.png?fit=1030%2C1030&amp;ssl=1\" data-srcset=\"https:\/\/i0.wp.com\/aktialiiga.fi\/miehet\/wp-content\/uploads\/sites\/5\/2025\/10\/Kuukauden-tahtipelaaja-9-2025-Oliver-Nordlund.png?w=2160&amp;ssl=1 2160w, https:\/\/i0.wp.com\/aktialiiga.fi\/miehet\/wp-content\/uploads\/sites\/5\/2025\/10\/Kuukauden-tahtipelaaja-9-2025-Oliver-Nordlund.png?resize=300%2C300&amp;ssl=1 300w, https:\/\/i0.wp.com\/aktialiiga.fi\/miehet\/wp-content\/uploads\/sites\/5\/2025\/10\/Kuukauden-tahtipelaaja-9-2025-Oliver-Nordlund.png?resize=1030%2C1030&amp;ssl=1 1030w, https:\/\/i0.wp.com\/aktialiiga.fi\/miehet\/wp-content\/uploads\/sites\/5\/2025\/10\/Kuukauden-tahtipelaaja-9-2025-Oliver-Nordlund.png?resize=80%2C80&amp;ssl=1 80w, https:\/\/i0.wp.com\/aktialiiga.fi\/miehet\/wp-content\/uploads\/sites\/5\/2025\/10\/Kuukauden-tahtipelaaja-9-2025-Oliver-Nordlund.png?resize=768%2C768&amp;ssl=1 768w, https:\/\/i0.wp.com\/aktialiiga.fi\/miehet\/wp-content\/uploads\/sites\/5\/2025\/10\/Kuukauden-tahtipelaaja-9-2025-Oliver-Nordlund.png?resize=1536%2C1536&amp;ssl=1 1536w, https:\/\/i0.wp.com\/aktialiiga.fi\/miehet\/wp-content\/uploads\/sites\/5\/2025\/10\/Kuukauden-tahtipelaaja-9-2025-Oliver-Nordlund.png?resize=2048%2C2048&amp;ssl=1 2048w, https:\/\/i0.wp.com\/aktialiiga.fi\/miehet\/wp-content\/uploads\/sites\/5\/2025\/10\/Kuukauden-tahtipelaaja-9-2025-Oliver-Nordlund.png?resize=36%2C36&amp;ssl=1 36w, https:\/\/i0.wp.com\/aktialiiga.fi\/miehet\/wp-content\/uploads\/sites\/5\/2025\/10\/Kuukauden-tahtipelaaja-9-2025-Oliver-Nordlund.png?resize=180%2C180&amp;ssl=1 180w, https:\/\/i0.wp.com\/aktialiiga.fi\/miehet\/wp-content\/uploads\/sites\/5\/2025\/10\/Kuukauden-tahtipelaaja-9-2025-Oliver-Nordlund.png?resize=1500%2C1500&amp;ssl=1 1500w, https:\/\/i0.wp.com\/aktialiiga.fi\/miehet\/wp-content\/uploads\/sites\/5\/2025\/10\/Kuukauden-tahtipelaaja-9-2025-Oliver-Nordlund.png?resize=705%2C705&amp;ssl=1 705w\" data-sizes=\"(max-width: 1030px) 100vw, 1030px\" data-rel='gallery-3' data-prev-img='https:\/\/i0.wp.com\/aktialiiga.fi\/miehet\/wp-content\/uploads\/sites\/5\/2025\/10\/Kuukauden-tahtipelaaja-9-2025-Oliver-Nordlund.png?resize=495%2C400&ssl=1' class='custom_link ' data-onclick='5' title='Kuukauden t\u00e4htipelaaja 9-2025 Oliver Nordlund, BK-46'  itemprop=\"thumbnailUrl\"  ><img decoding=\"async\" fetchpriority=\"high\" class=\"wp-image-66679 avia-img-lazy-loading-not-66679\"   src=\"https:\/\/i0.wp.com\/aktialiiga.fi\/miehet\/wp-content\/uploads\/sites\/5\/2025\/10\/Kuukauden-tahtipelaaja-9-2025-Oliver-Nordlund.png?fit=1030%2C1030&ssl=1\" width=\"1030\" height=\"1030\"  title='Kuukauden t\u00e4htipelaaja 9-2025 Oliver Nordlund, BK-46' alt='' srcset=\"https:\/\/i0.wp.com\/aktialiiga.fi\/miehet\/wp-content\/uploads\/sites\/5\/2025\/10\/Kuukauden-tahtipelaaja-9-2025-Oliver-Nordlund.png?w=2160&amp;ssl=1 2160w, https:\/\/i0.wp.com\/aktialiiga.fi\/miehet\/wp-content\/uploads\/sites\/5\/2025\/10\/Kuukauden-tahtipelaaja-9-2025-Oliver-Nordlund.png?resize=300%2C300&amp;ssl=1 300w, https:\/\/i0.wp.com\/aktialiiga.fi\/miehet\/wp-content\/uploads\/sites\/5\/2025\/10\/Kuukauden-tahtipelaaja-9-2025-Oliver-Nordlund.png?resize=1030%2C1030&amp;ssl=1 1030w, https:\/\/i0.wp.com\/aktialiiga.fi\/miehet\/wp-content\/uploads\/sites\/5\/2025\/10\/Kuukauden-tahtipelaaja-9-2025-Oliver-Nordlund.png?resize=80%2C80&amp;ssl=1 80w, https:\/\/i0.wp.com\/aktialiiga.fi\/miehet\/wp-content\/uploads\/sites\/5\/2025\/10\/Kuukauden-tahtipelaaja-9-2025-Oliver-Nordlund.png?resize=768%2C768&amp;ssl=1 768w, https:\/\/i0.wp.com\/aktialiiga.fi\/miehet\/wp-content\/uploads\/sites\/5\/2025\/10\/Kuukauden-tahtipelaaja-9-2025-Oliver-Nordlund.png?resize=1536%2C1536&amp;ssl=1 1536w, https:\/\/i0.wp.com\/aktialiiga.fi\/miehet\/wp-content\/uploads\/sites\/5\/2025\/10\/Kuukauden-tahtipelaaja-9-2025-Oliver-Nordlund.png?resize=2048%2C2048&amp;ssl=1 2048w, https:\/\/i0.wp.com\/aktialiiga.fi\/miehet\/wp-content\/uploads\/sites\/5\/2025\/10\/Kuukauden-tahtipelaaja-9-2025-Oliver-Nordlund.png?resize=36%2C36&amp;ssl=1 36w, https:\/\/i0.wp.com\/aktialiiga.fi\/miehet\/wp-content\/uploads\/sites\/5\/2025\/10\/Kuukauden-tahtipelaaja-9-2025-Oliver-Nordlund.png?resize=180%2C180&amp;ssl=1 180w, https:\/\/i0.wp.com\/aktialiiga.fi\/miehet\/wp-content\/uploads\/sites\/5\/2025\/10\/Kuukauden-tahtipelaaja-9-2025-Oliver-Nordlund.png?resize=1500%2C1500&amp;ssl=1 1500w, https:\/\/i0.wp.com\/aktialiiga.fi\/miehet\/wp-content\/uploads\/sites\/5\/2025\/10\/Kuukauden-tahtipelaaja-9-2025-Oliver-Nordlund.png?resize=705%2C705&amp;ssl=1 705w\" sizes=\"(max-width: 1030px) 100vw, 1030px\" \/><div class='big-prev-fake'><img decoding=\"async\" fetchpriority=\"high\" class=\"wp-image-66679 avia-img-lazy-loading-not-66679\"  width=\"495\" height=\"400\" src=\"https:\/\/i0.wp.com\/aktialiiga.fi\/miehet\/wp-content\/uploads\/sites\/5\/2025\/10\/Kuukauden-tahtipelaaja-9-2025-Oliver-Nordlund.png?resize=495%2C400&ssl=1\" title='Kuukauden t\u00e4htipelaaja 9-2025 Oliver Nordlund, BK-46' alt='' srcset=\"https:\/\/i0.wp.com\/aktialiiga.fi\/miehet\/wp-content\/uploads\/sites\/5\/2025\/10\/Kuukauden-tahtipelaaja-9-2025-Oliver-Nordlund.png?resize=495%2C400&amp;ssl=1 495w, https:\/\/i0.wp.com\/aktialiiga.fi\/miehet\/wp-content\/uploads\/sites\/5\/2025\/10\/Kuukauden-tahtipelaaja-9-2025-Oliver-Nordlund.png?resize=845%2C684&amp;ssl=1 845w, https:\/\/i0.wp.com\/aktialiiga.fi\/miehet\/wp-content\/uploads\/sites\/5\/2025\/10\/Kuukauden-tahtipelaaja-9-2025-Oliver-Nordlund.png?zoom=2&amp;resize=495%2C400&amp;ssl=1 990w, https:\/\/i0.wp.com\/aktialiiga.fi\/miehet\/wp-content\/uploads\/sites\/5\/2025\/10\/Kuukauden-tahtipelaaja-9-2025-Oliver-Nordlund.png?zoom=3&amp;resize=495%2C400&amp;ssl=1 1485w\" sizes=\"(max-width: 495px) 100vw, 495px\" \/><\/div><\/a><\/div><\/div><br \/>\n\n<style type=\"text\/css\" data-created_by=\"avia_inline_auto\" id=\"style-css-av-v7zhmq-6e22ea9f691d7dae8cd47dc08d16a6e2\">\n#top .avia-gallery.av-v7zhmq-6e22ea9f691d7dae8cd47dc08d16a6e2 .avia-gallery-thumb a{\nwidth:12.5%;\n}\n<\/style>\n<div  class='avia-gallery av-v7zhmq-6e22ea9f691d7dae8cd47dc08d16a6e2 avia_animate_when_visible  avia-builder-el-37  el_after_av_gallery  avia-builder-el-last  av-small-hide av-mini-hide animations_off avia-gallery-4'  itemprop=\"image\" itemscope=\"itemscope\" itemtype=\"https:\/\/schema.org\/ImageObject\" ><meta itemprop=\"contentURL\" content=\"https:\/\/aktialiiga.fi\/miehet\/aktialiiga-2025-26\/\"><div class='avia-gallery-thumb'><a href=\"https:\/\/aktialiiga.fi\/miehet\/ajankohtaista\/christian-cosmo-helmikuun-tahtipelaaja\/\" data-srcset=\"https:\/\/i0.wp.com\/aktialiiga.fi\/miehet\/wp-content\/uploads\/sites\/5\/2026\/03\/Kuukauden-tahtipelaaja-2-2026-Christian-Cosmo.jpg?w=2160&amp;ssl=1 2160w, https:\/\/i0.wp.com\/aktialiiga.fi\/miehet\/wp-content\/uploads\/sites\/5\/2026\/03\/Kuukauden-tahtipelaaja-2-2026-Christian-Cosmo.jpg?resize=300%2C300&amp;ssl=1 300w, https:\/\/i0.wp.com\/aktialiiga.fi\/miehet\/wp-content\/uploads\/sites\/5\/2026\/03\/Kuukauden-tahtipelaaja-2-2026-Christian-Cosmo.jpg?resize=1030%2C1030&amp;ssl=1 1030w, https:\/\/i0.wp.com\/aktialiiga.fi\/miehet\/wp-content\/uploads\/sites\/5\/2026\/03\/Kuukauden-tahtipelaaja-2-2026-Christian-Cosmo.jpg?resize=80%2C80&amp;ssl=1 80w, https:\/\/i0.wp.com\/aktialiiga.fi\/miehet\/wp-content\/uploads\/sites\/5\/2026\/03\/Kuukauden-tahtipelaaja-2-2026-Christian-Cosmo.jpg?resize=768%2C768&amp;ssl=1 768w, https:\/\/i0.wp.com\/aktialiiga.fi\/miehet\/wp-content\/uploads\/sites\/5\/2026\/03\/Kuukauden-tahtipelaaja-2-2026-Christian-Cosmo.jpg?resize=1536%2C1536&amp;ssl=1 1536w, https:\/\/i0.wp.com\/aktialiiga.fi\/miehet\/wp-content\/uploads\/sites\/5\/2026\/03\/Kuukauden-tahtipelaaja-2-2026-Christian-Cosmo.jpg?resize=2048%2C2048&amp;ssl=1 2048w, https:\/\/i0.wp.com\/aktialiiga.fi\/miehet\/wp-content\/uploads\/sites\/5\/2026\/03\/Kuukauden-tahtipelaaja-2-2026-Christian-Cosmo.jpg?resize=36%2C36&amp;ssl=1 36w, https:\/\/i0.wp.com\/aktialiiga.fi\/miehet\/wp-content\/uploads\/sites\/5\/2026\/03\/Kuukauden-tahtipelaaja-2-2026-Christian-Cosmo.jpg?resize=180%2C180&amp;ssl=1 180w, https:\/\/i0.wp.com\/aktialiiga.fi\/miehet\/wp-content\/uploads\/sites\/5\/2026\/03\/Kuukauden-tahtipelaaja-2-2026-Christian-Cosmo.jpg?resize=1500%2C1500&amp;ssl=1 1500w, https:\/\/i0.wp.com\/aktialiiga.fi\/miehet\/wp-content\/uploads\/sites\/5\/2026\/03\/Kuukauden-tahtipelaaja-2-2026-Christian-Cosmo.jpg?resize=705%2C705&amp;ssl=1 705w\" data-sizes=\"(max-width: 1030px) 100vw, 1030px\" data-rel='gallery-4' data-prev-img='https:\/\/i0.wp.com\/aktialiiga.fi\/miehet\/wp-content\/uploads\/sites\/5\/2026\/03\/Kuukauden-tahtipelaaja-2-2026-Christian-Cosmo.jpg?resize=495%2C400&ssl=1' class='first_thumb custom_link ' data-onclick='1' title='Kuukauden t\u00e4htipelaaja 2\/2026 Christian Cosmo, HIFK'  itemprop=\"thumbnailUrl\"  ><img decoding=\"async\" fetchpriority=\"high\" class=\"wp-image-69426 avia-img-lazy-loading-not-69426\"   src=\"https:\/\/i0.wp.com\/aktialiiga.fi\/miehet\/wp-content\/uploads\/sites\/5\/2026\/03\/Kuukauden-tahtipelaaja-2-2026-Christian-Cosmo.jpg?fit=1030%2C1030&ssl=1\" width=\"1030\" height=\"1030\"  title='Kuukauden t\u00e4htipelaaja 2\/2026 Christian Cosmo, HIFK' alt='' srcset=\"https:\/\/i0.wp.com\/aktialiiga.fi\/miehet\/wp-content\/uploads\/sites\/5\/2026\/03\/Kuukauden-tahtipelaaja-2-2026-Christian-Cosmo.jpg?w=2160&amp;ssl=1 2160w, https:\/\/i0.wp.com\/aktialiiga.fi\/miehet\/wp-content\/uploads\/sites\/5\/2026\/03\/Kuukauden-tahtipelaaja-2-2026-Christian-Cosmo.jpg?resize=300%2C300&amp;ssl=1 300w, https:\/\/i0.wp.com\/aktialiiga.fi\/miehet\/wp-content\/uploads\/sites\/5\/2026\/03\/Kuukauden-tahtipelaaja-2-2026-Christian-Cosmo.jpg?resize=1030%2C1030&amp;ssl=1 1030w, https:\/\/i0.wp.com\/aktialiiga.fi\/miehet\/wp-content\/uploads\/sites\/5\/2026\/03\/Kuukauden-tahtipelaaja-2-2026-Christian-Cosmo.jpg?resize=80%2C80&amp;ssl=1 80w, https:\/\/i0.wp.com\/aktialiiga.fi\/miehet\/wp-content\/uploads\/sites\/5\/2026\/03\/Kuukauden-tahtipelaaja-2-2026-Christian-Cosmo.jpg?resize=768%2C768&amp;ssl=1 768w, https:\/\/i0.wp.com\/aktialiiga.fi\/miehet\/wp-content\/uploads\/sites\/5\/2026\/03\/Kuukauden-tahtipelaaja-2-2026-Christian-Cosmo.jpg?resize=1536%2C1536&amp;ssl=1 1536w, https:\/\/i0.wp.com\/aktialiiga.fi\/miehet\/wp-content\/uploads\/sites\/5\/2026\/03\/Kuukauden-tahtipelaaja-2-2026-Christian-Cosmo.jpg?resize=2048%2C2048&amp;ssl=1 2048w, https:\/\/i0.wp.com\/aktialiiga.fi\/miehet\/wp-content\/uploads\/sites\/5\/2026\/03\/Kuukauden-tahtipelaaja-2-2026-Christian-Cosmo.jpg?resize=36%2C36&amp;ssl=1 36w, https:\/\/i0.wp.com\/aktialiiga.fi\/miehet\/wp-content\/uploads\/sites\/5\/2026\/03\/Kuukauden-tahtipelaaja-2-2026-Christian-Cosmo.jpg?resize=180%2C180&amp;ssl=1 180w, https:\/\/i0.wp.com\/aktialiiga.fi\/miehet\/wp-content\/uploads\/sites\/5\/2026\/03\/Kuukauden-tahtipelaaja-2-2026-Christian-Cosmo.jpg?resize=1500%2C1500&amp;ssl=1 1500w, https:\/\/i0.wp.com\/aktialiiga.fi\/miehet\/wp-content\/uploads\/sites\/5\/2026\/03\/Kuukauden-tahtipelaaja-2-2026-Christian-Cosmo.jpg?resize=705%2C705&amp;ssl=1 705w\" sizes=\"(max-width: 1030px) 100vw, 1030px\" \/><div class='big-prev-fake'><img decoding=\"async\" fetchpriority=\"high\" class=\"wp-image-69426 avia-img-lazy-loading-not-69426\"  width=\"495\" height=\"400\" src=\"https:\/\/i0.wp.com\/aktialiiga.fi\/miehet\/wp-content\/uploads\/sites\/5\/2026\/03\/Kuukauden-tahtipelaaja-2-2026-Christian-Cosmo.jpg?resize=495%2C400&ssl=1\" title='Kuukauden t\u00e4htipelaaja 2\/2026 Christian Cosmo, HIFK' alt='' srcset=\"https:\/\/i0.wp.com\/aktialiiga.fi\/miehet\/wp-content\/uploads\/sites\/5\/2026\/03\/Kuukauden-tahtipelaaja-2-2026-Christian-Cosmo.jpg?resize=495%2C400&amp;ssl=1 495w, https:\/\/i0.wp.com\/aktialiiga.fi\/miehet\/wp-content\/uploads\/sites\/5\/2026\/03\/Kuukauden-tahtipelaaja-2-2026-Christian-Cosmo.jpg?resize=845%2C684&amp;ssl=1 845w, https:\/\/i0.wp.com\/aktialiiga.fi\/miehet\/wp-content\/uploads\/sites\/5\/2026\/03\/Kuukauden-tahtipelaaja-2-2026-Christian-Cosmo.jpg?zoom=2&amp;resize=495%2C400&amp;ssl=1 990w, https:\/\/i0.wp.com\/aktialiiga.fi\/miehet\/wp-content\/uploads\/sites\/5\/2026\/03\/Kuukauden-tahtipelaaja-2-2026-Christian-Cosmo.jpg?zoom=3&amp;resize=495%2C400&amp;ssl=1 1485w\" sizes=\"(max-width: 495px) 100vw, 495px\" \/><\/div><\/a><a href=\"https:\/\/aktialiiga.fi\/miehet\/ajankohtaista\/sebastian-sakkinen-joulu-tammikuun-tahtipelaaja\/\" data-srcset=\"https:\/\/i0.wp.com\/aktialiiga.fi\/miehet\/wp-content\/uploads\/sites\/5\/2026\/02\/Kuukauden-tahtipelaaja-12-2025-1-2026-Sebastian-Sakkinen.jpg?w=2160&amp;ssl=1 2160w, https:\/\/i0.wp.com\/aktialiiga.fi\/miehet\/wp-content\/uploads\/sites\/5\/2026\/02\/Kuukauden-tahtipelaaja-12-2025-1-2026-Sebastian-Sakkinen.jpg?resize=300%2C300&amp;ssl=1 300w, https:\/\/i0.wp.com\/aktialiiga.fi\/miehet\/wp-content\/uploads\/sites\/5\/2026\/02\/Kuukauden-tahtipelaaja-12-2025-1-2026-Sebastian-Sakkinen.jpg?resize=1030%2C1030&amp;ssl=1 1030w, https:\/\/i0.wp.com\/aktialiiga.fi\/miehet\/wp-content\/uploads\/sites\/5\/2026\/02\/Kuukauden-tahtipelaaja-12-2025-1-2026-Sebastian-Sakkinen.jpg?resize=80%2C80&amp;ssl=1 80w, https:\/\/i0.wp.com\/aktialiiga.fi\/miehet\/wp-content\/uploads\/sites\/5\/2026\/02\/Kuukauden-tahtipelaaja-12-2025-1-2026-Sebastian-Sakkinen.jpg?resize=768%2C768&amp;ssl=1 768w, https:\/\/i0.wp.com\/aktialiiga.fi\/miehet\/wp-content\/uploads\/sites\/5\/2026\/02\/Kuukauden-tahtipelaaja-12-2025-1-2026-Sebastian-Sakkinen.jpg?resize=1536%2C1536&amp;ssl=1 1536w, https:\/\/i0.wp.com\/aktialiiga.fi\/miehet\/wp-content\/uploads\/sites\/5\/2026\/02\/Kuukauden-tahtipelaaja-12-2025-1-2026-Sebastian-Sakkinen.jpg?resize=2048%2C2048&amp;ssl=1 2048w, https:\/\/i0.wp.com\/aktialiiga.fi\/miehet\/wp-content\/uploads\/sites\/5\/2026\/02\/Kuukauden-tahtipelaaja-12-2025-1-2026-Sebastian-Sakkinen.jpg?resize=36%2C36&amp;ssl=1 36w, https:\/\/i0.wp.com\/aktialiiga.fi\/miehet\/wp-content\/uploads\/sites\/5\/2026\/02\/Kuukauden-tahtipelaaja-12-2025-1-2026-Sebastian-Sakkinen.jpg?resize=180%2C180&amp;ssl=1 180w, https:\/\/i0.wp.com\/aktialiiga.fi\/miehet\/wp-content\/uploads\/sites\/5\/2026\/02\/Kuukauden-tahtipelaaja-12-2025-1-2026-Sebastian-Sakkinen.jpg?resize=1500%2C1500&amp;ssl=1 1500w, https:\/\/i0.wp.com\/aktialiiga.fi\/miehet\/wp-content\/uploads\/sites\/5\/2026\/02\/Kuukauden-tahtipelaaja-12-2025-1-2026-Sebastian-Sakkinen.jpg?resize=705%2C705&amp;ssl=1 705w\" data-sizes=\"(max-width: 1030px) 100vw, 1030px\" data-rel='gallery-4' data-prev-img='https:\/\/i0.wp.com\/aktialiiga.fi\/miehet\/wp-content\/uploads\/sites\/5\/2026\/02\/Kuukauden-tahtipelaaja-12-2025-1-2026-Sebastian-Sakkinen.jpg?resize=495%2C400&ssl=1' class='custom_link ' data-onclick='2' title='Kuukauden t\u00e4htipelaaja 12-2025 - 1-2026  Sebastian S\u00e4kkinen, BK-46'  itemprop=\"thumbnailUrl\"  ><img decoding=\"async\" fetchpriority=\"high\" class=\"wp-image-69009 avia-img-lazy-loading-not-69009\"   src=\"https:\/\/i0.wp.com\/aktialiiga.fi\/miehet\/wp-content\/uploads\/sites\/5\/2026\/02\/Kuukauden-tahtipelaaja-12-2025-1-2026-Sebastian-Sakkinen.jpg?fit=1030%2C1030&ssl=1\" width=\"1030\" height=\"1030\"  title='Kuukauden t\u00e4htipelaaja 12-2025 - 1-2026  Sebastian S\u00e4kkinen, BK-46' alt='' srcset=\"https:\/\/i0.wp.com\/aktialiiga.fi\/miehet\/wp-content\/uploads\/sites\/5\/2026\/02\/Kuukauden-tahtipelaaja-12-2025-1-2026-Sebastian-Sakkinen.jpg?w=2160&amp;ssl=1 2160w, https:\/\/i0.wp.com\/aktialiiga.fi\/miehet\/wp-content\/uploads\/sites\/5\/2026\/02\/Kuukauden-tahtipelaaja-12-2025-1-2026-Sebastian-Sakkinen.jpg?resize=300%2C300&amp;ssl=1 300w, https:\/\/i0.wp.com\/aktialiiga.fi\/miehet\/wp-content\/uploads\/sites\/5\/2026\/02\/Kuukauden-tahtipelaaja-12-2025-1-2026-Sebastian-Sakkinen.jpg?resize=1030%2C1030&amp;ssl=1 1030w, https:\/\/i0.wp.com\/aktialiiga.fi\/miehet\/wp-content\/uploads\/sites\/5\/2026\/02\/Kuukauden-tahtipelaaja-12-2025-1-2026-Sebastian-Sakkinen.jpg?resize=80%2C80&amp;ssl=1 80w, https:\/\/i0.wp.com\/aktialiiga.fi\/miehet\/wp-content\/uploads\/sites\/5\/2026\/02\/Kuukauden-tahtipelaaja-12-2025-1-2026-Sebastian-Sakkinen.jpg?resize=768%2C768&amp;ssl=1 768w, https:\/\/i0.wp.com\/aktialiiga.fi\/miehet\/wp-content\/uploads\/sites\/5\/2026\/02\/Kuukauden-tahtipelaaja-12-2025-1-2026-Sebastian-Sakkinen.jpg?resize=1536%2C1536&amp;ssl=1 1536w, https:\/\/i0.wp.com\/aktialiiga.fi\/miehet\/wp-content\/uploads\/sites\/5\/2026\/02\/Kuukauden-tahtipelaaja-12-2025-1-2026-Sebastian-Sakkinen.jpg?resize=2048%2C2048&amp;ssl=1 2048w, https:\/\/i0.wp.com\/aktialiiga.fi\/miehet\/wp-content\/uploads\/sites\/5\/2026\/02\/Kuukauden-tahtipelaaja-12-2025-1-2026-Sebastian-Sakkinen.jpg?resize=36%2C36&amp;ssl=1 36w, https:\/\/i0.wp.com\/aktialiiga.fi\/miehet\/wp-content\/uploads\/sites\/5\/2026\/02\/Kuukauden-tahtipelaaja-12-2025-1-2026-Sebastian-Sakkinen.jpg?resize=180%2C180&amp;ssl=1 180w, https:\/\/i0.wp.com\/aktialiiga.fi\/miehet\/wp-content\/uploads\/sites\/5\/2026\/02\/Kuukauden-tahtipelaaja-12-2025-1-2026-Sebastian-Sakkinen.jpg?resize=1500%2C1500&amp;ssl=1 1500w, https:\/\/i0.wp.com\/aktialiiga.fi\/miehet\/wp-content\/uploads\/sites\/5\/2026\/02\/Kuukauden-tahtipelaaja-12-2025-1-2026-Sebastian-Sakkinen.jpg?resize=705%2C705&amp;ssl=1 705w\" sizes=\"(max-width: 1030px) 100vw, 1030px\" \/><div class='big-prev-fake'><img decoding=\"async\" fetchpriority=\"high\" class=\"wp-image-69009 avia-img-lazy-loading-not-69009\"  width=\"495\" height=\"400\" src=\"https:\/\/i0.wp.com\/aktialiiga.fi\/miehet\/wp-content\/uploads\/sites\/5\/2026\/02\/Kuukauden-tahtipelaaja-12-2025-1-2026-Sebastian-Sakkinen.jpg?resize=495%2C400&ssl=1\" title='Kuukauden t\u00e4htipelaaja 12-2025 - 1-2026  Sebastian S\u00e4kkinen, BK-46' alt='' srcset=\"https:\/\/i0.wp.com\/aktialiiga.fi\/miehet\/wp-content\/uploads\/sites\/5\/2026\/02\/Kuukauden-tahtipelaaja-12-2025-1-2026-Sebastian-Sakkinen.jpg?resize=495%2C400&amp;ssl=1 495w, https:\/\/i0.wp.com\/aktialiiga.fi\/miehet\/wp-content\/uploads\/sites\/5\/2026\/02\/Kuukauden-tahtipelaaja-12-2025-1-2026-Sebastian-Sakkinen.jpg?resize=845%2C684&amp;ssl=1 845w, https:\/\/i0.wp.com\/aktialiiga.fi\/miehet\/wp-content\/uploads\/sites\/5\/2026\/02\/Kuukauden-tahtipelaaja-12-2025-1-2026-Sebastian-Sakkinen.jpg?zoom=2&amp;resize=495%2C400&amp;ssl=1 990w, https:\/\/i0.wp.com\/aktialiiga.fi\/miehet\/wp-content\/uploads\/sites\/5\/2026\/02\/Kuukauden-tahtipelaaja-12-2025-1-2026-Sebastian-Sakkinen.jpg?zoom=3&amp;resize=495%2C400&amp;ssl=1 1485w\" sizes=\"(max-width: 495px) 100vw, 495px\" \/><\/div><\/a><a href=\"https:\/\/aktialiiga.fi\/miehet\/ajankohtaista\/miska-henriksson-marraskuun-tahtipelaaja\/\" data-srcset=\"https:\/\/i0.wp.com\/aktialiiga.fi\/miehet\/wp-content\/uploads\/sites\/5\/2025\/12\/Kuukauden-tahtipelaaja-11-2025-Miska-Henriksson.jpg?w=2160&amp;ssl=1 2160w, https:\/\/i0.wp.com\/aktialiiga.fi\/miehet\/wp-content\/uploads\/sites\/5\/2025\/12\/Kuukauden-tahtipelaaja-11-2025-Miska-Henriksson.jpg?resize=300%2C300&amp;ssl=1 300w, https:\/\/i0.wp.com\/aktialiiga.fi\/miehet\/wp-content\/uploads\/sites\/5\/2025\/12\/Kuukauden-tahtipelaaja-11-2025-Miska-Henriksson.jpg?resize=1030%2C1030&amp;ssl=1 1030w, https:\/\/i0.wp.com\/aktialiiga.fi\/miehet\/wp-content\/uploads\/sites\/5\/2025\/12\/Kuukauden-tahtipelaaja-11-2025-Miska-Henriksson.jpg?resize=80%2C80&amp;ssl=1 80w, https:\/\/i0.wp.com\/aktialiiga.fi\/miehet\/wp-content\/uploads\/sites\/5\/2025\/12\/Kuukauden-tahtipelaaja-11-2025-Miska-Henriksson.jpg?resize=768%2C768&amp;ssl=1 768w, https:\/\/i0.wp.com\/aktialiiga.fi\/miehet\/wp-content\/uploads\/sites\/5\/2025\/12\/Kuukauden-tahtipelaaja-11-2025-Miska-Henriksson.jpg?resize=1536%2C1536&amp;ssl=1 1536w, https:\/\/i0.wp.com\/aktialiiga.fi\/miehet\/wp-content\/uploads\/sites\/5\/2025\/12\/Kuukauden-tahtipelaaja-11-2025-Miska-Henriksson.jpg?resize=2048%2C2048&amp;ssl=1 2048w, https:\/\/i0.wp.com\/aktialiiga.fi\/miehet\/wp-content\/uploads\/sites\/5\/2025\/12\/Kuukauden-tahtipelaaja-11-2025-Miska-Henriksson.jpg?resize=36%2C36&amp;ssl=1 36w, https:\/\/i0.wp.com\/aktialiiga.fi\/miehet\/wp-content\/uploads\/sites\/5\/2025\/12\/Kuukauden-tahtipelaaja-11-2025-Miska-Henriksson.jpg?resize=180%2C180&amp;ssl=1 180w, https:\/\/i0.wp.com\/aktialiiga.fi\/miehet\/wp-content\/uploads\/sites\/5\/2025\/12\/Kuukauden-tahtipelaaja-11-2025-Miska-Henriksson.jpg?resize=1500%2C1500&amp;ssl=1 1500w, https:\/\/i0.wp.com\/aktialiiga.fi\/miehet\/wp-content\/uploads\/sites\/5\/2025\/12\/Kuukauden-tahtipelaaja-11-2025-Miska-Henriksson.jpg?resize=705%2C705&amp;ssl=1 705w\" data-sizes=\"(max-width: 1030px) 100vw, 1030px\" data-rel='gallery-4' data-prev-img='https:\/\/i0.wp.com\/aktialiiga.fi\/miehet\/wp-content\/uploads\/sites\/5\/2025\/12\/Kuukauden-tahtipelaaja-11-2025-Miska-Henriksson.jpg?resize=495%2C400&ssl=1' class='custom_link ' data-onclick='3' title='Kuukauden t\u00e4htipelaaja 11-2025 Miska Henriksson, BK-46'  itemprop=\"thumbnailUrl\"  ><img decoding=\"async\" fetchpriority=\"high\" class=\"wp-image-68194 avia-img-lazy-loading-not-68194\"   src=\"https:\/\/i0.wp.com\/aktialiiga.fi\/miehet\/wp-content\/uploads\/sites\/5\/2025\/12\/Kuukauden-tahtipelaaja-11-2025-Miska-Henriksson.jpg?fit=1030%2C1030&ssl=1\" width=\"1030\" height=\"1030\"  title='Kuukauden t\u00e4htipelaaja 11-2025 Miska Henriksson, BK-46' alt='' srcset=\"https:\/\/i0.wp.com\/aktialiiga.fi\/miehet\/wp-content\/uploads\/sites\/5\/2025\/12\/Kuukauden-tahtipelaaja-11-2025-Miska-Henriksson.jpg?w=2160&amp;ssl=1 2160w, https:\/\/i0.wp.com\/aktialiiga.fi\/miehet\/wp-content\/uploads\/sites\/5\/2025\/12\/Kuukauden-tahtipelaaja-11-2025-Miska-Henriksson.jpg?resize=300%2C300&amp;ssl=1 300w, https:\/\/i0.wp.com\/aktialiiga.fi\/miehet\/wp-content\/uploads\/sites\/5\/2025\/12\/Kuukauden-tahtipelaaja-11-2025-Miska-Henriksson.jpg?resize=1030%2C1030&amp;ssl=1 1030w, https:\/\/i0.wp.com\/aktialiiga.fi\/miehet\/wp-content\/uploads\/sites\/5\/2025\/12\/Kuukauden-tahtipelaaja-11-2025-Miska-Henriksson.jpg?resize=80%2C80&amp;ssl=1 80w, https:\/\/i0.wp.com\/aktialiiga.fi\/miehet\/wp-content\/uploads\/sites\/5\/2025\/12\/Kuukauden-tahtipelaaja-11-2025-Miska-Henriksson.jpg?resize=768%2C768&amp;ssl=1 768w, https:\/\/i0.wp.com\/aktialiiga.fi\/miehet\/wp-content\/uploads\/sites\/5\/2025\/12\/Kuukauden-tahtipelaaja-11-2025-Miska-Henriksson.jpg?resize=1536%2C1536&amp;ssl=1 1536w, https:\/\/i0.wp.com\/aktialiiga.fi\/miehet\/wp-content\/uploads\/sites\/5\/2025\/12\/Kuukauden-tahtipelaaja-11-2025-Miska-Henriksson.jpg?resize=2048%2C2048&amp;ssl=1 2048w, https:\/\/i0.wp.com\/aktialiiga.fi\/miehet\/wp-content\/uploads\/sites\/5\/2025\/12\/Kuukauden-tahtipelaaja-11-2025-Miska-Henriksson.jpg?resize=36%2C36&amp;ssl=1 36w, https:\/\/i0.wp.com\/aktialiiga.fi\/miehet\/wp-content\/uploads\/sites\/5\/2025\/12\/Kuukauden-tahtipelaaja-11-2025-Miska-Henriksson.jpg?resize=180%2C180&amp;ssl=1 180w, https:\/\/i0.wp.com\/aktialiiga.fi\/miehet\/wp-content\/uploads\/sites\/5\/2025\/12\/Kuukauden-tahtipelaaja-11-2025-Miska-Henriksson.jpg?resize=1500%2C1500&amp;ssl=1 1500w, https:\/\/i0.wp.com\/aktialiiga.fi\/miehet\/wp-content\/uploads\/sites\/5\/2025\/12\/Kuukauden-tahtipelaaja-11-2025-Miska-Henriksson.jpg?resize=705%2C705&amp;ssl=1 705w\" sizes=\"(max-width: 1030px) 100vw, 1030px\" \/><div class='big-prev-fake'><img decoding=\"async\" fetchpriority=\"high\" class=\"wp-image-68194 avia-img-lazy-loading-not-68194\"  width=\"495\" height=\"400\" src=\"https:\/\/i0.wp.com\/aktialiiga.fi\/miehet\/wp-content\/uploads\/sites\/5\/2025\/12\/Kuukauden-tahtipelaaja-11-2025-Miska-Henriksson.jpg?resize=495%2C400&ssl=1\" title='Kuukauden t\u00e4htipelaaja 11-2025 Miska Henriksson, BK-46' alt='' srcset=\"https:\/\/i0.wp.com\/aktialiiga.fi\/miehet\/wp-content\/uploads\/sites\/5\/2025\/12\/Kuukauden-tahtipelaaja-11-2025-Miska-Henriksson.jpg?resize=495%2C400&amp;ssl=1 495w, https:\/\/i0.wp.com\/aktialiiga.fi\/miehet\/wp-content\/uploads\/sites\/5\/2025\/12\/Kuukauden-tahtipelaaja-11-2025-Miska-Henriksson.jpg?resize=845%2C684&amp;ssl=1 845w, https:\/\/i0.wp.com\/aktialiiga.fi\/miehet\/wp-content\/uploads\/sites\/5\/2025\/12\/Kuukauden-tahtipelaaja-11-2025-Miska-Henriksson.jpg?zoom=2&amp;resize=495%2C400&amp;ssl=1 990w, https:\/\/i0.wp.com\/aktialiiga.fi\/miehet\/wp-content\/uploads\/sites\/5\/2025\/12\/Kuukauden-tahtipelaaja-11-2025-Miska-Henriksson.jpg?zoom=3&amp;resize=495%2C400&amp;ssl=1 1485w\" sizes=\"(max-width: 495px) 100vw, 495px\" \/><\/div><\/a><a href=\"https:\/\/aktialiiga.fi\/miehet\/ajankohtaista\/viktor-gronmark-lokakuun-tahtipelaaja\/\" data-srcset=\"https:\/\/i0.wp.com\/aktialiiga.fi\/miehet\/wp-content\/uploads\/sites\/5\/2025\/10\/Kuukauden-tahtipelaaja-10-2025-Viktor-Gronmark.jpg?w=2160&amp;ssl=1 2160w, https:\/\/i0.wp.com\/aktialiiga.fi\/miehet\/wp-content\/uploads\/sites\/5\/2025\/10\/Kuukauden-tahtipelaaja-10-2025-Viktor-Gronmark.jpg?resize=300%2C300&amp;ssl=1 300w, https:\/\/i0.wp.com\/aktialiiga.fi\/miehet\/wp-content\/uploads\/sites\/5\/2025\/10\/Kuukauden-tahtipelaaja-10-2025-Viktor-Gronmark.jpg?resize=1030%2C1030&amp;ssl=1 1030w, https:\/\/i0.wp.com\/aktialiiga.fi\/miehet\/wp-content\/uploads\/sites\/5\/2025\/10\/Kuukauden-tahtipelaaja-10-2025-Viktor-Gronmark.jpg?resize=80%2C80&amp;ssl=1 80w, https:\/\/i0.wp.com\/aktialiiga.fi\/miehet\/wp-content\/uploads\/sites\/5\/2025\/10\/Kuukauden-tahtipelaaja-10-2025-Viktor-Gronmark.jpg?resize=768%2C768&amp;ssl=1 768w, https:\/\/i0.wp.com\/aktialiiga.fi\/miehet\/wp-content\/uploads\/sites\/5\/2025\/10\/Kuukauden-tahtipelaaja-10-2025-Viktor-Gronmark.jpg?resize=1536%2C1536&amp;ssl=1 1536w, https:\/\/i0.wp.com\/aktialiiga.fi\/miehet\/wp-content\/uploads\/sites\/5\/2025\/10\/Kuukauden-tahtipelaaja-10-2025-Viktor-Gronmark.jpg?resize=2048%2C2048&amp;ssl=1 2048w, https:\/\/i0.wp.com\/aktialiiga.fi\/miehet\/wp-content\/uploads\/sites\/5\/2025\/10\/Kuukauden-tahtipelaaja-10-2025-Viktor-Gronmark.jpg?resize=36%2C36&amp;ssl=1 36w, https:\/\/i0.wp.com\/aktialiiga.fi\/miehet\/wp-content\/uploads\/sites\/5\/2025\/10\/Kuukauden-tahtipelaaja-10-2025-Viktor-Gronmark.jpg?resize=180%2C180&amp;ssl=1 180w, https:\/\/i0.wp.com\/aktialiiga.fi\/miehet\/wp-content\/uploads\/sites\/5\/2025\/10\/Kuukauden-tahtipelaaja-10-2025-Viktor-Gronmark.jpg?resize=1500%2C1500&amp;ssl=1 1500w, https:\/\/i0.wp.com\/aktialiiga.fi\/miehet\/wp-content\/uploads\/sites\/5\/2025\/10\/Kuukauden-tahtipelaaja-10-2025-Viktor-Gronmark.jpg?resize=705%2C705&amp;ssl=1 705w\" data-sizes=\"(max-width: 1030px) 100vw, 1030px\" data-rel='gallery-4' data-prev-img='https:\/\/i0.wp.com\/aktialiiga.fi\/miehet\/wp-content\/uploads\/sites\/5\/2025\/10\/Kuukauden-tahtipelaaja-10-2025-Viktor-Gronmark.jpg?resize=495%2C400&ssl=1' class='custom_link ' data-onclick='4' title='Kuukauden t\u00e4htipelaaja 10-2025 Viktor Gr\u00f6nmark, SIF'  itemprop=\"thumbnailUrl\"  ><img decoding=\"async\" fetchpriority=\"high\" class=\"wp-image-67595 avia-img-lazy-loading-not-67595\"   src=\"https:\/\/i0.wp.com\/aktialiiga.fi\/miehet\/wp-content\/uploads\/sites\/5\/2025\/10\/Kuukauden-tahtipelaaja-10-2025-Viktor-Gronmark.jpg?fit=1030%2C1030&ssl=1\" width=\"1030\" height=\"1030\"  title='Kuukauden t\u00e4htipelaaja 10-2025 Viktor Gr\u00f6nmark, SIF' alt='' srcset=\"https:\/\/i0.wp.com\/aktialiiga.fi\/miehet\/wp-content\/uploads\/sites\/5\/2025\/10\/Kuukauden-tahtipelaaja-10-2025-Viktor-Gronmark.jpg?w=2160&amp;ssl=1 2160w, https:\/\/i0.wp.com\/aktialiiga.fi\/miehet\/wp-content\/uploads\/sites\/5\/2025\/10\/Kuukauden-tahtipelaaja-10-2025-Viktor-Gronmark.jpg?resize=300%2C300&amp;ssl=1 300w, https:\/\/i0.wp.com\/aktialiiga.fi\/miehet\/wp-content\/uploads\/sites\/5\/2025\/10\/Kuukauden-tahtipelaaja-10-2025-Viktor-Gronmark.jpg?resize=1030%2C1030&amp;ssl=1 1030w, https:\/\/i0.wp.com\/aktialiiga.fi\/miehet\/wp-content\/uploads\/sites\/5\/2025\/10\/Kuukauden-tahtipelaaja-10-2025-Viktor-Gronmark.jpg?resize=80%2C80&amp;ssl=1 80w, https:\/\/i0.wp.com\/aktialiiga.fi\/miehet\/wp-content\/uploads\/sites\/5\/2025\/10\/Kuukauden-tahtipelaaja-10-2025-Viktor-Gronmark.jpg?resize=768%2C768&amp;ssl=1 768w, https:\/\/i0.wp.com\/aktialiiga.fi\/miehet\/wp-content\/uploads\/sites\/5\/2025\/10\/Kuukauden-tahtipelaaja-10-2025-Viktor-Gronmark.jpg?resize=1536%2C1536&amp;ssl=1 1536w, https:\/\/i0.wp.com\/aktialiiga.fi\/miehet\/wp-content\/uploads\/sites\/5\/2025\/10\/Kuukauden-tahtipelaaja-10-2025-Viktor-Gronmark.jpg?resize=2048%2C2048&amp;ssl=1 2048w, https:\/\/i0.wp.com\/aktialiiga.fi\/miehet\/wp-content\/uploads\/sites\/5\/2025\/10\/Kuukauden-tahtipelaaja-10-2025-Viktor-Gronmark.jpg?resize=36%2C36&amp;ssl=1 36w, https:\/\/i0.wp.com\/aktialiiga.fi\/miehet\/wp-content\/uploads\/sites\/5\/2025\/10\/Kuukauden-tahtipelaaja-10-2025-Viktor-Gronmark.jpg?resize=180%2C180&amp;ssl=1 180w, https:\/\/i0.wp.com\/aktialiiga.fi\/miehet\/wp-content\/uploads\/sites\/5\/2025\/10\/Kuukauden-tahtipelaaja-10-2025-Viktor-Gronmark.jpg?resize=1500%2C1500&amp;ssl=1 1500w, https:\/\/i0.wp.com\/aktialiiga.fi\/miehet\/wp-content\/uploads\/sites\/5\/2025\/10\/Kuukauden-tahtipelaaja-10-2025-Viktor-Gronmark.jpg?resize=705%2C705&amp;ssl=1 705w\" sizes=\"(max-width: 1030px) 100vw, 1030px\" \/><div class='big-prev-fake'><img decoding=\"async\" fetchpriority=\"high\" class=\"wp-image-67595 avia-img-lazy-loading-not-67595\"  width=\"495\" height=\"400\" src=\"https:\/\/i0.wp.com\/aktialiiga.fi\/miehet\/wp-content\/uploads\/sites\/5\/2025\/10\/Kuukauden-tahtipelaaja-10-2025-Viktor-Gronmark.jpg?resize=495%2C400&ssl=1\" title='Kuukauden t\u00e4htipelaaja 10-2025 Viktor Gr\u00f6nmark, SIF' alt='' srcset=\"https:\/\/i0.wp.com\/aktialiiga.fi\/miehet\/wp-content\/uploads\/sites\/5\/2025\/10\/Kuukauden-tahtipelaaja-10-2025-Viktor-Gronmark.jpg?resize=495%2C400&amp;ssl=1 495w, https:\/\/i0.wp.com\/aktialiiga.fi\/miehet\/wp-content\/uploads\/sites\/5\/2025\/10\/Kuukauden-tahtipelaaja-10-2025-Viktor-Gronmark.jpg?resize=845%2C684&amp;ssl=1 845w, https:\/\/i0.wp.com\/aktialiiga.fi\/miehet\/wp-content\/uploads\/sites\/5\/2025\/10\/Kuukauden-tahtipelaaja-10-2025-Viktor-Gronmark.jpg?zoom=2&amp;resize=495%2C400&amp;ssl=1 990w, https:\/\/i0.wp.com\/aktialiiga.fi\/miehet\/wp-content\/uploads\/sites\/5\/2025\/10\/Kuukauden-tahtipelaaja-10-2025-Viktor-Gronmark.jpg?zoom=3&amp;resize=495%2C400&amp;ssl=1 1485w\" sizes=\"(max-width: 495px) 100vw, 495px\" \/><\/div><\/a><a href=\"https:\/\/aktialiiga.fi\/miehet\/ajankohtaista\/oliver-nordlund-syyskuun-tahtipelaaja\/\" data-srcset=\"https:\/\/i0.wp.com\/aktialiiga.fi\/miehet\/wp-content\/uploads\/sites\/5\/2025\/10\/Kuukauden-tahtipelaaja-9-2025-Oliver-Nordlund.jpg?w=2160&amp;ssl=1 2160w, https:\/\/i0.wp.com\/aktialiiga.fi\/miehet\/wp-content\/uploads\/sites\/5\/2025\/10\/Kuukauden-tahtipelaaja-9-2025-Oliver-Nordlund.jpg?resize=300%2C300&amp;ssl=1 300w, https:\/\/i0.wp.com\/aktialiiga.fi\/miehet\/wp-content\/uploads\/sites\/5\/2025\/10\/Kuukauden-tahtipelaaja-9-2025-Oliver-Nordlund.jpg?resize=1030%2C1030&amp;ssl=1 1030w, https:\/\/i0.wp.com\/aktialiiga.fi\/miehet\/wp-content\/uploads\/sites\/5\/2025\/10\/Kuukauden-tahtipelaaja-9-2025-Oliver-Nordlund.jpg?resize=80%2C80&amp;ssl=1 80w, https:\/\/i0.wp.com\/aktialiiga.fi\/miehet\/wp-content\/uploads\/sites\/5\/2025\/10\/Kuukauden-tahtipelaaja-9-2025-Oliver-Nordlund.jpg?resize=768%2C768&amp;ssl=1 768w, https:\/\/i0.wp.com\/aktialiiga.fi\/miehet\/wp-content\/uploads\/sites\/5\/2025\/10\/Kuukauden-tahtipelaaja-9-2025-Oliver-Nordlund.jpg?resize=1536%2C1536&amp;ssl=1 1536w, https:\/\/i0.wp.com\/aktialiiga.fi\/miehet\/wp-content\/uploads\/sites\/5\/2025\/10\/Kuukauden-tahtipelaaja-9-2025-Oliver-Nordlund.jpg?resize=2048%2C2048&amp;ssl=1 2048w, https:\/\/i0.wp.com\/aktialiiga.fi\/miehet\/wp-content\/uploads\/sites\/5\/2025\/10\/Kuukauden-tahtipelaaja-9-2025-Oliver-Nordlund.jpg?resize=36%2C36&amp;ssl=1 36w, https:\/\/i0.wp.com\/aktialiiga.fi\/miehet\/wp-content\/uploads\/sites\/5\/2025\/10\/Kuukauden-tahtipelaaja-9-2025-Oliver-Nordlund.jpg?resize=180%2C180&amp;ssl=1 180w, https:\/\/i0.wp.com\/aktialiiga.fi\/miehet\/wp-content\/uploads\/sites\/5\/2025\/10\/Kuukauden-tahtipelaaja-9-2025-Oliver-Nordlund.jpg?resize=1500%2C1500&amp;ssl=1 1500w, https:\/\/i0.wp.com\/aktialiiga.fi\/miehet\/wp-content\/uploads\/sites\/5\/2025\/10\/Kuukauden-tahtipelaaja-9-2025-Oliver-Nordlund.jpg?resize=705%2C705&amp;ssl=1 705w\" data-sizes=\"(max-width: 1030px) 100vw, 1030px\" data-rel='gallery-4' data-prev-img='https:\/\/i0.wp.com\/aktialiiga.fi\/miehet\/wp-content\/uploads\/sites\/5\/2025\/10\/Kuukauden-tahtipelaaja-9-2025-Oliver-Nordlund.jpg?resize=495%2C400&ssl=1' class='custom_link ' data-onclick='5' title='Kuukauden t\u00e4htipelaaja 9-2025 Oliver Nordlund, BK-46'  itemprop=\"thumbnailUrl\"  ><img decoding=\"async\" fetchpriority=\"high\" class=\"wp-image-66678 avia-img-lazy-loading-not-66678\"   src=\"https:\/\/i0.wp.com\/aktialiiga.fi\/miehet\/wp-content\/uploads\/sites\/5\/2025\/10\/Kuukauden-tahtipelaaja-9-2025-Oliver-Nordlund.jpg?fit=1030%2C1030&ssl=1\" width=\"1030\" height=\"1030\"  title='Kuukauden t\u00e4htipelaaja 9-2025 Oliver Nordlund, BK-46' alt='' srcset=\"https:\/\/i0.wp.com\/aktialiiga.fi\/miehet\/wp-content\/uploads\/sites\/5\/2025\/10\/Kuukauden-tahtipelaaja-9-2025-Oliver-Nordlund.jpg?w=2160&amp;ssl=1 2160w, https:\/\/i0.wp.com\/aktialiiga.fi\/miehet\/wp-content\/uploads\/sites\/5\/2025\/10\/Kuukauden-tahtipelaaja-9-2025-Oliver-Nordlund.jpg?resize=300%2C300&amp;ssl=1 300w, https:\/\/i0.wp.com\/aktialiiga.fi\/miehet\/wp-content\/uploads\/sites\/5\/2025\/10\/Kuukauden-tahtipelaaja-9-2025-Oliver-Nordlund.jpg?resize=1030%2C1030&amp;ssl=1 1030w, https:\/\/i0.wp.com\/aktialiiga.fi\/miehet\/wp-content\/uploads\/sites\/5\/2025\/10\/Kuukauden-tahtipelaaja-9-2025-Oliver-Nordlund.jpg?resize=80%2C80&amp;ssl=1 80w, https:\/\/i0.wp.com\/aktialiiga.fi\/miehet\/wp-content\/uploads\/sites\/5\/2025\/10\/Kuukauden-tahtipelaaja-9-2025-Oliver-Nordlund.jpg?resize=768%2C768&amp;ssl=1 768w, https:\/\/i0.wp.com\/aktialiiga.fi\/miehet\/wp-content\/uploads\/sites\/5\/2025\/10\/Kuukauden-tahtipelaaja-9-2025-Oliver-Nordlund.jpg?resize=1536%2C1536&amp;ssl=1 1536w, https:\/\/i0.wp.com\/aktialiiga.fi\/miehet\/wp-content\/uploads\/sites\/5\/2025\/10\/Kuukauden-tahtipelaaja-9-2025-Oliver-Nordlund.jpg?resize=2048%2C2048&amp;ssl=1 2048w, https:\/\/i0.wp.com\/aktialiiga.fi\/miehet\/wp-content\/uploads\/sites\/5\/2025\/10\/Kuukauden-tahtipelaaja-9-2025-Oliver-Nordlund.jpg?resize=36%2C36&amp;ssl=1 36w, https:\/\/i0.wp.com\/aktialiiga.fi\/miehet\/wp-content\/uploads\/sites\/5\/2025\/10\/Kuukauden-tahtipelaaja-9-2025-Oliver-Nordlund.jpg?resize=180%2C180&amp;ssl=1 180w, https:\/\/i0.wp.com\/aktialiiga.fi\/miehet\/wp-content\/uploads\/sites\/5\/2025\/10\/Kuukauden-tahtipelaaja-9-2025-Oliver-Nordlund.jpg?resize=1500%2C1500&amp;ssl=1 1500w, https:\/\/i0.wp.com\/aktialiiga.fi\/miehet\/wp-content\/uploads\/sites\/5\/2025\/10\/Kuukauden-tahtipelaaja-9-2025-Oliver-Nordlund.jpg?resize=705%2C705&amp;ssl=1 705w\" sizes=\"(max-width: 1030px) 100vw, 1030px\" \/><div class='big-prev-fake'><img decoding=\"async\" fetchpriority=\"high\" class=\"wp-image-66678 avia-img-lazy-loading-not-66678\"  width=\"495\" height=\"400\" src=\"https:\/\/i0.wp.com\/aktialiiga.fi\/miehet\/wp-content\/uploads\/sites\/5\/2025\/10\/Kuukauden-tahtipelaaja-9-2025-Oliver-Nordlund.jpg?resize=495%2C400&ssl=1\" title='Kuukauden t\u00e4htipelaaja 9-2025 Oliver Nordlund, BK-46' alt='' srcset=\"https:\/\/i0.wp.com\/aktialiiga.fi\/miehet\/wp-content\/uploads\/sites\/5\/2025\/10\/Kuukauden-tahtipelaaja-9-2025-Oliver-Nordlund.jpg?resize=495%2C400&amp;ssl=1 495w, https:\/\/i0.wp.com\/aktialiiga.fi\/miehet\/wp-content\/uploads\/sites\/5\/2025\/10\/Kuukauden-tahtipelaaja-9-2025-Oliver-Nordlund.jpg?resize=845%2C684&amp;ssl=1 845w, https:\/\/i0.wp.com\/aktialiiga.fi\/miehet\/wp-content\/uploads\/sites\/5\/2025\/10\/Kuukauden-tahtipelaaja-9-2025-Oliver-Nordlund.jpg?zoom=2&amp;resize=495%2C400&amp;ssl=1 990w, https:\/\/i0.wp.com\/aktialiiga.fi\/miehet\/wp-content\/uploads\/sites\/5\/2025\/10\/Kuukauden-tahtipelaaja-9-2025-Oliver-Nordlund.jpg?zoom=3&amp;resize=495%2C400&amp;ssl=1 1485w\" sizes=\"(max-width: 495px) 100vw, 495px\" \/><\/div><\/a><\/div><\/div><\/p><\/div><\/div><!--close column table wrapper. Autoclose: 1 --><\/div><\/div><\/div><!-- close content main div --><\/div><\/div>\n<style type=\"text\/css\" data-created_by=\"avia_inline_auto\" id=\"style-css-av-mmq6chad-d75c3ff68c3b459308de9efb4de882a9\">\n.avia-section.av-mmq6chad-d75c3ff68c3b459308de9efb4de882a9{\nbackground-color:#ffffff;\nbackground:linear-gradient( to bottom, #ffffff, #e1e1e1 );\n}\n<\/style>\n<div id='av_section_6'  class='avia-section av-mmq6chad-d75c3ff68c3b459308de9efb4de882a9 main_color avia-section-default avia-no-border-styling  avia-builder-el-38  el_after_av_section  el_before_av_section  avia-bg-style-scroll container_wrap sidebar_right'  ><div class='container av-section-cont-open' ><div class='template-page content  av-content-small alpha units'><div class='post-entry post-entry-type-page post-entry-69573'><div class='entry-content-wrapper clearfix'>\n<div class='flex_column_table av-2a6veqt-321b009d0d301d0ad5fa0c80afaaaa57 sc-av_one_full av-equal-height-column-flextable'><div  class='flex_column av-2a6veqt-321b009d0d301d0ad5fa0c80afaaaa57 av_one_full  avia-builder-el-39  avia-builder-el-no-sibling  first flex_column_table_cell av-equal-height-column av-align-top  '     ><p>\n<style type=\"text\/css\" data-created_by=\"avia_inline_auto\" id=\"style-css-av-1ivqbid-96fa06cdb70bad0b5a2c422f1c7a49f4\">\n#top .av-special-heading.av-1ivqbid-96fa06cdb70bad0b5a2c422f1c7a49f4{\npadding-bottom:10px;\nfont-size:36px;\n}\nbody .av-special-heading.av-1ivqbid-96fa06cdb70bad0b5a2c422f1c7a49f4 .av-special-heading-tag .heading-char{\nfont-size:25px;\n}\n#top #wrap_all .av-special-heading.av-1ivqbid-96fa06cdb70bad0b5a2c422f1c7a49f4 .av-special-heading-tag{\nfont-size:36px;\n}\n.av-special-heading.av-1ivqbid-96fa06cdb70bad0b5a2c422f1c7a49f4 .av-subheading{\nfont-size:29px;\n}\n\n@media only screen and (max-width: 479px){ \n#top #wrap_all .av-special-heading.av-1ivqbid-96fa06cdb70bad0b5a2c422f1c7a49f4 .av-special-heading-tag{\nfont-size:35px;\n}\n}\n\n@media only screen and (min-width: 480px) and (max-width: 767px){ \n#top #wrap_all .av-special-heading.av-1ivqbid-96fa06cdb70bad0b5a2c422f1c7a49f4 .av-special-heading-tag{\nfont-size:0.8em;\n}\n}\n<\/style>\n<div  class='av-special-heading av-1ivqbid-96fa06cdb70bad0b5a2c422f1c7a49f4 av-special-heading-h2 blockquote modern-quote modern-centered  avia-builder-el-40  el_before_av_gallery  avia-builder-el-first  av-inherit-size av-linked-heading'><h2 class='av-special-heading-tag '  itemprop=\"headline\"  ><a class=\"av-heading-link\" href=\"https:\/\/aktialiiga.fi\/miehet\/historia\/kuukauden-tahtipelaajat-kautta-aikojen\/\" >Kuukauden t\u00e4htipelaajat 2025\/26<\/a><\/h2><div class=\"special-heading-border\"><div class=\"special-heading-inner-border\"><\/div><\/div><\/div><br \/>\n\n<style type=\"text\/css\" data-created_by=\"avia_inline_auto\" id=\"style-css-av-1axj90l-4dbb7ec042adedad3b96bc53b2f66365\">\n#top .avia-gallery.av-1axj90l-4dbb7ec042adedad3b96bc53b2f66365 .avia-gallery-thumb a{\nwidth:33.3333%;\n}\n<\/style>\n<div  class='avia-gallery av-1axj90l-4dbb7ec042adedad3b96bc53b2f66365 avia_animate_when_visible  avia-builder-el-41  el_after_av_heading  el_before_av_gallery  av-desktop-hide av-medium-hide animations_off avia-gallery-5'  itemprop=\"image\" itemscope=\"itemscope\" itemtype=\"https:\/\/schema.org\/ImageObject\" ><meta itemprop=\"contentURL\" content=\"https:\/\/aktialiiga.fi\/miehet\/aktialiiga-2025-26\/\"><div class='avia-gallery-thumb'><a href=\"https:\/\/aktialiiga.fi\/miehet\/ajankohtaista\/christian-cosmo-helmikuun-tahtipelaaja\/\" data-srcset=\"https:\/\/i0.wp.com\/aktialiiga.fi\/miehet\/wp-content\/uploads\/sites\/5\/2026\/03\/Kuukauden-tahtipelaaja-2-2026-Christian-Cosmo.png?w=2160&amp;ssl=1 2160w, https:\/\/i0.wp.com\/aktialiiga.fi\/miehet\/wp-content\/uploads\/sites\/5\/2026\/03\/Kuukauden-tahtipelaaja-2-2026-Christian-Cosmo.png?resize=300%2C300&amp;ssl=1 300w, https:\/\/i0.wp.com\/aktialiiga.fi\/miehet\/wp-content\/uploads\/sites\/5\/2026\/03\/Kuukauden-tahtipelaaja-2-2026-Christian-Cosmo.png?resize=1030%2C1030&amp;ssl=1 1030w, https:\/\/i0.wp.com\/aktialiiga.fi\/miehet\/wp-content\/uploads\/sites\/5\/2026\/03\/Kuukauden-tahtipelaaja-2-2026-Christian-Cosmo.png?resize=80%2C80&amp;ssl=1 80w, https:\/\/i0.wp.com\/aktialiiga.fi\/miehet\/wp-content\/uploads\/sites\/5\/2026\/03\/Kuukauden-tahtipelaaja-2-2026-Christian-Cosmo.png?resize=768%2C768&amp;ssl=1 768w, https:\/\/i0.wp.com\/aktialiiga.fi\/miehet\/wp-content\/uploads\/sites\/5\/2026\/03\/Kuukauden-tahtipelaaja-2-2026-Christian-Cosmo.png?resize=1536%2C1536&amp;ssl=1 1536w, https:\/\/i0.wp.com\/aktialiiga.fi\/miehet\/wp-content\/uploads\/sites\/5\/2026\/03\/Kuukauden-tahtipelaaja-2-2026-Christian-Cosmo.png?resize=2048%2C2048&amp;ssl=1 2048w, https:\/\/i0.wp.com\/aktialiiga.fi\/miehet\/wp-content\/uploads\/sites\/5\/2026\/03\/Kuukauden-tahtipelaaja-2-2026-Christian-Cosmo.png?resize=36%2C36&amp;ssl=1 36w, https:\/\/i0.wp.com\/aktialiiga.fi\/miehet\/wp-content\/uploads\/sites\/5\/2026\/03\/Kuukauden-tahtipelaaja-2-2026-Christian-Cosmo.png?resize=180%2C180&amp;ssl=1 180w, https:\/\/i0.wp.com\/aktialiiga.fi\/miehet\/wp-content\/uploads\/sites\/5\/2026\/03\/Kuukauden-tahtipelaaja-2-2026-Christian-Cosmo.png?resize=1500%2C1500&amp;ssl=1 1500w, https:\/\/i0.wp.com\/aktialiiga.fi\/miehet\/wp-content\/uploads\/sites\/5\/2026\/03\/Kuukauden-tahtipelaaja-2-2026-Christian-Cosmo.png?resize=705%2C705&amp;ssl=1 705w\" data-sizes=\"(max-width: 1030px) 100vw, 1030px\" data-rel='gallery-5' data-prev-img='https:\/\/i0.wp.com\/aktialiiga.fi\/miehet\/wp-content\/uploads\/sites\/5\/2026\/03\/Kuukauden-tahtipelaaja-2-2026-Christian-Cosmo.png?resize=495%2C400&ssl=1' class='first_thumb custom_link ' data-onclick='1' title='Kuukauden t\u00e4htipelaaja 2\/2026 Christian Cosmo, HIFK'  itemprop=\"thumbnailUrl\"  ><img decoding=\"async\" fetchpriority=\"high\" class=\"wp-image-69427 avia-img-lazy-loading-not-69427\"   src=\"https:\/\/i0.wp.com\/aktialiiga.fi\/miehet\/wp-content\/uploads\/sites\/5\/2026\/03\/Kuukauden-tahtipelaaja-2-2026-Christian-Cosmo.png?fit=1030%2C1030&ssl=1\" width=\"1030\" height=\"1030\"  title='Kuukauden t\u00e4htipelaaja 2\/2026 Christian Cosmo, HIFK' alt='' srcset=\"https:\/\/i0.wp.com\/aktialiiga.fi\/miehet\/wp-content\/uploads\/sites\/5\/2026\/03\/Kuukauden-tahtipelaaja-2-2026-Christian-Cosmo.png?w=2160&amp;ssl=1 2160w, https:\/\/i0.wp.com\/aktialiiga.fi\/miehet\/wp-content\/uploads\/sites\/5\/2026\/03\/Kuukauden-tahtipelaaja-2-2026-Christian-Cosmo.png?resize=300%2C300&amp;ssl=1 300w, https:\/\/i0.wp.com\/aktialiiga.fi\/miehet\/wp-content\/uploads\/sites\/5\/2026\/03\/Kuukauden-tahtipelaaja-2-2026-Christian-Cosmo.png?resize=1030%2C1030&amp;ssl=1 1030w, https:\/\/i0.wp.com\/aktialiiga.fi\/miehet\/wp-content\/uploads\/sites\/5\/2026\/03\/Kuukauden-tahtipelaaja-2-2026-Christian-Cosmo.png?resize=80%2C80&amp;ssl=1 80w, https:\/\/i0.wp.com\/aktialiiga.fi\/miehet\/wp-content\/uploads\/sites\/5\/2026\/03\/Kuukauden-tahtipelaaja-2-2026-Christian-Cosmo.png?resize=768%2C768&amp;ssl=1 768w, https:\/\/i0.wp.com\/aktialiiga.fi\/miehet\/wp-content\/uploads\/sites\/5\/2026\/03\/Kuukauden-tahtipelaaja-2-2026-Christian-Cosmo.png?resize=1536%2C1536&amp;ssl=1 1536w, https:\/\/i0.wp.com\/aktialiiga.fi\/miehet\/wp-content\/uploads\/sites\/5\/2026\/03\/Kuukauden-tahtipelaaja-2-2026-Christian-Cosmo.png?resize=2048%2C2048&amp;ssl=1 2048w, https:\/\/i0.wp.com\/aktialiiga.fi\/miehet\/wp-content\/uploads\/sites\/5\/2026\/03\/Kuukauden-tahtipelaaja-2-2026-Christian-Cosmo.png?resize=36%2C36&amp;ssl=1 36w, https:\/\/i0.wp.com\/aktialiiga.fi\/miehet\/wp-content\/uploads\/sites\/5\/2026\/03\/Kuukauden-tahtipelaaja-2-2026-Christian-Cosmo.png?resize=180%2C180&amp;ssl=1 180w, https:\/\/i0.wp.com\/aktialiiga.fi\/miehet\/wp-content\/uploads\/sites\/5\/2026\/03\/Kuukauden-tahtipelaaja-2-2026-Christian-Cosmo.png?resize=1500%2C1500&amp;ssl=1 1500w, https:\/\/i0.wp.com\/aktialiiga.fi\/miehet\/wp-content\/uploads\/sites\/5\/2026\/03\/Kuukauden-tahtipelaaja-2-2026-Christian-Cosmo.png?resize=705%2C705&amp;ssl=1 705w\" sizes=\"(max-width: 1030px) 100vw, 1030px\" \/><div class='big-prev-fake'><img decoding=\"async\" fetchpriority=\"high\" class=\"wp-image-69427 avia-img-lazy-loading-not-69427\"  width=\"495\" height=\"400\" src=\"https:\/\/i0.wp.com\/aktialiiga.fi\/miehet\/wp-content\/uploads\/sites\/5\/2026\/03\/Kuukauden-tahtipelaaja-2-2026-Christian-Cosmo.png?resize=495%2C400&ssl=1\" title='Kuukauden t\u00e4htipelaaja 2\/2026 Christian Cosmo, HIFK' alt='' srcset=\"https:\/\/i0.wp.com\/aktialiiga.fi\/miehet\/wp-content\/uploads\/sites\/5\/2026\/03\/Kuukauden-tahtipelaaja-2-2026-Christian-Cosmo.png?resize=495%2C400&amp;ssl=1 495w, https:\/\/i0.wp.com\/aktialiiga.fi\/miehet\/wp-content\/uploads\/sites\/5\/2026\/03\/Kuukauden-tahtipelaaja-2-2026-Christian-Cosmo.png?resize=845%2C684&amp;ssl=1 845w, https:\/\/i0.wp.com\/aktialiiga.fi\/miehet\/wp-content\/uploads\/sites\/5\/2026\/03\/Kuukauden-tahtipelaaja-2-2026-Christian-Cosmo.png?zoom=2&amp;resize=495%2C400&amp;ssl=1 990w, https:\/\/i0.wp.com\/aktialiiga.fi\/miehet\/wp-content\/uploads\/sites\/5\/2026\/03\/Kuukauden-tahtipelaaja-2-2026-Christian-Cosmo.png?zoom=3&amp;resize=495%2C400&amp;ssl=1 1485w\" sizes=\"(max-width: 495px) 100vw, 495px\" \/><\/div><\/a><a href=\"https:\/\/i0.wp.com\/aktialiiga.fi\/miehet\/wp-content\/uploads\/sites\/5\/2026\/02\/Kuukauden-tahtipelaaja-12-2025-1-2026-Sebastian-Sakkinen.png?fit=1030%2C1030&amp;ssl=1\" data-srcset=\"https:\/\/i0.wp.com\/aktialiiga.fi\/miehet\/wp-content\/uploads\/sites\/5\/2026\/02\/Kuukauden-tahtipelaaja-12-2025-1-2026-Sebastian-Sakkinen.png?w=2160&amp;ssl=1 2160w, https:\/\/i0.wp.com\/aktialiiga.fi\/miehet\/wp-content\/uploads\/sites\/5\/2026\/02\/Kuukauden-tahtipelaaja-12-2025-1-2026-Sebastian-Sakkinen.png?resize=300%2C300&amp;ssl=1 300w, https:\/\/i0.wp.com\/aktialiiga.fi\/miehet\/wp-content\/uploads\/sites\/5\/2026\/02\/Kuukauden-tahtipelaaja-12-2025-1-2026-Sebastian-Sakkinen.png?resize=1030%2C1030&amp;ssl=1 1030w, https:\/\/i0.wp.com\/aktialiiga.fi\/miehet\/wp-content\/uploads\/sites\/5\/2026\/02\/Kuukauden-tahtipelaaja-12-2025-1-2026-Sebastian-Sakkinen.png?resize=80%2C80&amp;ssl=1 80w, https:\/\/i0.wp.com\/aktialiiga.fi\/miehet\/wp-content\/uploads\/sites\/5\/2026\/02\/Kuukauden-tahtipelaaja-12-2025-1-2026-Sebastian-Sakkinen.png?resize=768%2C768&amp;ssl=1 768w, https:\/\/i0.wp.com\/aktialiiga.fi\/miehet\/wp-content\/uploads\/sites\/5\/2026\/02\/Kuukauden-tahtipelaaja-12-2025-1-2026-Sebastian-Sakkinen.png?resize=1536%2C1536&amp;ssl=1 1536w, https:\/\/i0.wp.com\/aktialiiga.fi\/miehet\/wp-content\/uploads\/sites\/5\/2026\/02\/Kuukauden-tahtipelaaja-12-2025-1-2026-Sebastian-Sakkinen.png?resize=2048%2C2048&amp;ssl=1 2048w, https:\/\/i0.wp.com\/aktialiiga.fi\/miehet\/wp-content\/uploads\/sites\/5\/2026\/02\/Kuukauden-tahtipelaaja-12-2025-1-2026-Sebastian-Sakkinen.png?resize=36%2C36&amp;ssl=1 36w, https:\/\/i0.wp.com\/aktialiiga.fi\/miehet\/wp-content\/uploads\/sites\/5\/2026\/02\/Kuukauden-tahtipelaaja-12-2025-1-2026-Sebastian-Sakkinen.png?resize=180%2C180&amp;ssl=1 180w, https:\/\/i0.wp.com\/aktialiiga.fi\/miehet\/wp-content\/uploads\/sites\/5\/2026\/02\/Kuukauden-tahtipelaaja-12-2025-1-2026-Sebastian-Sakkinen.png?resize=1500%2C1500&amp;ssl=1 1500w, https:\/\/i0.wp.com\/aktialiiga.fi\/miehet\/wp-content\/uploads\/sites\/5\/2026\/02\/Kuukauden-tahtipelaaja-12-2025-1-2026-Sebastian-Sakkinen.png?resize=705%2C705&amp;ssl=1 705w\" data-sizes=\"(max-width: 1030px) 100vw, 1030px\" data-rel='gallery-5' data-prev-img='https:\/\/i0.wp.com\/aktialiiga.fi\/miehet\/wp-content\/uploads\/sites\/5\/2026\/02\/Kuukauden-tahtipelaaja-12-2025-1-2026-Sebastian-Sakkinen.png?resize=495%2C400&ssl=1' class='custom_link ' data-onclick='2' title='Kuukauden t\u00e4htipelaaja 12-2025 - 1-2026  Sebastian S\u00e4kkinen, BK-46'  itemprop=\"thumbnailUrl\"  ><img decoding=\"async\" fetchpriority=\"high\" class=\"wp-image-69010 avia-img-lazy-loading-not-69010\"   src=\"https:\/\/i0.wp.com\/aktialiiga.fi\/miehet\/wp-content\/uploads\/sites\/5\/2026\/02\/Kuukauden-tahtipelaaja-12-2025-1-2026-Sebastian-Sakkinen.png?fit=1030%2C1030&ssl=1\" width=\"1030\" height=\"1030\"  title='Kuukauden t\u00e4htipelaaja 12-2025 - 1-2026  Sebastian S\u00e4kkinen, BK-46' alt='' srcset=\"https:\/\/i0.wp.com\/aktialiiga.fi\/miehet\/wp-content\/uploads\/sites\/5\/2026\/02\/Kuukauden-tahtipelaaja-12-2025-1-2026-Sebastian-Sakkinen.png?w=2160&amp;ssl=1 2160w, https:\/\/i0.wp.com\/aktialiiga.fi\/miehet\/wp-content\/uploads\/sites\/5\/2026\/02\/Kuukauden-tahtipelaaja-12-2025-1-2026-Sebastian-Sakkinen.png?resize=300%2C300&amp;ssl=1 300w, https:\/\/i0.wp.com\/aktialiiga.fi\/miehet\/wp-content\/uploads\/sites\/5\/2026\/02\/Kuukauden-tahtipelaaja-12-2025-1-2026-Sebastian-Sakkinen.png?resize=1030%2C1030&amp;ssl=1 1030w, https:\/\/i0.wp.com\/aktialiiga.fi\/miehet\/wp-content\/uploads\/sites\/5\/2026\/02\/Kuukauden-tahtipelaaja-12-2025-1-2026-Sebastian-Sakkinen.png?resize=80%2C80&amp;ssl=1 80w, https:\/\/i0.wp.com\/aktialiiga.fi\/miehet\/wp-content\/uploads\/sites\/5\/2026\/02\/Kuukauden-tahtipelaaja-12-2025-1-2026-Sebastian-Sakkinen.png?resize=768%2C768&amp;ssl=1 768w, https:\/\/i0.wp.com\/aktialiiga.fi\/miehet\/wp-content\/uploads\/sites\/5\/2026\/02\/Kuukauden-tahtipelaaja-12-2025-1-2026-Sebastian-Sakkinen.png?resize=1536%2C1536&amp;ssl=1 1536w, https:\/\/i0.wp.com\/aktialiiga.fi\/miehet\/wp-content\/uploads\/sites\/5\/2026\/02\/Kuukauden-tahtipelaaja-12-2025-1-2026-Sebastian-Sakkinen.png?resize=2048%2C2048&amp;ssl=1 2048w, https:\/\/i0.wp.com\/aktialiiga.fi\/miehet\/wp-content\/uploads\/sites\/5\/2026\/02\/Kuukauden-tahtipelaaja-12-2025-1-2026-Sebastian-Sakkinen.png?resize=36%2C36&amp;ssl=1 36w, https:\/\/i0.wp.com\/aktialiiga.fi\/miehet\/wp-content\/uploads\/sites\/5\/2026\/02\/Kuukauden-tahtipelaaja-12-2025-1-2026-Sebastian-Sakkinen.png?resize=180%2C180&amp;ssl=1 180w, https:\/\/i0.wp.com\/aktialiiga.fi\/miehet\/wp-content\/uploads\/sites\/5\/2026\/02\/Kuukauden-tahtipelaaja-12-2025-1-2026-Sebastian-Sakkinen.png?resize=1500%2C1500&amp;ssl=1 1500w, https:\/\/i0.wp.com\/aktialiiga.fi\/miehet\/wp-content\/uploads\/sites\/5\/2026\/02\/Kuukauden-tahtipelaaja-12-2025-1-2026-Sebastian-Sakkinen.png?resize=705%2C705&amp;ssl=1 705w\" sizes=\"(max-width: 1030px) 100vw, 1030px\" \/><div class='big-prev-fake'><img decoding=\"async\" fetchpriority=\"high\" class=\"wp-image-69010 avia-img-lazy-loading-not-69010\"  width=\"495\" height=\"400\" src=\"https:\/\/i0.wp.com\/aktialiiga.fi\/miehet\/wp-content\/uploads\/sites\/5\/2026\/02\/Kuukauden-tahtipelaaja-12-2025-1-2026-Sebastian-Sakkinen.png?resize=495%2C400&ssl=1\" title='Kuukauden t\u00e4htipelaaja 12-2025 - 1-2026  Sebastian S\u00e4kkinen, BK-46' alt='' srcset=\"https:\/\/i0.wp.com\/aktialiiga.fi\/miehet\/wp-content\/uploads\/sites\/5\/2026\/02\/Kuukauden-tahtipelaaja-12-2025-1-2026-Sebastian-Sakkinen.png?resize=495%2C400&amp;ssl=1 495w, https:\/\/i0.wp.com\/aktialiiga.fi\/miehet\/wp-content\/uploads\/sites\/5\/2026\/02\/Kuukauden-tahtipelaaja-12-2025-1-2026-Sebastian-Sakkinen.png?resize=845%2C684&amp;ssl=1 845w, https:\/\/i0.wp.com\/aktialiiga.fi\/miehet\/wp-content\/uploads\/sites\/5\/2026\/02\/Kuukauden-tahtipelaaja-12-2025-1-2026-Sebastian-Sakkinen.png?zoom=2&amp;resize=495%2C400&amp;ssl=1 990w, https:\/\/i0.wp.com\/aktialiiga.fi\/miehet\/wp-content\/uploads\/sites\/5\/2026\/02\/Kuukauden-tahtipelaaja-12-2025-1-2026-Sebastian-Sakkinen.png?zoom=3&amp;resize=495%2C400&amp;ssl=1 1485w\" sizes=\"(max-width: 495px) 100vw, 495px\" \/><\/div><\/a><a href=\"https:\/\/aktialiiga.fi\/miehet\/ajankohtaista\/miska-henriksson-marraskuun-tahtipelaaja\/\" data-srcset=\"https:\/\/i0.wp.com\/aktialiiga.fi\/miehet\/wp-content\/uploads\/sites\/5\/2025\/12\/Kuukauden-tahtipelaaja-11-2025-Miska-Henriksson.png?w=2160&amp;ssl=1 2160w, https:\/\/i0.wp.com\/aktialiiga.fi\/miehet\/wp-content\/uploads\/sites\/5\/2025\/12\/Kuukauden-tahtipelaaja-11-2025-Miska-Henriksson.png?resize=300%2C300&amp;ssl=1 300w, https:\/\/i0.wp.com\/aktialiiga.fi\/miehet\/wp-content\/uploads\/sites\/5\/2025\/12\/Kuukauden-tahtipelaaja-11-2025-Miska-Henriksson.png?resize=1030%2C1030&amp;ssl=1 1030w, https:\/\/i0.wp.com\/aktialiiga.fi\/miehet\/wp-content\/uploads\/sites\/5\/2025\/12\/Kuukauden-tahtipelaaja-11-2025-Miska-Henriksson.png?resize=80%2C80&amp;ssl=1 80w, https:\/\/i0.wp.com\/aktialiiga.fi\/miehet\/wp-content\/uploads\/sites\/5\/2025\/12\/Kuukauden-tahtipelaaja-11-2025-Miska-Henriksson.png?resize=768%2C768&amp;ssl=1 768w, https:\/\/i0.wp.com\/aktialiiga.fi\/miehet\/wp-content\/uploads\/sites\/5\/2025\/12\/Kuukauden-tahtipelaaja-11-2025-Miska-Henriksson.png?resize=1536%2C1536&amp;ssl=1 1536w, https:\/\/i0.wp.com\/aktialiiga.fi\/miehet\/wp-content\/uploads\/sites\/5\/2025\/12\/Kuukauden-tahtipelaaja-11-2025-Miska-Henriksson.png?resize=2048%2C2048&amp;ssl=1 2048w, https:\/\/i0.wp.com\/aktialiiga.fi\/miehet\/wp-content\/uploads\/sites\/5\/2025\/12\/Kuukauden-tahtipelaaja-11-2025-Miska-Henriksson.png?resize=36%2C36&amp;ssl=1 36w, https:\/\/i0.wp.com\/aktialiiga.fi\/miehet\/wp-content\/uploads\/sites\/5\/2025\/12\/Kuukauden-tahtipelaaja-11-2025-Miska-Henriksson.png?resize=180%2C180&amp;ssl=1 180w, https:\/\/i0.wp.com\/aktialiiga.fi\/miehet\/wp-content\/uploads\/sites\/5\/2025\/12\/Kuukauden-tahtipelaaja-11-2025-Miska-Henriksson.png?resize=1500%2C1500&amp;ssl=1 1500w, https:\/\/i0.wp.com\/aktialiiga.fi\/miehet\/wp-content\/uploads\/sites\/5\/2025\/12\/Kuukauden-tahtipelaaja-11-2025-Miska-Henriksson.png?resize=705%2C705&amp;ssl=1 705w\" data-sizes=\"(max-width: 1030px) 100vw, 1030px\" data-rel='gallery-5' data-prev-img='https:\/\/i0.wp.com\/aktialiiga.fi\/miehet\/wp-content\/uploads\/sites\/5\/2025\/12\/Kuukauden-tahtipelaaja-11-2025-Miska-Henriksson.png?resize=495%2C400&ssl=1' class='custom_link ' data-onclick='3' title='Kuukauden t\u00e4htipelaaja 11-2025 Miska Henriksson, BK-46'  itemprop=\"thumbnailUrl\"  ><img decoding=\"async\" fetchpriority=\"high\" class=\"wp-image-68195 avia-img-lazy-loading-not-68195\"   src=\"https:\/\/i0.wp.com\/aktialiiga.fi\/miehet\/wp-content\/uploads\/sites\/5\/2025\/12\/Kuukauden-tahtipelaaja-11-2025-Miska-Henriksson.png?fit=1030%2C1030&ssl=1\" width=\"1030\" height=\"1030\"  title='Kuukauden t\u00e4htipelaaja 11-2025 Miska Henriksson, BK-46' alt='' srcset=\"https:\/\/i0.wp.com\/aktialiiga.fi\/miehet\/wp-content\/uploads\/sites\/5\/2025\/12\/Kuukauden-tahtipelaaja-11-2025-Miska-Henriksson.png?w=2160&amp;ssl=1 2160w, https:\/\/i0.wp.com\/aktialiiga.fi\/miehet\/wp-content\/uploads\/sites\/5\/2025\/12\/Kuukauden-tahtipelaaja-11-2025-Miska-Henriksson.png?resize=300%2C300&amp;ssl=1 300w, https:\/\/i0.wp.com\/aktialiiga.fi\/miehet\/wp-content\/uploads\/sites\/5\/2025\/12\/Kuukauden-tahtipelaaja-11-2025-Miska-Henriksson.png?resize=1030%2C1030&amp;ssl=1 1030w, https:\/\/i0.wp.com\/aktialiiga.fi\/miehet\/wp-content\/uploads\/sites\/5\/2025\/12\/Kuukauden-tahtipelaaja-11-2025-Miska-Henriksson.png?resize=80%2C80&amp;ssl=1 80w, https:\/\/i0.wp.com\/aktialiiga.fi\/miehet\/wp-content\/uploads\/sites\/5\/2025\/12\/Kuukauden-tahtipelaaja-11-2025-Miska-Henriksson.png?resize=768%2C768&amp;ssl=1 768w, https:\/\/i0.wp.com\/aktialiiga.fi\/miehet\/wp-content\/uploads\/sites\/5\/2025\/12\/Kuukauden-tahtipelaaja-11-2025-Miska-Henriksson.png?resize=1536%2C1536&amp;ssl=1 1536w, https:\/\/i0.wp.com\/aktialiiga.fi\/miehet\/wp-content\/uploads\/sites\/5\/2025\/12\/Kuukauden-tahtipelaaja-11-2025-Miska-Henriksson.png?resize=2048%2C2048&amp;ssl=1 2048w, https:\/\/i0.wp.com\/aktialiiga.fi\/miehet\/wp-content\/uploads\/sites\/5\/2025\/12\/Kuukauden-tahtipelaaja-11-2025-Miska-Henriksson.png?resize=36%2C36&amp;ssl=1 36w, https:\/\/i0.wp.com\/aktialiiga.fi\/miehet\/wp-content\/uploads\/sites\/5\/2025\/12\/Kuukauden-tahtipelaaja-11-2025-Miska-Henriksson.png?resize=180%2C180&amp;ssl=1 180w, https:\/\/i0.wp.com\/aktialiiga.fi\/miehet\/wp-content\/uploads\/sites\/5\/2025\/12\/Kuukauden-tahtipelaaja-11-2025-Miska-Henriksson.png?resize=1500%2C1500&amp;ssl=1 1500w, https:\/\/i0.wp.com\/aktialiiga.fi\/miehet\/wp-content\/uploads\/sites\/5\/2025\/12\/Kuukauden-tahtipelaaja-11-2025-Miska-Henriksson.png?resize=705%2C705&amp;ssl=1 705w\" sizes=\"(max-width: 1030px) 100vw, 1030px\" \/><div class='big-prev-fake'><img decoding=\"async\" fetchpriority=\"high\" class=\"wp-image-68195 avia-img-lazy-loading-not-68195\"  width=\"495\" height=\"400\" src=\"https:\/\/i0.wp.com\/aktialiiga.fi\/miehet\/wp-content\/uploads\/sites\/5\/2025\/12\/Kuukauden-tahtipelaaja-11-2025-Miska-Henriksson.png?resize=495%2C400&ssl=1\" title='Kuukauden t\u00e4htipelaaja 11-2025 Miska Henriksson, BK-46' alt='' srcset=\"https:\/\/i0.wp.com\/aktialiiga.fi\/miehet\/wp-content\/uploads\/sites\/5\/2025\/12\/Kuukauden-tahtipelaaja-11-2025-Miska-Henriksson.png?resize=495%2C400&amp;ssl=1 495w, https:\/\/i0.wp.com\/aktialiiga.fi\/miehet\/wp-content\/uploads\/sites\/5\/2025\/12\/Kuukauden-tahtipelaaja-11-2025-Miska-Henriksson.png?resize=845%2C684&amp;ssl=1 845w, https:\/\/i0.wp.com\/aktialiiga.fi\/miehet\/wp-content\/uploads\/sites\/5\/2025\/12\/Kuukauden-tahtipelaaja-11-2025-Miska-Henriksson.png?zoom=2&amp;resize=495%2C400&amp;ssl=1 990w, https:\/\/i0.wp.com\/aktialiiga.fi\/miehet\/wp-content\/uploads\/sites\/5\/2025\/12\/Kuukauden-tahtipelaaja-11-2025-Miska-Henriksson.png?zoom=3&amp;resize=495%2C400&amp;ssl=1 1485w\" sizes=\"(max-width: 495px) 100vw, 495px\" \/><\/div><\/a><a href=\"https:\/\/i0.wp.com\/aktialiiga.fi\/miehet\/wp-content\/uploads\/sites\/5\/2025\/10\/Kuukauden-tahtipelaaja-10-2025-Viktor-Gronmark.png?fit=1030%2C1030&amp;ssl=1\" data-srcset=\"https:\/\/i0.wp.com\/aktialiiga.fi\/miehet\/wp-content\/uploads\/sites\/5\/2025\/10\/Kuukauden-tahtipelaaja-10-2025-Viktor-Gronmark.png?w=2160&amp;ssl=1 2160w, https:\/\/i0.wp.com\/aktialiiga.fi\/miehet\/wp-content\/uploads\/sites\/5\/2025\/10\/Kuukauden-tahtipelaaja-10-2025-Viktor-Gronmark.png?resize=300%2C300&amp;ssl=1 300w, https:\/\/i0.wp.com\/aktialiiga.fi\/miehet\/wp-content\/uploads\/sites\/5\/2025\/10\/Kuukauden-tahtipelaaja-10-2025-Viktor-Gronmark.png?resize=1030%2C1030&amp;ssl=1 1030w, https:\/\/i0.wp.com\/aktialiiga.fi\/miehet\/wp-content\/uploads\/sites\/5\/2025\/10\/Kuukauden-tahtipelaaja-10-2025-Viktor-Gronmark.png?resize=80%2C80&amp;ssl=1 80w, https:\/\/i0.wp.com\/aktialiiga.fi\/miehet\/wp-content\/uploads\/sites\/5\/2025\/10\/Kuukauden-tahtipelaaja-10-2025-Viktor-Gronmark.png?resize=768%2C768&amp;ssl=1 768w, https:\/\/i0.wp.com\/aktialiiga.fi\/miehet\/wp-content\/uploads\/sites\/5\/2025\/10\/Kuukauden-tahtipelaaja-10-2025-Viktor-Gronmark.png?resize=1536%2C1536&amp;ssl=1 1536w, https:\/\/i0.wp.com\/aktialiiga.fi\/miehet\/wp-content\/uploads\/sites\/5\/2025\/10\/Kuukauden-tahtipelaaja-10-2025-Viktor-Gronmark.png?resize=2048%2C2048&amp;ssl=1 2048w, https:\/\/i0.wp.com\/aktialiiga.fi\/miehet\/wp-content\/uploads\/sites\/5\/2025\/10\/Kuukauden-tahtipelaaja-10-2025-Viktor-Gronmark.png?resize=36%2C36&amp;ssl=1 36w, https:\/\/i0.wp.com\/aktialiiga.fi\/miehet\/wp-content\/uploads\/sites\/5\/2025\/10\/Kuukauden-tahtipelaaja-10-2025-Viktor-Gronmark.png?resize=180%2C180&amp;ssl=1 180w, https:\/\/i0.wp.com\/aktialiiga.fi\/miehet\/wp-content\/uploads\/sites\/5\/2025\/10\/Kuukauden-tahtipelaaja-10-2025-Viktor-Gronmark.png?resize=1500%2C1500&amp;ssl=1 1500w, https:\/\/i0.wp.com\/aktialiiga.fi\/miehet\/wp-content\/uploads\/sites\/5\/2025\/10\/Kuukauden-tahtipelaaja-10-2025-Viktor-Gronmark.png?resize=705%2C705&amp;ssl=1 705w\" data-sizes=\"(max-width: 1030px) 100vw, 1030px\" data-rel='gallery-5' data-prev-img='https:\/\/i0.wp.com\/aktialiiga.fi\/miehet\/wp-content\/uploads\/sites\/5\/2025\/10\/Kuukauden-tahtipelaaja-10-2025-Viktor-Gronmark.png?resize=495%2C400&ssl=1' class='first_thumb custom_link ' data-onclick='4' title='Kuukauden t\u00e4htipelaaja 10-2025 Viktor Gr\u00f6nmark. SIF'  itemprop=\"thumbnailUrl\"  ><img decoding=\"async\" fetchpriority=\"high\" class=\"wp-image-67596 avia-img-lazy-loading-not-67596\"   src=\"https:\/\/i0.wp.com\/aktialiiga.fi\/miehet\/wp-content\/uploads\/sites\/5\/2025\/10\/Kuukauden-tahtipelaaja-10-2025-Viktor-Gronmark.png?fit=1030%2C1030&ssl=1\" width=\"1030\" height=\"1030\"  title='Kuukauden t\u00e4htipelaaja 10-2025 Viktor Gr\u00f6nmark. SIF' alt='' srcset=\"https:\/\/i0.wp.com\/aktialiiga.fi\/miehet\/wp-content\/uploads\/sites\/5\/2025\/10\/Kuukauden-tahtipelaaja-10-2025-Viktor-Gronmark.png?w=2160&amp;ssl=1 2160w, https:\/\/i0.wp.com\/aktialiiga.fi\/miehet\/wp-content\/uploads\/sites\/5\/2025\/10\/Kuukauden-tahtipelaaja-10-2025-Viktor-Gronmark.png?resize=300%2C300&amp;ssl=1 300w, https:\/\/i0.wp.com\/aktialiiga.fi\/miehet\/wp-content\/uploads\/sites\/5\/2025\/10\/Kuukauden-tahtipelaaja-10-2025-Viktor-Gronmark.png?resize=1030%2C1030&amp;ssl=1 1030w, https:\/\/i0.wp.com\/aktialiiga.fi\/miehet\/wp-content\/uploads\/sites\/5\/2025\/10\/Kuukauden-tahtipelaaja-10-2025-Viktor-Gronmark.png?resize=80%2C80&amp;ssl=1 80w, https:\/\/i0.wp.com\/aktialiiga.fi\/miehet\/wp-content\/uploads\/sites\/5\/2025\/10\/Kuukauden-tahtipelaaja-10-2025-Viktor-Gronmark.png?resize=768%2C768&amp;ssl=1 768w, https:\/\/i0.wp.com\/aktialiiga.fi\/miehet\/wp-content\/uploads\/sites\/5\/2025\/10\/Kuukauden-tahtipelaaja-10-2025-Viktor-Gronmark.png?resize=1536%2C1536&amp;ssl=1 1536w, https:\/\/i0.wp.com\/aktialiiga.fi\/miehet\/wp-content\/uploads\/sites\/5\/2025\/10\/Kuukauden-tahtipelaaja-10-2025-Viktor-Gronmark.png?resize=2048%2C2048&amp;ssl=1 2048w, https:\/\/i0.wp.com\/aktialiiga.fi\/miehet\/wp-content\/uploads\/sites\/5\/2025\/10\/Kuukauden-tahtipelaaja-10-2025-Viktor-Gronmark.png?resize=36%2C36&amp;ssl=1 36w, https:\/\/i0.wp.com\/aktialiiga.fi\/miehet\/wp-content\/uploads\/sites\/5\/2025\/10\/Kuukauden-tahtipelaaja-10-2025-Viktor-Gronmark.png?resize=180%2C180&amp;ssl=1 180w, https:\/\/i0.wp.com\/aktialiiga.fi\/miehet\/wp-content\/uploads\/sites\/5\/2025\/10\/Kuukauden-tahtipelaaja-10-2025-Viktor-Gronmark.png?resize=1500%2C1500&amp;ssl=1 1500w, https:\/\/i0.wp.com\/aktialiiga.fi\/miehet\/wp-content\/uploads\/sites\/5\/2025\/10\/Kuukauden-tahtipelaaja-10-2025-Viktor-Gronmark.png?resize=705%2C705&amp;ssl=1 705w\" sizes=\"(max-width: 1030px) 100vw, 1030px\" \/><div class='big-prev-fake'><img decoding=\"async\" fetchpriority=\"high\" class=\"wp-image-67596 avia-img-lazy-loading-not-67596\"  width=\"495\" height=\"400\" src=\"https:\/\/i0.wp.com\/aktialiiga.fi\/miehet\/wp-content\/uploads\/sites\/5\/2025\/10\/Kuukauden-tahtipelaaja-10-2025-Viktor-Gronmark.png?resize=495%2C400&ssl=1\" title='Kuukauden t\u00e4htipelaaja 10-2025 Viktor Gr\u00f6nmark. SIF' alt='' srcset=\"https:\/\/i0.wp.com\/aktialiiga.fi\/miehet\/wp-content\/uploads\/sites\/5\/2025\/10\/Kuukauden-tahtipelaaja-10-2025-Viktor-Gronmark.png?resize=495%2C400&amp;ssl=1 495w, https:\/\/i0.wp.com\/aktialiiga.fi\/miehet\/wp-content\/uploads\/sites\/5\/2025\/10\/Kuukauden-tahtipelaaja-10-2025-Viktor-Gronmark.png?resize=845%2C684&amp;ssl=1 845w, https:\/\/i0.wp.com\/aktialiiga.fi\/miehet\/wp-content\/uploads\/sites\/5\/2025\/10\/Kuukauden-tahtipelaaja-10-2025-Viktor-Gronmark.png?zoom=2&amp;resize=495%2C400&amp;ssl=1 990w, https:\/\/i0.wp.com\/aktialiiga.fi\/miehet\/wp-content\/uploads\/sites\/5\/2025\/10\/Kuukauden-tahtipelaaja-10-2025-Viktor-Gronmark.png?zoom=3&amp;resize=495%2C400&amp;ssl=1 1485w\" sizes=\"(max-width: 495px) 100vw, 495px\" \/><\/div><\/a><a href=\"https:\/\/i0.wp.com\/aktialiiga.fi\/miehet\/wp-content\/uploads\/sites\/5\/2025\/10\/Kuukauden-tahtipelaaja-9-2025-Oliver-Nordlund.png?fit=1030%2C1030&amp;ssl=1\" data-srcset=\"https:\/\/i0.wp.com\/aktialiiga.fi\/miehet\/wp-content\/uploads\/sites\/5\/2025\/10\/Kuukauden-tahtipelaaja-9-2025-Oliver-Nordlund.png?w=2160&amp;ssl=1 2160w, https:\/\/i0.wp.com\/aktialiiga.fi\/miehet\/wp-content\/uploads\/sites\/5\/2025\/10\/Kuukauden-tahtipelaaja-9-2025-Oliver-Nordlund.png?resize=300%2C300&amp;ssl=1 300w, https:\/\/i0.wp.com\/aktialiiga.fi\/miehet\/wp-content\/uploads\/sites\/5\/2025\/10\/Kuukauden-tahtipelaaja-9-2025-Oliver-Nordlund.png?resize=1030%2C1030&amp;ssl=1 1030w, https:\/\/i0.wp.com\/aktialiiga.fi\/miehet\/wp-content\/uploads\/sites\/5\/2025\/10\/Kuukauden-tahtipelaaja-9-2025-Oliver-Nordlund.png?resize=80%2C80&amp;ssl=1 80w, https:\/\/i0.wp.com\/aktialiiga.fi\/miehet\/wp-content\/uploads\/sites\/5\/2025\/10\/Kuukauden-tahtipelaaja-9-2025-Oliver-Nordlund.png?resize=768%2C768&amp;ssl=1 768w, https:\/\/i0.wp.com\/aktialiiga.fi\/miehet\/wp-content\/uploads\/sites\/5\/2025\/10\/Kuukauden-tahtipelaaja-9-2025-Oliver-Nordlund.png?resize=1536%2C1536&amp;ssl=1 1536w, https:\/\/i0.wp.com\/aktialiiga.fi\/miehet\/wp-content\/uploads\/sites\/5\/2025\/10\/Kuukauden-tahtipelaaja-9-2025-Oliver-Nordlund.png?resize=2048%2C2048&amp;ssl=1 2048w, https:\/\/i0.wp.com\/aktialiiga.fi\/miehet\/wp-content\/uploads\/sites\/5\/2025\/10\/Kuukauden-tahtipelaaja-9-2025-Oliver-Nordlund.png?resize=36%2C36&amp;ssl=1 36w, https:\/\/i0.wp.com\/aktialiiga.fi\/miehet\/wp-content\/uploads\/sites\/5\/2025\/10\/Kuukauden-tahtipelaaja-9-2025-Oliver-Nordlund.png?resize=180%2C180&amp;ssl=1 180w, https:\/\/i0.wp.com\/aktialiiga.fi\/miehet\/wp-content\/uploads\/sites\/5\/2025\/10\/Kuukauden-tahtipelaaja-9-2025-Oliver-Nordlund.png?resize=1500%2C1500&amp;ssl=1 1500w, https:\/\/i0.wp.com\/aktialiiga.fi\/miehet\/wp-content\/uploads\/sites\/5\/2025\/10\/Kuukauden-tahtipelaaja-9-2025-Oliver-Nordlund.png?resize=705%2C705&amp;ssl=1 705w\" data-sizes=\"(max-width: 1030px) 100vw, 1030px\" data-rel='gallery-5' data-prev-img='https:\/\/i0.wp.com\/aktialiiga.fi\/miehet\/wp-content\/uploads\/sites\/5\/2025\/10\/Kuukauden-tahtipelaaja-9-2025-Oliver-Nordlund.png?resize=495%2C400&ssl=1' class='custom_link ' data-onclick='5' title='Kuukauden t\u00e4htipelaaja 9-2025 Oliver Nordlund, BK-46'  itemprop=\"thumbnailUrl\"  ><img decoding=\"async\" fetchpriority=\"high\" class=\"wp-image-66679 avia-img-lazy-loading-not-66679\"   src=\"https:\/\/i0.wp.com\/aktialiiga.fi\/miehet\/wp-content\/uploads\/sites\/5\/2025\/10\/Kuukauden-tahtipelaaja-9-2025-Oliver-Nordlund.png?fit=1030%2C1030&ssl=1\" width=\"1030\" height=\"1030\"  title='Kuukauden t\u00e4htipelaaja 9-2025 Oliver Nordlund, BK-46' alt='' srcset=\"https:\/\/i0.wp.com\/aktialiiga.fi\/miehet\/wp-content\/uploads\/sites\/5\/2025\/10\/Kuukauden-tahtipelaaja-9-2025-Oliver-Nordlund.png?w=2160&amp;ssl=1 2160w, https:\/\/i0.wp.com\/aktialiiga.fi\/miehet\/wp-content\/uploads\/sites\/5\/2025\/10\/Kuukauden-tahtipelaaja-9-2025-Oliver-Nordlund.png?resize=300%2C300&amp;ssl=1 300w, https:\/\/i0.wp.com\/aktialiiga.fi\/miehet\/wp-content\/uploads\/sites\/5\/2025\/10\/Kuukauden-tahtipelaaja-9-2025-Oliver-Nordlund.png?resize=1030%2C1030&amp;ssl=1 1030w, https:\/\/i0.wp.com\/aktialiiga.fi\/miehet\/wp-content\/uploads\/sites\/5\/2025\/10\/Kuukauden-tahtipelaaja-9-2025-Oliver-Nordlund.png?resize=80%2C80&amp;ssl=1 80w, https:\/\/i0.wp.com\/aktialiiga.fi\/miehet\/wp-content\/uploads\/sites\/5\/2025\/10\/Kuukauden-tahtipelaaja-9-2025-Oliver-Nordlund.png?resize=768%2C768&amp;ssl=1 768w, https:\/\/i0.wp.com\/aktialiiga.fi\/miehet\/wp-content\/uploads\/sites\/5\/2025\/10\/Kuukauden-tahtipelaaja-9-2025-Oliver-Nordlund.png?resize=1536%2C1536&amp;ssl=1 1536w, https:\/\/i0.wp.com\/aktialiiga.fi\/miehet\/wp-content\/uploads\/sites\/5\/2025\/10\/Kuukauden-tahtipelaaja-9-2025-Oliver-Nordlund.png?resize=2048%2C2048&amp;ssl=1 2048w, https:\/\/i0.wp.com\/aktialiiga.fi\/miehet\/wp-content\/uploads\/sites\/5\/2025\/10\/Kuukauden-tahtipelaaja-9-2025-Oliver-Nordlund.png?resize=36%2C36&amp;ssl=1 36w, https:\/\/i0.wp.com\/aktialiiga.fi\/miehet\/wp-content\/uploads\/sites\/5\/2025\/10\/Kuukauden-tahtipelaaja-9-2025-Oliver-Nordlund.png?resize=180%2C180&amp;ssl=1 180w, https:\/\/i0.wp.com\/aktialiiga.fi\/miehet\/wp-content\/uploads\/sites\/5\/2025\/10\/Kuukauden-tahtipelaaja-9-2025-Oliver-Nordlund.png?resize=1500%2C1500&amp;ssl=1 1500w, https:\/\/i0.wp.com\/aktialiiga.fi\/miehet\/wp-content\/uploads\/sites\/5\/2025\/10\/Kuukauden-tahtipelaaja-9-2025-Oliver-Nordlund.png?resize=705%2C705&amp;ssl=1 705w\" sizes=\"(max-width: 1030px) 100vw, 1030px\" \/><div class='big-prev-fake'><img decoding=\"async\" fetchpriority=\"high\" class=\"wp-image-66679 avia-img-lazy-loading-not-66679\"  width=\"495\" height=\"400\" src=\"https:\/\/i0.wp.com\/aktialiiga.fi\/miehet\/wp-content\/uploads\/sites\/5\/2025\/10\/Kuukauden-tahtipelaaja-9-2025-Oliver-Nordlund.png?resize=495%2C400&ssl=1\" title='Kuukauden t\u00e4htipelaaja 9-2025 Oliver Nordlund, BK-46' alt='' srcset=\"https:\/\/i0.wp.com\/aktialiiga.fi\/miehet\/wp-content\/uploads\/sites\/5\/2025\/10\/Kuukauden-tahtipelaaja-9-2025-Oliver-Nordlund.png?resize=495%2C400&amp;ssl=1 495w, https:\/\/i0.wp.com\/aktialiiga.fi\/miehet\/wp-content\/uploads\/sites\/5\/2025\/10\/Kuukauden-tahtipelaaja-9-2025-Oliver-Nordlund.png?resize=845%2C684&amp;ssl=1 845w, https:\/\/i0.wp.com\/aktialiiga.fi\/miehet\/wp-content\/uploads\/sites\/5\/2025\/10\/Kuukauden-tahtipelaaja-9-2025-Oliver-Nordlund.png?zoom=2&amp;resize=495%2C400&amp;ssl=1 990w, https:\/\/i0.wp.com\/aktialiiga.fi\/miehet\/wp-content\/uploads\/sites\/5\/2025\/10\/Kuukauden-tahtipelaaja-9-2025-Oliver-Nordlund.png?zoom=3&amp;resize=495%2C400&amp;ssl=1 1485w\" sizes=\"(max-width: 495px) 100vw, 495px\" \/><\/div><\/a><\/div><\/div><br \/>\n\n<style type=\"text\/css\" data-created_by=\"avia_inline_auto\" id=\"style-css-av-sp0k91-1326fa943035e3e0b012e0e57e581dcb\">\n#top .avia-gallery.av-sp0k91-1326fa943035e3e0b012e0e57e581dcb .avia-gallery-thumb a{\nwidth:20%;\n}\n<\/style>\n<div  class='avia-gallery av-sp0k91-1326fa943035e3e0b012e0e57e581dcb avia_animate_when_visible  avia-builder-el-42  el_after_av_gallery  avia-builder-el-last  av-small-hide av-mini-hide animations_off avia-gallery-6'  itemprop=\"image\" itemscope=\"itemscope\" itemtype=\"https:\/\/schema.org\/ImageObject\" ><meta itemprop=\"contentURL\" content=\"https:\/\/aktialiiga.fi\/miehet\/aktialiiga-2025-26\/\"><div class='avia-gallery-thumb'><a href=\"https:\/\/aktialiiga.fi\/miehet\/ajankohtaista\/christian-cosmo-helmikuun-tahtipelaaja\/\" data-srcset=\"https:\/\/i0.wp.com\/aktialiiga.fi\/miehet\/wp-content\/uploads\/sites\/5\/2026\/03\/Kuukauden-tahtipelaaja-2-2026-Christian-Cosmo.jpg?w=2160&amp;ssl=1 2160w, https:\/\/i0.wp.com\/aktialiiga.fi\/miehet\/wp-content\/uploads\/sites\/5\/2026\/03\/Kuukauden-tahtipelaaja-2-2026-Christian-Cosmo.jpg?resize=300%2C300&amp;ssl=1 300w, https:\/\/i0.wp.com\/aktialiiga.fi\/miehet\/wp-content\/uploads\/sites\/5\/2026\/03\/Kuukauden-tahtipelaaja-2-2026-Christian-Cosmo.jpg?resize=1030%2C1030&amp;ssl=1 1030w, https:\/\/i0.wp.com\/aktialiiga.fi\/miehet\/wp-content\/uploads\/sites\/5\/2026\/03\/Kuukauden-tahtipelaaja-2-2026-Christian-Cosmo.jpg?resize=80%2C80&amp;ssl=1 80w, https:\/\/i0.wp.com\/aktialiiga.fi\/miehet\/wp-content\/uploads\/sites\/5\/2026\/03\/Kuukauden-tahtipelaaja-2-2026-Christian-Cosmo.jpg?resize=768%2C768&amp;ssl=1 768w, https:\/\/i0.wp.com\/aktialiiga.fi\/miehet\/wp-content\/uploads\/sites\/5\/2026\/03\/Kuukauden-tahtipelaaja-2-2026-Christian-Cosmo.jpg?resize=1536%2C1536&amp;ssl=1 1536w, https:\/\/i0.wp.com\/aktialiiga.fi\/miehet\/wp-content\/uploads\/sites\/5\/2026\/03\/Kuukauden-tahtipelaaja-2-2026-Christian-Cosmo.jpg?resize=2048%2C2048&amp;ssl=1 2048w, https:\/\/i0.wp.com\/aktialiiga.fi\/miehet\/wp-content\/uploads\/sites\/5\/2026\/03\/Kuukauden-tahtipelaaja-2-2026-Christian-Cosmo.jpg?resize=36%2C36&amp;ssl=1 36w, https:\/\/i0.wp.com\/aktialiiga.fi\/miehet\/wp-content\/uploads\/sites\/5\/2026\/03\/Kuukauden-tahtipelaaja-2-2026-Christian-Cosmo.jpg?resize=180%2C180&amp;ssl=1 180w, https:\/\/i0.wp.com\/aktialiiga.fi\/miehet\/wp-content\/uploads\/sites\/5\/2026\/03\/Kuukauden-tahtipelaaja-2-2026-Christian-Cosmo.jpg?resize=1500%2C1500&amp;ssl=1 1500w, https:\/\/i0.wp.com\/aktialiiga.fi\/miehet\/wp-content\/uploads\/sites\/5\/2026\/03\/Kuukauden-tahtipelaaja-2-2026-Christian-Cosmo.jpg?resize=705%2C705&amp;ssl=1 705w\" data-sizes=\"(max-width: 1030px) 100vw, 1030px\" data-rel='gallery-6' data-prev-img='https:\/\/i0.wp.com\/aktialiiga.fi\/miehet\/wp-content\/uploads\/sites\/5\/2026\/03\/Kuukauden-tahtipelaaja-2-2026-Christian-Cosmo.jpg?resize=495%2C400&ssl=1' class='first_thumb custom_link ' data-onclick='1' title='Kuukauden t\u00e4htipelaaja 2\/2026 Christian Cosmo, HIFK'  itemprop=\"thumbnailUrl\"  ><img decoding=\"async\" fetchpriority=\"high\" class=\"wp-image-69426 avia-img-lazy-loading-not-69426\"   src=\"https:\/\/i0.wp.com\/aktialiiga.fi\/miehet\/wp-content\/uploads\/sites\/5\/2026\/03\/Kuukauden-tahtipelaaja-2-2026-Christian-Cosmo.jpg?fit=1030%2C1030&ssl=1\" width=\"1030\" height=\"1030\"  title='Kuukauden t\u00e4htipelaaja 2\/2026 Christian Cosmo, HIFK' alt='' srcset=\"https:\/\/i0.wp.com\/aktialiiga.fi\/miehet\/wp-content\/uploads\/sites\/5\/2026\/03\/Kuukauden-tahtipelaaja-2-2026-Christian-Cosmo.jpg?w=2160&amp;ssl=1 2160w, https:\/\/i0.wp.com\/aktialiiga.fi\/miehet\/wp-content\/uploads\/sites\/5\/2026\/03\/Kuukauden-tahtipelaaja-2-2026-Christian-Cosmo.jpg?resize=300%2C300&amp;ssl=1 300w, https:\/\/i0.wp.com\/aktialiiga.fi\/miehet\/wp-content\/uploads\/sites\/5\/2026\/03\/Kuukauden-tahtipelaaja-2-2026-Christian-Cosmo.jpg?resize=1030%2C1030&amp;ssl=1 1030w, https:\/\/i0.wp.com\/aktialiiga.fi\/miehet\/wp-content\/uploads\/sites\/5\/2026\/03\/Kuukauden-tahtipelaaja-2-2026-Christian-Cosmo.jpg?resize=80%2C80&amp;ssl=1 80w, https:\/\/i0.wp.com\/aktialiiga.fi\/miehet\/wp-content\/uploads\/sites\/5\/2026\/03\/Kuukauden-tahtipelaaja-2-2026-Christian-Cosmo.jpg?resize=768%2C768&amp;ssl=1 768w, https:\/\/i0.wp.com\/aktialiiga.fi\/miehet\/wp-content\/uploads\/sites\/5\/2026\/03\/Kuukauden-tahtipelaaja-2-2026-Christian-Cosmo.jpg?resize=1536%2C1536&amp;ssl=1 1536w, https:\/\/i0.wp.com\/aktialiiga.fi\/miehet\/wp-content\/uploads\/sites\/5\/2026\/03\/Kuukauden-tahtipelaaja-2-2026-Christian-Cosmo.jpg?resize=2048%2C2048&amp;ssl=1 2048w, https:\/\/i0.wp.com\/aktialiiga.fi\/miehet\/wp-content\/uploads\/sites\/5\/2026\/03\/Kuukauden-tahtipelaaja-2-2026-Christian-Cosmo.jpg?resize=36%2C36&amp;ssl=1 36w, https:\/\/i0.wp.com\/aktialiiga.fi\/miehet\/wp-content\/uploads\/sites\/5\/2026\/03\/Kuukauden-tahtipelaaja-2-2026-Christian-Cosmo.jpg?resize=180%2C180&amp;ssl=1 180w, https:\/\/i0.wp.com\/aktialiiga.fi\/miehet\/wp-content\/uploads\/sites\/5\/2026\/03\/Kuukauden-tahtipelaaja-2-2026-Christian-Cosmo.jpg?resize=1500%2C1500&amp;ssl=1 1500w, https:\/\/i0.wp.com\/aktialiiga.fi\/miehet\/wp-content\/uploads\/sites\/5\/2026\/03\/Kuukauden-tahtipelaaja-2-2026-Christian-Cosmo.jpg?resize=705%2C705&amp;ssl=1 705w\" sizes=\"(max-width: 1030px) 100vw, 1030px\" \/><div class='big-prev-fake'><img decoding=\"async\" fetchpriority=\"high\" class=\"wp-image-69426 avia-img-lazy-loading-not-69426\"  width=\"495\" height=\"400\" src=\"https:\/\/i0.wp.com\/aktialiiga.fi\/miehet\/wp-content\/uploads\/sites\/5\/2026\/03\/Kuukauden-tahtipelaaja-2-2026-Christian-Cosmo.jpg?resize=495%2C400&ssl=1\" title='Kuukauden t\u00e4htipelaaja 2\/2026 Christian Cosmo, HIFK' alt='' srcset=\"https:\/\/i0.wp.com\/aktialiiga.fi\/miehet\/wp-content\/uploads\/sites\/5\/2026\/03\/Kuukauden-tahtipelaaja-2-2026-Christian-Cosmo.jpg?resize=495%2C400&amp;ssl=1 495w, https:\/\/i0.wp.com\/aktialiiga.fi\/miehet\/wp-content\/uploads\/sites\/5\/2026\/03\/Kuukauden-tahtipelaaja-2-2026-Christian-Cosmo.jpg?resize=845%2C684&amp;ssl=1 845w, https:\/\/i0.wp.com\/aktialiiga.fi\/miehet\/wp-content\/uploads\/sites\/5\/2026\/03\/Kuukauden-tahtipelaaja-2-2026-Christian-Cosmo.jpg?zoom=2&amp;resize=495%2C400&amp;ssl=1 990w, https:\/\/i0.wp.com\/aktialiiga.fi\/miehet\/wp-content\/uploads\/sites\/5\/2026\/03\/Kuukauden-tahtipelaaja-2-2026-Christian-Cosmo.jpg?zoom=3&amp;resize=495%2C400&amp;ssl=1 1485w\" sizes=\"(max-width: 495px) 100vw, 495px\" \/><\/div><\/a><a href=\"https:\/\/aktialiiga.fi\/miehet\/ajankohtaista\/sebastian-sakkinen-joulu-tammikuun-tahtipelaaja\/\" data-srcset=\"https:\/\/i0.wp.com\/aktialiiga.fi\/miehet\/wp-content\/uploads\/sites\/5\/2026\/02\/Kuukauden-tahtipelaaja-12-2025-1-2026-Sebastian-Sakkinen.jpg?w=2160&amp;ssl=1 2160w, https:\/\/i0.wp.com\/aktialiiga.fi\/miehet\/wp-content\/uploads\/sites\/5\/2026\/02\/Kuukauden-tahtipelaaja-12-2025-1-2026-Sebastian-Sakkinen.jpg?resize=300%2C300&amp;ssl=1 300w, https:\/\/i0.wp.com\/aktialiiga.fi\/miehet\/wp-content\/uploads\/sites\/5\/2026\/02\/Kuukauden-tahtipelaaja-12-2025-1-2026-Sebastian-Sakkinen.jpg?resize=1030%2C1030&amp;ssl=1 1030w, https:\/\/i0.wp.com\/aktialiiga.fi\/miehet\/wp-content\/uploads\/sites\/5\/2026\/02\/Kuukauden-tahtipelaaja-12-2025-1-2026-Sebastian-Sakkinen.jpg?resize=80%2C80&amp;ssl=1 80w, https:\/\/i0.wp.com\/aktialiiga.fi\/miehet\/wp-content\/uploads\/sites\/5\/2026\/02\/Kuukauden-tahtipelaaja-12-2025-1-2026-Sebastian-Sakkinen.jpg?resize=768%2C768&amp;ssl=1 768w, https:\/\/i0.wp.com\/aktialiiga.fi\/miehet\/wp-content\/uploads\/sites\/5\/2026\/02\/Kuukauden-tahtipelaaja-12-2025-1-2026-Sebastian-Sakkinen.jpg?resize=1536%2C1536&amp;ssl=1 1536w, https:\/\/i0.wp.com\/aktialiiga.fi\/miehet\/wp-content\/uploads\/sites\/5\/2026\/02\/Kuukauden-tahtipelaaja-12-2025-1-2026-Sebastian-Sakkinen.jpg?resize=2048%2C2048&amp;ssl=1 2048w, https:\/\/i0.wp.com\/aktialiiga.fi\/miehet\/wp-content\/uploads\/sites\/5\/2026\/02\/Kuukauden-tahtipelaaja-12-2025-1-2026-Sebastian-Sakkinen.jpg?resize=36%2C36&amp;ssl=1 36w, https:\/\/i0.wp.com\/aktialiiga.fi\/miehet\/wp-content\/uploads\/sites\/5\/2026\/02\/Kuukauden-tahtipelaaja-12-2025-1-2026-Sebastian-Sakkinen.jpg?resize=180%2C180&amp;ssl=1 180w, https:\/\/i0.wp.com\/aktialiiga.fi\/miehet\/wp-content\/uploads\/sites\/5\/2026\/02\/Kuukauden-tahtipelaaja-12-2025-1-2026-Sebastian-Sakkinen.jpg?resize=1500%2C1500&amp;ssl=1 1500w, https:\/\/i0.wp.com\/aktialiiga.fi\/miehet\/wp-content\/uploads\/sites\/5\/2026\/02\/Kuukauden-tahtipelaaja-12-2025-1-2026-Sebastian-Sakkinen.jpg?resize=705%2C705&amp;ssl=1 705w\" data-sizes=\"(max-width: 1030px) 100vw, 1030px\" data-rel='gallery-6' data-prev-img='https:\/\/i0.wp.com\/aktialiiga.fi\/miehet\/wp-content\/uploads\/sites\/5\/2026\/02\/Kuukauden-tahtipelaaja-12-2025-1-2026-Sebastian-Sakkinen.jpg?resize=495%2C400&ssl=1' class='custom_link ' data-onclick='2' title='Kuukauden t\u00e4htipelaaja 12-2025 - 1-2026  Sebastian S\u00e4kkinen, BK-46'  itemprop=\"thumbnailUrl\"  ><img decoding=\"async\" fetchpriority=\"high\" class=\"wp-image-69009 avia-img-lazy-loading-not-69009\"   src=\"https:\/\/i0.wp.com\/aktialiiga.fi\/miehet\/wp-content\/uploads\/sites\/5\/2026\/02\/Kuukauden-tahtipelaaja-12-2025-1-2026-Sebastian-Sakkinen.jpg?fit=1030%2C1030&ssl=1\" width=\"1030\" height=\"1030\"  title='Kuukauden t\u00e4htipelaaja 12-2025 - 1-2026  Sebastian S\u00e4kkinen, BK-46' alt='' srcset=\"https:\/\/i0.wp.com\/aktialiiga.fi\/miehet\/wp-content\/uploads\/sites\/5\/2026\/02\/Kuukauden-tahtipelaaja-12-2025-1-2026-Sebastian-Sakkinen.jpg?w=2160&amp;ssl=1 2160w, https:\/\/i0.wp.com\/aktialiiga.fi\/miehet\/wp-content\/uploads\/sites\/5\/2026\/02\/Kuukauden-tahtipelaaja-12-2025-1-2026-Sebastian-Sakkinen.jpg?resize=300%2C300&amp;ssl=1 300w, https:\/\/i0.wp.com\/aktialiiga.fi\/miehet\/wp-content\/uploads\/sites\/5\/2026\/02\/Kuukauden-tahtipelaaja-12-2025-1-2026-Sebastian-Sakkinen.jpg?resize=1030%2C1030&amp;ssl=1 1030w, https:\/\/i0.wp.com\/aktialiiga.fi\/miehet\/wp-content\/uploads\/sites\/5\/2026\/02\/Kuukauden-tahtipelaaja-12-2025-1-2026-Sebastian-Sakkinen.jpg?resize=80%2C80&amp;ssl=1 80w, https:\/\/i0.wp.com\/aktialiiga.fi\/miehet\/wp-content\/uploads\/sites\/5\/2026\/02\/Kuukauden-tahtipelaaja-12-2025-1-2026-Sebastian-Sakkinen.jpg?resize=768%2C768&amp;ssl=1 768w, https:\/\/i0.wp.com\/aktialiiga.fi\/miehet\/wp-content\/uploads\/sites\/5\/2026\/02\/Kuukauden-tahtipelaaja-12-2025-1-2026-Sebastian-Sakkinen.jpg?resize=1536%2C1536&amp;ssl=1 1536w, https:\/\/i0.wp.com\/aktialiiga.fi\/miehet\/wp-content\/uploads\/sites\/5\/2026\/02\/Kuukauden-tahtipelaaja-12-2025-1-2026-Sebastian-Sakkinen.jpg?resize=2048%2C2048&amp;ssl=1 2048w, https:\/\/i0.wp.com\/aktialiiga.fi\/miehet\/wp-content\/uploads\/sites\/5\/2026\/02\/Kuukauden-tahtipelaaja-12-2025-1-2026-Sebastian-Sakkinen.jpg?resize=36%2C36&amp;ssl=1 36w, https:\/\/i0.wp.com\/aktialiiga.fi\/miehet\/wp-content\/uploads\/sites\/5\/2026\/02\/Kuukauden-tahtipelaaja-12-2025-1-2026-Sebastian-Sakkinen.jpg?resize=180%2C180&amp;ssl=1 180w, https:\/\/i0.wp.com\/aktialiiga.fi\/miehet\/wp-content\/uploads\/sites\/5\/2026\/02\/Kuukauden-tahtipelaaja-12-2025-1-2026-Sebastian-Sakkinen.jpg?resize=1500%2C1500&amp;ssl=1 1500w, https:\/\/i0.wp.com\/aktialiiga.fi\/miehet\/wp-content\/uploads\/sites\/5\/2026\/02\/Kuukauden-tahtipelaaja-12-2025-1-2026-Sebastian-Sakkinen.jpg?resize=705%2C705&amp;ssl=1 705w\" sizes=\"(max-width: 1030px) 100vw, 1030px\" \/><div class='big-prev-fake'><img decoding=\"async\" fetchpriority=\"high\" class=\"wp-image-69009 avia-img-lazy-loading-not-69009\"  width=\"495\" height=\"400\" src=\"https:\/\/i0.wp.com\/aktialiiga.fi\/miehet\/wp-content\/uploads\/sites\/5\/2026\/02\/Kuukauden-tahtipelaaja-12-2025-1-2026-Sebastian-Sakkinen.jpg?resize=495%2C400&ssl=1\" title='Kuukauden t\u00e4htipelaaja 12-2025 - 1-2026  Sebastian S\u00e4kkinen, BK-46' alt='' srcset=\"https:\/\/i0.wp.com\/aktialiiga.fi\/miehet\/wp-content\/uploads\/sites\/5\/2026\/02\/Kuukauden-tahtipelaaja-12-2025-1-2026-Sebastian-Sakkinen.jpg?resize=495%2C400&amp;ssl=1 495w, https:\/\/i0.wp.com\/aktialiiga.fi\/miehet\/wp-content\/uploads\/sites\/5\/2026\/02\/Kuukauden-tahtipelaaja-12-2025-1-2026-Sebastian-Sakkinen.jpg?resize=845%2C684&amp;ssl=1 845w, https:\/\/i0.wp.com\/aktialiiga.fi\/miehet\/wp-content\/uploads\/sites\/5\/2026\/02\/Kuukauden-tahtipelaaja-12-2025-1-2026-Sebastian-Sakkinen.jpg?zoom=2&amp;resize=495%2C400&amp;ssl=1 990w, https:\/\/i0.wp.com\/aktialiiga.fi\/miehet\/wp-content\/uploads\/sites\/5\/2026\/02\/Kuukauden-tahtipelaaja-12-2025-1-2026-Sebastian-Sakkinen.jpg?zoom=3&amp;resize=495%2C400&amp;ssl=1 1485w\" sizes=\"(max-width: 495px) 100vw, 495px\" \/><\/div><\/a><a href=\"https:\/\/aktialiiga.fi\/miehet\/ajankohtaista\/miska-henriksson-marraskuun-tahtipelaaja\/\" data-srcset=\"https:\/\/i0.wp.com\/aktialiiga.fi\/miehet\/wp-content\/uploads\/sites\/5\/2025\/12\/Kuukauden-tahtipelaaja-11-2025-Miska-Henriksson.jpg?w=2160&amp;ssl=1 2160w, https:\/\/i0.wp.com\/aktialiiga.fi\/miehet\/wp-content\/uploads\/sites\/5\/2025\/12\/Kuukauden-tahtipelaaja-11-2025-Miska-Henriksson.jpg?resize=300%2C300&amp;ssl=1 300w, https:\/\/i0.wp.com\/aktialiiga.fi\/miehet\/wp-content\/uploads\/sites\/5\/2025\/12\/Kuukauden-tahtipelaaja-11-2025-Miska-Henriksson.jpg?resize=1030%2C1030&amp;ssl=1 1030w, https:\/\/i0.wp.com\/aktialiiga.fi\/miehet\/wp-content\/uploads\/sites\/5\/2025\/12\/Kuukauden-tahtipelaaja-11-2025-Miska-Henriksson.jpg?resize=80%2C80&amp;ssl=1 80w, https:\/\/i0.wp.com\/aktialiiga.fi\/miehet\/wp-content\/uploads\/sites\/5\/2025\/12\/Kuukauden-tahtipelaaja-11-2025-Miska-Henriksson.jpg?resize=768%2C768&amp;ssl=1 768w, https:\/\/i0.wp.com\/aktialiiga.fi\/miehet\/wp-content\/uploads\/sites\/5\/2025\/12\/Kuukauden-tahtipelaaja-11-2025-Miska-Henriksson.jpg?resize=1536%2C1536&amp;ssl=1 1536w, https:\/\/i0.wp.com\/aktialiiga.fi\/miehet\/wp-content\/uploads\/sites\/5\/2025\/12\/Kuukauden-tahtipelaaja-11-2025-Miska-Henriksson.jpg?resize=2048%2C2048&amp;ssl=1 2048w, https:\/\/i0.wp.com\/aktialiiga.fi\/miehet\/wp-content\/uploads\/sites\/5\/2025\/12\/Kuukauden-tahtipelaaja-11-2025-Miska-Henriksson.jpg?resize=36%2C36&amp;ssl=1 36w, https:\/\/i0.wp.com\/aktialiiga.fi\/miehet\/wp-content\/uploads\/sites\/5\/2025\/12\/Kuukauden-tahtipelaaja-11-2025-Miska-Henriksson.jpg?resize=180%2C180&amp;ssl=1 180w, https:\/\/i0.wp.com\/aktialiiga.fi\/miehet\/wp-content\/uploads\/sites\/5\/2025\/12\/Kuukauden-tahtipelaaja-11-2025-Miska-Henriksson.jpg?resize=1500%2C1500&amp;ssl=1 1500w, https:\/\/i0.wp.com\/aktialiiga.fi\/miehet\/wp-content\/uploads\/sites\/5\/2025\/12\/Kuukauden-tahtipelaaja-11-2025-Miska-Henriksson.jpg?resize=705%2C705&amp;ssl=1 705w\" data-sizes=\"(max-width: 1030px) 100vw, 1030px\" data-rel='gallery-6' data-prev-img='https:\/\/i0.wp.com\/aktialiiga.fi\/miehet\/wp-content\/uploads\/sites\/5\/2025\/12\/Kuukauden-tahtipelaaja-11-2025-Miska-Henriksson.jpg?resize=495%2C400&ssl=1' class='custom_link ' data-onclick='3' title='Kuukauden t\u00e4htipelaaja 11-2025 Miska Henriksson, BK-46'  itemprop=\"thumbnailUrl\"  ><img decoding=\"async\" fetchpriority=\"high\" class=\"wp-image-68194 avia-img-lazy-loading-not-68194\"   src=\"https:\/\/i0.wp.com\/aktialiiga.fi\/miehet\/wp-content\/uploads\/sites\/5\/2025\/12\/Kuukauden-tahtipelaaja-11-2025-Miska-Henriksson.jpg?fit=1030%2C1030&ssl=1\" width=\"1030\" height=\"1030\"  title='Kuukauden t\u00e4htipelaaja 11-2025 Miska Henriksson, BK-46' alt='' srcset=\"https:\/\/i0.wp.com\/aktialiiga.fi\/miehet\/wp-content\/uploads\/sites\/5\/2025\/12\/Kuukauden-tahtipelaaja-11-2025-Miska-Henriksson.jpg?w=2160&amp;ssl=1 2160w, https:\/\/i0.wp.com\/aktialiiga.fi\/miehet\/wp-content\/uploads\/sites\/5\/2025\/12\/Kuukauden-tahtipelaaja-11-2025-Miska-Henriksson.jpg?resize=300%2C300&amp;ssl=1 300w, https:\/\/i0.wp.com\/aktialiiga.fi\/miehet\/wp-content\/uploads\/sites\/5\/2025\/12\/Kuukauden-tahtipelaaja-11-2025-Miska-Henriksson.jpg?resize=1030%2C1030&amp;ssl=1 1030w, https:\/\/i0.wp.com\/aktialiiga.fi\/miehet\/wp-content\/uploads\/sites\/5\/2025\/12\/Kuukauden-tahtipelaaja-11-2025-Miska-Henriksson.jpg?resize=80%2C80&amp;ssl=1 80w, https:\/\/i0.wp.com\/aktialiiga.fi\/miehet\/wp-content\/uploads\/sites\/5\/2025\/12\/Kuukauden-tahtipelaaja-11-2025-Miska-Henriksson.jpg?resize=768%2C768&amp;ssl=1 768w, https:\/\/i0.wp.com\/aktialiiga.fi\/miehet\/wp-content\/uploads\/sites\/5\/2025\/12\/Kuukauden-tahtipelaaja-11-2025-Miska-Henriksson.jpg?resize=1536%2C1536&amp;ssl=1 1536w, https:\/\/i0.wp.com\/aktialiiga.fi\/miehet\/wp-content\/uploads\/sites\/5\/2025\/12\/Kuukauden-tahtipelaaja-11-2025-Miska-Henriksson.jpg?resize=2048%2C2048&amp;ssl=1 2048w, https:\/\/i0.wp.com\/aktialiiga.fi\/miehet\/wp-content\/uploads\/sites\/5\/2025\/12\/Kuukauden-tahtipelaaja-11-2025-Miska-Henriksson.jpg?resize=36%2C36&amp;ssl=1 36w, https:\/\/i0.wp.com\/aktialiiga.fi\/miehet\/wp-content\/uploads\/sites\/5\/2025\/12\/Kuukauden-tahtipelaaja-11-2025-Miska-Henriksson.jpg?resize=180%2C180&amp;ssl=1 180w, https:\/\/i0.wp.com\/aktialiiga.fi\/miehet\/wp-content\/uploads\/sites\/5\/2025\/12\/Kuukauden-tahtipelaaja-11-2025-Miska-Henriksson.jpg?resize=1500%2C1500&amp;ssl=1 1500w, https:\/\/i0.wp.com\/aktialiiga.fi\/miehet\/wp-content\/uploads\/sites\/5\/2025\/12\/Kuukauden-tahtipelaaja-11-2025-Miska-Henriksson.jpg?resize=705%2C705&amp;ssl=1 705w\" sizes=\"(max-width: 1030px) 100vw, 1030px\" \/><div class='big-prev-fake'><img decoding=\"async\" fetchpriority=\"high\" class=\"wp-image-68194 avia-img-lazy-loading-not-68194\"  width=\"495\" height=\"400\" src=\"https:\/\/i0.wp.com\/aktialiiga.fi\/miehet\/wp-content\/uploads\/sites\/5\/2025\/12\/Kuukauden-tahtipelaaja-11-2025-Miska-Henriksson.jpg?resize=495%2C400&ssl=1\" title='Kuukauden t\u00e4htipelaaja 11-2025 Miska Henriksson, BK-46' alt='' srcset=\"https:\/\/i0.wp.com\/aktialiiga.fi\/miehet\/wp-content\/uploads\/sites\/5\/2025\/12\/Kuukauden-tahtipelaaja-11-2025-Miska-Henriksson.jpg?resize=495%2C400&amp;ssl=1 495w, https:\/\/i0.wp.com\/aktialiiga.fi\/miehet\/wp-content\/uploads\/sites\/5\/2025\/12\/Kuukauden-tahtipelaaja-11-2025-Miska-Henriksson.jpg?resize=845%2C684&amp;ssl=1 845w, https:\/\/i0.wp.com\/aktialiiga.fi\/miehet\/wp-content\/uploads\/sites\/5\/2025\/12\/Kuukauden-tahtipelaaja-11-2025-Miska-Henriksson.jpg?zoom=2&amp;resize=495%2C400&amp;ssl=1 990w, https:\/\/i0.wp.com\/aktialiiga.fi\/miehet\/wp-content\/uploads\/sites\/5\/2025\/12\/Kuukauden-tahtipelaaja-11-2025-Miska-Henriksson.jpg?zoom=3&amp;resize=495%2C400&amp;ssl=1 1485w\" sizes=\"(max-width: 495px) 100vw, 495px\" \/><\/div><\/a><a href=\"https:\/\/aktialiiga.fi\/miehet\/ajankohtaista\/viktor-gronmark-lokakuun-tahtipelaaja\/\" data-srcset=\"https:\/\/i0.wp.com\/aktialiiga.fi\/miehet\/wp-content\/uploads\/sites\/5\/2025\/10\/Kuukauden-tahtipelaaja-10-2025-Viktor-Gronmark.jpg?w=2160&amp;ssl=1 2160w, https:\/\/i0.wp.com\/aktialiiga.fi\/miehet\/wp-content\/uploads\/sites\/5\/2025\/10\/Kuukauden-tahtipelaaja-10-2025-Viktor-Gronmark.jpg?resize=300%2C300&amp;ssl=1 300w, https:\/\/i0.wp.com\/aktialiiga.fi\/miehet\/wp-content\/uploads\/sites\/5\/2025\/10\/Kuukauden-tahtipelaaja-10-2025-Viktor-Gronmark.jpg?resize=1030%2C1030&amp;ssl=1 1030w, https:\/\/i0.wp.com\/aktialiiga.fi\/miehet\/wp-content\/uploads\/sites\/5\/2025\/10\/Kuukauden-tahtipelaaja-10-2025-Viktor-Gronmark.jpg?resize=80%2C80&amp;ssl=1 80w, https:\/\/i0.wp.com\/aktialiiga.fi\/miehet\/wp-content\/uploads\/sites\/5\/2025\/10\/Kuukauden-tahtipelaaja-10-2025-Viktor-Gronmark.jpg?resize=768%2C768&amp;ssl=1 768w, https:\/\/i0.wp.com\/aktialiiga.fi\/miehet\/wp-content\/uploads\/sites\/5\/2025\/10\/Kuukauden-tahtipelaaja-10-2025-Viktor-Gronmark.jpg?resize=1536%2C1536&amp;ssl=1 1536w, https:\/\/i0.wp.com\/aktialiiga.fi\/miehet\/wp-content\/uploads\/sites\/5\/2025\/10\/Kuukauden-tahtipelaaja-10-2025-Viktor-Gronmark.jpg?resize=2048%2C2048&amp;ssl=1 2048w, https:\/\/i0.wp.com\/aktialiiga.fi\/miehet\/wp-content\/uploads\/sites\/5\/2025\/10\/Kuukauden-tahtipelaaja-10-2025-Viktor-Gronmark.jpg?resize=36%2C36&amp;ssl=1 36w, https:\/\/i0.wp.com\/aktialiiga.fi\/miehet\/wp-content\/uploads\/sites\/5\/2025\/10\/Kuukauden-tahtipelaaja-10-2025-Viktor-Gronmark.jpg?resize=180%2C180&amp;ssl=1 180w, https:\/\/i0.wp.com\/aktialiiga.fi\/miehet\/wp-content\/uploads\/sites\/5\/2025\/10\/Kuukauden-tahtipelaaja-10-2025-Viktor-Gronmark.jpg?resize=1500%2C1500&amp;ssl=1 1500w, https:\/\/i0.wp.com\/aktialiiga.fi\/miehet\/wp-content\/uploads\/sites\/5\/2025\/10\/Kuukauden-tahtipelaaja-10-2025-Viktor-Gronmark.jpg?resize=705%2C705&amp;ssl=1 705w\" data-sizes=\"(max-width: 1030px) 100vw, 1030px\" data-rel='gallery-6' data-prev-img='https:\/\/i0.wp.com\/aktialiiga.fi\/miehet\/wp-content\/uploads\/sites\/5\/2025\/10\/Kuukauden-tahtipelaaja-10-2025-Viktor-Gronmark.jpg?resize=495%2C400&ssl=1' class='custom_link ' data-onclick='4' title='Kuukauden t\u00e4htipelaaja 10-2025 Viktor Gr\u00f6nmark, SIF'  itemprop=\"thumbnailUrl\"  ><img decoding=\"async\" fetchpriority=\"high\" class=\"wp-image-67595 avia-img-lazy-loading-not-67595\"   src=\"https:\/\/i0.wp.com\/aktialiiga.fi\/miehet\/wp-content\/uploads\/sites\/5\/2025\/10\/Kuukauden-tahtipelaaja-10-2025-Viktor-Gronmark.jpg?fit=1030%2C1030&ssl=1\" width=\"1030\" height=\"1030\"  title='Kuukauden t\u00e4htipelaaja 10-2025 Viktor Gr\u00f6nmark, SIF' alt='' srcset=\"https:\/\/i0.wp.com\/aktialiiga.fi\/miehet\/wp-content\/uploads\/sites\/5\/2025\/10\/Kuukauden-tahtipelaaja-10-2025-Viktor-Gronmark.jpg?w=2160&amp;ssl=1 2160w, https:\/\/i0.wp.com\/aktialiiga.fi\/miehet\/wp-content\/uploads\/sites\/5\/2025\/10\/Kuukauden-tahtipelaaja-10-2025-Viktor-Gronmark.jpg?resize=300%2C300&amp;ssl=1 300w, https:\/\/i0.wp.com\/aktialiiga.fi\/miehet\/wp-content\/uploads\/sites\/5\/2025\/10\/Kuukauden-tahtipelaaja-10-2025-Viktor-Gronmark.jpg?resize=1030%2C1030&amp;ssl=1 1030w, https:\/\/i0.wp.com\/aktialiiga.fi\/miehet\/wp-content\/uploads\/sites\/5\/2025\/10\/Kuukauden-tahtipelaaja-10-2025-Viktor-Gronmark.jpg?resize=80%2C80&amp;ssl=1 80w, https:\/\/i0.wp.com\/aktialiiga.fi\/miehet\/wp-content\/uploads\/sites\/5\/2025\/10\/Kuukauden-tahtipelaaja-10-2025-Viktor-Gronmark.jpg?resize=768%2C768&amp;ssl=1 768w, https:\/\/i0.wp.com\/aktialiiga.fi\/miehet\/wp-content\/uploads\/sites\/5\/2025\/10\/Kuukauden-tahtipelaaja-10-2025-Viktor-Gronmark.jpg?resize=1536%2C1536&amp;ssl=1 1536w, https:\/\/i0.wp.com\/aktialiiga.fi\/miehet\/wp-content\/uploads\/sites\/5\/2025\/10\/Kuukauden-tahtipelaaja-10-2025-Viktor-Gronmark.jpg?resize=2048%2C2048&amp;ssl=1 2048w, https:\/\/i0.wp.com\/aktialiiga.fi\/miehet\/wp-content\/uploads\/sites\/5\/2025\/10\/Kuukauden-tahtipelaaja-10-2025-Viktor-Gronmark.jpg?resize=36%2C36&amp;ssl=1 36w, https:\/\/i0.wp.com\/aktialiiga.fi\/miehet\/wp-content\/uploads\/sites\/5\/2025\/10\/Kuukauden-tahtipelaaja-10-2025-Viktor-Gronmark.jpg?resize=180%2C180&amp;ssl=1 180w, https:\/\/i0.wp.com\/aktialiiga.fi\/miehet\/wp-content\/uploads\/sites\/5\/2025\/10\/Kuukauden-tahtipelaaja-10-2025-Viktor-Gronmark.jpg?resize=1500%2C1500&amp;ssl=1 1500w, https:\/\/i0.wp.com\/aktialiiga.fi\/miehet\/wp-content\/uploads\/sites\/5\/2025\/10\/Kuukauden-tahtipelaaja-10-2025-Viktor-Gronmark.jpg?resize=705%2C705&amp;ssl=1 705w\" sizes=\"(max-width: 1030px) 100vw, 1030px\" \/><div class='big-prev-fake'><img decoding=\"async\" fetchpriority=\"high\" class=\"wp-image-67595 avia-img-lazy-loading-not-67595\"  width=\"495\" height=\"400\" src=\"https:\/\/i0.wp.com\/aktialiiga.fi\/miehet\/wp-content\/uploads\/sites\/5\/2025\/10\/Kuukauden-tahtipelaaja-10-2025-Viktor-Gronmark.jpg?resize=495%2C400&ssl=1\" title='Kuukauden t\u00e4htipelaaja 10-2025 Viktor Gr\u00f6nmark, SIF' alt='' srcset=\"https:\/\/i0.wp.com\/aktialiiga.fi\/miehet\/wp-content\/uploads\/sites\/5\/2025\/10\/Kuukauden-tahtipelaaja-10-2025-Viktor-Gronmark.jpg?resize=495%2C400&amp;ssl=1 495w, https:\/\/i0.wp.com\/aktialiiga.fi\/miehet\/wp-content\/uploads\/sites\/5\/2025\/10\/Kuukauden-tahtipelaaja-10-2025-Viktor-Gronmark.jpg?resize=845%2C684&amp;ssl=1 845w, https:\/\/i0.wp.com\/aktialiiga.fi\/miehet\/wp-content\/uploads\/sites\/5\/2025\/10\/Kuukauden-tahtipelaaja-10-2025-Viktor-Gronmark.jpg?zoom=2&amp;resize=495%2C400&amp;ssl=1 990w, https:\/\/i0.wp.com\/aktialiiga.fi\/miehet\/wp-content\/uploads\/sites\/5\/2025\/10\/Kuukauden-tahtipelaaja-10-2025-Viktor-Gronmark.jpg?zoom=3&amp;resize=495%2C400&amp;ssl=1 1485w\" sizes=\"(max-width: 495px) 100vw, 495px\" \/><\/div><\/a><a href=\"https:\/\/aktialiiga.fi\/miehet\/ajankohtaista\/oliver-nordlund-syyskuun-tahtipelaaja\/\" data-srcset=\"https:\/\/i0.wp.com\/aktialiiga.fi\/miehet\/wp-content\/uploads\/sites\/5\/2025\/10\/Kuukauden-tahtipelaaja-9-2025-Oliver-Nordlund.jpg?w=2160&amp;ssl=1 2160w, https:\/\/i0.wp.com\/aktialiiga.fi\/miehet\/wp-content\/uploads\/sites\/5\/2025\/10\/Kuukauden-tahtipelaaja-9-2025-Oliver-Nordlund.jpg?resize=300%2C300&amp;ssl=1 300w, https:\/\/i0.wp.com\/aktialiiga.fi\/miehet\/wp-content\/uploads\/sites\/5\/2025\/10\/Kuukauden-tahtipelaaja-9-2025-Oliver-Nordlund.jpg?resize=1030%2C1030&amp;ssl=1 1030w, https:\/\/i0.wp.com\/aktialiiga.fi\/miehet\/wp-content\/uploads\/sites\/5\/2025\/10\/Kuukauden-tahtipelaaja-9-2025-Oliver-Nordlund.jpg?resize=80%2C80&amp;ssl=1 80w, https:\/\/i0.wp.com\/aktialiiga.fi\/miehet\/wp-content\/uploads\/sites\/5\/2025\/10\/Kuukauden-tahtipelaaja-9-2025-Oliver-Nordlund.jpg?resize=768%2C768&amp;ssl=1 768w, https:\/\/i0.wp.com\/aktialiiga.fi\/miehet\/wp-content\/uploads\/sites\/5\/2025\/10\/Kuukauden-tahtipelaaja-9-2025-Oliver-Nordlund.jpg?resize=1536%2C1536&amp;ssl=1 1536w, https:\/\/i0.wp.com\/aktialiiga.fi\/miehet\/wp-content\/uploads\/sites\/5\/2025\/10\/Kuukauden-tahtipelaaja-9-2025-Oliver-Nordlund.jpg?resize=2048%2C2048&amp;ssl=1 2048w, https:\/\/i0.wp.com\/aktialiiga.fi\/miehet\/wp-content\/uploads\/sites\/5\/2025\/10\/Kuukauden-tahtipelaaja-9-2025-Oliver-Nordlund.jpg?resize=36%2C36&amp;ssl=1 36w, https:\/\/i0.wp.com\/aktialiiga.fi\/miehet\/wp-content\/uploads\/sites\/5\/2025\/10\/Kuukauden-tahtipelaaja-9-2025-Oliver-Nordlund.jpg?resize=180%2C180&amp;ssl=1 180w, https:\/\/i0.wp.com\/aktialiiga.fi\/miehet\/wp-content\/uploads\/sites\/5\/2025\/10\/Kuukauden-tahtipelaaja-9-2025-Oliver-Nordlund.jpg?resize=1500%2C1500&amp;ssl=1 1500w, https:\/\/i0.wp.com\/aktialiiga.fi\/miehet\/wp-content\/uploads\/sites\/5\/2025\/10\/Kuukauden-tahtipelaaja-9-2025-Oliver-Nordlund.jpg?resize=705%2C705&amp;ssl=1 705w\" data-sizes=\"(max-width: 1030px) 100vw, 1030px\" data-rel='gallery-6' data-prev-img='https:\/\/i0.wp.com\/aktialiiga.fi\/miehet\/wp-content\/uploads\/sites\/5\/2025\/10\/Kuukauden-tahtipelaaja-9-2025-Oliver-Nordlund.jpg?resize=495%2C400&ssl=1' class='custom_link ' data-onclick='5' title='Kuukauden t\u00e4htipelaaja 9-2025 Oliver Nordlund, BK-46'  itemprop=\"thumbnailUrl\"  ><img decoding=\"async\" fetchpriority=\"high\" class=\"wp-image-66678 avia-img-lazy-loading-not-66678\"   src=\"https:\/\/i0.wp.com\/aktialiiga.fi\/miehet\/wp-content\/uploads\/sites\/5\/2025\/10\/Kuukauden-tahtipelaaja-9-2025-Oliver-Nordlund.jpg?fit=1030%2C1030&ssl=1\" width=\"1030\" height=\"1030\"  title='Kuukauden t\u00e4htipelaaja 9-2025 Oliver Nordlund, BK-46' alt='' srcset=\"https:\/\/i0.wp.com\/aktialiiga.fi\/miehet\/wp-content\/uploads\/sites\/5\/2025\/10\/Kuukauden-tahtipelaaja-9-2025-Oliver-Nordlund.jpg?w=2160&amp;ssl=1 2160w, https:\/\/i0.wp.com\/aktialiiga.fi\/miehet\/wp-content\/uploads\/sites\/5\/2025\/10\/Kuukauden-tahtipelaaja-9-2025-Oliver-Nordlund.jpg?resize=300%2C300&amp;ssl=1 300w, https:\/\/i0.wp.com\/aktialiiga.fi\/miehet\/wp-content\/uploads\/sites\/5\/2025\/10\/Kuukauden-tahtipelaaja-9-2025-Oliver-Nordlund.jpg?resize=1030%2C1030&amp;ssl=1 1030w, https:\/\/i0.wp.com\/aktialiiga.fi\/miehet\/wp-content\/uploads\/sites\/5\/2025\/10\/Kuukauden-tahtipelaaja-9-2025-Oliver-Nordlund.jpg?resize=80%2C80&amp;ssl=1 80w, https:\/\/i0.wp.com\/aktialiiga.fi\/miehet\/wp-content\/uploads\/sites\/5\/2025\/10\/Kuukauden-tahtipelaaja-9-2025-Oliver-Nordlund.jpg?resize=768%2C768&amp;ssl=1 768w, https:\/\/i0.wp.com\/aktialiiga.fi\/miehet\/wp-content\/uploads\/sites\/5\/2025\/10\/Kuukauden-tahtipelaaja-9-2025-Oliver-Nordlund.jpg?resize=1536%2C1536&amp;ssl=1 1536w, https:\/\/i0.wp.com\/aktialiiga.fi\/miehet\/wp-content\/uploads\/sites\/5\/2025\/10\/Kuukauden-tahtipelaaja-9-2025-Oliver-Nordlund.jpg?resize=2048%2C2048&amp;ssl=1 2048w, https:\/\/i0.wp.com\/aktialiiga.fi\/miehet\/wp-content\/uploads\/sites\/5\/2025\/10\/Kuukauden-tahtipelaaja-9-2025-Oliver-Nordlund.jpg?resize=36%2C36&amp;ssl=1 36w, https:\/\/i0.wp.com\/aktialiiga.fi\/miehet\/wp-content\/uploads\/sites\/5\/2025\/10\/Kuukauden-tahtipelaaja-9-2025-Oliver-Nordlund.jpg?resize=180%2C180&amp;ssl=1 180w, https:\/\/i0.wp.com\/aktialiiga.fi\/miehet\/wp-content\/uploads\/sites\/5\/2025\/10\/Kuukauden-tahtipelaaja-9-2025-Oliver-Nordlund.jpg?resize=1500%2C1500&amp;ssl=1 1500w, https:\/\/i0.wp.com\/aktialiiga.fi\/miehet\/wp-content\/uploads\/sites\/5\/2025\/10\/Kuukauden-tahtipelaaja-9-2025-Oliver-Nordlund.jpg?resize=705%2C705&amp;ssl=1 705w\" sizes=\"(max-width: 1030px) 100vw, 1030px\" \/><div class='big-prev-fake'><img decoding=\"async\" fetchpriority=\"high\" class=\"wp-image-66678 avia-img-lazy-loading-not-66678\"  width=\"495\" height=\"400\" src=\"https:\/\/i0.wp.com\/aktialiiga.fi\/miehet\/wp-content\/uploads\/sites\/5\/2025\/10\/Kuukauden-tahtipelaaja-9-2025-Oliver-Nordlund.jpg?resize=495%2C400&ssl=1\" title='Kuukauden t\u00e4htipelaaja 9-2025 Oliver Nordlund, BK-46' alt='' srcset=\"https:\/\/i0.wp.com\/aktialiiga.fi\/miehet\/wp-content\/uploads\/sites\/5\/2025\/10\/Kuukauden-tahtipelaaja-9-2025-Oliver-Nordlund.jpg?resize=495%2C400&amp;ssl=1 495w, https:\/\/i0.wp.com\/aktialiiga.fi\/miehet\/wp-content\/uploads\/sites\/5\/2025\/10\/Kuukauden-tahtipelaaja-9-2025-Oliver-Nordlund.jpg?resize=845%2C684&amp;ssl=1 845w, https:\/\/i0.wp.com\/aktialiiga.fi\/miehet\/wp-content\/uploads\/sites\/5\/2025\/10\/Kuukauden-tahtipelaaja-9-2025-Oliver-Nordlund.jpg?zoom=2&amp;resize=495%2C400&amp;ssl=1 990w, https:\/\/i0.wp.com\/aktialiiga.fi\/miehet\/wp-content\/uploads\/sites\/5\/2025\/10\/Kuukauden-tahtipelaaja-9-2025-Oliver-Nordlund.jpg?zoom=3&amp;resize=495%2C400&amp;ssl=1 1485w\" sizes=\"(max-width: 495px) 100vw, 495px\" \/><\/div><\/a><\/div><\/div><\/p><\/div><\/div><!--close column table wrapper. Autoclose: 1 -->\n<\/p>\n<\/div><\/div><\/div><!-- close content main div --><\/div><\/div><div id='av_section_7'  class='avia-section av-28vllb9-05f61b1f5bb0c821a65926a1223abb93 main_color avia-section-default avia-no-border-styling  avia-builder-el-43  el_after_av_section  avia-builder-el-last  avia-bg-style-scroll container_wrap sidebar_right'  ><div class='container av-section-cont-open' ><div class='template-page content  av-content-small alpha units'><div class='post-entry post-entry-type-page post-entry-69573'><div class='entry-content-wrapper clearfix'>\n<div  id=\"random-gallery\"  class='flex_column av-1jve6n9-a929a089c4b352fe165f4e803ab58137 av_one_full  avia-builder-el-44  avia-builder-el-no-sibling  first flex_column_div  '     ><p>\n<style type=\"text\/css\" data-created_by=\"avia_inline_auto\" id=\"style-css-av-1cyvuqt-5ffc932fd4e1b8106ec3519d3e703bc3\">\n#top .av-special-heading.av-1cyvuqt-5ffc932fd4e1b8106ec3519d3e703bc3{\npadding-bottom:10px;\n}\nbody .av-special-heading.av-1cyvuqt-5ffc932fd4e1b8106ec3519d3e703bc3 .av-special-heading-tag .heading-char{\nfont-size:25px;\n}\n.av-special-heading.av-1cyvuqt-5ffc932fd4e1b8106ec3519d3e703bc3 .av-subheading{\nfont-size:15px;\n}\n<\/style>\n<div  class='av-special-heading av-1cyvuqt-5ffc932fd4e1b8106ec3519d3e703bc3 av-special-heading-h1 blockquote modern-quote modern-centered  avia-builder-el-45  el_before_av_codeblock  avia-builder-el-first '><h1 class='av-special-heading-tag '  itemprop=\"headline\"  >Pelaajat 2025\/26<\/h1><div class='av-subheading av-subheading_below'><p><a style=\"text-decoration: underline;\" href=\"https:\/\/aktialiiga.fi\/miehet\/aktialiiga-2025-26\/\">P\u00e4ivit\u00e4 sivu<\/a> <strong>(F5)<\/strong> vaihtaaksesi pelaajien j\u00e4rjestyst\u00e4<\/p>\n<\/div><div class=\"special-heading-border\"><div class=\"special-heading-inner-border\"><\/div><\/div><\/div><br \/>\n<\/p><\/div>\n<\/div><\/div><\/div><!-- close content main div --><\/div><\/div><div id='after_section_7'  class='main_color av_default_container_wrap container_wrap sidebar_right'  ><div class='container av-section-cont-open' ><div class='template-page content  av-content-small alpha units'><div class='post-entry post-entry-type-page post-entry-69573'><div class='entry-content-wrapper clearfix'>\n","protected":false},"excerpt":{"rendered":"<p>K\u00e4sipallon SM-liiga &#8211; Valtakunnan vauhdikkain liiga!<\/p>\n","protected":false},"author":3,"featured_media":0,"parent":0,"menu_order":0,"comment_status":"closed","ping_status":"closed","template":"","meta":{"_acf_changed":false,"jetpack_post_was_ever_published":false,"footnotes":""},"class_list":["post-69573","page","type-page","status-publish","hentry"],"acf":[],"yoast_head":"<!-- This site is optimized with the Yoast SEO plugin v27.5 - https:\/\/yoast.com\/product\/yoast-seo-wordpress\/ -->\n<title>K\u00e4sipallon Aktialiiga 2025\/26 | K\u00e4sipallon miesten Aktialiiga<\/title>\n<meta name=\"robots\" content=\"index, follow, max-snippet:-1, max-image-preview:large, max-video-preview:-1\" \/>\n<link rel=\"canonical\" href=\"https:\/\/aktialiiga.fi\/miehet\/aktialiiga-2025-26\/\" \/>\n<meta property=\"og:locale\" content=\"fi_FI\" \/>\n<meta property=\"og:type\" content=\"article\" \/>\n<meta property=\"og:title\" content=\"K\u00e4sipallon Aktialiiga 2025\/26 | K\u00e4sipallon miesten Aktialiiga\" \/>\n<meta property=\"og:description\" content=\"K\u00e4sipallon SM-liiga - Valtakunnan vauhdikkain liiga!\" \/>\n<meta property=\"og:url\" content=\"https:\/\/aktialiiga.fi\/miehet\/aktialiiga-2025-26\/\" \/>\n<meta property=\"og:site_name\" content=\"K\u00e4sipallon miesten Aktialiiga\" \/>\n<meta property=\"article:publisher\" content=\"https:\/\/www.facebook.com\/finnhandball\" \/>\n<meta property=\"article:modified_time\" content=\"2026-03-14T10:30:10+00:00\" \/>\n<meta name=\"twitter:card\" content=\"summary_large_image\" \/>\n<meta name=\"twitter:site\" content=\"@finnhandball\" \/>\n<script type=\"application\/ld+json\" class=\"yoast-schema-graph\">{\"@context\":\"https:\\\/\\\/schema.org\",\"@graph\":[{\"@type\":\"WebPage\",\"@id\":\"https:\\\/\\\/aktialiiga.fi\\\/miehet\\\/aktialiiga-2025-26\\\/\",\"url\":\"https:\\\/\\\/aktialiiga.fi\\\/miehet\\\/aktialiiga-2025-26\\\/\",\"name\":\"K\u00e4sipallon Aktialiiga 2025\\\/26 | K\u00e4sipallon miesten Aktialiiga\",\"isPartOf\":{\"@id\":\"https:\\\/\\\/aktialiiga.fi\\\/miehet\\\/#website\"},\"datePublished\":\"2026-03-14T10:16:21+00:00\",\"dateModified\":\"2026-03-14T10:30:10+00:00\",\"breadcrumb\":{\"@id\":\"https:\\\/\\\/aktialiiga.fi\\\/miehet\\\/aktialiiga-2025-26\\\/#breadcrumb\"},\"inLanguage\":\"fi\",\"potentialAction\":[{\"@type\":\"ReadAction\",\"target\":[\"https:\\\/\\\/aktialiiga.fi\\\/miehet\\\/aktialiiga-2025-26\\\/\"]}]},{\"@type\":\"BreadcrumbList\",\"@id\":\"https:\\\/\\\/aktialiiga.fi\\\/miehet\\\/aktialiiga-2025-26\\\/#breadcrumb\",\"itemListElement\":[{\"@type\":\"ListItem\",\"position\":1,\"name\":\"Etusivu\",\"item\":\"https:\\\/\\\/aktialiiga.fi\\\/miehet\\\/\"},{\"@type\":\"ListItem\",\"position\":2,\"name\":\"K\u00e4sipallon Aktialiiga 2025\\\/26\"}]},{\"@type\":\"WebSite\",\"@id\":\"https:\\\/\\\/aktialiiga.fi\\\/miehet\\\/#website\",\"url\":\"https:\\\/\\\/aktialiiga.fi\\\/miehet\\\/\",\"name\":\"K\u00e4sipallon miesten Aktialiiga\",\"description\":\"Valtakunnan vauhdikkainta palloilua!\",\"publisher\":{\"@id\":\"https:\\\/\\\/aktialiiga.fi\\\/miehet\\\/#organization\"},\"potentialAction\":[{\"@type\":\"SearchAction\",\"target\":{\"@type\":\"EntryPoint\",\"urlTemplate\":\"https:\\\/\\\/aktialiiga.fi\\\/miehet\\\/?s={search_term_string}\"},\"query-input\":{\"@type\":\"PropertyValueSpecification\",\"valueRequired\":true,\"valueName\":\"search_term_string\"}}],\"inLanguage\":\"fi\"},{\"@type\":\"Organization\",\"@id\":\"https:\\\/\\\/aktialiiga.fi\\\/miehet\\\/#organization\",\"name\":\"K\u00e4sipallon miesten Aktialiiga\",\"url\":\"https:\\\/\\\/aktialiiga.fi\\\/miehet\\\/\",\"logo\":{\"@type\":\"ImageObject\",\"inLanguage\":\"fi\",\"@id\":\"https:\\\/\\\/aktialiiga.fi\\\/miehet\\\/#\\\/schema\\\/logo\\\/image\\\/\",\"url\":\"https:\\\/\\\/i0.wp.com\\\/aktialiiga.fi\\\/miehet\\\/wp-content\\\/uploads\\\/sites\\\/5\\\/2024\\\/09\\\/Aktialiiga-Yoast-512.png?fit=512%2C512&ssl=1\",\"contentUrl\":\"https:\\\/\\\/i0.wp.com\\\/aktialiiga.fi\\\/miehet\\\/wp-content\\\/uploads\\\/sites\\\/5\\\/2024\\\/09\\\/Aktialiiga-Yoast-512.png?fit=512%2C512&ssl=1\",\"width\":512,\"height\":512,\"caption\":\"K\u00e4sipallon miesten Aktialiiga\"},\"image\":{\"@id\":\"https:\\\/\\\/aktialiiga.fi\\\/miehet\\\/#\\\/schema\\\/logo\\\/image\\\/\"},\"sameAs\":[\"https:\\\/\\\/www.facebook.com\\\/finnhandball\",\"https:\\\/\\\/x.com\\\/finnhandball\",\"https:\\\/\\\/www.instagram.com\\\/handballfinland\\\/\"]}]}<\/script>\n<!-- \/ Yoast SEO plugin. -->","yoast_head_json":{"title":"K\u00e4sipallon Aktialiiga 2025\/26 | K\u00e4sipallon miesten Aktialiiga","robots":{"index":"index","follow":"follow","max-snippet":"max-snippet:-1","max-image-preview":"max-image-preview:large","max-video-preview":"max-video-preview:-1"},"canonical":"https:\/\/aktialiiga.fi\/miehet\/aktialiiga-2025-26\/","og_locale":"fi_FI","og_type":"article","og_title":"K\u00e4sipallon Aktialiiga 2025\/26 | K\u00e4sipallon miesten Aktialiiga","og_description":"K\u00e4sipallon SM-liiga - Valtakunnan vauhdikkain liiga!","og_url":"https:\/\/aktialiiga.fi\/miehet\/aktialiiga-2025-26\/","og_site_name":"K\u00e4sipallon miesten Aktialiiga","article_publisher":"https:\/\/www.facebook.com\/finnhandball","article_modified_time":"2026-03-14T10:30:10+00:00","twitter_card":"summary_large_image","twitter_site":"@finnhandball","schema":{"@context":"https:\/\/schema.org","@graph":[{"@type":"WebPage","@id":"https:\/\/aktialiiga.fi\/miehet\/aktialiiga-2025-26\/","url":"https:\/\/aktialiiga.fi\/miehet\/aktialiiga-2025-26\/","name":"K\u00e4sipallon Aktialiiga 2025\/26 | K\u00e4sipallon miesten Aktialiiga","isPartOf":{"@id":"https:\/\/aktialiiga.fi\/miehet\/#website"},"datePublished":"2026-03-14T10:16:21+00:00","dateModified":"2026-03-14T10:30:10+00:00","breadcrumb":{"@id":"https:\/\/aktialiiga.fi\/miehet\/aktialiiga-2025-26\/#breadcrumb"},"inLanguage":"fi","potentialAction":[{"@type":"ReadAction","target":["https:\/\/aktialiiga.fi\/miehet\/aktialiiga-2025-26\/"]}]},{"@type":"BreadcrumbList","@id":"https:\/\/aktialiiga.fi\/miehet\/aktialiiga-2025-26\/#breadcrumb","itemListElement":[{"@type":"ListItem","position":1,"name":"Etusivu","item":"https:\/\/aktialiiga.fi\/miehet\/"},{"@type":"ListItem","position":2,"name":"K\u00e4sipallon Aktialiiga 2025\/26"}]},{"@type":"WebSite","@id":"https:\/\/aktialiiga.fi\/miehet\/#website","url":"https:\/\/aktialiiga.fi\/miehet\/","name":"K\u00e4sipallon miesten Aktialiiga","description":"Valtakunnan vauhdikkainta palloilua!","publisher":{"@id":"https:\/\/aktialiiga.fi\/miehet\/#organization"},"potentialAction":[{"@type":"SearchAction","target":{"@type":"EntryPoint","urlTemplate":"https:\/\/aktialiiga.fi\/miehet\/?s={search_term_string}"},"query-input":{"@type":"PropertyValueSpecification","valueRequired":true,"valueName":"search_term_string"}}],"inLanguage":"fi"},{"@type":"Organization","@id":"https:\/\/aktialiiga.fi\/miehet\/#organization","name":"K\u00e4sipallon miesten Aktialiiga","url":"https:\/\/aktialiiga.fi\/miehet\/","logo":{"@type":"ImageObject","inLanguage":"fi","@id":"https:\/\/aktialiiga.fi\/miehet\/#\/schema\/logo\/image\/","url":"https:\/\/i0.wp.com\/aktialiiga.fi\/miehet\/wp-content\/uploads\/sites\/5\/2024\/09\/Aktialiiga-Yoast-512.png?fit=512%2C512&ssl=1","contentUrl":"https:\/\/i0.wp.com\/aktialiiga.fi\/miehet\/wp-content\/uploads\/sites\/5\/2024\/09\/Aktialiiga-Yoast-512.png?fit=512%2C512&ssl=1","width":512,"height":512,"caption":"K\u00e4sipallon miesten Aktialiiga"},"image":{"@id":"https:\/\/aktialiiga.fi\/miehet\/#\/schema\/logo\/image\/"},"sameAs":["https:\/\/www.facebook.com\/finnhandball","https:\/\/x.com\/finnhandball","https:\/\/www.instagram.com\/handballfinland\/"]}]}},"jetpack_sharing_enabled":true,"jetpack_shortlink":"https:\/\/wp.me\/PfTxOr-i69","_links":{"self":[{"href":"https:\/\/aktialiiga.fi\/miehet\/wp-json\/wp\/v2\/pages\/69573","targetHints":{"allow":["GET"]}}],"collection":[{"href":"https:\/\/aktialiiga.fi\/miehet\/wp-json\/wp\/v2\/pages"}],"about":[{"href":"https:\/\/aktialiiga.fi\/miehet\/wp-json\/wp\/v2\/types\/page"}],"author":[{"embeddable":true,"href":"https:\/\/aktialiiga.fi\/miehet\/wp-json\/wp\/v2\/users\/3"}],"replies":[{"embeddable":true,"href":"https:\/\/aktialiiga.fi\/miehet\/wp-json\/wp\/v2\/comments?post=69573"}],"version-history":[{"count":14,"href":"https:\/\/aktialiiga.fi\/miehet\/wp-json\/wp\/v2\/pages\/69573\/revisions"}],"predecessor-version":[{"id":69591,"href":"https:\/\/aktialiiga.fi\/miehet\/wp-json\/wp\/v2\/pages\/69573\/revisions\/69591"}],"wp:attachment":[{"href":"https:\/\/aktialiiga.fi\/miehet\/wp-json\/wp\/v2\/media?parent=69573"}],"curies":[{"name":"wp","href":"https:\/\/api.w.org\/{rel}","templated":true}]}}