{"version":"1.0","provider_name":"K\u00e4sipallon naisten Aktialiiga","provider_url":"https:\/\/aktialiiga.fi\/naiset","author_name":"tbrmedia","author_url":"#","title":"Seitsem\u00e4s sija peliss\u00e4 Myyrm\u00e4ess\u00e4 | K\u00e4sipallon naisten Aktialiiga","type":"rich","width":600,"height":338,"html":"<blockquote class=\"wp-embedded-content\" data-secret=\"9cWA5HXAvo\"><a href=\"https:\/\/aktialiiga.fi\/naiset\/2015-2016\/ennakot-2015-2016\/seitsemas-sija-pelissa-myyrmaessa\/\">Seitsem\u00e4s sija peliss\u00e4 Myyrm\u00e4ess\u00e4<\/a><\/blockquote><iframe sandbox=\"allow-scripts\" security=\"restricted\" src=\"https:\/\/aktialiiga.fi\/naiset\/2015-2016\/ennakot-2015-2016\/seitsemas-sija-pelissa-myyrmaessa\/embed\/#?secret=9cWA5HXAvo\" width=\"600\" height=\"338\" title=\"&#8221;Seitsem\u00e4s sija peliss\u00e4 Myyrm\u00e4ess\u00e4&#8221; &#8212; K\u00e4sipallon naisten Aktialiiga\" data-secret=\"9cWA5HXAvo\" frameborder=\"0\" marginwidth=\"0\" marginheight=\"0\" scrolling=\"no\" class=\"wp-embedded-content\"><\/iframe><script type=\"text\/javascript\">\n\/* <![CDATA[ *\/\n\/*! This file is auto-generated *\/\n!function(d,l){\"use strict\";l.querySelector&&d.addEventListener&&\"undefined\"!=typeof URL&&(d.wp=d.wp||{},d.wp.receiveEmbedMessage||(d.wp.receiveEmbedMessage=function(e){var t=e.data;if((t||t.secret||t.message||t.value)&&!\/[^a-zA-Z0-9]\/.test(t.secret)){for(var s,r,n,a=l.querySelectorAll('iframe[data-secret=\"'+t.secret+'\"]'),o=l.querySelectorAll('blockquote[data-secret=\"'+t.secret+'\"]'),c=new RegExp(\"^https?:$\",\"i\"),i=0;i<o.length;i++)o[i].style.display=\"none\";for(i=0;i<a.length;i++)s=a[i],e.source===s.contentWindow&&(s.removeAttribute(\"style\"),\"height\"===t.message?(1e3<(r=parseInt(t.value,10))?r=1e3:~~r<200&&(r=200),s.height=r):\"link\"===t.message&&(r=new URL(s.getAttribute(\"src\")),n=new URL(t.value),c.test(n.protocol))&&n.host===r.host&&l.activeElement===s&&(d.top.location.href=t.value))}},d.addEventListener(\"message\",d.wp.receiveEmbedMessage,!1),l.addEventListener(\"DOMContentLoaded\",function(){for(var e,t,s=l.querySelectorAll(\"iframe.wp-embedded-content\"),r=0;r<s.length;r++)(t=(e=s[r]).getAttribute(\"data-secret\"))||(t=Math.random().toString(36).substring(2,12),e.src+=\"#?secret=\"+t,e.setAttribute(\"data-secret\",t)),e.contentWindow.postMessage({message:\"ready\",secret:t},\"*\")},!1)))}(window,document);\n\/\/# sourceURL=https:\/\/aktialiiga.fi\/naiset\/wp-includes\/js\/wp-embed.min.js\n\/* ]]> *\/\n<\/script>\n","thumbnail_url":"https:\/\/aktialiiga.fi\/naiset\/wp-content\/uploads\/sites\/6\/2015\/09\/Atlas-naiset-2015-2016-1024x681.jpg","thumbnail_width":1024,"thumbnail_height":681,"description":"Atlas ja Grankulla IFK p\u00e4\u00e4tt\u00e4v\u00e4t runkosarjan osaltaan keskin\u00e4isess\u00e4 ottelussa keskiviikkona Myyrm\u00e4ess\u00e4. Ottelussa riitt\u00e4\u00e4 pelattavaa, sill\u00e4 peliss\u00e4 on runkosarjan seitsem\u00e4s sija, johon kumpikin viel\u00e4 t\u00e4ht\u00e4\u00e4. Granilla on otteluun l\u00e4hdett\u00e4ess\u00e4 kahden pisteen etuly\u00f6ntiasema em\u00e4ntiins\u00e4 n\u00e4hden. Joukkueitten kauden ensimm\u00e4inen kohtaaminen marraskuun alussa Myyrm\u00e4ess\u00e4 p\u00e4\u00e4ttyi Atlaksen niukkaan 27-26-voittoon. Tammikuussa Kauniaisissa GrIFK oli puolestaan vahvempi lukemin 23-19. Pisteet keskin\u00e4isist\u00e4 otteluista [&hellip;]"}