{"version":"1.0","provider_name":"K\u00e4sipallon naisten Aktialiiga","provider_url":"https:\/\/aktialiiga.fi\/naiset","author_name":"tbrmedia","author_url":"#","title":"Kohti kautta: Dicken | K\u00e4sipallon naisten Aktialiiga","type":"rich","width":600,"height":338,"html":"<blockquote class=\"wp-embedded-content\" data-secret=\"CTXOTYyGlP\"><a href=\"https:\/\/aktialiiga.fi\/naiset\/2026-2027\/kohti-kautta-dicken-12\/\">Kohti kautta: Dicken<\/a><\/blockquote><iframe sandbox=\"allow-scripts\" security=\"restricted\" src=\"https:\/\/aktialiiga.fi\/naiset\/2026-2027\/kohti-kautta-dicken-12\/embed\/#?secret=CTXOTYyGlP\" width=\"600\" height=\"338\" title=\"&#8221;Kohti kautta: Dicken&#8221; &#8212; K\u00e4sipallon naisten Aktialiiga\" data-secret=\"CTXOTYyGlP\" frameborder=\"0\" marginwidth=\"0\" marginheight=\"0\" scrolling=\"no\" class=\"wp-embedded-content\"><\/iframe><script>\n\/*! This file is auto-generated *\/\n!function(d,l){\"use strict\";l.querySelector&&d.addEventListener&&\"undefined\"!=typeof URL&&(d.wp=d.wp||{},d.wp.receiveEmbedMessage||(d.wp.receiveEmbedMessage=function(e){var t=e.data;if((t||t.secret||t.message||t.value)&&!\/[^a-zA-Z0-9]\/.test(t.secret)){for(var s,r,n,a=l.querySelectorAll('iframe[data-secret=\"'+t.secret+'\"]'),o=l.querySelectorAll('blockquote[data-secret=\"'+t.secret+'\"]'),c=new RegExp(\"^https?:$\",\"i\"),i=0;i<o.length;i++)o[i].style.display=\"none\";for(i=0;i<a.length;i++)s=a[i],e.source===s.contentWindow&&(s.removeAttribute(\"style\"),\"height\"===t.message?(1e3<(r=parseInt(t.value,10))?r=1e3:~~r<200&&(r=200),s.height=r):\"link\"===t.message&&(r=new URL(s.getAttribute(\"src\")),n=new URL(t.value),c.test(n.protocol))&&n.host===r.host&&l.activeElement===s&&(d.top.location.href=t.value))}},d.addEventListener(\"message\",d.wp.receiveEmbedMessage,!1),l.addEventListener(\"DOMContentLoaded\",function(){for(var e,t,s=l.querySelectorAll(\"iframe.wp-embedded-content\"),r=0;r<s.length;r++)(t=(e=s[r]).getAttribute(\"data-secret\"))||(t=Math.random().toString(36).substring(2,12),e.src+=\"#?secret=\"+t,e.setAttribute(\"data-secret\",t)),e.contentWindow.postMessage({message:\"ready\",secret:t},\"*\")},!1)))}(window,document);\n\/\/# sourceURL=https:\/\/aktialiiga.fi\/naiset\/wp-includes\/js\/wp-embed.min.js\n<\/script>\n","thumbnail_url":"https:\/\/aktialiiga.fi\/naiset\/wp-content\/uploads\/sites\/6\/2025\/09\/A7300003-e1767370186546.jpg","thumbnail_width":1860,"thumbnail_height":1050,"description":"Dicken j\u00e4i viime kaudella ensimm\u00e4ist\u00e4 kertaa mitalien ulkopuolelle sitten vuoden 2013, mutta l\u00e4htee t\u00e4ll\u00e4 kaudella hakemaan paluuta k\u00e4rkijoukkoon. Dickenill\u00e4 on takanaan parin kauden mittainen nuorennusleikkaus, jonka hedelmi\u00e4 alettiin n\u00e4hd\u00e4 jo viime kaudella. Joukkueen suurimmat muutokset ovat tapahtuneet imagon ja valmennuksen puolella. Dicken on ottanut t\u00e4ll\u00e4 kaudella perinteisen seuralogon k\u00e4ytt\u00f6\u00f6n ja uudeksi p\u00e4\u00e4valmentajaksi nousee usean kauden [&hellip;]"}