{"version":"1.0","provider_name":"K\u00e4sipallon naisten Aktialiiga","provider_url":"https:\/\/aktialiiga.fi\/naiset","author_name":"tbrmedia","author_url":"#","title":"KyIF:n SM-sarjan joukkueen ensi kausi vahvalla pohjalla | K\u00e4sipallon naisten Aktialiiga","type":"rich","width":600,"height":338,"html":"<blockquote class=\"wp-embedded-content\" data-secret=\"t2nmwymlSj\"><a href=\"https:\/\/aktialiiga.fi\/naiset\/ajankohtaista\/kyifn-sm-sarjan-joukkueen-ensi-kausi-vahvalla-pohjalla\/\">KyIF:n SM-sarjan joukkueen ensi kausi vahvalla pohjalla<\/a><\/blockquote><iframe sandbox=\"allow-scripts\" security=\"restricted\" src=\"https:\/\/aktialiiga.fi\/naiset\/ajankohtaista\/kyifn-sm-sarjan-joukkueen-ensi-kausi-vahvalla-pohjalla\/embed\/#?secret=t2nmwymlSj\" width=\"600\" height=\"338\" title=\"&#8221;KyIF:n SM-sarjan joukkueen ensi kausi vahvalla pohjalla&#8221; &#8212; K\u00e4sipallon naisten Aktialiiga\" data-secret=\"t2nmwymlSj\" frameborder=\"0\" marginwidth=\"0\" marginheight=\"0\" scrolling=\"no\" class=\"wp-embedded-content\"><\/iframe><script type=\"text\/javascript\">\n\/* <![CDATA[ *\/\n\/*! This file is auto-generated *\/\n!function(d,l){\"use strict\";l.querySelector&&d.addEventListener&&\"undefined\"!=typeof URL&&(d.wp=d.wp||{},d.wp.receiveEmbedMessage||(d.wp.receiveEmbedMessage=function(e){var t=e.data;if((t||t.secret||t.message||t.value)&&!\/[^a-zA-Z0-9]\/.test(t.secret)){for(var s,r,n,a=l.querySelectorAll('iframe[data-secret=\"'+t.secret+'\"]'),o=l.querySelectorAll('blockquote[data-secret=\"'+t.secret+'\"]'),c=new RegExp(\"^https?:$\",\"i\"),i=0;i<o.length;i++)o[i].style.display=\"none\";for(i=0;i<a.length;i++)s=a[i],e.source===s.contentWindow&&(s.removeAttribute(\"style\"),\"height\"===t.message?(1e3<(r=parseInt(t.value,10))?r=1e3:~~r<200&&(r=200),s.height=r):\"link\"===t.message&&(r=new URL(s.getAttribute(\"src\")),n=new URL(t.value),c.test(n.protocol))&&n.host===r.host&&l.activeElement===s&&(d.top.location.href=t.value))}},d.addEventListener(\"message\",d.wp.receiveEmbedMessage,!1),l.addEventListener(\"DOMContentLoaded\",function(){for(var e,t,s=l.querySelectorAll(\"iframe.wp-embedded-content\"),r=0;r<s.length;r++)(t=(e=s[r]).getAttribute(\"data-secret\"))||(t=Math.random().toString(36).substring(2,12),e.src+=\"#?secret=\"+t,e.setAttribute(\"data-secret\",t)),e.contentWindow.postMessage({message:\"ready\",secret:t},\"*\")},!1)))}(window,document);\n\/\/# sourceURL=https:\/\/aktialiiga.fi\/naiset\/wp-includes\/js\/wp-embed.min.js\n\/* ]]> *\/\n<\/script>\n","thumbnail_url":"https:\/\/aktialiiga.fi\/naiset\/wp-content\/uploads\/sites\/6\/2017\/11\/KYIF-NSM.jpg","thumbnail_width":1200,"thumbnail_height":799,"description":"Kirkkonummen KyIF tuli uudestaan mukaan ylimm\u00e4lle sarjatasolle naisten SM-sarjaan t\u00e4lle kaudelle ja on p\u00e4rj\u00e4nnyt tulokkaana varsin hyvin, sijoittuen runkosarjan j\u00e4lkeen viidenneksi. Joukkueella on edelleen t\u00e4ydet mahdollisuudet olla mukana kev\u00e4\u00e4n mitaliotteluissa, johtaahan se alempaa jatkosarjaa selv\u00e4ll\u00e4 kuuden pisteen erolla seuraaviin. &#8211; Meill\u00e4 on my\u00f6s seuraavan kauden 2018-2019 kattava sopimus l\u00e4hes koko nykyisen joukkueen pelaajiston kanssa, joten [&hellip;]"}